{"id":6214,"date":"2025-11-11T20:49:27","date_gmt":"2025-11-11T20:49:27","guid":{"rendered":"https:\/\/www.fbycc.org\/?page_id=6214"},"modified":"2025-11-12T11:58:51","modified_gmt":"2025-11-12T11:58:51","slug":"jornada-nuevas-metodologias-para-la-generacion-de-creditos-de-carbono","status":"publish","type":"page","link":"https:\/\/www.fbycc.org\/index.php\/jornada-nuevas-metodologias-para-la-generacion-de-creditos-de-carbono\/","title":{"rendered":"Jornada: Nuevas metodolog\u00edas para la generaci\u00f3n de cr\u00e9ditos de carbono"},"content":{"rendered":"<p><img loading=\"lazy\" decoding=\"async\" class=\"alignnone size-full wp-image-6215\" src=\"https:\/\/www.fbycc.org\/wp-content\/uploads\/2025\/11\/cartel-jornada-final-Presentacion-1.png\" alt=\"\" width=\"1920\" height=\"1080\" srcset=\"https:\/\/www.fbycc.org\/wp-content\/uploads\/2025\/11\/cartel-jornada-final-Presentacion-1.png 1920w, https:\/\/www.fbycc.org\/wp-content\/uploads\/2025\/11\/cartel-jornada-final-Presentacion-1-300x169.png 300w, https:\/\/www.fbycc.org\/wp-content\/uploads\/2025\/11\/cartel-jornada-final-Presentacion-1-1024x576.png 1024w, https:\/\/www.fbycc.org\/wp-content\/uploads\/2025\/11\/cartel-jornada-final-Presentacion-1-768x432.png 768w, https:\/\/www.fbycc.org\/wp-content\/uploads\/2025\/11\/cartel-jornada-final-Presentacion-1-1536x864.png 1536w\" sizes=\"auto, (max-width: 1920px) 100vw, 1920px\" \/><\/p>\n<p style=\"text-align: justify;\">El proyecto eco2for entra en su recta final con la celebraci\u00f3n del\u00a0<strong>evento fin de proyecto<\/strong> el pr\u00f3ximo\u00a0<strong>4 de noviembre de 2025\u00a0<\/strong>y que se celebrar\u00e1 en el Sal\u00f3n de Actos del Ministerio para la Transici\u00f3n Ecol\u00f3gica y el Reto Demogr\u00e1fico -MITECO- (Plaza San Juan de la Cruz s\/n, Madrid) a partir de las 11:00 horas.<\/p>\n<p style=\"text-align: justify;\">El encuentro servir\u00e1 para comunicar todas las acciones realizadas en el marco del proyecto por las entidades participantes, al tiempo que se podr\u00e1 generar debate sobre los desaf\u00edos y oportunidades relacionados con el mercado de carbono.<\/p>\n<ul style=\"list-style-type: circle;\">\n<li><strong>Cu\u00e1ndo:<\/strong> 4 de noviembre de 2025<\/li>\n<li><strong>D\u00f3nde:<\/strong> Sal\u00f3n de Actos del Ministerio para la Transici\u00f3n Ecol\u00f3gica y el Reto Demogr\u00e1fico -MITECO- (Plaza San Juan de la Cruz s\/n, Madrid)<\/li>\n<\/ul>\n<div class=\"tx-spacer clearfix\" style=\"height: 16px\"><\/div>\n<div class=\"tx-heading\" style=\"margin-bottom:24px; text-align: left;\"><h2 class=\"tx-heading-tag\" style=\"font-size:24px;\">Programa y grabaciones<\/h2><\/div>\n<p><strong><span style=\"color: #99cc00;\">10:30 \u2013 11:00 |<\/span> Registro y Bienvenida<\/strong><\/p>\n<p>Caf\u00e9 de bienvenida, recepci\u00f3n y entrega de materiales.<\/p>\n<hr data-start=\"1600\" data-end=\"1603\" \/>\n<p><strong><span style=\"color: #99cc00;\">11:00 \u2013 11:10 |<\/span> Acto inaugural <span style=\"font-size: 8pt;\">\u00a0<a class=\"decorated-link\" href=\"https:\/\/www.youtube.com\/watch?v=-lUBIFKe3W4&amp;t=83s\" rel=\"noopener\" data-start=\"591\" data-end=\"605\">Ver v\u00eddeo<\/a><\/span><\/strong><\/p>\n<p>\u25cf Germ\u00e1n Glar\u00eda Galcer\u00e1n. Presidente del Foro de Bosques y Cambio Clim\u00e1tico<\/p>\n<p>\u25cf \u00c1lvaro Picardo Nieto. Secretario del Foro de Bosques y Cambio Clim\u00e1tico<\/p>\n<hr data-start=\"1600\" data-end=\"1603\" \/>\n<p><strong><span style=\"color: #99cc00;\">11:15 \u2013 13:10 |<\/span> Presentaci\u00f3n de resultados del proyecto eco2for<\/strong><\/p>\n<p>\u25cf Introducci\u00f3n y objetivos alcanzados durante el proyecto \u2013 Irene Bocos. T\u00e9cnica de proyectos del Foro de Bosques y Cambio Clim\u00e1tico \u00a0\u00a0<strong><span style=\"font-size: 8pt;\"><a class=\"decorated-link\" href=\"https:\/\/www.youtube.com\/watch?v=-lUBIFKe3W4&amp;t=820s\" rel=\"noopener\" data-start=\"591\" data-end=\"605\">Ver intervenci\u00f3n<\/a> \/ <a href=\"https:\/\/www.dropbox.com\/scl\/fi\/s4x9e2ans5ajmpxmn1ai7\/FByCC-introducci-n-y-objetivos-alcanzados.pdf?rlkey=d4a83lhahz6df5xt850og7z73&amp;st=0eockdbw&amp;dl=0\">Descargar presentaci\u00f3n<\/a><\/span><\/strong><\/p>\n<p>\u25cf Metodolog\u00edas de Gesti\u00f3n Forestal Mejorada (GFM) \u2013 Celia Mart\u00ednez Alonso. Responsable del \u00c1rea de Sostenibilidad Ambiental en Fundaci\u00f3n CETEMAS\u00a0 \u00a0<strong><span style=\"font-size: 8pt;\"><a class=\"decorated-link\" href=\"https:\/\/www.youtube.com\/watch?v=-lUBIFKe3W4&amp;t=1310s\" rel=\"noopener\" data-start=\"591\" data-end=\"605\">Ver intervenci\u00f3n<\/a> \/ <a href=\"https:\/\/www.dropbox.com\/scl\/fi\/joo1taamli448hlt36m6c\/CETEMAS-metodolog-as-GFM.pdf?rlkey=f47w3jkrbyy8lbd4j0bva846y&amp;st=1o3g1g9e&amp;dl=0\">Descargar presentaci\u00f3n<\/a><\/span><\/strong><\/p>\n<p>\u25cf Herramientas y calculadoras de carbono \u2013 Marta Pardos. Cient\u00edfica Titular del ICIFOR (INIA, CSIC) \u00a0\u00a0<strong><span style=\"font-size: 8pt;\"><a class=\"decorated-link\" href=\"https:\/\/www.youtube.com\/watch?v=-lUBIFKe3W4&amp;t=2375s\" rel=\"noopener\" data-start=\"591\" data-end=\"605\">Ver intervenci\u00f3n<\/a> \/ <a href=\"https:\/\/www.dropbox.com\/scl\/fi\/bgicj62n73szrvmtrw9hv\/INIA-Herramientas-de-c-lculo-y-cualificaci-n-de-proyectos-de-absorci-n.pdf?rlkey=cggf0wq3svw45z0hrvcuglysg&amp;st=dq7qsjhz&amp;dl=0\">Descargar presentaci\u00f3n<\/a><\/span><\/strong><\/p>\n<p>\u25cf Adaptaci\u00f3n al Cambio Clim\u00e1tico \u2013 Francisco Rodr\u00edguez Puerta. Departamento de Producci\u00f3n Vegetal y Recursos Forestales. UVa-CAMBIUM \u00a0\u00a0<strong><span style=\"font-size: 8pt;\"><a class=\"decorated-link\" href=\"https:\/\/www.youtube.com\/watch?v=-lUBIFKe3W4&amp;t=3679s\" rel=\"noopener\" data-start=\"591\" data-end=\"605\">Ver intervenci\u00f3n<\/a> \/ <a href=\"https:\/\/www.dropbox.com\/scl\/fi\/fetwpbn1ckhvgyvnqhben\/UVa-Adaptaci-n-al-Cambio-Clim-tico.pdf?rlkey=tbatvqe2hhelrufkzf9hn6642&amp;st=nq4f5t8w&amp;dl=0\">Descargar presentaci\u00f3n<\/a><\/span><\/strong><\/p>\n<p>\u25cf Plataforma digital y monitoreo de proyectos de absorci\u00f3n \u2013 Julia Bueso. T\u00e9cnica de proyectos \u00c1rea Selvicultura y Cambio Clim\u00e1tico en Cesefor \u00a0\u00a0<strong><span style=\"font-size: 8pt;\"><a class=\"decorated-link\" href=\"https:\/\/www.youtube.com\/watch?v=-lUBIFKe3W4&amp;t=5136s\" rel=\"noopener\" data-start=\"591\" data-end=\"605\">Ver intervenci\u00f3n<\/a> \/ <a href=\"https:\/\/www.dropbox.com\/scl\/fi\/9jjxat8e4n78labyxgx8t\/CESEFOR-Plataforma-digital-y-monitoreo.pdf?rlkey=sglwcp6vye2gaa72jfg4vot5j&amp;st=o6evsk4j&amp;dl=0\">Descargar presentaci\u00f3n<\/a><\/span><\/strong><\/p>\n<p>\u25cf Observatorio de precios de cr\u00e9ditos forestales \u2013 Carlos \u00c1lvarez L\u00f3pez. Project Manager Grupo de Investigaci\u00f3n BISITE (USAL). Marta Plaza \u2013 Project Manager Grupo de Investigaci\u00f3n BISITE (USAL) \u00a0\u00a0<strong><span style=\"font-size: 8pt;\"><a class=\"decorated-link\" href=\"https:\/\/www.youtube.com\/watch?v=-lUBIFKe3W4&amp;t=6423s\" rel=\"noopener\" data-start=\"591\" data-end=\"605\">Ver intervenci\u00f3n<\/a> \/ <a href=\"https:\/\/www.dropbox.com\/scl\/fi\/z3bwqr0sfinw64oxqo914\/USAL-Observatorio-de-precios-y-acciones-de-mejora-del-mercado.pdf?rlkey=hg0q3wxdslw8o48hyx4ixe1xz&amp;st=tjg1tkzu&amp;dl=0\">Descargar presentaci\u00f3n<\/a><\/span><\/strong><\/p>\n<p>\u25cf Proyectos piloto \u2013 Marta Gonz\u00e1lez Garc\u00eda. Investigadora en el \u00c1rea de Producci\u00f3n Forestal Sostenible en Fundaci\u00f3n CETEMAS \u00a0\u00a0<strong><span style=\"font-size: 8pt;\"><a class=\"decorated-link\" href=\"https:\/\/www.youtube.com\/watch?v=-lUBIFKe3W4&amp;t=7231s\" rel=\"noopener\" data-start=\"591\" data-end=\"605\">Ver intervenci\u00f3n<\/a> \/ <a href=\"https:\/\/www.dropbox.com\/scl\/fi\/vz0maektknxtwmoidkn2d\/CETEMAS-Proyectos-piloto.pdf?rlkey=1glbff9ucmhtx6n4vj120xrsf&amp;st=z1drxs3n&amp;dl=0\">Descargar presentaci\u00f3n<\/a><\/span><\/strong><\/p>\n<hr data-start=\"1600\" data-end=\"1603\" \/>\n<p><strong><span style=\"color: #99cc00;\">13:15 \u2013 14:00 |<\/span> Mesa redonda: El papel de la Gesti\u00f3n Forestal en la descarbonizaci\u00f3n \u00a0\u00a0<span style=\"font-size: 8pt;\"><a class=\"decorated-link\" href=\"https:\/\/www.youtube.com\/watch?v=-lUBIFKe3W4&amp;t=7834s\" rel=\"noopener\" data-start=\"591\" data-end=\"605\">Ver v\u00eddeo<\/a><\/span><\/strong><\/p>\n<p>Moderadora: Marta Ortiz-Arce. Partnership Manager en Land Life Company.<\/p>\n<p>Participantes:<\/p>\n<p>\u25cf Marta Hern\u00e1ndez de la Cruz. Subdirecci\u00f3n general de mitigaci\u00f3n del cambio clim\u00e1tico. OECC. MITECO.<\/p>\n<p>\u25cf \u00c1lvaro Garc\u00eda Mateos. Director de Espa\u00f1a y Portugal en Carbon2Nature.<\/p>\n<p>\u25cf Tom\u00e1s S\u00e1nchez Pellicer. Responsable de L\u00ednea de Selvicultura y Carbono en Cesefor.<\/p>\n<p>\u25cf Daniel Rodr\u00edguez Cebreiro. Responsable de la unidad de proyectos de carbono de la Asociaci\u00f3n Forestal de Galicia.<\/p>\n<hr data-start=\"1600\" data-end=\"1603\" \/>\n<p><strong><span style=\"color: #99cc00;\">14:05 \u2013 14:15 |<\/span> Conclusiones y clausura del evento \u00a0\u00a0<span style=\"font-size: 8pt;\"><a class=\"decorated-link\" href=\"https:\/\/www.youtube.com\/watch?v=-lUBIFKe3W4&amp;t=10937s\" rel=\"noopener\" data-start=\"591\" data-end=\"605\">Ver v\u00eddeo<\/a><\/span><\/strong><\/p>\n<p>\u25cf Germ\u00e1n Glar\u00eda Galcer\u00e1n. Presidente del Foro de Bosques y Cambio Clim\u00e1tico<\/p>\n<p>\u25cf Mar\u00eda Jes\u00fas Rodr\u00edguez de Sancho. Directora General de Biodiversidad, Bosques y Desertificaci\u00f3n del MITECO<\/p>\n<hr data-start=\"1600\" data-end=\"1603\" \/>\n<p><strong><span style=\"color: #99cc00;\">14:15<\/span> <span style=\"color: #99cc00;\">|<\/span> Cocktail<\/strong><\/p>\n<hr data-start=\"1600\" data-end=\"1603\" \/>\n<p>&nbsp;<\/p>\n<p style=\"text-align: center;\"><div class=\"tx-youtube-outerwarp\" style=\"width: 100%\"><div class=\"tx-youtube-warp\" style=\"\"><iframe src=\"https:\/\/www.youtube.com\/embed\/-lUBIFKe3W4?controls=1&amp;showinfo=0&amp;rel=0&amp;autoplay=0\" frameborder=\"0\" allow=\"autoplay\" allowfullscreen><\/iframe><\/div><\/div>\n<p>&nbsp;<\/p>\n<div class=\"tx-heading\" style=\"margin-bottom:24px; text-align: left;\"><h2 class=\"tx-heading-tag\" style=\"font-size:24px;\">Sobre el proyecto eco2for<\/h2><\/div>\n<p style=\"text-align: justify;\">eco2for ha sido desarrollado por un consorcio de entidades del \u00e1mbito forestal, tecnol\u00f3gico y cient\u00edfico, coordinado por el Foro de Bosques y Cambio Clim\u00e1tico y formado por la Fundaci\u00f3n Cesefor, la Fundaci\u00f3n CETEMAS, el ICIFOR-INIA-CSIC, el grupo UVa-Cambium de la Universidad de Valladolid y el grupo USAL-Bisite de la Universidad de Salamanca. Durante dos a\u00f1os, estas instituciones han trabajado de forma conjunta en el dise\u00f1o de metodolog\u00edas, herramientas digitales y proyectos piloto que refuercen el papel de la gesti\u00f3n forestal en la mitigaci\u00f3n del cambio clim\u00e1tico.<\/p>\n<p style=\"text-align: justify;\"><span style=\"font-size: 12pt;\">El proyecto eco2for cuenta con el apoyo de la Fundaci\u00f3n Biodiversidad del MITECO en el marco del Plan de Recuperaci\u00f3n, Transformaci\u00f3n y Resiliencia (PRTR), financiado por la Uni\u00f3n Europea \u2013 NextGenerationEU.<\/span><\/p>\n","protected":false},"excerpt":{"rendered":"<p>El proyecto eco2for entra en su recta final con la celebraci\u00f3n del\u00a0evento fin de proyecto el pr\u00f3ximo\u00a04 de noviembre de 2025\u00a0y que se celebrar\u00e1 en el Sal\u00f3n de Actos del Ministerio para<a class=\"moretag\" href=\"https:\/\/www.fbycc.org\/index.php\/jornada-nuevas-metodologias-para-la-generacion-de-creditos-de-carbono\/\">Leer m\u00e1s&#8230;<\/a><\/p>\n","protected":false},"author":5,"featured_media":0,"parent":0,"menu_order":0,"comment_status":"closed","ping_status":"closed","template":"","meta":{"_monsterinsights_skip_tracking":false,"_monsterinsights_sitenote_active":false,"_monsterinsights_sitenote_note":"","_monsterinsights_sitenote_category":0,"footnotes":""},"class_list":["post-6214","page","type-page","status-publish","hentry"],"_links":{"self":[{"href":"https:\/\/www.fbycc.org\/index.php\/wp-json\/wp\/v2\/pages\/6214","targetHints":{"allow":["GET"]}}],"collection":[{"href":"https:\/\/www.fbycc.org\/index.php\/wp-json\/wp\/v2\/pages"}],"about":[{"href":"https:\/\/www.fbycc.org\/index.php\/wp-json\/wp\/v2\/types\/page"}],"author":[{"embeddable":true,"href":"https:\/\/www.fbycc.org\/index.php\/wp-json\/wp\/v2\/users\/5"}],"replies":[{"embeddable":true,"href":"https:\/\/www.fbycc.org\/index.php\/wp-json\/wp\/v2\/comments?post=6214"}],"version-history":[{"count":23,"href":"https:\/\/www.fbycc.org\/index.php\/wp-json\/wp\/v2\/pages\/6214\/revisions"}],"predecessor-version":[{"id":6242,"href":"https:\/\/www.fbycc.org\/index.php\/wp-json\/wp\/v2\/pages\/6214\/revisions\/6242"}],"wp:attachment":[{"href":"https:\/\/www.fbycc.org\/index.php\/wp-json\/wp\/v2\/media?parent=6214"}],"curies":[{"name":"wp","href":"https:\/\/api.w.org\/{rel}","templated":true}]}}