{"id":6120,"date":"2025-10-08T15:49:35","date_gmt":"2025-10-08T15:49:35","guid":{"rendered":"https:\/\/www.fbycc.org\/?page_id=6120"},"modified":"2025-11-11T19:55:43","modified_gmt":"2025-11-11T19:55:43","slug":"webinar-24-oct-2025-ciencia-forestal-para-la-accion-climatica","status":"publish","type":"page","link":"https:\/\/www.fbycc.org\/index.php\/jornadas\/webinar-24-oct-2025-ciencia-forestal-para-la-accion-climatica\/","title":{"rendered":"WEBINAR 24 oct 2025: \u00abciencia forestal para la acci\u00f3n clim\u00e1tica\u00bb"},"content":{"rendered":"<p><img loading=\"lazy\" decoding=\"async\" class=\"alignnone wp-image-6110 size-full\" src=\"https:\/\/www.fbycc.org\/wp-content\/uploads\/2025\/10\/programa-Presentacion-3.png\" alt=\"\" width=\"1920\" height=\"1080\" srcset=\"https:\/\/www.fbycc.org\/wp-content\/uploads\/2025\/10\/programa-Presentacion-3.png 1920w, https:\/\/www.fbycc.org\/wp-content\/uploads\/2025\/10\/programa-Presentacion-3-300x169.png 300w, https:\/\/www.fbycc.org\/wp-content\/uploads\/2025\/10\/programa-Presentacion-3-1024x576.png 1024w, https:\/\/www.fbycc.org\/wp-content\/uploads\/2025\/10\/programa-Presentacion-3-768x432.png 768w, https:\/\/www.fbycc.org\/wp-content\/uploads\/2025\/10\/programa-Presentacion-3-1536x864.png 1536w\" sizes=\"auto, (max-width: 1920px) 100vw, 1920px\" \/><\/p>\n<div class=\"tx-heading\" style=\"margin-bottom:24px; text-align: left;\"><h2 class=\"tx-heading-tag\" style=\"font-size:24px;\">\u00bfPor qu\u00e9 organizamos este webinar?<\/h2><\/div>\n<p style=\"text-align: justify;\" data-start=\"410\" data-end=\"846\">El <strong data-start=\"413\" data-end=\"437\">cambio clim\u00e1tico<\/strong> constituye uno de los mayores desaf\u00edos globales de nuestro tiempo. El aumento de las temperaturas, los eventos extremos y la p\u00e9rdida de biodiversidad amenazan la estabilidad de los ecosistemas y nuestro bienestar. Ante esta realidad, los <strong data-start=\"697\" data-end=\"708\">bosques<\/strong> se revelan como <strong data-start=\"725\" data-end=\"750\">aliados fundamentales<\/strong>: son sumideros de carbono, refugios de biodiversidad y pilares de la resiliencia territorial.<\/p>\n<p style=\"text-align: justify;\" data-start=\"848\" data-end=\"1317\">En este contexto, los <strong data-start=\"870\" data-end=\"937\">centros de investigaci\u00f3n, universidades y entidades cient\u00edficas<\/strong> est\u00e1n desarrollando <strong data-start=\"958\" data-end=\"984\">soluciones innovadoras<\/strong> para comprender mejor el papel de los bosques en la mitigaci\u00f3n y adaptaci\u00f3n al cambio clim\u00e1tico. Desde nuevas metodolog\u00edas para cuantificar el carbono forestal hasta estrategias de gesti\u00f3n sostenible y restauraci\u00f3n ecol\u00f3gica, la ciencia ofrece herramientas esenciales para orientar la acci\u00f3n clim\u00e1tica con base en el conocimiento.<\/p>\n<p style=\"text-align: justify;\" data-start=\"1319\" data-end=\"1690\">Con el webinar <strong data-start=\"1334\" data-end=\"1411\">\u201cBosques y Cambio Clim\u00e1tico: ciencia forestal para la acci\u00f3n clim\u00e1tica\u201d<\/strong>, el <strong data-start=\"1416\" data-end=\"1454\">Foro de Bosques y Cambio Clim\u00e1tico<\/strong> busca <strong data-start=\"1461\" data-end=\"1518\">dar visibilidad al trabajo de la comunidad cient\u00edfica<\/strong>, fomentar el di\u00e1logo entre la investigaci\u00f3n y la gesti\u00f3n, y poner en valor las <strong data-start=\"1598\" data-end=\"1635\">soluciones basadas en los bosques<\/strong> como respuesta real y urgente a la crisis clim\u00e1tica.<\/p>\n<p data-start=\"1319\" data-end=\"1690\"><div class=\"tx-heading\" style=\"margin-bottom:24px; text-align: left;\"><h2 class=\"tx-heading-tag\" style=\"font-size:24px;\">Programa de la Jornada<\/h2><\/div>\n<div>\n<div>\n<div>\n<p><strong><span style=\"color: #99cc00;\">11:30 \u2013 11:40 |<\/span> Bienvenida e inauguraci\u00f3n. <\/strong><\/p>\n<p style=\"text-align: justify;\"><span style=\"color: #003300;\"><strong>Marta Corella (Vicepresidenta 2\u00aa del Foro de Bosques y Cambio Clim\u00e1tico)<\/strong><\/span><\/p>\n<\/div>\n<\/div>\n<div style=\"text-align: justify;\">\n<p><strong><span style=\"color: #99cc00;\">11:40 \u2013 12:00 |<\/span><\/strong> <strong>Nuevas herramientas para la estimaci\u00f3n <em>exante<\/em> y <em>expost<\/em> del C fijado por las repoblaciones forestales<\/strong><\/p>\n<p><span style=\"color: #003300;\"><strong>Rafael Calama Sainz. <span data-olk-copy-source=\"MessageBody\">Cient\u00edfico Titular en el ICIFOR (INIA-CSIC).<\/span><\/strong><\/span><\/p>\n<p><img loading=\"lazy\" decoding=\"async\" class=\"wp-image-6085 size-thumbnail alignleft\" src=\"https:\/\/www.fbycc.org\/wp-content\/uploads\/2025\/10\/Dr-Ingeniero-de-Montes-desarrollo-mi-actividad-investigadora-desde-2006-en-el-Instituto-de-Ciencias-Forestales-ICIFOR-INIA-CSIC-dentro-del-grupo-de-Dinamica-modelizacion-y-gestion-forestal-150x150.png\" alt=\"\" width=\"150\" height=\"150\" srcset=\"https:\/\/www.fbycc.org\/wp-content\/uploads\/2025\/10\/Dr-Ingeniero-de-Montes-desarrollo-mi-actividad-investigadora-desde-2006-en-el-Instituto-de-Ciencias-Forestales-ICIFOR-INIA-CSIC-dentro-del-grupo-de-Dinamica-modelizacion-y-gestion-forestal-150x150.png 150w, https:\/\/www.fbycc.org\/wp-content\/uploads\/2025\/10\/Dr-Ingeniero-de-Montes-desarrollo-mi-actividad-investigadora-desde-2006-en-el-Instituto-de-Ciencias-Forestales-ICIFOR-INIA-CSIC-dentro-del-grupo-de-Dinamica-modelizacion-y-gestion-forestal-300x300.png 300w, https:\/\/www.fbycc.org\/wp-content\/uploads\/2025\/10\/Dr-Ingeniero-de-Montes-desarrollo-mi-actividad-investigadora-desde-2006-en-el-Instituto-de-Ciencias-Forestales-ICIFOR-INIA-CSIC-dentro-del-grupo-de-Dinamica-modelizacion-y-gestion-forestal-50x50.png 50w, https:\/\/www.fbycc.org\/wp-content\/uploads\/2025\/10\/Dr-Ingeniero-de-Montes-desarrollo-mi-actividad-investigadora-desde-2006-en-el-Instituto-de-Ciencias-Forestales-ICIFOR-INIA-CSIC-dentro-del-grupo-de-Dinamica-modelizacion-y-gestion-forestal-250x250.png 250w, https:\/\/www.fbycc.org\/wp-content\/uploads\/2025\/10\/Dr-Ingeniero-de-Montes-desarrollo-mi-actividad-investigadora-desde-2006-en-el-Instituto-de-Ciencias-Forestales-ICIFOR-INIA-CSIC-dentro-del-grupo-de-Dinamica-modelizacion-y-gestion-forestal-500x500.png 500w, https:\/\/www.fbycc.org\/wp-content\/uploads\/2025\/10\/Dr-Ingeniero-de-Montes-desarrollo-mi-actividad-investigadora-desde-2006-en-el-Instituto-de-Ciencias-Forestales-ICIFOR-INIA-CSIC-dentro-del-grupo-de-Dinamica-modelizacion-y-gestion-forestal.png 768w\" sizes=\"auto, (max-width: 150px) 100vw, 150px\" \/>Dr. Ingeniero de Montes, desarrollo mi actividad investigadora desde 2006 en el Instituto de Ciencias Forestales (ICIFOR-INIA, CSIC), dentro del grupo de Din\u00e1mica, modelizaci\u00f3n y gesti\u00f3n forestal. Especialista en selvicultura, gesti\u00f3n forestal para la adaptaci\u00f3n y mitigaci\u00f3n del cambio clim\u00e1tico y modelizaci\u00f3n forestal. \u00a0Soy Profesor invitado de Modelizaci\u00f3n forestal en la UVa, Editor Asociado de Forest Systems.<\/p>\n<p>En la ponencia se presentar\u00e1n las distintas herramientas estad\u00edsticas desarrolladas recientemente que permiten realizar la estimaci\u00f3n\u00a0<i>exante<\/i>\u00a0y\u00a0<i>expost<\/i> de biomasa y carbono fijado por una repoblaci\u00f3n forestal.<\/p>\n<div class=\"su-accordion su-u-trim\"><\/div>\n<div class=\"su-spoiler su-spoiler-style-default su-spoiler-icon-plus su-spoiler-closed\" data-scroll-offset=\"0\" data-anchor-in-url=\"no\"><div class=\"su-spoiler-title\" tabindex=\"0\" role=\"button\"><span class=\"su-spoiler-icon\"><\/span><strong>M\u00e1s informaci\u00f3n<\/strong><\/div><div class=\"su-spoiler-content su-u-clearfix su-u-trim\">\n<ul>\n<li>CALAMA R, MADRIGAL G, DEL R\u00cdO M, L\u00d3PEZ-SENESPLEDA E, PARDOS M, RUIZ-PEINADO R, MEN\u00c9NDEZ-MIGU\u00c9LEZ M. 2024. Dynamic Height Growth Equations and Site Index-Based Biomass Models for Young Native Species Afforestations in Spain. Forests 15(5):827.\u00a0<a title=\"https:\/\/doi.org\/10.3390\/f15050827\" href=\"https:\/\/doi.org\/10.3390\/f15050827\" data-auth=\"NotApplicable\" data-linkindex=\"0\">https:\/\/doi.org\/10.3390\/f15050827<\/a><\/li>\n<li>MENENDEZ-MIGUELEZ, M., CALAMA, R., DEL R\u00cdO, M., MADRIGAL, G., L\u00d3PEZ-SENESPLEDA, E., PARODS, M., RUIZ-PEINADO, R. 2022. Species-specific and generalized biomass models for estimating carbon stocks of young reforestations. Biomass and Bioenergy 161, 106453 <a title=\"https:\/\/doi.org\/10.1016\/j.biombioe.2022.106453\" href=\"https:\/\/doi.org\/10.1016\/j.biombioe.2022.106453\" data-auth=\"NotApplicable\" data-linkindex=\"1\">https:\/\/doi.org\/10.1016\/j.biombioe.2022.106453<\/a><\/li>\n<li>CALAMA R, L\u00d3PEZ-SENESPLEDA E, MADRIGAL G, PARDOS M, DEL R\u00cdO M, RUIZ-PEINADO R, ROBLA E, FERN\u00c1NDEZ G, PASALODOS M, MEN\u00c9NDEZ-MIGU\u00c9LEZ M. 2024. Fijaci\u00f3n de biomasa y carbono por las repoblaciones forestales j\u00f3venes. Foresta\u00a0 89, 84-92 <\/div><\/div><\/li>\n<\/ul>\n<\/div>\n<div style=\"text-align: justify;\">\n<p><strong><span style=\"color: #99cc00;\">12:00 \u2013 12:20 |<\/span> Evidencias globales de mortalidad forestal revelan el impacto de las sequ\u00edas c\u00e1lidas en los bosques.<\/strong><\/p>\n<p><strong><span style=\"color: #003300;\">Rosana L\u00f3pez Rodr\u00edguez. <span data-olk-copy-source=\"MessageBody\">Profesora Titular de la Universidad Polit\u00e9cnica de Madrid.<\/span><\/span><\/strong><\/p>\n<p><strong><span style=\"color: #003300;\"><img loading=\"lazy\" decoding=\"async\" class=\"alignleft wp-image-6092 size-thumbnail\" src=\"https:\/\/www.fbycc.org\/wp-content\/uploads\/2025\/10\/Dr-Ingeniero-de-Montes-desarrollo-mi-actividad-investigadora-desde-2006-en-el-Instituto-de-Ciencias-Forestales-ICIFOR-INIA-CSIC-dentro-del-grupo-de-Dinamica-modelizacion-y-gestion-forestal.-1-150x150.png\" alt=\"\" width=\"150\" height=\"150\" srcset=\"https:\/\/www.fbycc.org\/wp-content\/uploads\/2025\/10\/Dr-Ingeniero-de-Montes-desarrollo-mi-actividad-investigadora-desde-2006-en-el-Instituto-de-Ciencias-Forestales-ICIFOR-INIA-CSIC-dentro-del-grupo-de-Dinamica-modelizacion-y-gestion-forestal.-1-150x150.png 150w, https:\/\/www.fbycc.org\/wp-content\/uploads\/2025\/10\/Dr-Ingeniero-de-Montes-desarrollo-mi-actividad-investigadora-desde-2006-en-el-Instituto-de-Ciencias-Forestales-ICIFOR-INIA-CSIC-dentro-del-grupo-de-Dinamica-modelizacion-y-gestion-forestal.-1-300x300.png 300w, https:\/\/www.fbycc.org\/wp-content\/uploads\/2025\/10\/Dr-Ingeniero-de-Montes-desarrollo-mi-actividad-investigadora-desde-2006-en-el-Instituto-de-Ciencias-Forestales-ICIFOR-INIA-CSIC-dentro-del-grupo-de-Dinamica-modelizacion-y-gestion-forestal.-1-50x50.png 50w, https:\/\/www.fbycc.org\/wp-content\/uploads\/2025\/10\/Dr-Ingeniero-de-Montes-desarrollo-mi-actividad-investigadora-desde-2006-en-el-Instituto-de-Ciencias-Forestales-ICIFOR-INIA-CSIC-dentro-del-grupo-de-Dinamica-modelizacion-y-gestion-forestal.-1-250x250.png 250w, https:\/\/www.fbycc.org\/wp-content\/uploads\/2025\/10\/Dr-Ingeniero-de-Montes-desarrollo-mi-actividad-investigadora-desde-2006-en-el-Instituto-de-Ciencias-Forestales-ICIFOR-INIA-CSIC-dentro-del-grupo-de-Dinamica-modelizacion-y-gestion-forestal.-1-500x500.png 500w, https:\/\/www.fbycc.org\/wp-content\/uploads\/2025\/10\/Dr-Ingeniero-de-Montes-desarrollo-mi-actividad-investigadora-desde-2006-en-el-Instituto-de-Ciencias-Forestales-ICIFOR-INIA-CSIC-dentro-del-grupo-de-Dinamica-modelizacion-y-gestion-forestal.-1.png 768w\" sizes=\"auto, (max-width: 150px) 100vw, 150px\" \/><\/span><\/strong><span data-olk-copy-source=\"MessageBody\">Profesora Titular en la Universidad Polit\u00e9cnica de Madrid (UPM) y Subdirectora de Investigaci\u00f3n, Doctorado y Emprendimiento en la ETSI Montes. Su investigaci\u00f3n se centra en la ecofisiolog\u00eda forestal, con especial atenci\u00f3n a la adaptaci\u00f3n de especies a la sequ\u00eda y aumento de las temperaturas.\u00a0Ha sido investigadora Marie Curie en Australia y Francia, y combina la investigaci\u00f3n con la docencia, la formaci\u00f3n de j\u00f3venes cient\u00edficos y la transferencia de conocimiento a gestores y actores del sector forestal. Su objetivo es aportar herramientas para predecir y mitigar los efectos del cambio clim\u00e1tico y el uso del suelo en los bosques.<\/span><\/p>\n<p>En el estudio que se va a presentar se identifica una \u201chuella global en los bosques de sequ\u00edas c\u00e1lidas\u201d asociada a la mortalidad forestal, a partir de m\u00e1s de 1.300 parcelas documentadas en todos los biomas con \u00e1rboles. La investigaci\u00f3n demuestra que los episodios de calor y sequ\u00eda extrema son un detonante com\u00fan de la muerte de \u00e1rboles a escala planetaria y que su frecuencia aumenta con el calentamiento. Sus resultados proporcionan una base emp\u00edrica \u00fanica para predecir riesgos futuros de decaimiento forestal y orientar estrategias de gesti\u00f3n y conservaci\u00f3n frente al cambio clim\u00e1tico.<\/p>\n<div class=\"su-accordion su-u-trim\"><\/div>\n<div class=\"su-spoiler su-spoiler-style-default su-spoiler-icon-plus su-spoiler-closed\" data-scroll-offset=\"0\" data-anchor-in-url=\"no\"><div class=\"su-spoiler-title\" tabindex=\"0\" role=\"button\"><span class=\"su-spoiler-icon\"><\/span><strong>M\u00e1s informaci\u00f3n<\/strong><\/div><div class=\"su-spoiler-content su-u-clearfix su-u-trim\">\n<p>Hammond, W. M., Williams, A. P., Abatzoglou, J. T., Adams, H. D., Klein, T., L\u00f3pez, R., &#8230; &amp; Allen, C. D. (2022). Global field observations of tree die-off reveal hotter-drought fingerprint for Earth\u2019s forests.\u00a0<i>Nature communications<\/i>,\u00a0<i>13<\/i>(1), 1761. <a href=\"https:\/\/www.nature.com\/articles\/s41467-022-29289-2\">https:\/\/doi.org\/10.1038\/s41467-022-29289-2<\/a> <\/div><\/div>\n<\/div>\n<div>\n<p style=\"text-align: justify;\"><strong><span style=\"color: #99cc00;\">12:20 \u2013 12:40 |<\/span> Absorci\u00f3n de carbono mediante pastoreo y restauraci\u00f3n forestal, aliados frente al cambio clim\u00e1tico (proyecto CarPasFor).<\/strong><\/p>\n<p style=\"text-align: justify;\"><strong><span style=\"color: #003300;\">Jorge Mongil Manso. <span data-olk-copy-source=\"MessageBody\">Director del Grupo de investigaci\u00f3n Forest, Water &amp; Soil , de la Universidad Cat\u00f3lica de \u00c1vila. <\/span>\u00a0<\/span><\/strong><\/p>\n<p style=\"text-align: justify;\"><strong><span style=\"color: #003300;\"><img loading=\"lazy\" decoding=\"async\" class=\"alignleft wp-image-6093 size-thumbnail\" src=\"https:\/\/www.fbycc.org\/wp-content\/uploads\/2025\/10\/Dr-Ingeniero-de-Montes-desarrollo-mi-actividad-investigadora-desde-2006-en-el-Instituto-de-Ciencias-Forestales-ICIFOR-INIA-CSIC-dentro-del-grupo-de-Dinamica-modelizacion-y-gestion-forestal.-2-150x150.png\" alt=\"\" width=\"150\" height=\"150\" srcset=\"https:\/\/www.fbycc.org\/wp-content\/uploads\/2025\/10\/Dr-Ingeniero-de-Montes-desarrollo-mi-actividad-investigadora-desde-2006-en-el-Instituto-de-Ciencias-Forestales-ICIFOR-INIA-CSIC-dentro-del-grupo-de-Dinamica-modelizacion-y-gestion-forestal.-2-150x150.png 150w, https:\/\/www.fbycc.org\/wp-content\/uploads\/2025\/10\/Dr-Ingeniero-de-Montes-desarrollo-mi-actividad-investigadora-desde-2006-en-el-Instituto-de-Ciencias-Forestales-ICIFOR-INIA-CSIC-dentro-del-grupo-de-Dinamica-modelizacion-y-gestion-forestal.-2-300x300.png 300w, https:\/\/www.fbycc.org\/wp-content\/uploads\/2025\/10\/Dr-Ingeniero-de-Montes-desarrollo-mi-actividad-investigadora-desde-2006-en-el-Instituto-de-Ciencias-Forestales-ICIFOR-INIA-CSIC-dentro-del-grupo-de-Dinamica-modelizacion-y-gestion-forestal.-2-50x50.png 50w, https:\/\/www.fbycc.org\/wp-content\/uploads\/2025\/10\/Dr-Ingeniero-de-Montes-desarrollo-mi-actividad-investigadora-desde-2006-en-el-Instituto-de-Ciencias-Forestales-ICIFOR-INIA-CSIC-dentro-del-grupo-de-Dinamica-modelizacion-y-gestion-forestal.-2-250x250.png 250w, https:\/\/www.fbycc.org\/wp-content\/uploads\/2025\/10\/Dr-Ingeniero-de-Montes-desarrollo-mi-actividad-investigadora-desde-2006-en-el-Instituto-de-Ciencias-Forestales-ICIFOR-INIA-CSIC-dentro-del-grupo-de-Dinamica-modelizacion-y-gestion-forestal.-2-500x500.png 500w, https:\/\/www.fbycc.org\/wp-content\/uploads\/2025\/10\/Dr-Ingeniero-de-Montes-desarrollo-mi-actividad-investigadora-desde-2006-en-el-Instituto-de-Ciencias-Forestales-ICIFOR-INIA-CSIC-dentro-del-grupo-de-Dinamica-modelizacion-y-gestion-forestal.-2.png 768w\" sizes=\"auto, (max-width: 150px) 100vw, 150px\" \/><\/span><\/strong><span id=\"p3R_mc1\" class=\"markedContent\"><span dir=\"ltr\" role=\"presentation\"><span tabindex=\"0\" data-fui-focus-visible=\"\">Doctor Ingeniero de Montes. <\/span><\/span><\/span><span id=\"p3R_mc3\" class=\"markedContent\"><span dir=\"ltr\" role=\"presentation\"><span tabindex=\"0\">D<\/span><\/span><span dir=\"ltr\" role=\"presentation\"><span tabindex=\"0\">esde 2002<\/span><\/span> <span dir=\"ltr\" role=\"presentation\"><span tabindex=\"0\">es<\/span><\/span> <span dir=\"ltr\" role=\"presentation\"><span tabindex=\"0\">profesor<\/span><\/span> <span dir=\"ltr\" role=\"presentation\"><span tabindex=\"0\">de la Universidad Cat\u00f3lica de \u00c1vila<\/span><\/span><span dir=\"ltr\" role=\"presentation\"><span tabindex=\"0\">, donde dirige el grupo de<\/span><\/span><br role=\"presentation\" \/><span dir=\"ltr\" role=\"presentation\"><span tabindex=\"0\">investigaci\u00f3n Forest, Water &amp; Soil. <\/span><\/span><\/span><span id=\"p3R_mc5\" class=\"markedContent\"><span dir=\"ltr\" role=\"presentation\"><span tabindex=\"0\">Ha<\/span><\/span> <span dir=\"ltr\" role=\"presentation\"><span tabindex=\"0\">dirigido<\/span><\/span> <span dir=\"ltr\" role=\"presentation\"><span tabindex=\"0\">y<\/span><\/span> <span dir=\"ltr\" role=\"presentation\"><span tabindex=\"0\">participado<\/span><\/span> <span dir=\"ltr\" role=\"presentation\"><span tabindex=\"0\">en<\/span><\/span> <span dir=\"ltr\" role=\"presentation\"><span tabindex=\"0\">diversos<\/span><\/span> <span dir=\"ltr\" role=\"presentation\"><span tabindex=\"0\">proyectos de<\/span><\/span> <span dir=\"ltr\" role=\"presentation\"><span tabindex=\"0\">investigaci\u00f3n<\/span><\/span><span dir=\"ltr\" role=\"presentation\"><span tabindex=\"0\">.<\/span><\/span> <span dir=\"ltr\" role=\"presentation\"><span tabindex=\"0\">Sus<\/span><\/span> <span dir=\"ltr\" role=\"presentation\"><span tabindex=\"0\">l\u00edneas<\/span><\/span> <span dir=\"ltr\" role=\"presentation\"><span tabindex=\"0\">de <\/span><\/span><span dir=\"ltr\" role=\"presentation\"><span tabindex=\"0\">investigaci\u00f3n se centran en los efectos de la restauraci\u00f3n forestal sobre el suelo y el <\/span><\/span><span dir=\"ltr\" role=\"presentation\"><span tabindex=\"0\">agua, y lucha contra la erosi\u00f3n y la desertificaci\u00f3n.<\/span><\/span> <span dir=\"ltr\" role=\"presentation\"><span tabindex=\"0\">Es autor de<\/span><\/span> <span dir=\"ltr\" role=\"presentation\"><span tabindex=\"0\">m\u00e1s de una veintena de <\/span><\/span><span dir=\"ltr\" role=\"presentation\"><span tabindex=\"0\">libros<\/span><\/span> <span dir=\"ltr\" role=\"presentation\"><span tabindex=\"0\">sobre<\/span><\/span> <span dir=\"ltr\" role=\"presentation\"><span tabindex=\"0\">estos<\/span><\/span> <span dir=\"ltr\" role=\"presentation\"><span tabindex=\"0\">temas,<\/span><\/span> <span dir=\"ltr\" role=\"presentation\"><span tabindex=\"0\">otros<\/span><\/span> <span dir=\"ltr\" role=\"presentation\"><span tabindex=\"0\">tantos<\/span><\/span> <span dir=\"ltr\" role=\"presentation\"><span tabindex=\"0\">cap\u00edtulos<\/span><\/span> <span dir=\"ltr\" role=\"presentation\"><span tabindex=\"0\">de<\/span><\/span> <span dir=\"ltr\" role=\"presentation\"><span tabindex=\"0\">libros,<\/span><\/span> <span dir=\"ltr\" role=\"presentation\"><span tabindex=\"0\">y<\/span><\/span> <span dir=\"ltr\" role=\"presentation\"><span tabindex=\"0\">m\u00e1s<\/span><\/span> <span dir=\"ltr\" role=\"presentation\"><span tabindex=\"0\">de<\/span><\/span> <span dir=\"ltr\" role=\"presentation\"><span tabindex=\"0\">cincuenta <\/span><\/span><span dir=\"ltr\" role=\"presentation\"><span tabindex=\"0\">p<\/span><\/span><span dir=\"ltr\" role=\"presentation\"><span tabindex=\"0\">ublicaciones<\/span><\/span> <span dir=\"ltr\" role=\"presentation\"><span tabindex=\"0\">en revistas cient\u00edficas nacionales e internacionales<\/span><\/span><span dir=\"ltr\" role=\"presentation\"><span tabindex=\"0\">, as\u00ed como<\/span><\/span> <span dir=\"ltr\" role=\"presentation\"><span tabindex=\"0\">cuarenta <\/span><\/span><span dir=\"ltr\" role=\"presentation\"><span tabindex=\"0\">comunicaciones<\/span><\/span> <span dir=\"ltr\" role=\"presentation\"><span tabindex=\"0\">en congresos. <\/span><\/span><\/span><span id=\"p3R_mc7\" class=\"markedContent\"><span dir=\"ltr\" role=\"presentation\"><span tabindex=\"0\">Recientemente se ha incorporado a la Catedra de la Caridad de la Universidad Cat\u00f3lica <\/span><\/span><span dir=\"ltr\" role=\"presentation\"><span tabindex=\"0\">de<\/span><\/span> <span dir=\"ltr\" role=\"presentation\"><span tabindex=\"0\">Valencia,<\/span><\/span> <span dir=\"ltr\" role=\"presentation\"><span tabindex=\"0\">donde<\/span><\/span> <span dir=\"ltr\" role=\"presentation\"><span tabindex=\"0\">desarrolla<\/span><\/span> <span dir=\"ltr\" role=\"presentation\"><span tabindex=\"0\">una<\/span><\/span> <span dir=\"ltr\" role=\"presentation\"><span tabindex=\"0\">l\u00ednea<\/span><\/span> <span dir=\"ltr\" role=\"presentation\"><span tabindex=\"0\">de<\/span><\/span> <span dir=\"ltr\" role=\"presentation\"><span tabindex=\"0\">investigaci\u00f3n<\/span><\/span> <span dir=\"ltr\" role=\"presentation\"><span tabindex=\"0\">sobre<\/span><\/span> <span dir=\"ltr\" role=\"presentation\"><span tabindex=\"0\">pobreza<\/span><\/span> <span dir=\"ltr\" role=\"presentation\"><span tabindex=\"0\">y <\/span><\/span><span dir=\"ltr\" role=\"presentation\"><span tabindex=\"0\">desertificaci\u00f3n<\/span><\/span><span dir=\"ltr\" role=\"presentation\"><span tabindex=\"0\">.<\/span><\/span><\/span><\/p>\n<p style=\"text-align: justify;\"><span data-olk-copy-source=\"MessageBody\">Se presenta el proyecto CarPasFor, cuyo objetivo general es transferir a la empresa y a la sociedad herramientas de lucha, adaptaci\u00f3n y mitigaci\u00f3n frente al cambio clim\u00e1tico, concretamente la restauraci\u00f3n forestal para crear sumideros de carbono y el pastoreo de cabras de raza Guadarrame\u00f1a en extensivo, combinadas con la sensibilizaci\u00f3n y divulgaci\u00f3n ambientales.\u00a0<\/span><\/p>\n<p style=\"text-align: justify;\"><div class=\"su-accordion su-u-trim\"><\/div>\n<div class=\"su-spoiler su-spoiler-style-default su-spoiler-icon-plus su-spoiler-closed\" data-scroll-offset=\"0\" data-anchor-in-url=\"no\"><div class=\"su-spoiler-title\" tabindex=\"0\" role=\"button\"><span class=\"su-spoiler-icon\"><\/span><strong>M\u00e1s informaci\u00f3n<\/strong><\/div><div class=\"su-spoiler-content su-u-clearfix su-u-trim\">\n<p style=\"text-align: justify;\">Jorge Mongil-Manso, Laura Teresa Mart\u00edn Sampedro, Mar\u00eda del Pino P\u00e9rez, Raimundo Jim\u00e9nez-Ballesta (2024). EL PASTOREO Y LA REPOBLACI\u00d3N FORESTAL PARA INCREMENTAR EL C ED\u00c1FICO. PRESENTACI\u00d3N DEL PROYECTO CarPasFor. CONDEGRES Burgos 2024. <a href=\"https:\/\/www.dropbox.com\/scl\/fi\/illfpjqwlote4oa2of8vo\/CP10_Mongil_Jorge1_extendido.pdf?rlkey=nakcr4c0ym4y1xr43k65sb43n&amp;st=kxtbrnkm&amp;dl=0\">Link<\/a> <\/div><\/div>\n<\/div>\n<div>\n<p><strong><span style=\"color: #99cc00;\">12:40 \u2013 13:00 |<\/span> La importancia del suelo en la Gesti\u00f3n Forestal Sostenible. <\/strong><\/p>\n<p><strong><span style=\"color: #003300;\">Celia Herrero de Aza. <span data-olk-copy-source=\"MessageBody\">Profesora Ayudante doctor de Ciencia del suelo en la Escuela T\u00e9cnica superior de Ingenier\u00edas Agrarias de Palencia (Universidad de Valladolid)<\/span><\/span><\/strong><\/p>\n<p><img loading=\"lazy\" decoding=\"async\" class=\"alignleft wp-image-6099 size-thumbnail\" src=\"https:\/\/www.fbycc.org\/wp-content\/uploads\/2025\/10\/Dr-Ingeniero-de-Montes-desarrollo-mi-actividad-investigadora-desde-2006-en-el-Instituto-de-Ciencias-Forestales-ICIFOR-INIA-CSIC-dentro-del-grupo-de-Dinamica-modelizacion-y-gestion-forestal.-3-150x150.png\" alt=\"\" width=\"150\" height=\"150\" srcset=\"https:\/\/www.fbycc.org\/wp-content\/uploads\/2025\/10\/Dr-Ingeniero-de-Montes-desarrollo-mi-actividad-investigadora-desde-2006-en-el-Instituto-de-Ciencias-Forestales-ICIFOR-INIA-CSIC-dentro-del-grupo-de-Dinamica-modelizacion-y-gestion-forestal.-3-150x150.png 150w, https:\/\/www.fbycc.org\/wp-content\/uploads\/2025\/10\/Dr-Ingeniero-de-Montes-desarrollo-mi-actividad-investigadora-desde-2006-en-el-Instituto-de-Ciencias-Forestales-ICIFOR-INIA-CSIC-dentro-del-grupo-de-Dinamica-modelizacion-y-gestion-forestal.-3-300x300.png 300w, https:\/\/www.fbycc.org\/wp-content\/uploads\/2025\/10\/Dr-Ingeniero-de-Montes-desarrollo-mi-actividad-investigadora-desde-2006-en-el-Instituto-de-Ciencias-Forestales-ICIFOR-INIA-CSIC-dentro-del-grupo-de-Dinamica-modelizacion-y-gestion-forestal.-3-50x50.png 50w, https:\/\/www.fbycc.org\/wp-content\/uploads\/2025\/10\/Dr-Ingeniero-de-Montes-desarrollo-mi-actividad-investigadora-desde-2006-en-el-Instituto-de-Ciencias-Forestales-ICIFOR-INIA-CSIC-dentro-del-grupo-de-Dinamica-modelizacion-y-gestion-forestal.-3-250x250.png 250w, https:\/\/www.fbycc.org\/wp-content\/uploads\/2025\/10\/Dr-Ingeniero-de-Montes-desarrollo-mi-actividad-investigadora-desde-2006-en-el-Instituto-de-Ciencias-Forestales-ICIFOR-INIA-CSIC-dentro-del-grupo-de-Dinamica-modelizacion-y-gestion-forestal.-3-500x500.png 500w, https:\/\/www.fbycc.org\/wp-content\/uploads\/2025\/10\/Dr-Ingeniero-de-Montes-desarrollo-mi-actividad-investigadora-desde-2006-en-el-Instituto-de-Ciencias-Forestales-ICIFOR-INIA-CSIC-dentro-del-grupo-de-Dinamica-modelizacion-y-gestion-forestal.-3.png 768w\" sizes=\"auto, (max-width: 150px) 100vw, 150px\" \/><\/p>\n<div>\n<div style=\"text-align: justify;\" role=\"presentation\" data-olk-copy-source=\"MessageBody\">Ingeniera de montes, defendi\u00f3 su tesis doctoral acerca del Carbono acumulado en los distintos compartimentos del ecosistema forestal en la Universidad de Valladolid en marzo de 2011. Actualmente es Profesora Ayudante doctor de Ciencia del suelo en la Escuela T\u00e9cnica superior de Ingenier\u00edas Agrarias de Palencia (Universidad de Valladolid) e investigadora del Instituto Universitario en Gesti\u00f3n Forestal Sostenible (iuFOR), del cual es su secretaria Acad\u00e9mica desde 2023. Su paso por el sector privado, donde disfrut\u00f3 de un contrato Torres Quevedo del Ministerio de Econom\u00eda y Competitividad en la empresa palentina ECM Ingenieria Ambiental, le permiti\u00f3 conocer el sector empresarial a fondo durante 8 a\u00f1os, \u00a0trabajando en el desarrollo de proyectos de I+D+i. Posteriormente, destaca su labor como Project manager del proyecto \u201ciufor Recognition as a unit of excellence\u201d (CLU 2019-01), donde impuls\u00f3 el Proyecto desde el punto de vista administrativo, engranaje clave para su desarrollo a nivel cient\u00edfico. Como docente, participa en distintos proyectos de innovaci\u00f3n para impartir sus clases con los m\u00e9todos m\u00e1s novedosos y los conceptos m\u00e1s vanguardistas, buscando que el alumnado se nutra de la importancia del suelo en los distintos cultivos y de los ecosistemas naturales en general.<\/div>\n<div style=\"text-align: justify;\" role=\"presentation\" data-olk-copy-source=\"MessageBody\"><div class=\"tx-spacer clearfix\" style=\"height: 16px\"><\/div>\nA nivel mundial, un tercio de los suelos est\u00e1 degradado. En Europa esta cifra asciende al 60% de los suelos. Dentro de la gesti\u00f3n sostenible del suelo y de la gesti\u00f3n de los ecosistemas, la gesti\u00f3n del carbono en el suelo, es crucial para la adaptaci\u00f3n al cambio global y la regulaci\u00f3n del clima. Este es el pre\u00e1mbulo de la Propuesta de Directiva del Parlamento Europeo de Vigilancia y Resiliencia del Suelo, que reclama un planteamiento integral y transversal de la protecci\u00f3n del suelo en todos los sectores, especialmente en los suelos forestales (Parlamento Europeo, 2024). Veremos c\u00f3mo el suelo ha pasado de ser un actor de reparto a protagonista indiscutible en el actual contexto europeo.<\/div>\n<\/div>\n<\/div>\n<div>\n<div class=\"su-accordion su-u-trim\"><\/div>\n<div class=\"su-spoiler su-spoiler-style-default su-spoiler-icon-plus su-spoiler-closed\" data-scroll-offset=\"0\" data-anchor-in-url=\"no\"><div class=\"su-spoiler-title\" tabindex=\"0\" role=\"button\"><span class=\"su-spoiler-icon\"><\/span><strong>M\u00e1s informaci\u00f3n<\/strong><\/div><div class=\"su-spoiler-content su-u-clearfix su-u-trim\">\n<ul>\n<li style=\"text-align: justify;\" data-olk-copy-source=\"MessageBody\">Moreno-P\u00e9rez, D., Bravo, F., Turri\u00f3n, M.B., Ruano, I., Herrero de Aza, C., Tupinalpa, F., 2025. Estimating soil organic carbon stocks in Pinus halepensis Mill. stands using LiDAR data and field inventory. In press.<\/li>\n<li style=\"text-align: justify;\">Rodriguez-de-Prado, D.; V\u00e1zquez-Veloso, A., Quian, Y,. Ruano, I., Bravo, F., Herrero de Aza, C., 2022. Can mixed forests sequester more CO2 than pure forests in future climate scenarios? A case study of\u00a0<i>Pinus sylvestris<\/i> combinations in Spain. European Journal of Forest Research, 142, 91\u2013105. doi: <a href=\"https:\/\/link.springer.com\/article\/10.1007\/s10342-022-01507-y\">https:\/\/doi.org\/10.1007\/s10342-022-01507-y<\/a><\/li>\n<li style=\"text-align: justify;\">Herrero de Aza, C., Armenteros, S., McDermott, J., Mauceri, S., Olaizola, J., Hern\u00e1ndez-Rodr\u00edguez, M., Mediavilla, O., 2022.\u00a0Fungal and Bacterial Communities in\u00a0<i>Tuber melanosporum<\/i>\u00a0Plantations from Northern Spain.\u00a0Forests 2022, 13, 385. doi: <a href=\"https:\/\/www.mdpi.com\/1999-4907\/13\/3\/385\">https:\/\/ doi.org\/10.3390\/f13030385.<\/a><\/div><\/div><\/li>\n<\/ul>\n<\/div>\n<div>\n<div>\n<p><strong><span style=\"color: #99cc00;\">13:00 \u2013 13:20 |<\/span> Investigaci\u00f3n aplicada para aumentar la resiliencia de los bosques y fomentar los refugios de biodiversidad ante el cambio clim\u00e1tico. <\/strong><\/p>\n<p><strong><span style=\"color: #003300;\"><span class=\"markxnucax2yb\" data-markjs=\"true\" data-ogac=\"\" data-ogab=\"\" data-ogsc=\"\" data-ogsb=\"\" data-olk-copy-source=\"MessageBody\">Jaime<\/span> Ribalaygua Batalla. Presidente y Director T\u00e9cnico de la Fundaci\u00f3n para la Investigaci\u00f3n del Clima.\u00a0<\/span><\/strong><\/p>\n<p><img loading=\"lazy\" decoding=\"async\" class=\"wp-image-6100 size-thumbnail alignleft\" src=\"https:\/\/www.fbycc.org\/wp-content\/uploads\/2025\/10\/Dr-Ingeniero-de-Montes-desarrollo-mi-actividad-investigadora-desde-2006-en-el-Instituto-de-Ciencias-Forestales-ICIFOR-INIA-CSIC-dentro-del-grupo-de-Dinamica-modelizacion-y-gestion-forestal.-4-150x150.png\" alt=\"\" width=\"150\" height=\"150\" srcset=\"https:\/\/www.fbycc.org\/wp-content\/uploads\/2025\/10\/Dr-Ingeniero-de-Montes-desarrollo-mi-actividad-investigadora-desde-2006-en-el-Instituto-de-Ciencias-Forestales-ICIFOR-INIA-CSIC-dentro-del-grupo-de-Dinamica-modelizacion-y-gestion-forestal.-4-150x150.png 150w, https:\/\/www.fbycc.org\/wp-content\/uploads\/2025\/10\/Dr-Ingeniero-de-Montes-desarrollo-mi-actividad-investigadora-desde-2006-en-el-Instituto-de-Ciencias-Forestales-ICIFOR-INIA-CSIC-dentro-del-grupo-de-Dinamica-modelizacion-y-gestion-forestal.-4-300x300.png 300w, https:\/\/www.fbycc.org\/wp-content\/uploads\/2025\/10\/Dr-Ingeniero-de-Montes-desarrollo-mi-actividad-investigadora-desde-2006-en-el-Instituto-de-Ciencias-Forestales-ICIFOR-INIA-CSIC-dentro-del-grupo-de-Dinamica-modelizacion-y-gestion-forestal.-4-50x50.png 50w, https:\/\/www.fbycc.org\/wp-content\/uploads\/2025\/10\/Dr-Ingeniero-de-Montes-desarrollo-mi-actividad-investigadora-desde-2006-en-el-Instituto-de-Ciencias-Forestales-ICIFOR-INIA-CSIC-dentro-del-grupo-de-Dinamica-modelizacion-y-gestion-forestal.-4-250x250.png 250w, https:\/\/www.fbycc.org\/wp-content\/uploads\/2025\/10\/Dr-Ingeniero-de-Montes-desarrollo-mi-actividad-investigadora-desde-2006-en-el-Instituto-de-Ciencias-Forestales-ICIFOR-INIA-CSIC-dentro-del-grupo-de-Dinamica-modelizacion-y-gestion-forestal.-4-500x500.png 500w, https:\/\/www.fbycc.org\/wp-content\/uploads\/2025\/10\/Dr-Ingeniero-de-Montes-desarrollo-mi-actividad-investigadora-desde-2006-en-el-Instituto-de-Ciencias-Forestales-ICIFOR-INIA-CSIC-dentro-del-grupo-de-Dinamica-modelizacion-y-gestion-forestal.-4.png 768w\" sizes=\"auto, (max-width: 150px) 100vw, 150px\" \/><\/p>\n<\/div>\n<\/div>\n<div>\n<p style=\"text-align: justify;\"><span id=\"p3R_mc2\" class=\"markedContent\"><span dir=\"ltr\" role=\"presentation\"><span tabindex=\"0\" data-fui-focus-visible=\"\">Presidente y fundador de la Fundaci\u00f3n para la Investigaci\u00f3n del Clima (FIC) y director y fundador <\/span><\/span><\/span><span id=\"p3R_mc3\" class=\"markedContent\"><span dir=\"ltr\" role=\"presentation\"><span tabindex=\"0\">de Meteogrid, S.L. Doctor en Ingenier\u00eda Forestal (Escuela T\u00e9cnica Superior de Ingenieros de <\/span><\/span><\/span><span id=\"p3R_mc4\" class=\"markedContent\"><span dir=\"ltr\" role=\"presentation\"><span tabindex=\"0\">Montes), con Menci\u00f3n Internacional y un Premio Extraordinario de D<\/span><\/span><\/span><span id=\"p3R_mc5\" class=\"markedContent\"><span dir=\"ltr\" role=\"presentation\"><span tabindex=\"0\">octorado de la Universidad <\/span><\/span><\/span><span id=\"p3R_mc6\" class=\"markedContent\"><span dir=\"ltr\" role=\"presentation\"><span tabindex=\"0\">Polit\u00e9cnica de Madrid. Su formaci\u00f3n tambi\u00e9n incluye un M\u00e1ster en Evaluaci\u00f3n y Correcci\u00f3n de <\/span><\/span><\/span><span id=\"p3R_mc7\" class=\"markedContent\"><span dir=\"ltr\" role=\"presentation\"><span tabindex=\"0\">Impactos Ambientales (Universidad Polit\u00e9cnica de Madrid) y un M\u00e1ster en Meteorolog\u00eda Te\u00f3rica <\/span><\/span><\/span><span id=\"p3R_mc8\" class=\"markedContent\"><span dir=\"ltr\" role=\"presentation\"><span tabindex=\"0\">y Aplicada (Agencia Estatal de Meteorolog\u00eda)<\/span><\/span><\/span><span id=\"p3R_mc9\" class=\"markedContent\"><span dir=\"ltr\" role=\"presentation\"><span tabindex=\"0\">.\u00a0<\/span><\/span><\/span><span id=\"p3R_mc11\" class=\"markedContent\"><span dir=\"ltr\" role=\"presentation\"><span tabindex=\"0\">Tiene una amplia experiencia profesional en el \u00e1rea de investigaci\u00f3n clim\u00e1tica y predicci\u00f3n <\/span><\/span><\/span><span id=\"p3R_mc12\" class=\"markedContent\"><span dir=\"ltr\" role=\"presentation\"><span tabindex=\"0\">meteorol\u00f3gica. Es el principal creador de la metodolog\u00eda FICLIMA, un m\u00e9todo estad\u00edstico para la <\/span><\/span><\/span><span id=\"p3R_mc13\" class=\"markedContent\"><span dir=\"ltr\" role=\"presentation\"><span tabindex=\"0\">generaci\u00f3n de escenarios clim\u00e1ticos de alta resoluci\u00f3n, a partir de<\/span><\/span><\/span><span id=\"p3R_mc14\" class=\"markedContent\"><span dir=\"ltr\" role=\"presentation\"><span tabindex=\"0\">simulaciones de baja <\/span><\/span><\/span><span id=\"p3R_mc15\" class=\"markedContent\"><span dir=\"ltr\" role=\"presentation\"><span tabindex=\"0\">resoluci\u00f3n de Modelos Clim\u00e1ticos. Ha participado en relevantes proyectos europeos sobre <\/span><\/span><\/span><span id=\"p3R_mc16\" class=\"markedContent\"><span dir=\"ltr\" role=\"presentation\"><span tabindex=\"0\">investigaci\u00f3n clim\u00e1tica. Coordina proyectos de investigaci\u00f3n en los campos de adaptaci\u00f3n al <\/span><\/span><\/span><span id=\"p3R_mc17\" class=\"markedContent\"><span dir=\"ltr\" role=\"presentation\"><span tabindex=\"0\">impacto y la vulnerabilidad ante el cambio clim\u00e1tico pa<\/span><\/span><\/span><span id=\"p3R_mc18\" class=\"markedContent\"><span dir=\"ltr\" role=\"presentation\"><span tabindex=\"0\">ra instituciones gubernamentales y <\/span><\/span><\/span><span id=\"p3R_mc19\" class=\"markedContent\"><span dir=\"ltr\" role=\"presentation\"><span tabindex=\"0\">regionales espa\u00f1olas y cuenta con una amplia experiencia en el desarrollo de investigaci\u00f3n <\/span><\/span><\/span><span id=\"p3R_mc20\" class=\"markedContent\"><span dir=\"ltr\" role=\"presentation\"><span tabindex=\"0\">clim\u00e1tica y meteorol\u00f3gica en los cinco continentes, especialmente en proyectos europeos, desde <\/span><\/span><\/span><span id=\"p3R_mc21\" class=\"markedContent\"><span dir=\"ltr\" role=\"presentation\"><span tabindex=\"0\">hace m\u00e1s de 30 a\u00f1os. Est\u00e1 implicado<\/span><\/span><\/span><span id=\"p3R_mc23\" class=\"markedContent\"><span dir=\"ltr\" role=\"presentation\"><span tabindex=\"0\">en todos los proyectos principales de la FIC, y tambi\u00e9n en <\/span><\/span><\/span><span id=\"p3R_mc24\" class=\"markedContent\"><span dir=\"ltr\" role=\"presentation\"><span tabindex=\"0\">el desarrollo de sistemas de alerta temprana meteorol\u00f3gicos. Cabe destacar asimismo su <\/span><\/span><\/span><span id=\"p3R_mc25\" class=\"markedContent\"><span dir=\"ltr\" role=\"presentation\"><span tabindex=\"0\">actividad en decenas de proyectos relacionados con el cambio clim\u00e1tico y la biodiversidad <\/span><\/span><\/span><span id=\"p3R_mc26\" class=\"markedContent\"><span dir=\"ltr\" role=\"presentation\"><span tabindex=\"0\">(bosques, humedales<\/span><\/span><\/span><span id=\"p3R_mc27\" class=\"markedContent\"><span dir=\"ltr\" role=\"presentation\"><span tabindex=\"0\">, bioeconom\u00eda&#8230;) tanto en el \u00e1mbito nacional como internacional, <\/span><\/span><\/span><span id=\"p3R_mc28\" class=\"markedContent\"><span dir=\"ltr\" role=\"presentation\"><span tabindex=\"0\">financiados por la Uni\u00f3n Europea, el MITECO, la Fundaci\u00f3n Biodiversidad o el Banco <\/span><\/span><\/span><span id=\"p3R_mc29\" class=\"markedContent\"><span dir=\"ltr\" role=\"presentation\"><span tabindex=\"0\">Interamericano de Desarrollo, entre otros muchos.\u00a0<\/span><\/span><\/span><span id=\"p3R_mc31\" class=\"markedContent\"><span dir=\"ltr\" role=\"presentation\"><span tabindex=\"0\">Su experiencia incluye tambi\u00e9n ser profesor y tutor activo en diferentes cursos y grados sobre <\/span><\/span><\/span><span id=\"p3R_mc32\" class=\"markedContent\"><span dir=\"ltr\" role=\"presentation\"><span tabindex=\"0\">cambio clim\u00e1tico. Su reconocimiento como experto en cambio clim\u00e1tico se ha reflejado a nivel <\/span><\/span><\/span><span id=\"p3R_mc33\" class=\"markedContent\"><span dir=\"ltr\" role=\"presentation\"><span tabindex=\"0\">nacional en su elecci\u00f3n como miembro del Comit\u00e9 de Expertos de Cambi<\/span><\/span><\/span><span id=\"p3R_mc34\" class=\"markedContent\"><span dir=\"ltr\" role=\"presentation\"><span tabindex=\"0\">o Clim\u00e1tico de la Junta <\/span><\/span><\/span><span id=\"p3R_mc35\" class=\"markedContent\"><span dir=\"ltr\" role=\"presentation\"><span tabindex=\"0\">de Andaluc\u00eda y del Comit\u00e9 Cient\u00edfico y Te\u0107nico de Cambio Clim\u00e1tico de la Comunidad de Madrid, <\/span><\/span><\/span><span id=\"p3R_mc36\" class=\"markedContent\"><span dir=\"ltr\" role=\"presentation\"><span tabindex=\"0\">as\u00ed como a su contribuci\u00f3n como autor en el Tercer Informe de Evaluaci\u00f3n del IPCC. Ha <\/span><\/span><\/span><span id=\"p3R_mc37\" class=\"markedContent\"><span dir=\"ltr\" role=\"presentation\"><span tabindex=\"0\">colaborado en la redacci\u00f3n de multitud de publicacio<\/span><\/span><\/span><span id=\"p3R_mc38\" class=\"markedContent\"><span dir=\"ltr\" role=\"presentation\"><span tabindex=\"0\">nes especializadas en cambio clim\u00e1tico y <\/span><\/span><\/span><span id=\"p3R_mc39\" class=\"markedContent\"><span dir=\"ltr\" role=\"presentation\"><span tabindex=\"0\">participa de forma asidua en congresos nacionales e internacionales, con el objetivo de difundir <\/span><\/span><\/span><span id=\"p3R_mc40\" class=\"markedContent\"><span dir=\"ltr\" role=\"presentation\"><span tabindex=\"0\">la aplicaci\u00f3n pr\u00e1ctica de los resultados de la labor investigadora de la FIC en el campo del <\/span><\/span><\/span><span id=\"p3R_mc41\" class=\"markedContent\"><span dir=\"ltr\" role=\"presentation\"><span tabindex=\"0\">cambio clim\u00e1tico y la nec<\/span><\/span><\/span><span id=\"p3R_mc42\" class=\"markedContent\"><span dir=\"ltr\" role=\"presentation\"><span tabindex=\"0\">esaria adaptaci\u00f3n a sus consecuencias.<\/span><\/span><\/span><\/p>\n<p style=\"text-align: justify;\"><strong><span style=\"color: #99cc00;\">13:20 \u2013 13:40 |<\/span> El suelo como sumidero de CO2 \u2013 el proyecto LIFE Carbon2Mine. <\/strong><\/p>\n<p style=\"text-align: justify;\"><strong><span style=\"color: #003300;\">Asun C\u00e1mara Obreg\u00f3n. Coordinadora del g<span data-olk-copy-source=\"MessageBody\">rupo de Investigaci\u00f3n SMartForest &#8211; Universidad de Oviedo<\/span><\/span><\/strong><\/p>\n<p style=\"text-align: justify;\"><span data-olk-copy-source=\"MessageBody\"><img loading=\"lazy\" decoding=\"async\" class=\"alignleft wp-image-6102 size-thumbnail\" src=\"https:\/\/www.fbycc.org\/wp-content\/uploads\/2025\/10\/Dr-Ingeniero-de-Montes-desarrollo-mi-actividad-investigadora-desde-2006-en-el-Instituto-de-Ciencias-Forestales-ICIFOR-INIA-CSIC-dentro-del-grupo-de-Dinamica-modelizacion-y-gestion-forestal.-5-150x150.png\" alt=\"\" width=\"150\" height=\"150\" srcset=\"https:\/\/www.fbycc.org\/wp-content\/uploads\/2025\/10\/Dr-Ingeniero-de-Montes-desarrollo-mi-actividad-investigadora-desde-2006-en-el-Instituto-de-Ciencias-Forestales-ICIFOR-INIA-CSIC-dentro-del-grupo-de-Dinamica-modelizacion-y-gestion-forestal.-5-150x150.png 150w, https:\/\/www.fbycc.org\/wp-content\/uploads\/2025\/10\/Dr-Ingeniero-de-Montes-desarrollo-mi-actividad-investigadora-desde-2006-en-el-Instituto-de-Ciencias-Forestales-ICIFOR-INIA-CSIC-dentro-del-grupo-de-Dinamica-modelizacion-y-gestion-forestal.-5-300x300.png 300w, https:\/\/www.fbycc.org\/wp-content\/uploads\/2025\/10\/Dr-Ingeniero-de-Montes-desarrollo-mi-actividad-investigadora-desde-2006-en-el-Instituto-de-Ciencias-Forestales-ICIFOR-INIA-CSIC-dentro-del-grupo-de-Dinamica-modelizacion-y-gestion-forestal.-5-50x50.png 50w, https:\/\/www.fbycc.org\/wp-content\/uploads\/2025\/10\/Dr-Ingeniero-de-Montes-desarrollo-mi-actividad-investigadora-desde-2006-en-el-Instituto-de-Ciencias-Forestales-ICIFOR-INIA-CSIC-dentro-del-grupo-de-Dinamica-modelizacion-y-gestion-forestal.-5-250x250.png 250w, https:\/\/www.fbycc.org\/wp-content\/uploads\/2025\/10\/Dr-Ingeniero-de-Montes-desarrollo-mi-actividad-investigadora-desde-2006-en-el-Instituto-de-Ciencias-Forestales-ICIFOR-INIA-CSIC-dentro-del-grupo-de-Dinamica-modelizacion-y-gestion-forestal.-5-500x500.png 500w, https:\/\/www.fbycc.org\/wp-content\/uploads\/2025\/10\/Dr-Ingeniero-de-Montes-desarrollo-mi-actividad-investigadora-desde-2006-en-el-Instituto-de-Ciencias-Forestales-ICIFOR-INIA-CSIC-dentro-del-grupo-de-Dinamica-modelizacion-y-gestion-forestal.-5.png 768w\" sizes=\"auto, (max-width: 150px) 100vw, 150px\" \/>Doctora Ingeniera de Montes por la UPM y profesora de selvicultura en la Escuela Polit\u00e9cnica de Mieres (Universidad de Oviedo), de la que ha sido directora diez a\u00f1os. Est\u00e1 especializada en selvicultura del carbono y restauraci\u00f3n minera y lidera actualmente el proyecto europeo LIFE Carbon2Mine. Es coordinadora de la Plataforma Juntos por los Bosques y vicepresidenta de la SECF.\u00a0<\/span><\/p>\n<p style=\"text-align: justify;\"><span data-olk-copy-source=\"MessageBody\">La ponencia abordar\u00e1 el papel del suelo como sumidero natural de carbono y su relevancia en la mitigaci\u00f3n del cambio clim\u00e1tico. Se presentar\u00e1n los avances del proyecto LIFE Carbon2Mine en la evaluaci\u00f3n del secuestro de CO\u2082 en suelos mineros restaurados. Una aproximaci\u00f3n a la gesti\u00f3n del carbono en sistemas ed\u00e1ficos.<\/span><\/p>\n<p style=\"text-align: justify;\"><div class=\"su-accordion su-u-trim\"><\/div>\n<div class=\"su-spoiler su-spoiler-style-default su-spoiler-icon-plus su-spoiler-closed\" data-scroll-offset=\"0\" data-anchor-in-url=\"no\"><div class=\"su-spoiler-title\" tabindex=\"0\" role=\"button\"><span class=\"su-spoiler-icon\"><\/span><strong>M\u00e1s informaci\u00f3n<\/strong><\/div><div class=\"su-spoiler-content su-u-clearfix su-u-trim\">\n<ul>\n<li style=\"text-align: justify;\">MART\u00cdNEZ, MART\u00cdNEZ T., C\u00c1MARA OBREG\u00d3N, A., NOVO FERN\u00c1NDEZ, A., GARC\u00cdA MANTECA, P. y FORJ\u00c1N CASTRO, R. LIFE Carbon2Mine: secuestro de carbono en comunidades herb\u00e1ceas y arbustivas en \u00e1reas mineras restauradas. 9\u00ba Congreso Forestal Espa\u00f1ol. <a href=\"https:\/\/www.dropbox.com\/scl\/fi\/ewdhbc7xwqu1pstk6kauv\/9cfe-1437.pdf?rlkey=m28ze7mdyjzpeploljrdxcbxp&amp;st=a0al9gnx&amp;dl=0\">Link<\/a><\/li>\n<li style=\"text-align: justify;\">MART\u00cdNEZ, MART\u00cdNEZ T., C\u00c1MARA OBREG\u00d3N, A., NOVO FERN\u00c1NDEZ, A., BARRIO ANTA, M., L\u00d3PEZ S\u00c1NCHEZ, C.A. y FORJ\u00c1N CASTRO, R. Secuestro de carbono en sumideros con especies forestales dentro del Proyecto LIFE Carbon2Mine.\u00a09\u00ba Congreso Forestal Espa\u00f1ol. <a href=\"https:\/\/www.dropbox.com\/scl\/fi\/44qbyj5nscs4uk5hcmzg6\/9cfe-1440.pdf?rlkey=7pfficken48pn4zxsw9g2hts5&amp;st=lmm3b0at&amp;dl=0\">Link <\/a><\/div><\/div><\/li>\n<\/ul>\n<p><strong><span style=\"color: #99cc00;\">13:40 \u2013 13:45 |<\/span> Cierre y conclusiones<\/strong><\/p>\n<p>&nbsp;<\/p>\n<div class=\"tx-heading\" style=\"margin-bottom:24px; text-align: left;\"><h2 class=\"tx-heading-tag\" style=\"font-size:24px;\">Vuelve a ver el webinar<\/h2><\/div>\n<\/div>\n<div class=\"tx-youtube-outerwarp\" style=\"width: 100%\"><div class=\"tx-youtube-warp\" style=\"\"><iframe src=\"https:\/\/www.youtube.com\/embed\/5DpOuhp6Sms?controls=1&amp;showinfo=0&amp;rel=0&amp;autoplay=0\" frameborder=\"0\" allow=\"autoplay\" allowfullscreen><\/iframe><\/div><\/div>\n<p>&nbsp;<\/p>\n<\/div>\n<p style=\"text-align: justify;\" data-start=\"1319\" data-end=\"1690\"><div class=\"tx-heading\" style=\"margin-bottom:24px; text-align: left;\"><h2 class=\"tx-heading-tag\" style=\"font-size:24px;\">24 de octubre: D\u00eda internacional contra el Cambio Clim\u00e1tico<\/h2><\/div>\n<p style=\"text-align: justify;\">El D\u00eda Internacional contra el Cambio Clim\u00e1tico se celebra el 24 de octubre para <span style=\"color: #000000;\"><strong>concienciar sobre los efectos negativos del calentamiento global y la necesidad urgente de tomar medidas para combatirlo<\/strong><\/span>, involucrando a gobiernos, empresas y ciudadanos en la promoci\u00f3n de pol\u00edticas de sostenibilidad y protecci\u00f3n del medio ambiente.<\/p>\n<p style=\"text-align: justify;\">El <strong>cambio clim\u00e1tico<\/strong> se define como la variaci\u00f3n global del clima y la temperatura del planeta, generada a largo plazo por causas naturales.\u00a0Sin embargo, en\u00a0el \u00faltimo siglo la contaminaci\u00f3n generada por la actividad humana ha acelerado este proceso a una velocidad alarmante debido a la\u00a0<strong>emisi\u00f3n de los gases de efecto invernadero<\/strong>\u00a0generados por factores tales como la quema de combustibles f\u00f3siles, el uso del suelo, el uso de la energ\u00eda y las actividades industriales.<\/p>\n<p style=\"text-align: justify;\">La ONU afirma que <strong>el calentamiento global se intensifica con gran rapidez<\/strong>, siendo<strong><span style=\"color: #000000;\"> inminente la necesidad de reducci\u00f3n sustancial de las emisiones de gases por el efecto invernadero.<\/span><\/strong><\/p>\n<p>&nbsp;<\/p>\n<p><img loading=\"lazy\" decoding=\"async\" class=\"alignnone size-full wp-image-6131\" src=\"https:\/\/www.fbycc.org\/wp-content\/uploads\/2025\/10\/Logos-1920-x-500-px.png\" alt=\"\" width=\"1920\" height=\"194\" srcset=\"https:\/\/www.fbycc.org\/wp-content\/uploads\/2025\/10\/Logos-1920-x-500-px.png 1920w, https:\/\/www.fbycc.org\/wp-content\/uploads\/2025\/10\/Logos-1920-x-500-px-300x30.png 300w, https:\/\/www.fbycc.org\/wp-content\/uploads\/2025\/10\/Logos-1920-x-500-px-1024x103.png 1024w, https:\/\/www.fbycc.org\/wp-content\/uploads\/2025\/10\/Logos-1920-x-500-px-768x78.png 768w, https:\/\/www.fbycc.org\/wp-content\/uploads\/2025\/10\/Logos-1920-x-500-px-1536x155.png 1536w\" sizes=\"auto, (max-width: 1920px) 100vw, 1920px\" \/><\/p>\n","protected":false},"excerpt":{"rendered":"<p>El cambio clim\u00e1tico constituye uno de los mayores desaf\u00edos globales de nuestro tiempo. El aumento de las temperaturas, los eventos extremos y la p\u00e9rdida de biodiversidad amenazan la estabilidad de los ecosistemas<a class=\"moretag\" href=\"https:\/\/www.fbycc.org\/index.php\/jornadas\/webinar-24-oct-2025-ciencia-forestal-para-la-accion-climatica\/\">Leer m\u00e1s&#8230;<\/a><\/p>\n","protected":false},"author":5,"featured_media":0,"parent":530,"menu_order":0,"comment_status":"closed","ping_status":"closed","template":"","meta":{"_monsterinsights_skip_tracking":false,"_monsterinsights_sitenote_active":false,"_monsterinsights_sitenote_note":"","_monsterinsights_sitenote_category":0,"footnotes":""},"class_list":["post-6120","page","type-page","status-publish","hentry"],"_links":{"self":[{"href":"https:\/\/www.fbycc.org\/index.php\/wp-json\/wp\/v2\/pages\/6120","targetHints":{"allow":["GET"]}}],"collection":[{"href":"https:\/\/www.fbycc.org\/index.php\/wp-json\/wp\/v2\/pages"}],"about":[{"href":"https:\/\/www.fbycc.org\/index.php\/wp-json\/wp\/v2\/types\/page"}],"author":[{"embeddable":true,"href":"https:\/\/www.fbycc.org\/index.php\/wp-json\/wp\/v2\/users\/5"}],"replies":[{"embeddable":true,"href":"https:\/\/www.fbycc.org\/index.php\/wp-json\/wp\/v2\/comments?post=6120"}],"version-history":[{"count":6,"href":"https:\/\/www.fbycc.org\/index.php\/wp-json\/wp\/v2\/pages\/6120\/revisions"}],"predecessor-version":[{"id":6217,"href":"https:\/\/www.fbycc.org\/index.php\/wp-json\/wp\/v2\/pages\/6120\/revisions\/6217"}],"up":[{"embeddable":true,"href":"https:\/\/www.fbycc.org\/index.php\/wp-json\/wp\/v2\/pages\/530"}],"wp:attachment":[{"href":"https:\/\/www.fbycc.org\/index.php\/wp-json\/wp\/v2\/media?parent=6120"}],"curies":[{"name":"wp","href":"https:\/\/api.w.org\/{rel}","templated":true}]}}