{"id":6041,"date":"2025-09-15T13:07:12","date_gmt":"2025-09-15T13:07:12","guid":{"rendered":"https:\/\/www.fbycc.org\/?page_id=6041"},"modified":"2025-09-15T14:58:50","modified_gmt":"2025-09-15T14:58:50","slug":"proyectos-de-interes-proyecto-life-soria-forest-adapt","status":"publish","type":"page","link":"https:\/\/www.fbycc.org\/index.php\/proyectos-de-interes\/proyectos-de-interes-proyecto-life-soria-forest-adapt\/","title":{"rendered":"Proyecto LIFE SORIA FOREST ADAPT"},"content":{"rendered":"<p style=\"text-align: justify;\"><img loading=\"lazy\" decoding=\"async\" class=\"alignnone size-full wp-image-5925\" src=\"https:\/\/www.fbycc.org\/wp-content\/uploads\/2025\/09\/2.png\" alt=\"\" width=\"1200\" height=\"420\" srcset=\"https:\/\/www.fbycc.org\/wp-content\/uploads\/2025\/09\/2.png 1200w, https:\/\/www.fbycc.org\/wp-content\/uploads\/2025\/09\/2-300x105.png 300w, https:\/\/www.fbycc.org\/wp-content\/uploads\/2025\/09\/2-1024x358.png 1024w, https:\/\/www.fbycc.org\/wp-content\/uploads\/2025\/09\/2-768x269.png 768w\" sizes=\"auto, (max-width: 1200px) 100vw, 1200px\" \/><div class=\"tx-spacer clearfix\" style=\"height: 16px\"><\/div> El proyecto<strong> LIFE Soria ForestAdapt\u00a0<\/strong>tiene como objetivo aumentar la <strong>resiliencia<\/strong> de los bosques del sur de Europa frente al <strong>cambio clim\u00e1tico<\/strong>, mediante la inclusi\u00f3n de medidas adaptativas en los planes de ordenaci\u00f3n forestal p\u00fablicos y privados.<\/p>\n<p style=\"text-align: justify;\">Para ello, este proyecto LIFE investiga c\u00f3mo ser\u00e1n los \u00abbosques de futuro\u00bb, en escenarios en los que estos h\u00e1bitats tendr\u00e1n menos disponibilidad de agua, temperaturas m\u00e1s elevadas, una mayor erosi\u00f3n del suelo o mayor riesgo de incendios forestales debido al cambio clim\u00e1tico. En ellos busca conocer c\u00f3mo especies claves se adaptan a estas condiciones en cada lugar, empezando por <strong>Soria<\/strong> y siguiendo por la comunidad aut\u00f3noma de Castilla y Le\u00f3n. Adem\u00e1s, este proyecto busca incluir estrategias de adaptaci\u00f3n al cambio clim\u00e1tico en los planes de gesti\u00f3n forestal p\u00fablicos y privados.<\/p>\n<div class=\"su-accordion su-u-trim\">\n<div class=\"su-spoiler su-spoiler-style-default su-spoiler-icon-plus su-spoiler-closed\" data-scroll-offset=\"0\" data-anchor-in-url=\"no\"><div class=\"su-spoiler-title\" tabindex=\"0\" role=\"button\"><span class=\"su-spoiler-icon\"><\/span><strong>Consorcio<\/strong><\/div><div class=\"su-spoiler-content su-u-clearfix su-u-trim\">\n<ul>\n<li>Fundaci\u00f3n Global Nature\u00a0(coordinador)<\/li>\n<li>Fundacio\u0301n Centro de Servicios y Promocio\u0301n Forestal y de su Industria de Castilla y Leo\u0301n (Cesefor)<\/li>\n<li>Fundacio\u0301n Empresa y Clima (FEC)<\/li>\n<li>Asociaci\u00f3n para promover el uso racional de los productos y servicios del monte (FSC Espa\u00f1a)<\/li>\n<li>Asociaci\u00f3n Espa\u00f1ola para la Sostenibilidad Forestal (PEFC Espan\u0303a)<\/li>\n<li>Universidad de Valladolid (UVa)<\/li>\n<li>Fundaci\u00f3n General de la Univarsidad de Valladolid (FUNGE) <\/div><\/div><\/li>\n<\/ul>\n<div class=\"su-spoiler su-spoiler-style-default su-spoiler-icon-plus su-spoiler-closed\" data-scroll-offset=\"0\" data-anchor-in-url=\"no\"><div class=\"su-spoiler-title\" tabindex=\"0\" role=\"button\"><span class=\"su-spoiler-icon\"><\/span><strong>\u00c1mbito geogr\u00e1fico<\/strong><\/div><div class=\"su-spoiler-content su-u-clearfix su-u-trim\"> La provincia de <strong data-start=\"1183\" data-end=\"1231\">Soria <\/strong>es el laboratorio inicial del proyecto, con intervenci\u00f3n directa en sus montes p\u00fablicos y privados, pero la vocaci\u00f3n final es<strong> transferir el modelo de gesti\u00f3n forestal adaptativa al cambio clim\u00e1tico<\/strong> a todo <strong>Castilla y Le\u00f3n<\/strong>, al <strong>resto de Espa\u00f1a<\/strong> y a territorios mediterr\u00e1neos del <strong>sur de Europa<\/strong>. <\/div><\/div>\n<div class=\"su-spoiler su-spoiler-style-default su-spoiler-icon-plus su-spoiler-closed\" data-scroll-offset=\"0\" data-anchor-in-url=\"no\"><div class=\"su-spoiler-title\" tabindex=\"0\" role=\"button\"><span class=\"su-spoiler-icon\"><\/span><strong>Acciones<\/strong><\/div><div class=\"su-spoiler-content su-u-clearfix su-u-trim\">\n<ol>\n<li style=\"text-align: justify;\">Acciones preparatorias: reuniones, estudios y an\u00e1lisis para conocer la situaci\u00f3n actual de los bosques y su vulnerabilidad frente al cambio clim\u00e1tico. Se seleccionan y estudian 15 \u00e1reas piloto de las que se recopilaron datos sobre especies, aprovechamientos, productos forestales y servicios ecosist\u00e9micos, adem\u00e1s de elaborar un estudio fitoclim\u00e1tico con escenarios futuros.<\/li>\n<li style=\"text-align: justify;\">Acciones de conservaci\u00f3n: Se aplican medidas de adaptaci\u00f3n en 15 planes de ordenaci\u00f3n forestal y se actualizan los \u201cCuadernos de Zona\u201d para mejorar la gesti\u00f3n. Adem\u00e1s, se desarrollan propuestas para productos forestales no maderables y servicios ecosist\u00e9micos, se integran los resultados en pol\u00edticas y ayudas p\u00fablicas y se promueve la certificaci\u00f3n sostenible de 15.000 hect\u00e1reas.<\/li>\n<li style=\"text-align: justify;\">Acciones de monitorizaci\u00f3n: El proyecto monitoriza el impacto de las actuaciones mediante indicadores, bioindicadores naturales como l\u00edquenes y bri\u00f3fitos, y un Sistema de Informaci\u00f3n Geogr\u00e1fica actualizado. As\u00ed se asegura que las medidas adoptadas sean efectivas y beneficiosas para los ecosistemas y las comunidades locales.<\/li>\n<li style=\"text-align: justify;\">Acciones de divulgaci\u00f3n y sensibilizaci\u00f3n: Se desarrollan campa\u00f1as, materiales audiovisuales y actividades formativas para t\u00e9cnicos forestales y ciudadan\u00eda, fomentando la implicaci\u00f3n de todos en la adaptaci\u00f3n de los bosques al cambio clim\u00e1tico.<\/li>\n<li style=\"text-align: justify;\">Acciones de coordinaci\u00f3n y seguimiento: Un sistema s\u00f3lido de coordinaci\u00f3n, auditor\u00edas y seguimiento garantiza que todas las acciones se desarrollen de forma eficaz, asegurando que los resultados contribuyan al objetivo com\u00fan: bosques m\u00e1s resilientes frente al cambio clim\u00e1tico.<\/div><\/div><\/li>\n<\/ol>\n<div class=\"su-spoiler su-spoiler-style-default su-spoiler-icon-plus su-spoiler-closed\" data-scroll-offset=\"0\" data-anchor-in-url=\"no\"><div class=\"su-spoiler-title\" tabindex=\"0\" role=\"button\"><span class=\"su-spoiler-icon\"><\/span><strong>Recursos<\/strong><\/div><div class=\"su-spoiler-content su-u-clearfix su-u-trim\">\n<ul>\n<li><a href=\"https:\/\/zonas.soriaforestadapt.es\/\">Visor<\/a><\/li>\n<li><a href=\"https:\/\/www.soriaforestadapt.es\/es\/pagina\/fitoclim\">Fitoclim<\/a><\/li>\n<li><a href=\"https:\/\/www.soriaforestadapt.es\/es\/pagina\/forestadapt-tool\">ForestAdapt Tool<\/a><\/li>\n<li><a href=\"https:\/\/www.dropbox.com\/scl\/fi\/0rv1c446vxycj6dk97ieq\/a2.1_informe_de_base_climatico_life_soria_forestadapt_0.pdf?rlkey=t07agg0ocyve2qzdh4fzr20s1&amp;st=rxuy8xx0&amp;dl=0\">Informe de base clim\u00e1tico de Soria y sus comarcas forestales<\/a><\/li>\n<li><a href=\"https:\/\/www.dropbox.com\/scl\/fi\/r2f8079eibg06gbxbap5q\/a4.1_catalogo_de_medidas_de_adaptacion_en.pdf?rlkey=2ojsw8c46uo5wia3itslwgtra&amp;st=sv03b2t4&amp;dl=0\">Cat\u00e1logo de medidas de adaptaci\u00f3n<\/a><\/li>\n<li><a href=\"https:\/\/www.dropbox.com\/scl\/fi\/twga16vsikvlopqjtqno8\/a2.2_informe_dendrocronologico_para_8_especies.pdf?rlkey=p30b6bzg0w5jyt6ve5sgk0uam&amp;st=v0a7ult1&amp;dl=0\">Informe dendrocronol\u00f3gico para 8 especies de la provincia de Soria<\/a><\/li>\n<li><a href=\"https:\/\/www.dropbox.com\/scl\/fi\/itonlh9obg2bqj6pxbixu\/a2.3_informes_reforestacion_regeneracion_natural_en.pdf?rlkey=vwwcwq5yimfvlt04z4ncyvhjo&amp;st=isss687r&amp;dl=0\">Datos de evoluci\u00f3n en reforestaciones y en la regeneraci\u00f3n natural de los montes de Soria\u00a0<\/a><\/li>\n<li><a href=\"https:\/\/www.dropbox.com\/scl\/fi\/6rbhfl2vn1rqs5uhcyztt\/a2.4_danos_bioticos_abioticos_soria_en.pdf?rlkey=srcajeh3o9qyw449wcdmds4aj&amp;st=1bn8gnnh&amp;dl=0\">Informe recopilatorio del da\u00f1o producido en los bosques de la provincia de Soria\u00a0<\/a><\/li>\n<li><a href=\"https:\/\/www.dropbox.com\/scl\/fi\/xeej6q2q52usloywr20r5\/c4.1.5_medidas_de_adaptacion_pinonero_en.pdf?rlkey=b5ugfk72s14bn8dd42khlzyfq&amp;st=td0xb5hn&amp;dl=0\">Medidas de adaptaci\u00f3n-pi\u00f1\u00f3n<\/a><\/li>\n<li><a href=\"https:\/\/www.dropbox.com\/scl\/fi\/105om00tdpzib209b72hv\/c4.1.4_medidas_de_adaptacion_setas_en.pdf?rlkey=5sspgv83mgtwt2d9ykhgel4az&amp;st=kwwy9cqw&amp;dl=0\">Medidas de adaptaci\u00f3n-micolog\u00eda\u00a0<\/a><\/li>\n<li><a href=\"https:\/\/www.dropbox.com\/scl\/fi\/105om00tdpzib209b72hv\/c4.1.4_medidas_de_adaptacion_setas_en.pdf?rlkey=5sspgv83mgtwt2d9ykhgel4az&amp;st=kwwy9cqw&amp;dl=0\">Medidas de adaptaci\u00f3n-recursos hidr\u00edcos\u00a0<\/a><\/li>\n<li><a href=\"https:\/\/www.dropbox.com\/scl\/fi\/27q7e9slpf5l6qqvfj7ds\/medidas_de_adaptacion_recursos_apicultura_en.pdf?rlkey=gopdvpeiebfuuntxabyf0rq81&amp;st=1kaofvx4&amp;dl=0\">Medidas de adaptaci\u00f3n \u2013 apicultura\u00a0<\/a><\/li>\n<li><a href=\"https:\/\/www.dropbox.com\/scl\/fi\/105om00tdpzib209b72hv\/c4.1.4_medidas_de_adaptacion_setas_en.pdf?rlkey=5sspgv83mgtwt2d9ykhgel4az&amp;st=kwwy9cqw&amp;dl=0\">Medidas de adaptaci\u00f3n \u2013 truficultura\u00a0<\/a><\/li>\n<li><a href=\"https:\/\/www.dropbox.com\/scl\/fi\/42v396ax8d85cab7l2sgq\/a3.4.1_informe_recopilatorio_de_la_distribucion_y_existencias_forestales_en.pdf?rlkey=0sfg50q9jpns2rmxzia7tqen3&amp;st=w9ry3oys&amp;dl=0\">Informe recopilatorio de las existencias de madera en los montes piloto\u00a0<\/a><\/li>\n<li><a href=\"https:\/\/www.dropbox.com\/scl\/fi\/3z2i1wfycty6iole2o2xu\/a3.4.2_informe_produccion_en.pdf?rlkey=nw8rorqe0jajj2txyy4kbi6dh&amp;st=w93nwmxo&amp;dl=0\">Informe de producci\u00f3n de productos forestales en los montes piloto<\/a><\/li>\n<li><a href=\"https:\/\/www.dropbox.com\/scl\/fi\/8etijlfhagwxj7kr1azbh\/e4.2_1_papper_lsfa.pdf?rlkey=gmfa9y423wazoxy7cin1p4fui&amp;st=2koe4z3a&amp;dl=0\">Art\u00edculo: &#8216;Disparate response to water limitation for vessel area and secondary growth along Fagus sylvatica southwestern distribution range&#8217;\u00a0<\/a><\/li>\n<li><a href=\"https:\/\/www.dropbox.com\/scl\/fi\/8yctvtwbt6v05bj57uo1e\/e4.4_4_paper_lsfa_forgotten_gigants.pdf?rlkey=9l20zhdacd4hqlx6octefxpo3&amp;st=p2v7srts&amp;dl=0\">Art\u00edculo: \u00a0&#8216;Forgotten giants: Robust climate signal in pollarded trees&#8217;\u00a0<\/a><\/li>\n<li><a href=\"https:\/\/www.dropbox.com\/scl\/fi\/lytm0dmfj2aelvz3jejd1\/e4.4_3_paper_lsfa_methods_ecol_evol.pdf?rlkey=ch6wwfwggm7hqixhgpbqv40jh&amp;st=8etr1ks9&amp;dl=0\">Art\u00edculo: \u00a0&#8216;CaptuRING: A do-it- yourself tool for wood sample digitization&#8217;\u00a0<\/a><\/div><\/div>\n<\/div><\/li>\n<\/ul>\n<p style=\"text-align: center;\"><span style=\"font-size: 12pt;\"><a class=\"tx-button\" href=\"https:\/\/www.soriaforestadapt.es\/es\" target=\"_blank\" style=\"color: #ffffff; background-color: #669900\">Accede a la web del LIFE SORIA FOREST ADAPT<\/a><\/span><\/p>\n","protected":false},"excerpt":{"rendered":"<p>El proyecto LIFE Soria ForestAdapt\u00a0tiene como objetivo aumentar la resiliencia de los bosques del sur de Europa frente al cambio clim\u00e1tico, mediante la inclusi\u00f3n de medidas adaptativas en los planes de ordenaci\u00f3n<a class=\"moretag\" href=\"https:\/\/www.fbycc.org\/index.php\/proyectos-de-interes\/proyectos-de-interes-proyecto-life-soria-forest-adapt\/\">Leer m\u00e1s&#8230;<\/a><\/p>\n","protected":false},"author":5,"featured_media":0,"parent":5730,"menu_order":0,"comment_status":"closed","ping_status":"closed","template":"","meta":{"_monsterinsights_skip_tracking":false,"_monsterinsights_sitenote_active":false,"_monsterinsights_sitenote_note":"","_monsterinsights_sitenote_category":0,"footnotes":""},"class_list":["post-6041","page","type-page","status-publish","hentry"],"_links":{"self":[{"href":"https:\/\/www.fbycc.org\/index.php\/wp-json\/wp\/v2\/pages\/6041","targetHints":{"allow":["GET"]}}],"collection":[{"href":"https:\/\/www.fbycc.org\/index.php\/wp-json\/wp\/v2\/pages"}],"about":[{"href":"https:\/\/www.fbycc.org\/index.php\/wp-json\/wp\/v2\/types\/page"}],"author":[{"embeddable":true,"href":"https:\/\/www.fbycc.org\/index.php\/wp-json\/wp\/v2\/users\/5"}],"replies":[{"embeddable":true,"href":"https:\/\/www.fbycc.org\/index.php\/wp-json\/wp\/v2\/comments?post=6041"}],"version-history":[{"count":1,"href":"https:\/\/www.fbycc.org\/index.php\/wp-json\/wp\/v2\/pages\/6041\/revisions"}],"predecessor-version":[{"id":6051,"href":"https:\/\/www.fbycc.org\/index.php\/wp-json\/wp\/v2\/pages\/6041\/revisions\/6051"}],"up":[{"embeddable":true,"href":"https:\/\/www.fbycc.org\/index.php\/wp-json\/wp\/v2\/pages\/5730"}],"wp:attachment":[{"href":"https:\/\/www.fbycc.org\/index.php\/wp-json\/wp\/v2\/media?parent=6041"}],"curies":[{"name":"wp","href":"https:\/\/api.w.org\/{rel}","templated":true}]}}