{"id":6039,"date":"2025-09-15T13:03:07","date_gmt":"2025-09-15T13:03:07","guid":{"rendered":"https:\/\/www.fbycc.org\/?page_id=6039"},"modified":"2025-09-15T15:01:11","modified_gmt":"2025-09-15T15:01:11","slug":"proyectos-de-interes-proyecto-life-adapt-aleppo","status":"publish","type":"page","link":"https:\/\/www.fbycc.org\/index.php\/proyectos-de-interes\/proyectos-de-interes-proyecto-life-adapt-aleppo\/","title":{"rendered":"Proyecto LIFE Adapt Aleppo"},"content":{"rendered":"<p><img loading=\"lazy\" decoding=\"async\" class=\"alignnone size-full wp-image-5932\" src=\"https:\/\/www.fbycc.org\/wp-content\/uploads\/2025\/09\/web-proyectos.png\" alt=\"\" width=\"1200\" height=\"420\" srcset=\"https:\/\/www.fbycc.org\/wp-content\/uploads\/2025\/09\/web-proyectos.png 1200w, https:\/\/www.fbycc.org\/wp-content\/uploads\/2025\/09\/web-proyectos-300x105.png 300w, https:\/\/www.fbycc.org\/wp-content\/uploads\/2025\/09\/web-proyectos-1024x358.png 1024w, https:\/\/www.fbycc.org\/wp-content\/uploads\/2025\/09\/web-proyectos-768x269.png 768w\" sizes=\"auto, (max-width: 1200px) 100vw, 1200px\" \/><\/p>\n<p style=\"text-align: justify;\"><div class=\"tx-spacer clearfix\" style=\"height: 16px\"><\/div> En el Proyecto <strong>LIFE ADAPT-ALEPPO <\/strong>\u201c<em>Adaptive management of Mediterranean Pinus halepensis forests in the face of climate change<\/em>\u201d se trabaja para lograr la <strong>adaptaci\u00f3n de los bosques ib\u00e9ricos de pino carrasco al cambio clim\u00e1tico<\/strong>, centr\u00e1ndose principalmente en:<\/p>\n<ul>\n<li style=\"text-align: justify;\">la evaluaci\u00f3n de la <strong>vulnerabilidad<\/strong> de masas forestales y desarrollo de estrategias adaptativas<\/li>\n<li style=\"text-align: justify;\">la <strong>gesti\u00f3n forestal<\/strong> para mejorar la composici\u00f3n, diversidad y estructura de los bosques<\/li>\n<li style=\"text-align: justify;\">la <strong>adaptaci\u00f3n<\/strong> de composici\u00f3n y estructura de las masas al cambio clim\u00e1tico<\/li>\n<\/ul>\n<p style=\"text-align: justify;\">Su principal objetivo es, el desarrollo de nuevas herramientas para la adaptaci\u00f3n de los bosques ib\u00e9ricos de pino carrasco al cambio clim\u00e1tico, as\u00ed como su aplicaci\u00f3n demostrativa. Estas herramientas se centrar\u00e1n en la detecci\u00f3n temprana de los procesos de decaimiento y en la mejora de la resiliencia de este ecosistema mediante el aumento de su vigor, su capacidad de adaptaci\u00f3n a la aridificaci\u00f3n clim\u00e1tica y la capacidad de recuperar sus funciones tras las perturbaciones naturales.<\/p>\n<div class=\"su-accordion su-u-trim\">\n<div class=\"su-spoiler su-spoiler-style-default su-spoiler-icon-plus su-spoiler-closed\" data-scroll-offset=\"0\" data-anchor-in-url=\"no\"><div class=\"su-spoiler-title\" tabindex=\"0\" role=\"button\"><span class=\"su-spoiler-icon\"><\/span><strong>Consorcio<\/strong><\/div><div class=\"su-spoiler-content su-u-clearfix su-u-trim\">\n<ul>\n<li>Ingenier\u00eda del Entorno Natural (IDEN) (coordinador)<\/li>\n<li>AGRESTA Sociedad Cooperativa (AGRESTA)<\/li>\n<li>Direcci\u00f3n General del Medio Natural de la CARM (DGMN)<\/li>\n<li>Universidad de Castilla-La Mancha (UCLM)<\/li>\n<li>Universitat Polit\u00e9cnica de Valencia (UPV)<\/li>\n<li>Universitat de Lleida (UdL) <\/div><\/div><\/li>\n<\/ul>\n<div class=\"su-spoiler su-spoiler-style-default su-spoiler-icon-plus su-spoiler-closed\" data-scroll-offset=\"0\" data-anchor-in-url=\"no\"><div class=\"su-spoiler-title\" tabindex=\"0\" role=\"button\"><span class=\"su-spoiler-icon\"><\/span><strong>\u00c1mbito geogr\u00e1fico<\/strong><\/div><div class=\"su-spoiler-content su-u-clearfix su-u-trim\"> Este proyecto se desarrolla en Espa\u00f1a, en los bosques de pino carrasco del Mediterr\u00e1neo ib\u00e9rico, principalmente en Murcia, Castilla-La Mancha, Catalu\u00f1a, Arag\u00f3n y la Comunidad Valenciana, con la participaci\u00f3n de las entidades clave en la gesti\u00f3n forestal de estas regiones.\u00a0<\/div><\/div>\n<div class=\"su-spoiler su-spoiler-style-default su-spoiler-icon-plus su-spoiler-closed\" data-scroll-offset=\"0\" data-anchor-in-url=\"no\"><div class=\"su-spoiler-title\" tabindex=\"0\" role=\"button\"><span class=\"su-spoiler-icon\"><\/span><strong>Acciones<\/strong><\/div><div class=\"su-spoiler-content su-u-clearfix su-u-trim\">\n<ol>\n<li style=\"text-align: justify;\">Acciones preparatorias: Se realiza la recopilaci\u00f3n y actualizaci\u00f3n de diagn\u00f3sticos, normativa y documentaci\u00f3n t\u00e9cnica. Adem\u00e1s, se seleccionan las parcelas demostrativas y se gestionan autorizaciones y permisos para iniciar las intervenciones.<\/li>\n<li style=\"text-align: justify;\">Mapas y herramientas de detecci\u00f3n: se desarrollaron mapas de idoneidad del h\u00e1bitat del pino carrasco y una herramienta de detecci\u00f3n temprana de decaimiento forestal mediante teledetecci\u00f3n<\/li>\n<li style=\"text-align: justify;\">Actuaciones demostrativas de manejo forestal: se implementaron y monitorearon varias t\u00e9cnicas adaptativas en parcelas demostrativas como: la migraci\u00f3n asistida para fortalecer la resistencia frente a la aridificaci\u00f3n; tratamientos selv\u00edcolas para mejorar la vitalidad, retener agua y diversificar la estructura y composici\u00f3n floral; y estrategias para facilitar la regeneraci\u00f3n post\u2011<\/li>\n<li style=\"text-align: justify;\">Herramientas de gesti\u00f3n y transferencia: se elaboraron herramientas de gesti\u00f3n adaptativa y gu\u00edas t\u00e9cnicas para su aplicaci\u00f3n por parte de la administraci\u00f3n forestal, buscando incorporar estas medidas en las pol\u00edticas regionales y nacionales.<\/li>\n<li style=\"text-align: justify;\">Seguimiento y evaluaci\u00f3n: el proyecto incluy\u00f3 tareas de monitoreo para evaluar el \u00e9xito de las medidas aplicadas y su impacto en el ecosistema.<\/li>\n<li style=\"text-align: justify;\">Transferencia y difusi\u00f3n: las herramientas y t\u00e9cnicas desarrolladas se transfirieron a expertos y actores clave en regiones del \u00e1rea de distribuci\u00f3n del pino carrasco, con el fin de mejorar la gesti\u00f3n del h\u00e1bitat a largo plazo. Se realizaron actividades de sensibilizaci\u00f3n y participaci\u00f3n ciudadana sobre cambio clim\u00e1tico.<\/div><\/div><\/li>\n<\/ol>\n<div class=\"su-spoiler su-spoiler-style-default su-spoiler-icon-plus su-spoiler-closed\" data-scroll-offset=\"0\" data-anchor-in-url=\"no\"><div class=\"su-spoiler-title\" tabindex=\"0\" role=\"button\"><span class=\"su-spoiler-icon\"><\/span><strong>Recursos<\/strong><\/div><div class=\"su-spoiler-content su-u-clearfix su-u-trim\">\n<ul>\n<li><a href=\"https:\/\/cadenaser.com\/murcia\/2022\/06\/07\/los-bosques-ibericos-de-pino-carrasco-y-su-adaptacion-al-cambio-climatico-radio-murcia\/?ssm=whatsapp\">Entrevista Miguel Cham\u00f3n (SER) 07\/06\/2022\u00a0<\/a><\/li>\n<li><a href=\"https:\/\/cadenaser.com\/murcia\/2022\/06\/07\/los-bosques-ibericos-de-pino-carrasco-y-su-adaptacion-al-cambio-climatico-radio-murcia\/?ssm=whatsapp\">Entrevista Aitor Ameztegui (UA1 Lleida Radio) 09\/02\/2023\u00a0<\/a><\/li>\n<li><a href=\"https:\/\/adaptaleppo.eu\/acciones\/\">Exposici\u00f3n virtual<\/a><\/li>\n<li><a href=\"https:\/\/www.dropbox.com\/scl\/fi\/oq6dd9q0vwvovlkaaqrhc\/AdaptAleppo-GT_01_lr.pdf?rlkey=2azruuife2kcznr0wra0cfnvg&amp;st=e4hq8v6l&amp;dl=0\">Gu\u00eda t\u00e9cnica 1: t\u00e9cnicas de modelizaci\u00f3n y teledetecci\u00f3n para la gesti\u00f3n adaptativa de los pinares ib\u00e9ricos de pino carrasco\u00a0<\/a><\/li>\n<li><a href=\"https:\/\/www.dropbox.com\/scl\/fi\/jitk9xlyykfpbkehlgnw6\/AdaptAleppo-GT_02_lr.pdf?rlkey=hyulrtag3eh2t5mw6diyv7wdy&amp;st=sgd7s3iz&amp;dl=0\">Gu\u00eda t\u00e9cnica 2: implementaci\u00f3n de la t\u00e9cnica de migraci\u00f3n asistida en la restauraci\u00f3n forestal del h\u00e1bitat del pino carrasco<\/a><\/li>\n<li><a href=\"https:\/\/www.dropbox.com\/scl\/fi\/irbpok1qrnrzqq0dd6fyl\/AdaptAleppo-GT_03_lr.pdf?rlkey=sb3hoszc355nb01ayii9mzfyj&amp;st=62kkww65&amp;dl=0\">Gu\u00eda t\u00e9cnica 3: implementaci\u00f3n de la selvicultura ecohidrol\u00f3gica en los pinares ib\u00e9ricos de pino carrasco\u00a0<\/a><\/li>\n<li><a href=\"https:\/\/www.dropbox.com\/scl\/fi\/ff6gmq39scx8wgaq0rozb\/AdaptAleppo-GT_04_lr.pdf?rlkey=u770omqpazklphsl8327oee2r&amp;st=gg26e5bn&amp;dl=0\">Gu\u00eda t\u00e9cnica 4: implementaci\u00f3n de t\u00e9cnicas selv\u00edcolas de diversificaci\u00f3n estructural y flor\u00edstica en los pinares ib\u00e9ricos de pino carrasco\u00a0<\/a><\/li>\n<li><a href=\"https:\/\/www.dropbox.com\/scl\/fi\/rox8nwy3xpfobzxd7mthy\/AdaptAleppo-GT_05_lr.pdf?rlkey=pgvj37f1i6fk5koblk3r4iek2&amp;st=dq1xiipd&amp;dl=0\">Gu\u00eda t\u00e9cnica 5: implementaci\u00f3n de t\u00e9cnicas de selvicultura adaptativa en regeneraci\u00f3n post incendio de pino carrasco\u00a0<\/a><\/li>\n<li><a href=\"https:\/\/www.dropbox.com\/scl\/fi\/ntft21jkhslw4qvobazhv\/AdaptAleppo-GT_06_lr.pdf?rlkey=y2rczfst7hynqf08w5xlgdv1w&amp;st=6038rj3d&amp;dl=0\">Gu\u00eda t\u00e9cnica 6: evaluaci\u00f3n de necesidades para la implementaci\u00f3n de gesti\u00f3n adaptativa al cambio clim\u00e1tico<\/a><\/li>\n<li><a href=\"https:\/\/www.youtube.com\/@lifeadapt-aleppo8166\">Videos<\/a>\u00a0<\/div><\/div>\n<\/div><\/li>\n<\/ul>\n<p style=\"text-align: center;\"><span style=\"font-size: 12pt;\"><a class=\"tx-button\" href=\"https:\/\/adaptaleppo.eu\/\" target=\"_blank\" style=\"color: #ffffff; background-color: #669900\">Accede a la web del LIFE Adapt Aleppo<\/a><\/span><\/p>\n","protected":false},"excerpt":{"rendered":"<p>En el Proyecto LIFE ADAPT-ALEPPO \u201cAdaptive management of Mediterranean Pinus halepensis forests in the face of climate change\u201d se trabaja para lograr la adaptaci\u00f3n de los bosques ib\u00e9ricos de pino carrasco al<a class=\"moretag\" href=\"https:\/\/www.fbycc.org\/index.php\/proyectos-de-interes\/proyectos-de-interes-proyecto-life-adapt-aleppo\/\">Leer m\u00e1s&#8230;<\/a><\/p>\n","protected":false},"author":5,"featured_media":0,"parent":5730,"menu_order":0,"comment_status":"closed","ping_status":"closed","template":"","meta":{"_monsterinsights_skip_tracking":false,"_monsterinsights_sitenote_active":false,"_monsterinsights_sitenote_note":"","_monsterinsights_sitenote_category":0,"footnotes":""},"class_list":["post-6039","page","type-page","status-publish","hentry"],"_links":{"self":[{"href":"https:\/\/www.fbycc.org\/index.php\/wp-json\/wp\/v2\/pages\/6039","targetHints":{"allow":["GET"]}}],"collection":[{"href":"https:\/\/www.fbycc.org\/index.php\/wp-json\/wp\/v2\/pages"}],"about":[{"href":"https:\/\/www.fbycc.org\/index.php\/wp-json\/wp\/v2\/types\/page"}],"author":[{"embeddable":true,"href":"https:\/\/www.fbycc.org\/index.php\/wp-json\/wp\/v2\/users\/5"}],"replies":[{"embeddable":true,"href":"https:\/\/www.fbycc.org\/index.php\/wp-json\/wp\/v2\/comments?post=6039"}],"version-history":[{"count":1,"href":"https:\/\/www.fbycc.org\/index.php\/wp-json\/wp\/v2\/pages\/6039\/revisions"}],"predecessor-version":[{"id":6048,"href":"https:\/\/www.fbycc.org\/index.php\/wp-json\/wp\/v2\/pages\/6039\/revisions\/6048"}],"up":[{"embeddable":true,"href":"https:\/\/www.fbycc.org\/index.php\/wp-json\/wp\/v2\/pages\/5730"}],"wp:attachment":[{"href":"https:\/\/www.fbycc.org\/index.php\/wp-json\/wp\/v2\/media?parent=6039"}],"curies":[{"name":"wp","href":"https:\/\/api.w.org\/{rel}","templated":true}]}}