{"id":6038,"date":"2025-09-15T12:56:58","date_gmt":"2025-09-15T12:56:58","guid":{"rendered":"https:\/\/www.fbycc.org\/?page_id=6038"},"modified":"2025-09-15T15:00:26","modified_gmt":"2025-09-15T15:00:26","slug":"proyectos-de-interes-proyecto-lifeforestco2","status":"publish","type":"page","link":"https:\/\/www.fbycc.org\/index.php\/proyectos-de-interes\/proyectos-de-interes-proyecto-lifeforestco2\/","title":{"rendered":"Proyecto LIFE FOREST CO2"},"content":{"rendered":"<p><img loading=\"lazy\" decoding=\"async\" class=\"alignnone size-full wp-image-5941\" src=\"https:\/\/www.fbycc.org\/wp-content\/uploads\/2025\/09\/web-proyectos-1.png\" alt=\"\" width=\"1200\" height=\"420\" srcset=\"https:\/\/www.fbycc.org\/wp-content\/uploads\/2025\/09\/web-proyectos-1.png 1200w, https:\/\/www.fbycc.org\/wp-content\/uploads\/2025\/09\/web-proyectos-1-300x105.png 300w, https:\/\/www.fbycc.org\/wp-content\/uploads\/2025\/09\/web-proyectos-1-1024x358.png 1024w, https:\/\/www.fbycc.org\/wp-content\/uploads\/2025\/09\/web-proyectos-1-768x269.png 768w\" sizes=\"auto, (max-width: 1200px) 100vw, 1200px\" \/><\/p>\n<p style=\"text-align: justify;\"><div class=\"tx-spacer clearfix\" style=\"height: 16px\"><\/div>\n<p style=\"text-align: justify;\">El Proyecto <strong>LIFE FOREST CO2<\/strong> \u2013\u00a0<em>Cuantificaci\u00f3n de sumideros de carbono forestal y fomento de los sistemas de compensaci\u00f3n como herramientas de mitigaci\u00f3n del cambio clim\u00e1tico<\/em>, tiene como principal objetivo impulsar los sistemas forestales y la gesti\u00f3n forestal sostenible como una herramienta para la mitigaci\u00f3n del cambio clim\u00e1tico aplicando la normativa europea relativa a la contabilidad de emisiones y absorciones en el sector del uso de la tierra, cambios en el uso de la tierra y la silvicultura (LULUCF). Busca adem\u00e1s mejorar la base del conocimiento a nivel local y llevar a cabo una aplicaci\u00f3n pr\u00e1ctica integrada que implique a todos los sectores relevantes, incluidos aquellos responsables de la compensaci\u00f3n de emisiones, poniendo en valor su papel en la lucha contra el cambio clim\u00e1tico.<\/p>\n<p style=\"text-align: justify;\">En este proyecto la <strong>Gesti\u00f3n Forestal Sostenible<\/strong> (GFS) conforma el elemento central de las compensaciones. La GFS, a pesar de estar reconocida como actividad capaz de generar sumideros de carbono por el Acuerdo de Par\u00eds, por la complejidad que implican los c\u00e1lculos, no se contempla en la mayor\u00eda de iniciativas. Desde el LIFE FOREST CO2, se incentivar\u00e1 a propietarios forestales en territorio nacional y europeo a desarrollar proyectos de gesti\u00f3n con secuestro neto de carbono, los cuales ser\u00e1n certificados y validados bajo la metodolog\u00eda de trabajo del proyecto, contando estos proyectos con un sello propio.<\/p>\n<div class=\"su-accordion su-u-trim\">\n<div class=\"su-spoiler su-spoiler-style-default su-spoiler-icon-plus su-spoiler-closed\" data-scroll-offset=\"0\" data-anchor-in-url=\"no\"><div class=\"su-spoiler-title\" tabindex=\"0\" role=\"button\"><span class=\"su-spoiler-icon\"><\/span><strong>Consorcio<\/strong><\/div><div class=\"su-spoiler-content su-u-clearfix su-u-trim\">\n<ul>\n<li>Oficina de impulso socioecon\u00f3mico (OSIMA) de la comunidad de la Regi\u00f3n de Murcia (Coordinador)<\/li>\n<li>AGRESTA Sociedad Cooperativa (AGRESTA)<\/li>\n<li>Centro de servicios y promoci\u00f3n forestal y de su industria de Castilla y Le\u00f3n (Cesefor)<\/li>\n<li>Centre National de la Propri\u00e9t\u00e9 Foresti\u00e8re (CNPF)<\/li>\n<li>Universidad de C\u00f3rdoba (UCO)<\/li>\n<li>Ingenier\u00eda del Entorno Natural (IDEN)<\/li>\n<li>Xunta de Galicia \u2013 Conseller\u00eda de Medio Ambiente e Ordenaci\u00f3n do Territorio de la Xunta de Galicia <\/div><\/div><\/li>\n<\/ul>\n<div class=\"su-spoiler su-spoiler-style-default su-spoiler-icon-plus su-spoiler-closed\" data-scroll-offset=\"0\" data-anchor-in-url=\"no\"><div class=\"su-spoiler-title\" tabindex=\"0\" role=\"button\"><span class=\"su-spoiler-icon\"><\/span><strong>\u00c1mbito geogr\u00e1fico<\/strong><\/div><div class=\"su-spoiler-content su-u-clearfix su-u-trim\"> El proyecto tiene un alcance transnacional, desarroll\u00e1ndose en el territorio espa\u00f1ol \u2014principalmente en el \u00e1rea mediterr\u00e1nea y parte del \u00e1rea atl\u00e1ntica\u2014 y en el sur de Francia, en las regiones de Aquitania y Languedoc-Rosell\u00f3n, integrando as\u00ed a socios de ambos pa\u00edses. <\/div><\/div>\n<div class=\"su-spoiler su-spoiler-style-default su-spoiler-icon-plus su-spoiler-closed\" data-scroll-offset=\"0\" data-anchor-in-url=\"no\"><div class=\"su-spoiler-title\" tabindex=\"0\" role=\"button\"><span class=\"su-spoiler-icon\"><\/span><strong>Acciones<\/strong><\/div><div class=\"su-spoiler-content su-u-clearfix su-u-trim\"> Las principales l\u00edneas de trabajo son:<\/p>\n<ul>\n<li>Modelizaci\u00f3n del secuestro de carbono como consecuencia de actuaciones de Gesti\u00f3n Forestal Sostenible (podas, claras, clareos, etc.) en masas de\u00a0<em>Pinus halepensis<\/em>\u00a0y\u00a0<em>Pinus pinaster<\/em>\u00a0espa\u00f1olas y francesas en sus diversos dep\u00f3sitos: biomasa (a\u00e9rea y subterr\u00e1nea) a trav\u00e9s de herramientas LIDAR, materia org\u00e1nica del suelo y materia org\u00e1nica muerta, a trav\u00e9s de c\u00e1lculos reconocidos a nivel internacional (IPCC), pero precisados a escala local.<\/li>\n<li>Trabajo integrado de promoci\u00f3n y asesoramiento para el desarrollo de proyectos de gesti\u00f3n forestal sostenible con propietarios forestales p\u00fablicos y privados, as\u00ed como un trabajo de difusi\u00f3n y dinamizaci\u00f3n de la compensaci\u00f3n de la huella de carbono y emisiones de CO<sub>2<\/sub>\u00a0a trav\u00e9s de proyectos forestales entre entidades p\u00fablicas y privadas de los sectores no regulados o difusos (Sector NO EU-ETS).<\/li>\n<li>Trabajo de replicaci\u00f3n de las metodolog\u00edas del proyecto, as\u00ed como un trabajo de divulgaci\u00f3n para dar a conocer el proyecto entre los principales agentes sociales de inter\u00e9s.<\/li>\n<\/ul>\n<p>.<\/div><\/div>\n<div class=\"su-spoiler su-spoiler-style-default su-spoiler-icon-plus su-spoiler-closed\" data-scroll-offset=\"0\" data-anchor-in-url=\"no\"><div class=\"su-spoiler-title\" tabindex=\"0\" role=\"button\"><span class=\"su-spoiler-icon\"><\/span><strong>Recursos<\/strong><\/div><div class=\"su-spoiler-content su-u-clearfix su-u-trim\">\n<ul>\n<li><a href=\"https:\/\/www.youtube.com\/@lifeforestco2456\">Videos<\/a><\/li>\n<li><a href=\"https:\/\/www.dropbox.com\/scl\/fi\/0rhv85riq2b1h19cvus4g\/Dossier_Tecnico_Huella_Carbono.pdf?rlkey=4jmosk3yymi58sovt8zc1gwwy&amp;st=5b4xad9k&amp;dl=0\">Dossier t\u00e9cnico huella de carbono\u00a0<\/a><\/li>\n<li><a href=\"https:\/\/www.dropbox.com\/scl\/fi\/5h65d2rj8jakezxvy39zq\/Dossier_Tecnico_Prop_Forestales.pdf?rlkey=v21uft5zo99aotifqhhipdv2a&amp;st=bewkz87n&amp;dl=0\">Dossier t\u00e9cnico gesti\u00f3n forestal y sumideros de carbono\u00a0<\/a><\/li>\n<li><a href=\"https:\/\/www.dropbox.com\/scl\/fi\/1q2dktsy2vrkruwo9hyz8\/LIFE_FOREST_CO2_GUIAS_ENTIDADES_web.pdf?rlkey=nnox3cgnkkf59coiwn5nnb5ti&amp;st=x4z9y4hi&amp;dl=0\">Gu\u00eda pr\u00e1ctica dirigida a entidades dedicadas a la implantaci\u00f3n de sistemas de compensaci\u00f3n voluntaria de carbono\u00a0<\/a><\/li>\n<li><a href=\"https:\/\/www.dropbox.com\/scl\/fi\/abq4w3j0wymqabh1dy4ih\/LIFE_FOREST_CO2_GUIAS_TECNICAS_web.pdf?rlkey=0bszomerqcgl8r2nox93xzhy5&amp;st=9wce64lz&amp;dl=0\">Gu\u00edas t\u00e9cnicas para la cuantificaci\u00f3n y la contabilidad de la absorci\u00f3n de carbono de las t\u00e9cnicas de gesti\u00f3n forestal sobre pinus pinaster y pinus halepensis\u00a0<\/a><\/li>\n<li><a href=\"https:\/\/www.dropbox.com\/scl\/fi\/9l6mirkumhdk4fr3tw1si\/E7.02.CATALOGO_def_subir_web-1.pdf?rlkey=ydbtbt6km9scxw7b5wxth83c2&amp;st=umiv3ye3&amp;dl=0\">CAT\u00c1LOGO DE DESCRIPCI\u00d3N PR\u00c1CTICA Y ECON\u00d3MICA de actuaciones forestales para potenciar la absorci\u00f3n neta antrop\u00f3gena de carbono<\/a><\/li>\n<li><a href=\"https:\/\/www.dropbox.com\/scl\/fi\/x95k9860ul7n617nsloqg\/LIFE_FOREST_CO2_Manual_Audita_Reduce_Compensa.pdf?rlkey=gy17sl2i067m2k18fctui4y04&amp;st=g3f7uet0&amp;dl=0\">Audita, Reduce y Compensa: Manual Pr\u00e1ctico de Gesti\u00f3n de Huella de Carbono\u00a0<\/a><\/li>\n<li><a href=\"https:\/\/www.dropbox.com\/scl\/fi\/x95k9860ul7n617nsloqg\/LIFE_FOREST_CO2_Manual_Audita_Reduce_Compensa.pdf?rlkey=gy17sl2i067m2k18fctui4y04&amp;st=g3f7uet0&amp;dl=0\">Informe Layman\u00a0<\/a><\/li>\n<li><a href=\"https:\/\/www.dropbox.com\/scl\/fi\/7lw101zxr2jkyfbgiuk51\/Triptico_Resultados_ES.pdf?rlkey=nfqdngk9zp9ejua221gr79wqu&amp;st=1fqlnea4&amp;dl=0\">Tr\u00edptico resultados del proyecto\u00a0<\/a><\/div><\/div>\n<\/div><\/li>\n<\/ul>\n<p style=\"text-align: center;\"><span style=\"font-size: 12pt;\"><a class=\"tx-button\" href=\"https:\/\/lifeforestco2.eu\/\" target=\"_blank\" style=\"color: #ffffff; background-color: #669900\">Accede a la web del LIFE FOREST CO2<\/a><\/span><\/p>\n","protected":false},"excerpt":{"rendered":"<p>El Proyecto LIFE FOREST CO2 \u2013\u00a0Cuantificaci\u00f3n de sumideros de carbono forestal y fomento de los sistemas de compensaci\u00f3n como herramientas de mitigaci\u00f3n del cambio clim\u00e1tico, tiene como principal objetivo impulsar los sistemas<a class=\"moretag\" href=\"https:\/\/www.fbycc.org\/index.php\/proyectos-de-interes\/proyectos-de-interes-proyecto-lifeforestco2\/\">Leer m\u00e1s&#8230;<\/a><\/p>\n","protected":false},"author":5,"featured_media":0,"parent":5730,"menu_order":0,"comment_status":"closed","ping_status":"closed","template":"","meta":{"_monsterinsights_skip_tracking":false,"_monsterinsights_sitenote_active":false,"_monsterinsights_sitenote_note":"","_monsterinsights_sitenote_category":0,"footnotes":""},"class_list":["post-6038","page","type-page","status-publish","hentry"],"_links":{"self":[{"href":"https:\/\/www.fbycc.org\/index.php\/wp-json\/wp\/v2\/pages\/6038","targetHints":{"allow":["GET"]}}],"collection":[{"href":"https:\/\/www.fbycc.org\/index.php\/wp-json\/wp\/v2\/pages"}],"about":[{"href":"https:\/\/www.fbycc.org\/index.php\/wp-json\/wp\/v2\/types\/page"}],"author":[{"embeddable":true,"href":"https:\/\/www.fbycc.org\/index.php\/wp-json\/wp\/v2\/users\/5"}],"replies":[{"embeddable":true,"href":"https:\/\/www.fbycc.org\/index.php\/wp-json\/wp\/v2\/comments?post=6038"}],"version-history":[{"count":2,"href":"https:\/\/www.fbycc.org\/index.php\/wp-json\/wp\/v2\/pages\/6038\/revisions"}],"predecessor-version":[{"id":6044,"href":"https:\/\/www.fbycc.org\/index.php\/wp-json\/wp\/v2\/pages\/6038\/revisions\/6044"}],"up":[{"embeddable":true,"href":"https:\/\/www.fbycc.org\/index.php\/wp-json\/wp\/v2\/pages\/5730"}],"wp:attachment":[{"href":"https:\/\/www.fbycc.org\/index.php\/wp-json\/wp\/v2\/media?parent=6038"}],"curies":[{"name":"wp","href":"https:\/\/api.w.org\/{rel}","templated":true}]}}