{"id":546,"date":"2016-06-22T10:14:06","date_gmt":"2016-06-22T10:14:06","guid":{"rendered":"http:\/\/www.fbycc.org\/?page_id=546"},"modified":"2022-04-05T14:50:28","modified_gmt":"2022-04-05T14:50:28","slug":"jornada-bosques-lo-que-nos-une","status":"publish","type":"page","link":"https:\/\/www.fbycc.org\/index.php\/jornadas\/jornada-bosques-lo-que-nos-une\/","title":{"rendered":"Jornada: \u00abBosques,&#8230; lo que nos une\u00bb"},"content":{"rendered":"<p style=\"text-align: justify;\"><div class=\"tx-row \">\n<div class=\"tx-column tx-column-size-2-3\">El pasado 4 de mayo\u00a0con motivo del \u201c<strong>D\u00eda Internacional del Combatiente contra los Incendios Forestales<\/strong>\u201d\u00a0el Foro organiz\u00f3 una jornada bajo el lema \u201cBosques, lo que nos une\u201d, en la que se analiz\u00f3\u00a0la relaci\u00f3n directa del cambio clim\u00e1tico en los incendios forestales.<\/p>\n<p style=\"text-align: justify\">La jornada, que cont\u00f3 con el apoyo\u00a0del <strong>Ministerio de Agricultura, Alimentaci\u00f3n y Medio Ambiente<\/strong> y la colaboraci\u00f3n del <strong>Colegio de Ingenieros de Montes<\/strong>, de la <strong>E.T.S.I.\u00a0de Montes (UPM)<\/strong>, <strong>Parques Nacionales<\/strong>, <strong>Universidad de Castilla La Mancha<\/strong>, <strong>Universidad de Lleida<\/strong>, <strong>Meteogrid<\/strong>, <strong>Eural<\/strong> emergencias y <strong>APAS<\/strong>, tuvo lugar en la Escuela de Ingenieros de Montes de Madrid.<\/p>\n<p style=\"text-align: justify\"><strong>Jos\u00e9 Manuel Jaquotot<\/strong> inaugur\u00f3 el encuentro con un claro mensaje: <em>\u201cHemos perdido demasiado tiempo desde que empezamos a apreciar los efectos del cambio clim\u00e1tico hasta los Acuerdos de Par\u00eds\u201d<\/em>. Aprovech\u00f3 su intervenci\u00f3n para defender la coordinaci\u00f3n entre las diferentes administraciones que participan en las tareas de extinci\u00f3n de incendios que, a su juicio, \u201c<em>funciona de manera impecable<\/em>\u201d, y record\u00f3 que \u201c<em>en materia de extinci\u00f3n de incendios somos una referencia a nivel mundial<\/em>\u201d.<\/p>\n<p style=\"text-align: justify\"><strong>Jos\u00e9 Ram\u00f3n Gonz\u00e1lez Pan<\/strong>, en representaci\u00f3n del Organismo Aut\u00f3nomo Parques Nacionales, que celebra en 2016 su centenario, se refiri\u00f3 a la permanencia y estabilidad del cambio clim\u00e1tico, que nos hace preocuparnos y actuar. \u201c<em>Debemos convertir la palabra bosque en algo importante para el ciudadano; necesitamos explicar que los bosques son la estrategia m\u00e1s garantista para la lucha contra el cambio clim\u00e1tico<\/em>\u201d. Gonz\u00e1lez Pan mencion\u00f3 la dificultad, en la voluntad de transmitir de estos mensajes, de que en esta sociedad que se mueve a velocidad vertiginosa, \u201c<em>los que nos dedicamos al monte y a los bosques, trabajamos a largo plazo. Tanto que a veces la sociedad no nos comprende<\/em>\u201d.<\/p>\n<p style=\"text-align: justify\"><em>\u201cSomos el segundo pa\u00eds del mundo que m\u00e1s crece en masa arbolada por detr\u00e1s de China\u00bb<\/em> \u2013record\u00f3 <strong>Miguel \u00c1ngel Duralde<\/strong>, presidente de ASEMFO, durante su ponencia-. <em>Nuestra masa forestal se ha duplicado en s\u00f3lo cuarenta a\u00f1os, y su importancia es mucha, pero s\u00f3lo aprovechamos un 42% de sus posibilidades<\/em>\u201d. Debemos promover la capacidad de crear empleo que existe en el monte, de hasta 3.000 empleos con una inversi\u00f3n m\u00ednima, <em>\u201cy valorar nuestros activos naturales, y los servicios que nos ofrecen, y los productos que generan nuestros montes\u201d<\/em>, y que se han valorado en unos 650\u20ac\/ha en producto obtenido de masas forestales al a\u00f1o.<\/p>\n<p style=\"text-align: justify\">En la jornada particip\u00f3 tambi\u00e9n como ponente <strong>Jos\u00e9 Manuel Moreno Rodr\u00edguez<\/strong>, ex coordinador del IPCC y nuevo vocal del Comit\u00e9 Cient\u00edfico del Organismo Aut\u00f3nomo de Parques Nacionales. Moreno Rodr\u00edguez, que desarrolla sus proyectos de investigaci\u00f3n en la Universidad Castilla-La Mancha, alert\u00f3 sobre el aumento de las temperaturas a corto plazo en la cuenca mediterr\u00e1nea, recordando que el aumento de 2\u00baC de temperatura a nivel mundial puede suponer un aumento de 6\u00baC en la zona de la costa este de nuestro pa\u00eds. Tambi\u00e9n habl\u00f3 de la evoluci\u00f3n de sus investigaciones en el Departamento de Selvicultura y Gesti\u00f3n de los sistemas forestales del CIFOR-INIA, <strong>Mercedes Guijarro Guzm\u00e1n<\/strong>.<\/p>\n<p style=\"text-align: justify\">El decano auton\u00f3mico del Colegio de Ingenieros de Montes en Catalu\u00f1a, <strong>V\u00edctor Resco de Dios<\/strong>, ofreci\u00f3 una reflexi\u00f3n t\u00e9cnica como representante en este caso de la Universidad de Lleida, sobre la regulaci\u00f3n clim\u00e1tica de los bosques m\u00e1s all\u00e1 del CO<sub>2<\/sub> y sus efectos biogeof\u00edsicos. Resco de Dios centra sus investigaciones en el impacto del cambio clim\u00e1tico sobre el ciclo del agua de los mismos, y su capacidad para autorregular el uso del agua disponible para su desarrollo. En opini\u00f3n del decano auton\u00f3mico esto ha permitido que, a pesar del incremento de temperaturas, la masa forestal haya crecido a nivel mundial en el \u00faltimo decenio.<\/p>\n<p style=\"text-align: justify\">Como clausura de la jornada, <strong><em>Bego\u00f1a Nieto Gilarte<\/em><\/strong>, Directora General de Desarrollo Rural y Pol\u00edtica Forestal, <strong><em>Valvanera Ulargui Aparicio<\/em><\/strong>, Directora General de la Oficina Espa\u00f1ola y Cambio Clim\u00e1tico y <strong><em>Jos\u00e9 Manuel Jaquotot S\u00e1enz de Miera<\/em><\/strong>, Subdirector General de Silvicultura y Montes, un monumento en homenaje a todos los que luchan contra los incendios forestales\u00a0promovido y organizado por el Foro de Bosques y Cambio Clim\u00e1tico.<\/p>\n<p style=\"text-align: justify\">Durante la inauguraci\u00f3n de este reconocimiento,\u00a0acompa\u00f1aron a los representantes del Ministerio,\u00a0<strong>Jos\u00e9 Vicente L\u00f3pez \u00c1lvarez<\/strong>, Director de la Escuela de Ingenieros de Montes de Madrid, <strong>Rafael Ceballos<\/strong>, vicedecano del Colegio de Ingenieros de Montes,\u00a0<strong>Ricardo V\u00e9lez Mu\u00f1oz<\/strong>, Ingeniero de Montes, \u00a0<strong>Miguel \u00c1ngel Duralde<\/strong>, presidente de ASEMFO,<strong> David Caballero<\/strong>, Ingeniero de Montes,\u00a0<strong>Pedro Zugasti Ag\u00fc\u00ed<\/strong>, en representaci\u00f3n de APAS y\u00a0<strong>Javier de La Puente Vinuesa<\/strong>, como Presidente del Foro de Bosques y Cambio Clim\u00e1tico.<\/p>\n<div style=\"text-align: center\">\n<p><\/p>\n<p><\/p>\n<p><\/p>\n<p><\/p>\n<\/div>\n<p style=\"text-align: justify\"><\/div>\n<div class=\"tx-column tx-column-size-1-3\">\n<p style=\"text-align: justify\"><img loading=\"lazy\" decoding=\"async\" class=\"size-medium wp-image-562 aligncenter\" src=\"http:\/\/www.fbycc.org\/wp-content\/uploads\/2016\/06\/Cartel_jornada_2-212x300.png\" alt=\"Cartel_jornada_2\" width=\"212\" height=\"300\" srcset=\"https:\/\/www.fbycc.org\/wp-content\/uploads\/2016\/06\/Cartel_jornada_2-212x300.png 212w, https:\/\/www.fbycc.org\/wp-content\/uploads\/2016\/06\/Cartel_jornada_2.png 250w\" sizes=\"auto, (max-width: 212px) 100vw, 212px\" \/><\/p>\n<p><strong>Puedes descargar las presentaciones de la Jornada:<\/strong><\/p>\n<p><strong><a id=\"rptDocumentos_hlTitulo_5\" href=\"https:\/\/www.dropbox.com\/s\/fd2zz6fzuds0m6u\/1.Somos%20bosque_Gonzalez_Pan.pdf?dl=0\" target=\"_blank\" rel=\"noopener\">Somos Bosques<\/a><\/strong><br \/>\n<em>Jos\u00e9 Ram\u00f3n Gonz\u00e1lez Pan, Organismo Aut\u00f3nomo Parques Nacionales (MAGRAMA)<\/em><\/p>\n<p><strong><a id=\"rptDocumentos_hlTitulo_4\" href=\"https:\/\/www.dropbox.com\/s\/9hfxiz3pkpa7hrw\/2.El%20valor%20de%20nuestros%20Montes_Duralde.pdf?dl=0\" target=\"_blank\" rel=\"noopener\">El valor de nuestros Montes<\/a><\/strong><br \/>\n<em>Miguel \u00c1ngel Duralde, Presidente de ASEMFO<\/em><\/p>\n<p><strong><a id=\"rptDocumentos_hlTitulo_3\" href=\"https:\/\/www.dropbox.com\/s\/qa36irul2r6za8n\/3.Los%20incendios%20en%20Espa%C3%B1a_Jaquotot.pdf?dl=0\" target=\"_blank\" rel=\"noopener\">Los incendios en Espa\u00f1a<\/a><\/strong><br \/>\n<em>Jos\u00e9 Manuel Jaquotot, Subdirector General de Silvicultura y Montes (MAGRAMA)<\/em><\/p>\n<p><strong><a id=\"rptDocumentos_hlTitulo_0\" href=\"https:\/\/www.dropbox.com\/s\/5rxne0a5vb42io9\/4.Incendios%20forestales%2C%20clima%20y%20cambio%20climatico_JMMoreno.pdf?dl=0\" target=\"_blank\" rel=\"noopener\">Incendios forestales, clima y cambio clim\u00e1tico<\/a><\/strong><br \/>\n<em>Jos\u00e9 Manuel Moreno, Universidad de Castilla-La Mancha<\/em><\/p>\n<p><strong><a id=\"rptDocumentos_hlTitulo_2\" href=\"https:\/\/www.dropbox.com\/s\/tr43clxva7t1e42\/5.Investigacion%20protecci%C3%B3n%20contra%20incendios%20y%20CC_MGuijarro.pdf?dl=0\" target=\"_blank\" rel=\"noopener\">Investigaci\u00f3n para la protecci\u00f3n contra incendios frente al Cambio Clim\u00e1tico<\/a><\/strong><br \/>\n<em>Mercedes Guijarro Guzm\u00e1n, INIA<\/em><\/div>\n<\/div>\n","protected":false},"excerpt":{"rendered":"","protected":false},"author":2,"featured_media":367,"parent":530,"menu_order":0,"comment_status":"closed","ping_status":"closed","template":"","meta":{"_monsterinsights_skip_tracking":false,"_monsterinsights_sitenote_active":false,"_monsterinsights_sitenote_note":"","_monsterinsights_sitenote_category":0,"footnotes":""},"class_list":["post-546","page","type-page","status-publish","has-post-thumbnail","hentry"],"_links":{"self":[{"href":"https:\/\/www.fbycc.org\/index.php\/wp-json\/wp\/v2\/pages\/546","targetHints":{"allow":["GET"]}}],"collection":[{"href":"https:\/\/www.fbycc.org\/index.php\/wp-json\/wp\/v2\/pages"}],"about":[{"href":"https:\/\/www.fbycc.org\/index.php\/wp-json\/wp\/v2\/types\/page"}],"author":[{"embeddable":true,"href":"https:\/\/www.fbycc.org\/index.php\/wp-json\/wp\/v2\/users\/2"}],"replies":[{"embeddable":true,"href":"https:\/\/www.fbycc.org\/index.php\/wp-json\/wp\/v2\/comments?post=546"}],"version-history":[{"count":16,"href":"https:\/\/www.fbycc.org\/index.php\/wp-json\/wp\/v2\/pages\/546\/revisions"}],"predecessor-version":[{"id":550,"href":"https:\/\/www.fbycc.org\/index.php\/wp-json\/wp\/v2\/pages\/546\/revisions\/550"}],"up":[{"embeddable":true,"href":"https:\/\/www.fbycc.org\/index.php\/wp-json\/wp\/v2\/pages\/530"}],"wp:featuredmedia":[{"embeddable":true,"href":"https:\/\/www.fbycc.org\/index.php\/wp-json\/wp\/v2\/media\/367"}],"wp:attachment":[{"href":"https:\/\/www.fbycc.org\/index.php\/wp-json\/wp\/v2\/media?parent=546"}],"curies":[{"name":"wp","href":"https:\/\/api.w.org\/{rel}","templated":true}]}}