{"id":539,"date":"2016-06-22T09:51:51","date_gmt":"2016-06-22T09:51:51","guid":{"rendered":"http:\/\/www.fbycc.org\/?page_id=539"},"modified":"2022-04-05T14:50:39","modified_gmt":"2022-04-05T14:50:39","slug":"jornada-bosques-para-que","status":"publish","type":"page","link":"https:\/\/www.fbycc.org\/index.php\/jornadas\/jornada-bosques-para-que\/","title":{"rendered":"Jornada: \u00abBosques,&#8230; \u00bfpara qu\u00e9?\u00bb"},"content":{"rendered":"<p style=\"text-align: justify;\"><div class=\"tx-row \">\n<div class=\"tx-column tx-column-size-2-3\">\n<p style=\"text-align: justify\"><img loading=\"lazy\" decoding=\"async\" class=\"size-medium wp-image-285 alignleft\" src=\"http:\/\/www.fbycc.org\/wp-content\/uploads\/2016\/06\/jornada1-e1465820195382-300x276.jpg\" alt=\"jornada1\" width=\"300\" height=\"276\" \/>El pasado 1 de marzo\u00a0tuvo lugar en el Sal\u00f3n de Actos del Instituto de la Ingenier\u00eda de Espa\u00f1a, la <strong>Jornada de Bosques y Cambio Clim\u00e1tico: BOSQUES,\u2026 \u00bfPARA QU\u00c9?<\/strong>.\u00a0La alta asistencia a la jornada mostr\u00f3 una vez m\u00e1s\u00a0el inter\u00e9s por el papel de los Bosques ante el Cambio Clim\u00e1tico, y su funci\u00f3n de absorci\u00f3n\u00a0formalmente reconocido en el reciente Acuerdo de Par\u00eds.<\/p>\n<p style=\"text-align: justify\">La inauguraci\u00f3n de la jornada corri\u00f3 a cargo de la Directora General de la Oficina Espa\u00f1ola de Cambio Clim\u00e1tico, <strong>D\u00aa. Valvanera Ulargui<\/strong>, y del Presidente del FBYCC, <strong>D. Javier de la Puente Vinuesa<\/strong>.<\/p>\n<p style=\"text-align: justify\">Clausur\u00f3 la jornada\u00a0<strong>D\u00aa.\u00a0Patricia G\u00f3mez Agrela<\/strong>,\u00a0gerente de COSE -Confederaci\u00f3n de Organizaciones de Selvicultores de Espa\u00f1a- y vicepresidenta del Foro de Bosques y Cambio Clim\u00e1tico- en la que manifest\u00f3 que:<\/p>\n<p style=\"text-align: justify\"><em>\u201cNo s\u00f3lo se han de tener en cuenta objetivos de reducci\u00f3n de emisiones y\u00a0 pol\u00edticas energ\u00e9ticas.\u00a0Los bosques han de tener a\u00fan m\u00e1s peso en este escenario.\u00a0Aunque han tenido un reconocimiento en el art\u00edculo 5 de los Acuerdos, el cual aborda materias como la conservaci\u00f3n, los sumideros de carbono, la mitigaci\u00f3n del cambio clim\u00e1tico y una adaptaci\u00f3n en la gesti\u00f3n integral, se nos queda corto. Urge activar mecanismos que articulen medidas concretas que lleguen al territorio y sus gestores.\u00a0Hasta que no se desarrollen los protocolos, que entrar\u00e1n en vigor en 2020, no nos llegar\u00e1 nada. Mientras tanto, el cambio clim\u00e1tico avanza. Y nosotros necesitamos actuar ya\u201d.<\/em><\/p>\n<div style=\"text-align: center\">\n<p><\/p>\n<\/div>\n<\/div>\n<div class=\"tx-column tx-column-size-1-3\">\n<p style=\"text-align: justify\"><img loading=\"lazy\" decoding=\"async\" class=\"size-medium wp-image-564 aligncenter\" src=\"http:\/\/www.fbycc.org\/wp-content\/uploads\/2016\/06\/Cartel_jornada_1-212x300.png\" alt=\"Cartel_jornada_1\" width=\"212\" height=\"300\" srcset=\"https:\/\/www.fbycc.org\/wp-content\/uploads\/2016\/06\/Cartel_jornada_1-212x300.png 212w, https:\/\/www.fbycc.org\/wp-content\/uploads\/2016\/06\/Cartel_jornada_1.png 250w\" sizes=\"auto, (max-width: 212px) 100vw, 212px\" \/><\/p>\n<p style=\"text-align: justify\"><strong>Puedes descargar las presentaciones de la Jornada:<\/strong><\/p>\n<p style=\"text-align: justify\"><strong><a id=\"rptDocumentos_hlTitulo_7\" href=\"https:\/\/www.dropbox.com\/s\/cjeaqbv95xhavqp\/1.BOSQUES%20Y%20LA%20BIODIVERSIDAD%20FRENTE%20AL%20CAMBIO%20CLIM%C3%81TICO_Zavala.pdf?dl=0\" target=\"_blank\" rel=\"noopener noreferrer\">Los bosques y la biodiversidad frente al cambio clim\u00e1tico<\/a><\/strong><br \/>\n<em>Miguel \u00c1ngel de Zavala Giron\u00e9s (Univ. Alcal\u00e1 de Henares)<\/em><\/p>\n<p style=\"text-align: justify\"><strong><a id=\"rptDocumentos_hlTitulo_4\" href=\"https:\/\/www.dropbox.com\/s\/cko102hsaszycz8\/2.EFECTO%20DEL%20CAMBIO%20CLIMATICO%20EN%20LOS%20BOSQUES%20ESPA%C3%91OLES_Fernandez.pdf?dl=0\" target=\"_blank\" rel=\"noopener noreferrer\">Efecto del cambio clim\u00e1tico en los bosques espa\u00f1oles<\/a><\/strong><br \/>\n<em>\u00c1ngel Fern\u00e1ndez C\u00e1ncio (INIA)<\/em><\/p>\n<p style=\"text-align: justify\"><strong><a id=\"rptDocumentos_hlTitulo_3\" href=\"https:\/\/www.dropbox.com\/s\/6gfwrfuqeqe39bn\/3.SELVICULTURA%20ADAPTATIVA%20AL%20CAMBIO%20CLIM%C3%81TICO_Calama.pdf?dl=0\" target=\"_blank\" rel=\"noopener noreferrer\">Selvicultura adaptativa al cambio clim\u00e1tico<\/a><\/strong><br \/>\n<em>Rafael Calama Sainz (INIA)<\/em><\/p>\n<p style=\"text-align: justify\"><strong><a id=\"rptDocumentos_hlTitulo_2\" href=\"https:\/\/www.dropbox.com\/s\/tk0vzsjxis0vcfz\/4.EXPERIENCIAS%20PRACTICAS%20DE%20GESTI%C3%93N%20ADAPTATIVA_Garcia_Guemes.pdf?dl=0\" target=\"_blank\" rel=\"noopener noreferrer\">Experiencias pr\u00e1cticas de gesti\u00f3n adaptativa<\/a><\/strong><br \/>\n<em>Carlos Garc\u00eda G\u00fcemes (Junta de Castilla y Le\u00f3n)<\/em><\/p>\n<p style=\"text-align: justify\"><strong><a id=\"rptDocumentos_hlTitulo_1\" href=\"https:\/\/www.dropbox.com\/s\/ndl8ar8rdajfyqy\/5.BOSQUES%20COMO%20SUMIDEROS%20DE%20CARBONO_%20Ruiz-Peinado.pdf?dl=0\" target=\"_blank\" rel=\"noopener noreferrer\">Los bosques como sumidero de carbono<\/a><\/strong><br \/>\n<em>Ricardo Ruiz-Peinado (INIA)<\/em><\/p>\n<p style=\"text-align: justify\"><strong><a id=\"rptDocumentos_hlTitulo_0\" href=\"https:\/\/www.dropbox.com\/s\/jtxxez2t0x8s0en\/6.ABSORCION%20DE%20CARBONO%20POR%20NUESTROS%20MATORRALES_Montero.pdf?dl=0\" target=\"_blank\" rel=\"noopener noreferrer\">La absorci\u00f3n de carbono por nuestros matorrales<\/a><\/strong><br \/>\n<em>Gregorio Montero Gonz\u00e1lez (INIA)<\/em><\/p>\n<p style=\"text-align: justify\"><strong><a id=\"rptDocumentos_hlTitulo_6\" href=\"https:\/\/www.dropbox.com\/s\/xt870kpljl4b5vh\/7.ACUERDOS%20DE%20PARIS%20INCIDENCIA%20EN%20BOSQUES_Garc%C3%ADa.pdf?dl=0\" target=\"_blank\" rel=\"noopener noreferrer\">Acuerdos de Par\u00eds sobre Cambio Clim\u00e1tico.<br \/>\nSu incidencia en nuestros Bosques<\/a><\/strong><br \/>\n<em>Cristina Garc\u00eda D\u00edaz (OECC)<\/em><\/p>\n<p style=\"text-align: justify\"><strong><a id=\"rptDocumentos_hlTitulo_5\" href=\"https:\/\/www.dropbox.com\/s\/1eetxi0moop46wl\/8.COMPENSACION%20A%20LOS%20BOSQUES%20POR%20SU%20EFECTO%20SUMIDERO_Hernandez.pdf?dl=0\" target=\"_blank\" rel=\"noopener noreferrer\">Compensaci\u00f3n a los bosques por su efecto sumidero<\/a><\/strong><br \/>\n<em>Marta Hern\u00e1ndez de la Cruz (OECC)<\/em><\/div>\n<\/div>\n","protected":false},"excerpt":{"rendered":"","protected":false},"author":2,"featured_media":0,"parent":530,"menu_order":0,"comment_status":"closed","ping_status":"closed","template":"","meta":{"_monsterinsights_skip_tracking":false,"_monsterinsights_sitenote_active":false,"_monsterinsights_sitenote_note":"","_monsterinsights_sitenote_category":0,"footnotes":""},"class_list":["post-539","page","type-page","status-publish","hentry"],"_links":{"self":[{"href":"https:\/\/www.fbycc.org\/index.php\/wp-json\/wp\/v2\/pages\/539","targetHints":{"allow":["GET"]}}],"collection":[{"href":"https:\/\/www.fbycc.org\/index.php\/wp-json\/wp\/v2\/pages"}],"about":[{"href":"https:\/\/www.fbycc.org\/index.php\/wp-json\/wp\/v2\/types\/page"}],"author":[{"embeddable":true,"href":"https:\/\/www.fbycc.org\/index.php\/wp-json\/wp\/v2\/users\/2"}],"replies":[{"embeddable":true,"href":"https:\/\/www.fbycc.org\/index.php\/wp-json\/wp\/v2\/comments?post=539"}],"version-history":[{"count":16,"href":"https:\/\/www.fbycc.org\/index.php\/wp-json\/wp\/v2\/pages\/539\/revisions"}],"predecessor-version":[{"id":541,"href":"https:\/\/www.fbycc.org\/index.php\/wp-json\/wp\/v2\/pages\/539\/revisions\/541"}],"up":[{"embeddable":true,"href":"https:\/\/www.fbycc.org\/index.php\/wp-json\/wp\/v2\/pages\/530"}],"wp:attachment":[{"href":"https:\/\/www.fbycc.org\/index.php\/wp-json\/wp\/v2\/media?parent=539"}],"curies":[{"name":"wp","href":"https:\/\/api.w.org\/{rel}","templated":true}]}}