{"id":530,"date":"2016-06-21T12:30:45","date_gmt":"2016-06-21T12:30:45","guid":{"rendered":"http:\/\/www.fbycc.org\/?page_id=530"},"modified":"2026-03-26T15:22:27","modified_gmt":"2026-03-26T15:22:27","slug":"jornadas","status":"publish","type":"page","link":"https:\/\/www.fbycc.org\/index.php\/jornadas\/","title":{"rendered":"JORNADAS \/ WEBINARS"},"content":{"rendered":"<p><strong><div class=\"tx-spacer clearfix\" style=\"height: 16px\"><\/div>\nPromovemos la organizaci\u00f3n de jornadas para dar a conocer el papel que juegan los bosques en la mitigaci\u00f3n del cambio clim\u00e1tico.<\/strong><\/p>\n<div class=\"tx-row \">\n<div class=\"tx-column tx-column-size-1-4\">\n<p>&nbsp;<\/p>\n<p><img loading=\"lazy\" decoding=\"async\" class=\"aligncenter wp-image-583\" src=\"http:\/\/www.fbycc.org\/wp-content\/uploads\/2016\/06\/lateral-175x300.jpg\" alt=\"lateral\" width=\"200\" height=\"344\" srcset=\"https:\/\/www.fbycc.org\/wp-content\/uploads\/2016\/06\/lateral-175x300.jpg 175w, https:\/\/www.fbycc.org\/wp-content\/uploads\/2016\/06\/lateral.jpg 241w\" sizes=\"auto, (max-width: 200px) 100vw, 200px\" \/><\/div>\n<div class=\"tx-column tx-column-size-3-4\">\n<p>&nbsp;<\/p>\n<pre style=\"text-align: center\"><span style=\"font-size: 12pt\"><a href=\"https:\/\/www.fbycc.org\/index.php\/jornada-nuevas-metodologias-para-la-generacion-de-creditos-de-carbono\/\"><strong>JORNADA FINAL DEL PROYECTO ECO2FOR `NUEVAS METODOLOG\u00cdAS PARA LA GENERACI\u00d3N DE CR\u00c9DITOS DE CARBONO\u00b4<\/strong><\/a>\r\n(04\/11\/2025)<\/span><\/pre>\n<pre style=\"text-align: center\"><span style=\"font-size: 12pt\"><a href=\"https:\/\/www.fbycc.org\/index.php\/jornadas\/webinar-24-oct-2025-ciencia-forestal-para-la-accion-climatica\/\"><strong>WEBINAR `BOSQUES Y CAMBIO CLIM\u00c1TICO: CIENCIA FORESTAL PARA LA ACCI\u00d3N CLIM\u00c1TICA\u00b4<\/strong><\/a>\r\n(24\/10\/2025)<\/span><\/pre>\n<pre style=\"text-align: center\"><span style=\"font-size: 12pt\"><a href=\"https:\/\/www.fbycc.org\/index.php\/2025\/07\/14\/5692\/\"><strong>JORNADA `DONDE LA NATURALEZA RESISTE: CONECTANDO REFUGIOS, CLIMA, BIODIVERSIDAD Y TERRITORIO\u00b4<\/strong><\/a>\r\n(27\/06\/2025)<\/span><\/pre>\n<pre style=\"text-align: center\"><span style=\"font-size: 12pt\"><a href=\"https:\/\/www.fbycc.org\/index.php\/2025\/07\/14\/sesion-9cfe\/\"><strong>SESI\u00d3N 9CFE 'EL VALOR DE LOS SERVICIOS ECOSIST\u00c9MICOS, DE LOS CR\u00c9DITOS DE CARBONO Y LA BIODIVERSIDAD'<\/strong><\/a> \r\n(19\/06\/2025)<\/span><\/pre>\n<pre style=\"text-align: center\"><span style=\"font-size: 12pt\"><a href=\"https:\/\/www.fbycc.org\/index.php\/jornadas\/evento-8-de-abril-soluciones-climaticas-forestales-2025\/\"><strong>EVENTO `SOLUCIONES CLIM\u00c1TICAS FORESTALES 2025\u00b4<\/strong><\/a>\r\n(08\/04\/2025)<\/span><\/pre>\n<pre style=\"text-align: center\"><span style=\"font-size: 12pt\"><a href=\"https:\/\/www.fbycc.org\/index.php\/2024\/11\/04\/asi-fue-el-foro-internacional-bosques-frente-al-cc-celebrado-en-soria\/\"><strong>FORO INTERNACIONAL'BOSQUES FRENTE AL CAMBIO CLIM\u00c1TICO'<\/strong><\/a> \r\n(23 y 24\/10\/2024)<\/span><\/pre>\n<pre style=\"text-align: center\"><span style=\"font-size: 12pt\"><a href=\"https:\/\/www.fbycc.org\/index.php\/jornadas\/jornada-31-de-mayo-entidades-selvicolas-de-colaboracion-esc\/\"><strong>JORNADA: 'ENTIDADES SELV\u00cdCOLAS DE COLABORACI\u00d3N'<\/strong><\/a> (31\/05\/2024)<\/span><\/pre>\n<pre style=\"text-align: center\"><span style=\"font-size: 12pt\"><a href=\"https:\/\/www.fbycc.org\/index.php\/jornadas\/evento-20-de-mayo-seminario-de-lanzamiento-poryecto-eco2for\/\"><strong>SEMINARIO: 'PRESENTACI\u00d3N DEL PROYECTO ECO2FOR'<\/strong><\/a> (20\/05\/2024)<\/span><\/pre>\n<pre style=\"text-align: center\"><span style=\"font-size: 12pt\"><a href=\"https:\/\/www.fbycc.org\/index.php\/jornadas\/jornada-acuerdos-por-los-bosques-ibericos-un-reto-colectivo\/\"><strong>JORNADA: 'ACUERDOS POR LOS BOSQUES IB\u00c9RICOS: UN RETO COLECTIVO'<\/strong><\/a> (24\/10\/2023)<\/span><\/pre>\n<pre style=\"text-align: center\"><span style=\"font-size: 12pt\"><a href=\"https:\/\/www.fbycc.org\/index.php\/jornadas\/evento-soluciones-climaticas-forestales\"><strong>EVENTO: 'SOLUCIONES CLIM\u00c1TICAS FORESTALES'<\/strong><\/a> (16\/03\/2023)<\/span><\/pre>\n<pre style=\"text-align: center\"><span style=\"font-size: 12pt\"><a href=\"https:\/\/www.fbycc.org\/index.php\/jornadas\/jornada-webinar-huella-y-contrahuella-en-repoblaciones-forestales\/\"><strong>JORNADA-WEBINAR: 'HUELLA Y CONTRAHUELLA EN REPOBLACIONES FORESTALES'<\/strong><\/a> (10\/11\/2022)<\/span><\/pre>\n<pre style=\"text-align: center\"><span style=\"font-size: 12pt\"><a href=\"https:\/\/www.fbycc.org\/index.php\/jornada-webinar-avances-en-el-calculo-de-carbono-de-los-sistemas-forestales\/\"><strong>JORNADA-WEBINAR: 'AVANCES EN EL C\u00c1LCULO DE CARBONO DE LOS SISTEMAS FORESTALES'<\/strong><\/a> (03\/11\/2022)<\/span><\/pre>\n<pre style=\"text-align: center\"><span style=\"font-size: 12pt\"><a href=\"https:\/\/www.fbycc.org\/index.php\/jornadas\/jornada-webinar-biomasa-energia-sostenible\/\"><strong>JORNADA-WEBINAR: 'USO DE BIOMASA COMO POL\u00cdTICA ESTRAT\u00c9GICA FORESTAL ANTE EL CAMBIO CLIM\u00c1TICO'<\/strong><\/a> (12\/07\/2022)<\/span><\/pre>\n<pre style=\"text-align: center\"><span style=\"font-size: 12pt\"><a href=\"https:\/\/www.fbycc.org\/index.php\/jornada-life\/\"><strong>JORNADA-WEBINAR\r\n\u2018GESTI\u00d3N FORESTAL Y SU CONTRIBUCI\u00d3N A LA MITIGACI\u00d3N DEL CAMBIO CLIM\u00c1TICO. \r\nPROYECTO LIFE FOREST CO2\u2032<\/strong><\/a> (11\/05\/2021)<\/span><\/pre>\n<pre style=\"text-align: center\"><span style=\"font-size: 12pt\"><a href=\"http:\/\/www.fbycc.org\/index.php\/jornada-bosques-mecanismos-de-mercado-y-oportunidades\/\"><strong>JORNADA: \"BOSQUES, MECANISMOS DE MERCADO Y OPORTUNIDADES\"<\/strong><\/a> (16\/01\/2020)<\/span><\/pre>\n<pre style=\"text-align: center\"><span style=\"font-size: 12pt\"><a href=\"http:\/\/www.fbycc.org\/index.php\/jornadas\/jornada-bosques-madera-y-arquitectura-4-de-abril\/\"><strong>JORNADA: \"BOSQUES, MADERA Y ARQUITECTURA\"<\/strong><\/a> (04\/04\/2018)<\/span><\/pre>\n<pre style=\"text-align: center\"><span style=\"font-size: 12pt\"><a href=\"http:\/\/www.fbycc.org\/index.php\/jornada-bosques-por-el-clima-17052017\/\"><strong>JORNADA: \"BOSQUES POR EL CLIMA\"<\/strong><\/a> (17\/05\/2017)<\/span><\/pre>\n<pre style=\"text-align: center\"><span style=\"font-size: 12pt\"><a href=\"http:\/\/www.fbycc.org\/index.php\/jornada-bosques-lo-que-nos-une\/\"><strong>JORNADA: \"BOSQUES,... LO QUE NOS UNE\"<\/strong><\/a> (04\/05\/2016)<\/span><\/pre>\n<pre style=\"text-align: center\"><span style=\"font-size: 12pt\"><strong><a href=\"http:\/\/www.fbycc.org\/index.php\/jornadas\/jornada-bosques-para-que\/\">JORNADA: \"BOSQUES,... \u00bfPARA QU\u00c9?\"<\/a><\/strong> (01\/03\/2016)<\/span><\/pre>\n<pre style=\"text-align: center\"><span style=\"font-size: 12pt\"><a href=\"http:\/\/www.fbycc.org\/?page_id=785&amp;preview=true\"><strong>JORNADA: \"LOS BOSQUES COMO SUMIDEROS DE CARBONO\"<\/strong><\/a> (20\/05\/2014)<\/span><\/pre>\n<p style=\"text-align: center\"><em>La documentaci\u00f3n de las jornadas est\u00e1 disponible para su consulta<\/em><\/p>\n<\/div>\n<\/div>\n","protected":false},"excerpt":{"rendered":"<p>Promovemos la organizaci\u00f3n de jornadas para dar a conocer el papel que juegan los bosques en la mitigaci\u00f3n del cambio clim\u00e1tico.<\/p>\n","protected":false},"author":2,"featured_media":0,"parent":0,"menu_order":0,"comment_status":"closed","ping_status":"closed","template":"","meta":{"_monsterinsights_skip_tracking":false,"_monsterinsights_sitenote_active":false,"_monsterinsights_sitenote_note":"","_monsterinsights_sitenote_category":0,"footnotes":""},"class_list":["post-530","page","type-page","status-publish","hentry"],"_links":{"self":[{"href":"https:\/\/www.fbycc.org\/index.php\/wp-json\/wp\/v2\/pages\/530","targetHints":{"allow":["GET"]}}],"collection":[{"href":"https:\/\/www.fbycc.org\/index.php\/wp-json\/wp\/v2\/pages"}],"about":[{"href":"https:\/\/www.fbycc.org\/index.php\/wp-json\/wp\/v2\/types\/page"}],"author":[{"embeddable":true,"href":"https:\/\/www.fbycc.org\/index.php\/wp-json\/wp\/v2\/users\/2"}],"replies":[{"embeddable":true,"href":"https:\/\/www.fbycc.org\/index.php\/wp-json\/wp\/v2\/comments?post=530"}],"version-history":[{"count":65,"href":"https:\/\/www.fbycc.org\/index.php\/wp-json\/wp\/v2\/pages\/530\/revisions"}],"predecessor-version":[{"id":6315,"href":"https:\/\/www.fbycc.org\/index.php\/wp-json\/wp\/v2\/pages\/530\/revisions\/6315"}],"wp:attachment":[{"href":"https:\/\/www.fbycc.org\/index.php\/wp-json\/wp\/v2\/media?parent=530"}],"curies":[{"name":"wp","href":"https:\/\/api.w.org\/{rel}","templated":true}]}}