{"id":4722,"date":"2024-07-01T09:33:27","date_gmt":"2024-07-01T09:33:27","guid":{"rendered":"https:\/\/www.fbycc.org\/?page_id=4722"},"modified":"2025-08-07T11:05:01","modified_gmt":"2025-08-07T11:05:01","slug":"multimedia","status":"publish","type":"page","link":"https:\/\/www.fbycc.org\/index.php\/multimedia\/","title":{"rendered":"Multimedia"},"content":{"rendered":"<p><span style=\"font-size: 12pt;\">Ponemos a tu disposici\u00f3n nuestro contenido multimedia:<\/span><\/p>\n<p>&nbsp;<\/p>\n<p><span style=\"font-size: 18pt;\"><strong>Eventos y Jornadas<\/strong><\/span><\/p>\n<table class=\" aligncenter\" style=\"width: 93.8743%; border-collapse: collapse; border-style: hidden;\">\n<tbody>\n<tr>\n<td style=\"width: 42.3821%;\">\n<p style=\"padding-left: 40px; text-align: left;\"><span style=\"font-size: 12pt;\"><span style=\"font-size: 9pt;\">19\/06\/2025<\/span><br \/>\n<\/span><a href=\"https:\/\/www.youtube.com\/watch?v=5_QtvTsE0DE&amp;t=8820s\"><span style=\"font-size: 14pt;\"><strong>Mesa redonda en 9CFE \u00abEl valor de los servicios ecosist\u00e9micos, de los cr\u00e9ditos de carbono y la biodiversidad<em data-start=\"458\" data-end=\"516\">\u00ab<\/em><\/strong><\/span><\/a><\/p>\n<p style=\"padding-left: 40px; text-align: justify;\">En el marco del 9\u00ba Congreso Forestal Espa\u00f1ol, celebrado en Gij\u00f3n, el Foro de Bosques\u00a0 organiz\u00f3 el pasado jueves 19 de junio una sesi\u00f3n que congreg\u00f3 a casi una veintena de expertos, representantes institucionales, gestores y empresas en torno a los grandes retos y oportunidades que plantean los mercados de carbono.<\/p>\n<\/td>\n<td style=\"width: 45.8987%; padding-left: 80px;\"><img loading=\"lazy\" decoding=\"async\" class=\"alignnone wp-image-5736 size-full\" src=\"https:\/\/www.fbycc.org\/wp-content\/uploads\/2025\/08\/Captura-de-pantalla-2025-08-07-130015-e1754564649779.png\" alt=\"\" width=\"890\" height=\"127\" srcset=\"https:\/\/www.fbycc.org\/wp-content\/uploads\/2025\/08\/Captura-de-pantalla-2025-08-07-130015-e1754564649779.png 890w, https:\/\/www.fbycc.org\/wp-content\/uploads\/2025\/08\/Captura-de-pantalla-2025-08-07-130015-e1754564649779-300x43.png 300w, https:\/\/www.fbycc.org\/wp-content\/uploads\/2025\/08\/Captura-de-pantalla-2025-08-07-130015-e1754564649779-768x110.png 768w\" sizes=\"auto, (max-width: 890px) 100vw, 890px\" \/><\/td>\n<\/tr>\n<tr>\n<td style=\"width: 42.3821%;\">\n<p style=\"padding-left: 40px; text-align: left;\"><span style=\"font-size: 12pt;\"><span style=\"font-size: 9pt;\">31\/05\/2024<\/span><br \/>\n<\/span><a href=\"https:\/\/youtu.be\/vgH8jAcRoIM?si=VZSmC-kCT2ghOuX-\"><span style=\"font-size: 14pt;\"><strong>Seminario de presentaci\u00f3n del proyecto ECO2FOR<\/strong><\/span><\/a><\/p>\n<p style=\"padding-left: 40px; text-align: justify;\"><span style=\"font-size: 10pt;\">El objetivo de este evento fue presentar a las entidades del sector forestal y a la sociedad en general el proyecto ECO2FOR: Mejora de la contribuci\u00f3n del sector forestal a la lucha contra el cambio clim\u00e1tico, financiado la Fundaci\u00f3n Biodiversidad en el marco de la \u00faltima convocatoria de proyectos sobre bioeconom\u00eda forestal. Este evento pretende analizar la situaci\u00f3n actual de la cadena de valor de los Sumideros forestales de Carbono y fomentar la colaboraci\u00f3n en esta emergente cadena de valor.<\/span><\/p>\n<\/td>\n<td style=\"width: 45.8987%; padding-left: 80px;\">\u00a0 \u00a0<img loading=\"lazy\" decoding=\"async\" class=\"alignnone wp-image-5735 size-full\" src=\"https:\/\/www.fbycc.org\/wp-content\/uploads\/2025\/08\/Captura-de-pantalla-2025-08-07-125759-e1754564620215.png\" alt=\"\" width=\"890\" height=\"119\" srcset=\"https:\/\/www.fbycc.org\/wp-content\/uploads\/2025\/08\/Captura-de-pantalla-2025-08-07-125759-e1754564620215.png 890w, https:\/\/www.fbycc.org\/wp-content\/uploads\/2025\/08\/Captura-de-pantalla-2025-08-07-125759-e1754564620215-300x40.png 300w, https:\/\/www.fbycc.org\/wp-content\/uploads\/2025\/08\/Captura-de-pantalla-2025-08-07-125759-e1754564620215-768x103.png 768w\" sizes=\"auto, (max-width: 890px) 100vw, 890px\" \/><\/td>\n<\/tr>\n<tr>\n<td style=\"width: 42.3821%;\">\n<p style=\"padding-left: 40px; text-align: left;\"><span style=\"font-size: 12pt;\"><span style=\"font-size: 9pt;\">31\/05\/2024<\/span><br \/>\n<\/span><a href=\"https:\/\/www.youtube.com\/playlist?list=PLWIeLnMwiFycqZ5QKyOBg3Ea24tZOX8SW\"><span style=\"font-size: 14pt;\"><strong>Jornada\u00a0 |\u00a0 \u00abEntidades Selv\u00edcolas de Colaboraci\u00f3n (ESC)\u00bb<\/strong><\/span><\/a><\/p>\n<p style=\"padding-left: 40px; text-align: justify;\"><span style=\"font-size: 10pt;\">Jornada organizada por la Fundaci\u00f3n G\u00f3mez-Pintado y el Foro de Bosques y Cambio Clim\u00e1tico en el COAATM, destinada a explorar las Entidades Selv\u00edcolas de Colaboraci\u00f3n (ESC) como una iniciativa innovadora para fortalecer el sector forestal en Espa\u00f1a. El evento incluir\u00e1 la presentaci\u00f3n del marco legal y el \u00e1mbito de actuaci\u00f3n de las ESC, junto con un caso pr\u00e1ctico que destacar\u00e1 los beneficios del trabajo colaborativo con entidades urban\u00edsticas, inspirado en experiencias exitosas previas.<\/span><\/p>\n<\/td>\n<td style=\"width: 45.8987%; padding-left: 80px;\"><a href=\"https:\/\/www.youtube.com\/playlist?list=PLWIeLnMwiFycqZ5QKyOBg3Ea24tZOX8SW\"><img loading=\"lazy\" decoding=\"async\" class=\"alignnone wp-image-4776 size-full\" src=\"https:\/\/www.fbycc.org\/wp-content\/uploads\/2024\/07\/zzz-e1754564027828.png\" alt=\"\" width=\"978\" height=\"1194\" srcset=\"https:\/\/www.fbycc.org\/wp-content\/uploads\/2024\/07\/zzz-e1754564027828.png 978w, https:\/\/www.fbycc.org\/wp-content\/uploads\/2024\/07\/zzz-e1754564027828-246x300.png 246w, https:\/\/www.fbycc.org\/wp-content\/uploads\/2024\/07\/zzz-e1754564027828-839x1024.png 839w, https:\/\/www.fbycc.org\/wp-content\/uploads\/2024\/07\/zzz-e1754564027828-768x938.png 768w\" sizes=\"auto, (max-width: 978px) 100vw, 978px\" \/><\/a><\/td>\n<\/tr>\n<tr>\n<td style=\"width: 42.3821%;\">\n<p style=\"padding-left: 40px; text-align: left;\"><span style=\"font-size: 12pt;\"><span style=\"font-size: 9pt;\">20\/05\/2024<\/span><br \/>\n<\/span><a href=\"https:\/\/www.youtube.com\/playlist?list=PLWIeLnMwiFyfDrw1rI9G9lK_s4K96Zp9B\"><span style=\"font-size: 14pt;\"><strong>Jornada\u00a0 |\u00a0 \u00abPresentaci\u00f3n del proyecto ECO2FOR\u00bb<\/strong><\/span><\/a><\/p>\n<p style=\"padding-left: 40px; text-align: justify;\"><span style=\"font-size: 10pt;\">Jornada organizada por el Foro de Bosques y Cambio Clim\u00e1tico para presentar el proyecto ECO2FOR, financiado por la Fundaci\u00f3n Biodiversidad, que busca mejorar la contribuci\u00f3n del sector forestal a la lucha contra el cambio clim\u00e1tico. El evento tiene como objetivo difundir el proyecto, atraer inversi\u00f3n privada para el desarrollo econ\u00f3mico rural y fortalecer la colaboraci\u00f3n en la cadena de valor de los sumideros forestales de carbono.<\/span><\/p>\n<\/td>\n<td style=\"width: 45.8987%; padding-left: 80px;\"><a href=\"https:\/\/www.youtube.com\/playlist?list=PLWIeLnMwiFyfDrw1rI9G9lK_s4K96Zp9B\"><img loading=\"lazy\" decoding=\"async\" class=\"alignnone wp-image-4775 size-full\" src=\"https:\/\/www.fbycc.org\/wp-content\/uploads\/2024\/07\/gjuryu-e1754563661906.png\" alt=\"\" width=\"978\" height=\"188\" srcset=\"https:\/\/www.fbycc.org\/wp-content\/uploads\/2024\/07\/gjuryu-e1754563661906.png 978w, https:\/\/www.fbycc.org\/wp-content\/uploads\/2024\/07\/gjuryu-e1754563661906-300x58.png 300w, https:\/\/www.fbycc.org\/wp-content\/uploads\/2024\/07\/gjuryu-e1754563661906-768x148.png 768w\" sizes=\"auto, (max-width: 978px) 100vw, 978px\" \/><\/a><\/td>\n<\/tr>\n<tr>\n<td style=\"width: 42.3821%;\">\n<p style=\"padding-left: 40px; text-align: left;\"><span style=\"font-size: 12pt;\"><span style=\"font-size: 9pt;\">24\/10\/2023<\/span><br \/>\n<\/span><a href=\"https:\/\/www.youtube.com\/playlist?list=PLWIeLnMwiFycjYvrZsuAbJ4tlBi0jDzYK\"><span style=\"font-size: 14pt;\"><strong>Jornada\u00a0 |\u00a0 \u00abAcuerdos por los bosques ib\u00e9ricos: un reto colectivo\u00bb<\/strong><\/span><\/a><\/p>\n<p style=\"padding-left: 40px; text-align: justify;\"><span style=\"font-size: 10pt;\">Jornada organizada por el Foro de Bosques y Cambio Clim\u00e1tico, junto con Greenpeace-Espa\u00f1a, WWF-Espa\u00f1a y Ecologistas en Acci\u00f3n, para presentar el documento \u2018La singularidad de los bosques ib\u00e9ricos\u2019. Se destac\u00f3 la importancia de alcanzar consensos y acuerdos nacionales para impulsar la actividad forestal, mejorar los bosques y el sector forestal, y prevenir incendios.<\/span><\/p>\n<\/td>\n<td style=\"width: 45.8987%; padding-left: 80px;\"><a href=\"https:\/\/www.youtube.com\/playlist?list=PLWIeLnMwiFycjYvrZsuAbJ4tlBi0jDzYK\"><img loading=\"lazy\" decoding=\"async\" class=\"alignnone wp-image-4774 size-full\" src=\"https:\/\/www.fbycc.org\/wp-content\/uploads\/2024\/07\/fgjryi-e1754563686576.png\" alt=\"\" width=\"976\" height=\"180\" srcset=\"https:\/\/www.fbycc.org\/wp-content\/uploads\/2024\/07\/fgjryi-e1754563686576.png 976w, https:\/\/www.fbycc.org\/wp-content\/uploads\/2024\/07\/fgjryi-e1754563686576-300x55.png 300w, https:\/\/www.fbycc.org\/wp-content\/uploads\/2024\/07\/fgjryi-e1754563686576-768x142.png 768w\" sizes=\"auto, (max-width: 976px) 100vw, 976px\" \/><\/a><\/td>\n<\/tr>\n<tr>\n<td style=\"width: 42.3821%;\">\n<p style=\"padding-left: 40px; text-align: left;\"><span style=\"font-size: 12pt;\"><span style=\"font-size: 9pt;\">16\/03\/2023<\/span><br \/>\n<\/span><a href=\"https:\/\/www.youtube.com\/playlist?list=PLWIeLnMwiFyflPwZfHNh5SQE5WR-oDwYD\"><span style=\"font-size: 14pt;\"><strong>Evento\u00a0 |\u00a0 \u00abSoluciones Clim\u00e1ticas Forestales 2023\u00bb<\/strong><\/span><\/a><\/p>\n<p style=\"padding-left: 40px; text-align: justify;\"><span style=\"font-size: 10pt;\">Jornada organizada por el Foro de Bosques y Cambio Clim\u00e1tico para destacar la importancia de los bosques espa\u00f1oles como sumideros de carbono en la lucha contra el cambio clim\u00e1tico y la compensaci\u00f3n de emisiones de GEI. A trav\u00e9s de tres mesas de ponentes y casos pr\u00e1cticos, se presentar\u00e1n soluciones forestales que contribuyen a la sostenibilidad empresarial en sus dimensiones ambiental, social y econ\u00f3mica.<\/span><\/p>\n<\/td>\n<td style=\"width: 45.8987%; padding-left: 80px;\"><a href=\"https:\/\/www.youtube.com\/playlist?list=PLWIeLnMwiFyflPwZfHNh5SQE5WR-oDwYD\"><img loading=\"lazy\" decoding=\"async\" class=\"alignnone wp-image-4773 size-full\" src=\"https:\/\/www.fbycc.org\/wp-content\/uploads\/2024\/07\/dhst-e1754564056890.png\" alt=\"\" width=\"980\" height=\"480\" srcset=\"https:\/\/www.fbycc.org\/wp-content\/uploads\/2024\/07\/dhst-e1754564056890.png 980w, https:\/\/www.fbycc.org\/wp-content\/uploads\/2024\/07\/dhst-e1754564056890-300x147.png 300w, https:\/\/www.fbycc.org\/wp-content\/uploads\/2024\/07\/dhst-e1754564056890-768x376.png 768w\" sizes=\"auto, (max-width: 980px) 100vw, 980px\" \/><\/a><\/td>\n<\/tr>\n<tr>\n<td style=\"width: 42.3821%;\">\n<p style=\"padding-left: 40px;\"><span style=\"font-size: 12pt;\"><span style=\"font-size: 9pt;\">27\/07\/2022<br \/>\n<\/span><\/span><a href=\"https:\/\/www.youtube.com\/playlist?list=PLWIeLnMwiFyeTO6VsilR9l0c-9XHWlRYr\"><span style=\"font-size: 14pt;\"><strong>Congreso\u00a0 |\u00a0 8\u00ba Congreso Forestal\u00a0 Espa\u00f1ol 2022<\/strong><\/span><\/a><\/p>\n<\/td>\n<td style=\"width: 45.8987%; padding-left: 80px;\"><a href=\"https:\/\/www.youtube.com\/playlist?list=PLWIeLnMwiFyeTO6VsilR9l0c-9XHWlRYr\"><img loading=\"lazy\" decoding=\"async\" class=\"alignnone wp-image-4772 size-full\" src=\"https:\/\/www.fbycc.org\/wp-content\/uploads\/2024\/07\/whsdh-e1754563708880.png\" alt=\"\" width=\"978\" height=\"183\" srcset=\"https:\/\/www.fbycc.org\/wp-content\/uploads\/2024\/07\/whsdh-e1754563708880.png 978w, https:\/\/www.fbycc.org\/wp-content\/uploads\/2024\/07\/whsdh-e1754563708880-300x56.png 300w, https:\/\/www.fbycc.org\/wp-content\/uploads\/2024\/07\/whsdh-e1754563708880-768x144.png 768w\" sizes=\"auto, (max-width: 978px) 100vw, 978px\" \/><\/a><\/td>\n<\/tr>\n<tr>\n<td style=\"width: 42.3821%;\">\n<p style=\"padding-left: 40px; text-align: left;\"><span style=\"font-size: 12pt;\"><span style=\"font-size: 9pt;\">10\/11\/2022<\/span><br \/>\n<\/span><a href=\"https:\/\/www.youtube.com\/watch?v=SfplGWlU2zY&amp;ab_channel=Asociaci%C3%B3nForodeBosquesyCambioClim%C3%A1tico\"><span style=\"font-size: 14pt;\"><strong>J<\/strong><\/span><span style=\"font-size: 14pt;\"><strong>ornada &#8211; Webinar\u00a0 |\u00a0 \u00abHuella y contrahuella en repoblaciones forestales\u00bb<\/strong><\/span><\/a><\/p>\n<p style=\"padding-left: 40px; text-align: justify;\"><span style=\"font-size: 10pt;\">Jornada organizada por el Foro de Bosques y Cambio Clim\u00e1tico, junto con el INIA-ICIFOR y la Universidad Polit\u00e9cnica de Madrid, para presentar los resultados de investigaciones sobre la huella y contrahuella en repoblaciones forestales, realizadas por el Centro de Investigaci\u00f3n Forestal (ICIFOR) del INIA y la Universidad Polit\u00e9cnica de Madrid, con el fin de mejorar el conocimiento sobre la contribuci\u00f3n de los sistemas forestales en la lucha contra el cambio clim\u00e1tico.<\/span><\/p>\n<\/td>\n<td style=\"width: 45.8987%; padding-left: 80px;\"><a href=\"https:\/\/www.youtube.com\/watch?v=SfplGWlU2zY&amp;ab_channel=Asociaci%C3%B3nForodeBosquesyCambioClim%C3%A1tico\"><img loading=\"lazy\" decoding=\"async\" class=\"alignnone wp-image-4804 size-full\" src=\"https:\/\/www.fbycc.org\/wp-content\/uploads\/2024\/07\/Diseno-sin-titulo-2-e1754563723745.png\" alt=\"\" width=\"975\" height=\"176\" srcset=\"https:\/\/www.fbycc.org\/wp-content\/uploads\/2024\/07\/Diseno-sin-titulo-2-e1754563723745.png 975w, https:\/\/www.fbycc.org\/wp-content\/uploads\/2024\/07\/Diseno-sin-titulo-2-e1754563723745-300x54.png 300w, https:\/\/www.fbycc.org\/wp-content\/uploads\/2024\/07\/Diseno-sin-titulo-2-e1754563723745-768x139.png 768w\" sizes=\"auto, (max-width: 975px) 100vw, 975px\" \/><\/a><\/td>\n<\/tr>\n<tr>\n<td style=\"width: 42.3821%;\">\n<p style=\"padding-left: 40px; text-align: left;\"><span style=\"font-size: 12pt;\"><span style=\"font-size: 9pt;\">03\/11\/2022<\/span><br \/>\n<\/span><a href=\"https:\/\/www.youtube.com\/watch?v=Jg7xEp9FXww&amp;ab_channel=Asociaci%C3%B3nForodeBosquesyCambioClim%C3%A1tico\"><span style=\"font-size: 14pt;\"><strong>Jornada &#8211; Webinar\u00a0 |\u00a0 \u00abAvances en el c\u00e1lculo de carbono de los sistemas forestales\u00bb<\/strong><\/span><\/a><\/p>\n<p style=\"padding-left: 40px; text-align: justify;\"><span style=\"font-size: 10pt;\">Jornada organizada por el Foro de Bosques y Cambio Clim\u00e1tico, junto con el INIA-ICIFOR y la Universidad de Santiago de Compostela, para presentar los resultados de investigaciones recientes del Centro de Investigaci\u00f3n Forestal (ICIFOR) del INIA y la Universidad de Santiago de Compostela sobre el c\u00e1lculo del carbono absorbido por los sistemas forestales, con el objetivo de mejorar el conocimiento sobre su contribuci\u00f3n en la lucha contra el cambio clim\u00e1tico.<\/span><\/p>\n<\/td>\n<td style=\"width: 45.8987%; padding-left: 80px;\"><img loading=\"lazy\" decoding=\"async\" class=\"alignnone wp-image-4803 size-full\" src=\"https:\/\/www.fbycc.org\/wp-content\/uploads\/2024\/07\/Diseno-sin-titulo-1-e1754563737628.png\" alt=\"\" width=\"976\" height=\"180\" srcset=\"https:\/\/www.fbycc.org\/wp-content\/uploads\/2024\/07\/Diseno-sin-titulo-1-e1754563737628.png 976w, https:\/\/www.fbycc.org\/wp-content\/uploads\/2024\/07\/Diseno-sin-titulo-1-e1754563737628-300x55.png 300w, https:\/\/www.fbycc.org\/wp-content\/uploads\/2024\/07\/Diseno-sin-titulo-1-e1754563737628-768x142.png 768w\" sizes=\"auto, (max-width: 976px) 100vw, 976px\" \/><\/td>\n<\/tr>\n<tr>\n<td style=\"width: 42.3821%;\">\n<p style=\"padding-left: 40px; text-align: left;\"><span style=\"font-size: 12pt;\"><span style=\"font-size: 9pt;\">12\/07\/2022<\/span><br \/>\n<\/span><a href=\"https:\/\/www.youtube.com\/playlist?list=PLWIeLnMwiFycCgKxsiaE4Q7epP0-n9cKa\"><span style=\"font-size: 14pt;\"><strong>Jornada-Webinar\u00a0 |\u00a0 \u00abUso de la biomasa como pol\u00edtica estrat\u00e9gica forestal ante el cambio clim\u00e1tico\u00bb<\/strong><\/span><\/a><\/p>\n<p style=\"padding-left: 40px; text-align: justify;\"><span style=\"font-size: 10pt;\">Jornada organizada por el Foro de Bosques y Cambio Clim\u00e1tico sobre la biomasa como pol\u00edtica forestal estrat\u00e9gica ante el cambio clim\u00e1tico, en el marco de la revisi\u00f3n de la Directiva de Energ\u00edas Renovables por la Comisi\u00f3n Europea, para debatir la sostenibilidad de la bioenerg\u00eda y apoyar su uso en Espa\u00f1a.<\/span><\/p>\n<\/td>\n<td style=\"width: 45.8987%; padding-left: 80px;\"><a href=\"https:\/\/www.youtube.com\/playlist?list=PLWIeLnMwiFycCgKxsiaE4Q7epP0-n9cKa\"><img loading=\"lazy\" decoding=\"async\" class=\"alignnone wp-image-4771 size-full\" src=\"https:\/\/www.fbycc.org\/wp-content\/uploads\/2024\/07\/kghdjhgc-e1754563760463.png\" alt=\"\" width=\"976\" height=\"180\" srcset=\"https:\/\/www.fbycc.org\/wp-content\/uploads\/2024\/07\/kghdjhgc-e1754563760463.png 976w, https:\/\/www.fbycc.org\/wp-content\/uploads\/2024\/07\/kghdjhgc-e1754563760463-300x55.png 300w, https:\/\/www.fbycc.org\/wp-content\/uploads\/2024\/07\/kghdjhgc-e1754563760463-768x142.png 768w\" sizes=\"auto, (max-width: 976px) 100vw, 976px\" \/><\/a><\/td>\n<\/tr>\n<tr>\n<td style=\"width: 42.3821%;\">\n<p style=\"padding-left: 40px; text-align: left;\"><span style=\"font-size: 12pt;\"><span style=\"font-size: 9pt;\">11\/05\/2021<\/span><br \/>\n<\/span><a href=\"https:\/\/www.youtube.com\/watch?v=oLabq5hQyFU&amp;list=PLWIeLnMwiFyepu2-vVQ6MdLhJ130QZWmv&amp;index=1&amp;ab_channel=Asociaci%C3%B3nForodeBosquesyCambioClim%C3%A1tico\"><span style=\"font-size: 14pt;\"><strong>Jornada &#8211; Webinar\u00a0 |\u00a0 \u00abGesti\u00f3n forestal y su contribuci\u00f3n a la mitigaci\u00f3n del cambio clim\u00e1tico. Proyecto Life Forest CO\u2082\u00bb<\/strong><\/span><\/a><\/p>\n<p style=\"padding-left: 40px; text-align: justify;\"><span style=\"font-size: 10pt;\">Jornada organizada por el Foro de Bosques y Cambio Clim\u00e1tico,\u00a0para presentar el Proyecto LIFE FOREST CO2, que promueve la gesti\u00f3n forestal sostenible y los sistemas forestales como herramientas clave en la mitigaci\u00f3n del cambio clim\u00e1tico, aplicando la normativa europea sobre contabilidad de emisiones y absorciones en el sector LULUCF. <\/span><\/p>\n<\/td>\n<td style=\"width: 45.8987%; padding-left: 80px;\"><a href=\"https:\/\/www.youtube.com\/watch?v=oLabq5hQyFU&amp;list=PLWIeLnMwiFyepu2-vVQ6MdLhJ130QZWmv&amp;index=1&amp;ab_channel=Asociaci%C3%B3nForodeBosquesyCambioClim%C3%A1tico\"><img loading=\"lazy\" decoding=\"async\" class=\"alignnone wp-image-4805 size-full\" src=\"https:\/\/www.fbycc.org\/wp-content\/uploads\/2024\/07\/Diseno-sin-titulo-3-e1754563783738.png\" alt=\"\" width=\"975\" height=\"176\" srcset=\"https:\/\/www.fbycc.org\/wp-content\/uploads\/2024\/07\/Diseno-sin-titulo-3-e1754563783738.png 975w, https:\/\/www.fbycc.org\/wp-content\/uploads\/2024\/07\/Diseno-sin-titulo-3-e1754563783738-300x54.png 300w, https:\/\/www.fbycc.org\/wp-content\/uploads\/2024\/07\/Diseno-sin-titulo-3-e1754563783738-768x139.png 768w\" sizes=\"auto, (max-width: 975px) 100vw, 975px\" \/><\/a><\/td>\n<\/tr>\n<tr>\n<td style=\"width: 42.3821%;\">\n<p style=\"padding-left: 40px; text-align: left;\"><span style=\"font-size: 12pt;\"><span style=\"font-size: 9pt;\">16\/01\/2020<\/span><br \/>\n<\/span><a href=\"https:\/\/www.youtube.com\/live\/uT5091GRgF0\"><span style=\"font-size: 14pt;\"><strong>Jornada &#8211; Webinar\u00a0 |\u00a0 \u00abBosques, mecanismos de mercado y oportunidades\u00bb<\/strong><\/span><\/a><\/p>\n<p style=\"padding-left: 40px; text-align: justify;\"><span style=\"font-size: 10pt;\">Jornada organizada por el Foro de Bosques y Cambio Clim\u00e1tico, junto con para analizar los mecanismos de mercado de carbono forestal a nivel mundial, destacando el mecanismo REDD+ y las oportunidades que ofrece para profesionales y empresas. Se presentaron tecnolog\u00edas de monitoreo, casos de \u00e9xito como el de Chile y el papel crucial de la gesti\u00f3n forestal en la captura de carbono, subrayando la importancia de la selvicultura para la salud y el crecimiento de los bosques espa\u00f1oles.<\/span><\/p>\n<\/td>\n<td style=\"width: 45.8987%; padding-left: 80px;\"><a href=\"https:\/\/www.youtube.com\/live\/uT5091GRgF0\"><img loading=\"lazy\" decoding=\"async\" class=\"alignnone wp-image-4807 size-full\" src=\"https:\/\/www.fbycc.org\/wp-content\/uploads\/2024\/07\/Diseno-sin-titulo-4-e1754563806111.png\" alt=\"\" width=\"980\" height=\"176\" srcset=\"https:\/\/www.fbycc.org\/wp-content\/uploads\/2024\/07\/Diseno-sin-titulo-4-e1754563806111.png 980w, https:\/\/www.fbycc.org\/wp-content\/uploads\/2024\/07\/Diseno-sin-titulo-4-e1754563806111-300x54.png 300w, https:\/\/www.fbycc.org\/wp-content\/uploads\/2024\/07\/Diseno-sin-titulo-4-e1754563806111-768x138.png 768w\" sizes=\"auto, (max-width: 980px) 100vw, 980px\" \/><\/a><\/td>\n<\/tr>\n<tr>\n<td style=\"width: 42.3821%;\">\n<p style=\"padding-left: 40px; text-align: left;\"><span style=\"font-size: 12pt;\"><span style=\"font-size: 9pt;\">04\/04\/2018<\/span><br \/>\n<\/span><a href=\"https:\/\/www.youtube.com\/playlist?list=PLWIeLnMwiFye0nDakqg0tYhZX4CyUqUXN\"><span style=\"font-size: 14pt;\"><strong>Jornada\u00a0 |\u00a0 \u00abBosques, Madera y Arquitectura\u00bb<\/strong><\/span><\/a><\/p>\n<p style=\"padding-left: 40px; text-align: justify;\"><span style=\"font-size: 10pt;\">Jornada organizada por el Foro de Bosques y Cambio Clim\u00e1tico y el COAM en Madrid, enfocada en los bosques sostenibles y la madera como alternativa en arquitectura para combatir el cambio clim\u00e1tico. Se destac\u00f3 la necesidad de pol\u00edticas para gestionar recursos forestales y evitar el abandono rural. La clausura subray\u00f3 la importancia de la madera en la construcci\u00f3n sostenible.<\/span><\/p>\n<\/td>\n<td style=\"width: 45.8987%; padding-left: 80px;\"><a href=\"https:\/\/www.youtube.com\/playlist?list=PLWIeLnMwiFye0nDakqg0tYhZX4CyUqUXN\"><img loading=\"lazy\" decoding=\"async\" class=\"alignnone wp-image-4764 size-full\" src=\"https:\/\/www.fbycc.org\/wp-content\/uploads\/2024\/07\/uio-e1754564077616.png\" alt=\"\" width=\"976\" height=\"326\" srcset=\"https:\/\/www.fbycc.org\/wp-content\/uploads\/2024\/07\/uio-e1754564077616.png 976w, https:\/\/www.fbycc.org\/wp-content\/uploads\/2024\/07\/uio-e1754564077616-300x100.png 300w, https:\/\/www.fbycc.org\/wp-content\/uploads\/2024\/07\/uio-e1754564077616-768x257.png 768w\" sizes=\"auto, (max-width: 976px) 100vw, 976px\" \/><\/a><\/td>\n<\/tr>\n<tr>\n<td style=\"width: 42.3821%;\">\n<p style=\"padding-left: 40px; text-align: left;\"><span style=\"font-size: 12pt;\"><span style=\"font-size: 9pt;\">17\/05\/2017<\/span><br \/>\n<\/span><a href=\"https:\/\/www.youtube.com\/playlist?list=PLWIeLnMwiFydHL70mGK7zCybMZNu08Xef\"><span style=\"font-size: 14pt;\"><strong>Jornada\u00a0 |\u00a0 \u00abBosques por el Clima\u00bb<\/strong><\/span><\/a><\/p>\n<p style=\"padding-left: 40px; text-align: justify;\"><span style=\"font-size: 10pt;\">Jornada organizada en el Instituto de la Ingenier\u00eda de Espa\u00f1a sobre el rol crucial de los bosques frente al cambio clim\u00e1tico y las pol\u00edticas post Acuerdo de Par\u00eds de la UE. Se enfoc\u00f3 en la capacidad de absorci\u00f3n forestal, su papel en la descarbonizaci\u00f3n, y la necesidad de un marco bioecon\u00f3mico.<\/span><\/p>\n<\/td>\n<td style=\"width: 45.8987%; padding-left: 80px;\"><a href=\"https:\/\/www.youtube.com\/playlist?list=PLWIeLnMwiFydHL70mGK7zCybMZNu08Xef\"><img loading=\"lazy\" decoding=\"async\" class=\"alignnone wp-image-4756 size-full\" src=\"https:\/\/www.fbycc.org\/wp-content\/uploads\/2024\/06\/sgj-e1754563828155.png\" alt=\"\" width=\"980\" height=\"150\" srcset=\"https:\/\/www.fbycc.org\/wp-content\/uploads\/2024\/06\/sgj-e1754563828155.png 980w, https:\/\/www.fbycc.org\/wp-content\/uploads\/2024\/06\/sgj-e1754563828155-300x46.png 300w, https:\/\/www.fbycc.org\/wp-content\/uploads\/2024\/06\/sgj-e1754563828155-768x118.png 768w\" sizes=\"auto, (max-width: 980px) 100vw, 980px\" \/><\/a><\/td>\n<\/tr>\n<tr>\n<td style=\"width: 42.3821%;\">\n<p style=\"padding-left: 40px; text-align: left;\"><span style=\"font-size: 12pt;\"><span style=\"font-size: 9pt;\">04\/05\/2016<\/span><br \/>\n<\/span><a href=\"https:\/\/www.youtube.com\/playlist?list=PLWIeLnMwiFyfzgckaSj0lkD1kXkzDO7L5\"><span style=\"font-size: 14pt;\"><strong>Jornada | \u00abBosques&#8230; lo que nos une\u00bb<\/strong><\/span><\/a><\/p>\n<p style=\"padding-left: 40px; text-align: justify;\"><span style=\"font-size: 10pt;\">Jornada organizada por el Foro de Bosques y Cambio Clim\u00e1tico bajo el lema \u00abBosques, lo que nos une\u00bb. Se analiz\u00f3 la relaci\u00f3n entre cambio clim\u00e1tico e incendios forestales, con apoyo de diversas instituciones. Se subray\u00f3 la importancia de los bosques en la lucha contra el cambio clim\u00e1tico y se rindi\u00f3 homenaje a quienes combaten estos incendios.<\/span><\/p>\n<\/td>\n<td style=\"width: 45.8987%; padding-left: 80px;\"><a href=\"https:\/\/www.youtube.com\/playlist?list=PLWIeLnMwiFyfzgckaSj0lkD1kXkzDO7L5\"><img loading=\"lazy\" decoding=\"async\" class=\"alignnone wp-image-4743 size-full\" src=\"https:\/\/www.fbycc.org\/wp-content\/uploads\/2024\/06\/Diseno-sin-titulo--e1754564092821.png\" alt=\"\" width=\"980\" height=\"660\" srcset=\"https:\/\/www.fbycc.org\/wp-content\/uploads\/2024\/06\/Diseno-sin-titulo--e1754564092821.png 980w, https:\/\/www.fbycc.org\/wp-content\/uploads\/2024\/06\/Diseno-sin-titulo--e1754564092821-300x202.png 300w, https:\/\/www.fbycc.org\/wp-content\/uploads\/2024\/06\/Diseno-sin-titulo--e1754564092821-768x517.png 768w\" sizes=\"auto, (max-width: 980px) 100vw, 980px\" \/><\/a><\/td>\n<\/tr>\n<tr>\n<td style=\"width: 42.3821%;\">\n<p style=\"padding-left: 40px; text-align: left;\"><span style=\"font-size: 12pt;\"><span style=\"font-size: 9pt;\">01\/03\/2016<\/span><br \/>\n<\/span><a href=\"https:\/\/www.youtube.com\/playlist?list=PLWIeLnMwiFydV2SbFzoRW-H_qta_3YOs9\"><span style=\"font-size: 14pt;\"><strong>Jornada\u00a0 |\u00a0 \u00abBosques&#8230; \u00bfpara qu\u00e9?\u00bb<\/strong><\/span><\/a><\/p>\n<p style=\"padding-left: 40px; text-align: justify;\"><span style=\"font-size: 10pt;\">Jornada resaltando el papel crucial de los bosques como sumideros de carbono bajo el Acuerdo de Par\u00eds. Se subray\u00f3 la necesidad urgente de medidas efectivas para la gesti\u00f3n forestal adaptativa y la mitigaci\u00f3n del cambio clim\u00e1tico.<\/span><\/p>\n<\/td>\n<td style=\"width: 45.8987%; padding-left: 80px;\"><a href=\"https:\/\/www.youtube.com\/playlist?list=PLWIeLnMwiFydV2SbFzoRW-H_qta_3YOs9\"><img loading=\"lazy\" decoding=\"async\" class=\"alignnone wp-image-4759 size-full\" src=\"https:\/\/www.fbycc.org\/wp-content\/uploads\/2024\/06\/dgjhr-e1754563849111.png\" alt=\"\" width=\"986\" height=\"193\" srcset=\"https:\/\/www.fbycc.org\/wp-content\/uploads\/2024\/06\/dgjhr-e1754563849111.png 986w, https:\/\/www.fbycc.org\/wp-content\/uploads\/2024\/06\/dgjhr-e1754563849111-300x59.png 300w, https:\/\/www.fbycc.org\/wp-content\/uploads\/2024\/06\/dgjhr-e1754563849111-768x150.png 768w\" sizes=\"auto, (max-width: 986px) 100vw, 986px\" \/><\/a><\/td>\n<\/tr>\n<\/tbody>\n<\/table>\n<p>&nbsp;<\/p>\n<p><span style=\"font-size: 18pt;\"><strong>Otros v\u00eddeos<\/strong><\/span><\/p>\n<table class=\" aligncenter\" style=\"width: 93.8743%; border-collapse: collapse; border-style: hidden;\">\n<tbody>\n<tr>\n<td style=\"width: 42.3821%;\">\n<p style=\"padding-left: 40px;\"><span style=\"font-size: 9pt;\">21\/03\/2019<br \/>\n<\/span><a href=\"https:\/\/youtu.be\/ofRn912OrKU?si=bAX6vr2usPc2lahh\"><span style=\"font-size: 18.6667px;\"><b>D\u00eda Internacional de los Bosques 2019<\/b><\/span><\/a><\/p>\n<\/td>\n<td style=\"width: 45.8987%; padding-left: 80px;\"><a href=\"https:\/\/youtu.be\/ofRn912OrKU?si=bAX6vr2usPc2lahh\"><img loading=\"lazy\" decoding=\"async\" class=\"alignnone wp-image-4761 size-full\" src=\"https:\/\/www.fbycc.org\/wp-content\/uploads\/2024\/06\/fgjsfgh-e1754563867587.png\" alt=\"\" width=\"985\" height=\"166\" srcset=\"https:\/\/www.fbycc.org\/wp-content\/uploads\/2024\/06\/fgjsfgh-e1754563867587.png 985w, https:\/\/www.fbycc.org\/wp-content\/uploads\/2024\/06\/fgjsfgh-e1754563867587-300x51.png 300w, https:\/\/www.fbycc.org\/wp-content\/uploads\/2024\/06\/fgjsfgh-e1754563867587-768x129.png 768w\" sizes=\"auto, (max-width: 985px) 100vw, 985px\" \/><\/a><\/td>\n<\/tr>\n<\/tbody>\n<\/table>\n<p>&nbsp;<\/p>\n","protected":false},"excerpt":{"rendered":"<p>Ponemos a tu disposici\u00f3n nuestro contenido multimedia: &nbsp; Eventos y Jornadas 19\/06\/2025 Mesa redonda en 9CFE \u00abEl valor de los servicios ecosist\u00e9micos, de los cr\u00e9ditos de carbono y la biodiversidad\u00ab En el<a class=\"moretag\" href=\"https:\/\/www.fbycc.org\/index.php\/multimedia\/\">Leer m\u00e1s&#8230;<\/a><\/p>\n","protected":false},"author":5,"featured_media":0,"parent":0,"menu_order":0,"comment_status":"closed","ping_status":"closed","template":"","meta":{"_monsterinsights_skip_tracking":false,"_monsterinsights_sitenote_active":false,"_monsterinsights_sitenote_note":"","_monsterinsights_sitenote_category":0,"footnotes":""},"class_list":["post-4722","page","type-page","status-publish","hentry"],"_links":{"self":[{"href":"https:\/\/www.fbycc.org\/index.php\/wp-json\/wp\/v2\/pages\/4722","targetHints":{"allow":["GET"]}}],"collection":[{"href":"https:\/\/www.fbycc.org\/index.php\/wp-json\/wp\/v2\/pages"}],"about":[{"href":"https:\/\/www.fbycc.org\/index.php\/wp-json\/wp\/v2\/types\/page"}],"author":[{"embeddable":true,"href":"https:\/\/www.fbycc.org\/index.php\/wp-json\/wp\/v2\/users\/5"}],"replies":[{"embeddable":true,"href":"https:\/\/www.fbycc.org\/index.php\/wp-json\/wp\/v2\/comments?post=4722"}],"version-history":[{"count":57,"href":"https:\/\/www.fbycc.org\/index.php\/wp-json\/wp\/v2\/pages\/4722\/revisions"}],"predecessor-version":[{"id":5738,"href":"https:\/\/www.fbycc.org\/index.php\/wp-json\/wp\/v2\/pages\/4722\/revisions\/5738"}],"wp:attachment":[{"href":"https:\/\/www.fbycc.org\/index.php\/wp-json\/wp\/v2\/media?parent=4722"}],"curies":[{"name":"wp","href":"https:\/\/api.w.org\/{rel}","templated":true}]}}