{"id":421,"date":"2016-06-17T09:58:35","date_gmt":"2016-06-17T09:58:35","guid":{"rendered":"http:\/\/www.fbycc.org\/?page_id=421"},"modified":"2022-10-27T13:16:44","modified_gmt":"2022-10-27T13:16:44","slug":"enlaces","status":"publish","type":"page","link":"https:\/\/www.fbycc.org\/index.php\/enlaces\/","title":{"rendered":"Enlaces"},"content":{"rendered":"<div class=\"tx-animate\" style=\"visibility:hidden;\" data-animation=\"fadeIn\" data-animation-duration=\"1\" data-animation-delay=\".4\">\n<p><span style=\"font-size: 14pt\"><strong>Ponte al d\u00eda en temas de <span style=\"font-size: 18pt\">Bosques y Cambio Clim\u00e1tico<\/span>, para ello te facilitamos los siguientes enlaces de inter\u00e9s:<\/strong><\/span><\/p>\n<div class=\"tx-row \"><\/div>\n<div class=\"tx-column tx-column-size-1-4\"><img loading=\"lazy\" decoding=\"async\" class=\"aligncenter wp-image-1686\" src=\"http:\/\/www.fbycc.org\/wp-content\/uploads\/2019\/11\/raices-194x300.jpg\" alt=\"\" width=\"229\" height=\"354\" srcset=\"https:\/\/www.fbycc.org\/wp-content\/uploads\/2019\/11\/raices-194x300.jpg 194w, https:\/\/www.fbycc.org\/wp-content\/uploads\/2019\/11\/raices.jpg 229w\" sizes=\"auto, (max-width: 229px) 100vw, 229px\" \/><\/div>\n<div class=\"tx-column tx-column-size-3-4\">\n<ul>\n<li><span style=\"font-size: 12pt\"><strong><a href=\"https:\/\/www.miteco.gob.es\/es\/cambio-climatico\/temas\/organismos-e-instituciones-implicados-en-la-lucha-contra-el-cambio-climatico-a-nivel-nacional\/oficina-espanola-en-cambio-climatico\/default.aspx\" target=\"_blank\" rel=\"noopener noreferrer\">Oficina Espa\u00f1ola de Cambio Clim\u00e1tico (OECC)<\/a><\/strong><\/span><\/li>\n<li><span style=\"font-size: 12pt\"><strong><span style=\"color: #669900\"><a style=\"color: #669900\" href=\"http:\/\/www.ipcc.ch\/home_languages_main_spanish.shtml\" target=\"_blank\" rel=\"noopener noreferrer\">Grupo Intergubernamental de Expertos sobre el Cambio Clim\u00e1tico (IPCC)<\/a><\/span><\/strong><\/span><\/li>\n<li><span style=\"font-size: 12pt\"><strong><span style=\"color: #669900\"><a style=\"color: #669900\" href=\"http:\/\/unfccc.int\/resource\/docs\/convkp\/convsp.pdf\" target=\"_blank\" rel=\"noopener noreferrer\">Convenci\u00f3n Marco de las Naciones Unidas sobre el Cambio Clim\u00e1tico (CMNUCC)<\/a><\/span><\/strong><\/span><\/li>\n<li><span style=\"font-size: 12pt\"><strong><span style=\"color: #669900\"><a style=\"color: #669900\" href=\"http:\/\/newsroom.unfccc.int\/es\" target=\"_blank\" rel=\"noopener noreferrer\">Portal de noticias\u00a0sobre Cambio Clim\u00e1tico de la CMNUCC<\/a><\/span><\/strong><\/span><\/li>\n<li><span style=\"font-size: 12pt\"><strong><span style=\"color: #669900\"><a style=\"color: #669900\" href=\"http:\/\/www.fao.org\/forestry\/climatechange\/es\/\" target=\"_blank\" rel=\"noopener noreferrer\">Los bosques y el cambio clim\u00e1tico (FAO)<\/a><\/span><\/strong><\/span><\/li>\n<li><span style=\"font-size: 12pt\"><strong><span style=\"color: #669900\"><a style=\"color: #669900\" href=\"http:\/\/climateaction.unfccc.int\/\" target=\"_blank\" rel=\"noopener noreferrer\">Portal de Acci\u00f3n Clim\u00e1tica Nazca (acci\u00f3n estrat\u00e9gica que llevan a cabo actores no estatales)<\/a><\/span><\/strong><\/span><\/li>\n<li><a href=\"https:\/\/cop27.eg\/\" target=\"_blank\" rel=\"noopener\"><span style=\"font-size: 12pt\"><strong><span style=\"color: #669900\">27\u00aa sesi\u00f3n de la Conferencia de las Partes, 2022 (COP27)<\/span><\/strong><\/span><\/a><span style=\"font-size: 12pt\"><strong><br \/>\n<\/strong><\/span><\/li>\n<\/ul>\n<\/div>\n<\/div>\n","protected":false},"excerpt":{"rendered":"","protected":false},"author":2,"featured_media":0,"parent":0,"menu_order":0,"comment_status":"closed","ping_status":"closed","template":"","meta":{"_monsterinsights_skip_tracking":false,"_monsterinsights_sitenote_active":false,"_monsterinsights_sitenote_note":"","_monsterinsights_sitenote_category":0,"footnotes":""},"class_list":["post-421","page","type-page","status-publish","hentry"],"_links":{"self":[{"href":"https:\/\/www.fbycc.org\/index.php\/wp-json\/wp\/v2\/pages\/421","targetHints":{"allow":["GET"]}}],"collection":[{"href":"https:\/\/www.fbycc.org\/index.php\/wp-json\/wp\/v2\/pages"}],"about":[{"href":"https:\/\/www.fbycc.org\/index.php\/wp-json\/wp\/v2\/types\/page"}],"author":[{"embeddable":true,"href":"https:\/\/www.fbycc.org\/index.php\/wp-json\/wp\/v2\/users\/2"}],"replies":[{"embeddable":true,"href":"https:\/\/www.fbycc.org\/index.php\/wp-json\/wp\/v2\/comments?post=421"}],"version-history":[{"count":13,"href":"https:\/\/www.fbycc.org\/index.php\/wp-json\/wp\/v2\/pages\/421\/revisions"}],"predecessor-version":[{"id":3006,"href":"https:\/\/www.fbycc.org\/index.php\/wp-json\/wp\/v2\/pages\/421\/revisions\/3006"}],"wp:attachment":[{"href":"https:\/\/www.fbycc.org\/index.php\/wp-json\/wp\/v2\/media?parent=421"}],"curies":[{"name":"wp","href":"https:\/\/api.w.org\/{rel}","templated":true}]}}