{"id":3008,"date":"2022-10-29T12:32:30","date_gmt":"2022-10-29T12:32:30","guid":{"rendered":"https:\/\/www.fbycc.org\/?page_id=3008"},"modified":"2022-11-12T18:18:34","modified_gmt":"2022-11-12T18:18:34","slug":"jornada-webinar-avances-en-el-calculo-de-carbono-de-los-sistemas-forestales","status":"publish","type":"page","link":"https:\/\/www.fbycc.org\/index.php\/jornadas\/jornada-webinar-avances-en-el-calculo-de-carbono-de-los-sistemas-forestales\/","title":{"rendered":"Jornada-webinar: AVANCES EN EL C\u00c1LCULO DE CARBONO DE LOS SISTEMAS FORESTALES"},"content":{"rendered":"<h5 style=\"text-align: center;\"><span style=\"color: #008000;\"><strong>JORNADA-WEBINAR<\/strong><\/span><\/h5>\n<h2 style=\"text-align: center;\"><span style=\"color: #008000;\"><strong>AVANCES EN EL C\u00c1LCULO DE CARBONO DE LOS SISTEMAS FORESTALES<\/strong><\/span><\/h2>\n<h6 style=\"text-align: center;\"><span style=\"color: #008000; font-size: 14pt;\"><strong>03\/11\/2022<\/strong><\/span><\/h6>\n<p style=\"text-align: justify;\">Desde nuestra asociaci\u00f3n seguimos apoyando y difundiendo los resultados de investigaciones realizadas en el \u00e1mbito de los bosques y el cambio clim\u00e1tico. En este webinar se mostrar\u00e1n los resultados obtenidos de \u00faltimos estudios realizados por el Centro de Investigaci\u00f3n Forestal (ICIFOR) del Instituto Nacional de Investigaci\u00f3n y Tecnolog\u00eda Agraria y Alimentaria (INIA), y los realizados por la Universidad de Santiago de Compostela, que ayudar\u00e1n a disponer de un mejor conocimiento sobre el carbono absorbido por nuestros sistemas forestales.<\/p>\n<p style=\"text-align: center;\"><div class=\"tx-youtube-outerwarp\" style=\"width: 100%\"><div class=\"tx-youtube-warp\" style=\"\"><iframe src=\"https:\/\/www.youtube.com\/embed\/Jg7xEp9FXww?controls=1&amp;showinfo=0&amp;rel=0&amp;autoplay=0\" frameborder=\"0\" allow=\"autoplay\" allowfullscreen><\/iframe><\/div><\/div>\n<p style=\"text-align: justify;\"><div class=\"tx-heading\" style=\"margin-bottom:24px; text-align: left;\"><h2 class=\"tx-heading-tag\" style=\"font-size:24px;\">PROGRAMA<\/h2><\/div>\n<table style=\"height: 277px; width: 100%; border-collapse: collapse; border-style: hidden;\">\n<tbody>\n<tr style=\"height: 80px;\">\n<td style=\"width: 24.0663%; height: 25px; text-align: right;\" width=\"102\"><span style=\"color: #333333;\"><strong>16:00 \u2013 16:10<\/strong><\/span><\/td>\n<td style=\"width: 1.65563%; height: 25px;\"><\/td>\n<td style=\"width: 70.3625%; height: 25px;\" width=\"501\"><strong>Presentaci\u00f3n\u00a0<\/strong><\/p>\n<ul style=\"list-style-type: square;\">\n<li>D. Germ\u00e1n Glar\u00eda.<br \/>\nPresidente del Foro de Bosques y Cambio Clim\u00e1tico.<\/li>\n<\/ul>\n<\/td>\n<\/tr>\n<tr style=\"height: 19px;\">\n<td style=\"width: 24.0663%; height: 112px; text-align: right;\" width=\"102\"><span style=\"color: #333333;\"><strong>16:10 \u2013 16:30<\/strong><\/span><\/td>\n<td style=\"width: 1.65563%; height: 112px;\"><\/td>\n<td style=\"width: 70.3625%; height: 112px;\" width=\"501\"><strong>Nuevas ecuaciones para la estimaci\u00f3n de biomasa y C fijado en arbolado<\/strong><\/p>\n<ul style=\"list-style-type: square;\">\n<li>D\u00aa. Mar\u00eda Men\u00e9ndez Migu\u00e9lez.<br \/>\nDoctora Ingeniera de Montes. Investigadora del ICIFOR (INIA-CSIC)<\/li>\n<\/ul>\n<\/td>\n<\/tr>\n<tr style=\"height: 10px;\">\n<td style=\"width: 24.0663%; height: 84px; text-align: right;\" width=\"102\"><span style=\"color: #333333;\"><strong>16:30 \u2013 16:50<\/strong><\/span><\/td>\n<td style=\"width: 1.65563%; height: 84px;\"><\/td>\n<td style=\"width: 70.3625%; height: 84px;\" width=\"501\"><strong>Visor del contenido de C acumulado en horizonte org\u00e1nico y suelo en la Pen\u00ednsula Ib\u00e9rica y Baleares<\/strong><\/p>\n<ul style=\"list-style-type: square;\">\n<li>D. Ricardo Ruiz-Peinado Gertrudix.<br \/>\nDoctor en Ciencias Ambientales. Investigador del ICIFOR (INIA-CSIC)<\/li>\n<li>Eduardo L\u00f3pez Senespleda.<br \/>\nDoctor Ingeniero de Montes. Investigador del ICIFOR (INIA-CSIC)<\/li>\n<\/ul>\n<\/td>\n<\/tr>\n<tr style=\"height: 11px;\">\n<td style=\"width: 24.0663%; height: 56px; text-align: right;\" width=\"102\"><span style=\"color: #333333;\"><strong>16:50 \u2013 17:10<\/strong><\/span><\/td>\n<td style=\"width: 1.65563%; height: 56px;\"><\/td>\n<td style=\"width: 70.3625%; height: 56px;\" width=\"501\"><strong>Gesti\u00f3n, uso del territorio, y secuestro de carbono<\/strong><\/p>\n<ul style=\"list-style-type: square;\">\n<li>D\u00aa. Mar\u00eda Rosa Mosquera Losada.<br \/>\nCatedr\u00e1tica de la Universidad de Santiago de Compostela<\/li>\n<\/ul>\n<\/td>\n<\/tr>\n<tr>\n<td style=\"width: 24.0663%; text-align: right;\"><span style=\"color: #333333;\"><strong>17:10<\/strong><\/span><\/td>\n<td style=\"width: 1.65563%;\"><\/td>\n<td style=\"width: 70.3625%;\"><strong>Clausura<\/strong><\/td>\n<\/tr>\n<\/tbody>\n<\/table>\n<p>&nbsp;<\/p>\n<p><span style=\"font-size: 18pt;\">ORGANIZAN<\/span><\/p>\n<table style=\"width: 100%; height: 225px;\">\n<tbody>\n<tr style=\"height: 109px;\">\n<td style=\"width: 33.3333%; height: 99px; text-align: center;\"><img loading=\"lazy\" decoding=\"async\" class=\"aligncenter wp-image-37\" src=\"https:\/\/www.fbycc.org\/wp-content\/uploads\/2016\/05\/logo_FByCC_p.jpg\" alt=\"\" width=\"132\" height=\"132\" \/><\/td>\n<td style=\"width: 33.3333%; height: 99px; text-align: center;\"><img loading=\"lazy\" decoding=\"async\" class=\"aligncenter wp-image-3013\" src=\"https:\/\/www.fbycc.org\/wp-content\/uploads\/2022\/10\/INIA_CSIC.jpg\" alt=\"\" width=\"135\" height=\"135\" srcset=\"https:\/\/www.fbycc.org\/wp-content\/uploads\/2022\/10\/INIA_CSIC.jpg 400w, https:\/\/www.fbycc.org\/wp-content\/uploads\/2022\/10\/INIA_CSIC-300x300.jpg 300w, https:\/\/www.fbycc.org\/wp-content\/uploads\/2022\/10\/INIA_CSIC-150x150.jpg 150w, https:\/\/www.fbycc.org\/wp-content\/uploads\/2022\/10\/INIA_CSIC-50x50.jpg 50w, https:\/\/www.fbycc.org\/wp-content\/uploads\/2022\/10\/INIA_CSIC-250x250.jpg 250w\" sizes=\"auto, (max-width: 135px) 100vw, 135px\" \/><\/td>\n<td style=\"width: 33.3333%; height: 99px; text-align: center;\"><img loading=\"lazy\" decoding=\"async\" class=\" aligncenter\" src=\"https:\/\/i2.wp.com\/www.usc.es\/astro\/imagenes%20index\/logo_ux.jpg\" width=\"142\" height=\"92\" \/><\/td>\n<\/tr>\n<\/tbody>\n<\/table>\n","protected":false},"excerpt":{"rendered":"<p>JORNADA-WEBINAR AVANCES EN EL C\u00c1LCULO DE CARBONO DE LOS SISTEMAS FORESTALES 03\/11\/2022 Desde nuestra asociaci\u00f3n seguimos apoyando y difundiendo los resultados de investigaciones realizadas en el \u00e1mbito de los bosques y el<a class=\"moretag\" href=\"https:\/\/www.fbycc.org\/index.php\/jornadas\/jornada-webinar-avances-en-el-calculo-de-carbono-de-los-sistemas-forestales\/\">Leer m\u00e1s&#8230;<\/a><\/p>\n","protected":false},"author":2,"featured_media":0,"parent":530,"menu_order":0,"comment_status":"closed","ping_status":"closed","template":"","meta":{"_monsterinsights_skip_tracking":false,"_monsterinsights_sitenote_active":false,"_monsterinsights_sitenote_note":"","_monsterinsights_sitenote_category":0,"footnotes":""},"class_list":["post-3008","page","type-page","status-publish","hentry"],"_links":{"self":[{"href":"https:\/\/www.fbycc.org\/index.php\/wp-json\/wp\/v2\/pages\/3008","targetHints":{"allow":["GET"]}}],"collection":[{"href":"https:\/\/www.fbycc.org\/index.php\/wp-json\/wp\/v2\/pages"}],"about":[{"href":"https:\/\/www.fbycc.org\/index.php\/wp-json\/wp\/v2\/types\/page"}],"author":[{"embeddable":true,"href":"https:\/\/www.fbycc.org\/index.php\/wp-json\/wp\/v2\/users\/2"}],"replies":[{"embeddable":true,"href":"https:\/\/www.fbycc.org\/index.php\/wp-json\/wp\/v2\/comments?post=3008"}],"version-history":[{"count":14,"href":"https:\/\/www.fbycc.org\/index.php\/wp-json\/wp\/v2\/pages\/3008\/revisions"}],"predecessor-version":[{"id":3065,"href":"https:\/\/www.fbycc.org\/index.php\/wp-json\/wp\/v2\/pages\/3008\/revisions\/3065"}],"up":[{"embeddable":true,"href":"https:\/\/www.fbycc.org\/index.php\/wp-json\/wp\/v2\/pages\/530"}],"wp:attachment":[{"href":"https:\/\/www.fbycc.org\/index.php\/wp-json\/wp\/v2\/media?parent=3008"}],"curies":[{"name":"wp","href":"https:\/\/api.w.org\/{rel}","templated":true}]}}