{"id":2767,"date":"2022-07-05T09:43:15","date_gmt":"2022-07-05T09:43:15","guid":{"rendered":"https:\/\/www.fbycc.org\/?page_id=2767"},"modified":"2022-07-15T07:41:03","modified_gmt":"2022-07-15T07:41:03","slug":"jornada-webinar-biomasa-energia-sostenible","status":"publish","type":"page","link":"https:\/\/www.fbycc.org\/index.php\/jornadas\/jornada-webinar-biomasa-energia-sostenible\/","title":{"rendered":"Jornada-webinar: USO DE BIOMASA COMO POL\u00cdTICA ESTRAT\u00c9GICA FORESTAL ANTE EL CAMBIO CLIM\u00c1TICO"},"content":{"rendered":"<h5 style=\"text-align: center;\"><span style=\"color: #008000;\"><strong>JORNADA-WEBINAR<\/strong><\/span><\/h5>\n<h2 style=\"text-align: center;\"><span style=\"color: #008000;\"><strong>USO DE BIOMASA COMO POL\u00cdTICA ESTRAT\u00c9GICA FORESTAL<br \/>\n<\/strong><\/span><span style=\"color: #008000;\"><strong>ANTE EL CAMBIO CLIM\u00c1TICO<\/strong><\/span><\/h2>\n<h6 style=\"text-align: center;\"><span style=\"color: #008000; font-size: 14pt;\"><strong>12\/07\/2022<\/strong><\/span><\/h6>\n<div class=\"tx-heading\" style=\"margin-bottom:24px; text-align: left;\"><h2 class=\"tx-heading-tag\" style=\"font-size:24px;\">\u00bfPOR QU\u00c9 ORGANIZAMOS ESTE WEBINAR?<\/h2><\/div>\n<p style=\"text-align: justify;\">La Comisi\u00f3n Europea anunci\u00f3 en julio de 2021 su intenci\u00f3n de volver a revisar la Directiva de Energ\u00edas Renovables. Uno de los objetivos de\u00a0<a href=\"https:\/\/energy.ec.europa.eu\/topics\/renewable-energy\/renewable-energy-directive-targets-and-rules\/renewable-energy-directive_en\" target=\"_blank\" rel=\"noopener noreferrer\">RED-III<\/a>, que es como se conoce la propuesta de nueva Directiva, es actualizar los criterios de sostenibilidad de la bioenerg\u00eda, que aporta el 60% de la energ\u00eda renovable producida en la Uni\u00f3n Europea.<\/p>\n<p style=\"text-align: justify;\">Existen propuestas de algunos comit\u00e9s europeos para prohibir por ejemplo el uso de biomasa que procede de bosques maduros, imponer sistemas de uso en cascada de la madera, y la aplicaci\u00f3n de criterios de sostenibilidad a instalaciones a partir de 5 MW\u00a0de potencia.<\/p>\n<p style=\"text-align: justify;\">Cuando se est\u00e1 renovando esta Directiva, con este\u00a0webinar, el FByCC quiere contribuir a enriquecer el debate nacional sobre la sostenibilidad de la bioenerg\u00eda, visibilizar la opini\u00f3n del sector y apoyar el uso energ\u00e9tico de la biomasa, que en Espa\u00f1a tiene sobradas garant\u00edas de sostenibilidad.<\/p>\n<p>&nbsp;<\/p>\n<div class=\"tx-heading\" style=\"margin-bottom:24px; text-align: left;\"><h2 class=\"tx-heading-tag\" style=\"font-size:24px;\">VIDEO DEL WEBINAR<\/h2><\/div>\n<p style=\"text-align: center;\"><div class=\"tx-youtube-outerwarp\" style=\"width: 100%\"><div class=\"tx-youtube-warp\" style=\"\"><iframe src=\"https:\/\/www.youtube.com\/embed\/Ug0QPdkP_ag?controls=1&amp;showinfo=0&amp;rel=0&amp;autoplay=0\" frameborder=\"0\" allow=\"autoplay\" allowfullscreen><\/iframe><\/div><\/div>\n<p>&nbsp;<\/p>\n<p style=\"text-align: justify;\"><div class=\"tx-heading\" style=\"margin-bottom:24px; text-align: left;\"><h2 class=\"tx-heading-tag\" style=\"font-size:24px;\">PROGRAMA<\/h2><\/div>\n<table style=\"height: 277px; width: 100%; border-collapse: collapse; border-style: hidden;\">\n<tbody>\n<tr style=\"height: 80px;\">\n<td style=\"width: 24.0663%; height: 25px; text-align: right;\" width=\"102\"><span style=\"color: #333333;\"><strong>12:00 \u2013 12:10<\/strong><\/span><\/td>\n<td style=\"width: 1.65563%; height: 25px;\"><\/td>\n<td style=\"width: 70.3625%; height: 25px;\" width=\"501\"><strong>Inauguraci\u00f3n <\/strong><strong><br \/>\n<\/strong>D. Germ\u00e1n Glar\u00eda. Presidente del Foro de Bosques y Cambio Clim\u00e1tico.<\/td>\n<\/tr>\n<tr style=\"height: 19px;\">\n<td style=\"width: 24.0663%; height: 112px; text-align: right;\" width=\"102\"><span style=\"color: #333333;\"><strong>12:10 \u2013 12:30<\/strong><\/span><\/td>\n<td style=\"width: 1.65563%; height: 112px;\"><\/td>\n<td style=\"width: 70.3625%; height: 112px;\" width=\"501\"><strong>Directivas sobre fuentes de energ\u00eda renovables. RED II y RED III.<br \/>\n<\/strong><\/p>\n<ul style=\"list-style-type: square;\">\n<li>D. Pablo Rodero. Project Manager en AVEBIOM y Presidente del Consejo Europeo del Pellet.<\/li>\n<li>D. Luis Javier S\u00e1nchez. Director de Sostenibilidad Agroforestal, ENCE.<\/li>\n<li>D. Jes\u00fas Alcanda. Director de Biomasa, SACYR.<\/li>\n<\/ul>\n<\/td>\n<\/tr>\n<tr style=\"height: 10px;\">\n<td style=\"width: 24.0663%; height: 84px; text-align: right;\" width=\"102\"><span style=\"color: #333333;\"><strong>12:30 \u2013 13:30<\/strong><\/span><\/td>\n<td style=\"width: 1.65563%; height: 84px;\"><\/td>\n<td style=\"width: 70.3625%; height: 84px;\" width=\"501\"><strong>Debate: \u201cUso de la bioenerg\u00eda como pol\u00edtica estrat\u00e9gica forestal ante el cambio clim\u00e1tico\u201d<br \/>\n<\/strong><span style=\"font-family: inherit; font-size: inherit;\">Modera: D. \u00c1lvaro Picardo. Secretario del Foro de Bosques y Cambio Clim\u00e1tico.<\/span><\/p>\n<ul>\n<li>D\u00aa. Mar\u00eda Torres-Quevedo, Subdirectora adjunta de Pol\u00edtica Forestal. Ministerio para la Transici\u00f3n Ecol\u00f3gica y el Reto Demogr\u00e1fico.<\/li>\n<li>D. Miguel \u00c1ngel Soto. Responsable de campa\u00f1as de Greenpeace Espa\u00f1a.<\/li>\n<li>D. Francisco Carre\u00f1o. Presidente de la Confederaci\u00f3n de Organizaciones de Selvicultores de Espa\u00f1a.<\/li>\n<li>D. Pablo Rodero. Project Manager en AVEBIOM y Presidente del Consejo Europeo del Pellet.<\/li>\n<li>D. Luis Javier S\u00e1nchez. Director de Sostenibilidad Agroforestal, ENCE.<\/li>\n<li>D. Jes\u00fas Alcanda. Director de Biomasa, SACYR.<\/li>\n<\/ul>\n<\/td>\n<\/tr>\n<tr style=\"height: 11px;\">\n<td style=\"width: 24.0663%; height: 56px; text-align: right;\" width=\"102\"><span style=\"color: #333333;\"><strong>13:30 \u2013 13:35<\/strong><\/span><\/td>\n<td style=\"width: 1.65563%; height: 56px;\"><\/td>\n<td style=\"width: 70.3625%; height: 56px;\" width=\"501\"><strong>Clausura<\/strong><\/td>\n<\/tr>\n<\/tbody>\n<\/table>\n<p>&nbsp;<\/p>\n<p><span style=\"font-size: 18pt;\">PARTICIPAN<\/span><\/p>\n<table style=\"width: 100%; height: 235px;\">\n<tbody>\n<tr style=\"height: 109px;\">\n<td style=\"width: 33.3333%; height: 109px;\"><img loading=\"lazy\" decoding=\"async\" class=\"wp-image-2302 aligncenter\" src=\"https:\/\/www.fbycc.org\/wp-content\/uploads\/2021\/05\/AVEBIOM-250x165-1.png\" alt=\"\" width=\"169\" height=\"111\" \/><\/td>\n<td style=\"width: 33.3333%; height: 109px;\"><img loading=\"lazy\" decoding=\"async\" class=\"wp-image-141 aligncenter\" src=\"https:\/\/www.fbycc.org\/wp-content\/uploads\/2016\/06\/Ence.jpg\" alt=\"\" width=\"152\" height=\"100\" \/><\/td>\n<td style=\"width: 33.3333%; height: 109px;\"><img loading=\"lazy\" decoding=\"async\" class=\"size-full wp-image-2719 aligncenter\" src=\"https:\/\/www.fbycc.org\/wp-content\/uploads\/2022\/05\/walworth_invest_logo_OK_250x165.png\" alt=\"\" width=\"250\" height=\"165\" \/><\/td>\n<\/tr>\n<tr style=\"height: 126px;\">\n<td style=\"width: 33.3333%; height: 126px;\"><img loading=\"lazy\" decoding=\"async\" class=\"size-large wp-image-2800 aligncenter\" src=\"https:\/\/www.fbycc.org\/wp-content\/uploads\/2022\/07\/Logotipo_de_la_Direccion_General_de_Biodiversidad_Bosques_y_Desertificacion-1024x171.png\" alt=\"\" width=\"604\" height=\"101\" srcset=\"https:\/\/www.fbycc.org\/wp-content\/uploads\/2022\/07\/Logotipo_de_la_Direccion_General_de_Biodiversidad_Bosques_y_Desertificacion-1024x171.png 1024w, https:\/\/www.fbycc.org\/wp-content\/uploads\/2022\/07\/Logotipo_de_la_Direccion_General_de_Biodiversidad_Bosques_y_Desertificacion-300x50.png 300w, https:\/\/www.fbycc.org\/wp-content\/uploads\/2022\/07\/Logotipo_de_la_Direccion_General_de_Biodiversidad_Bosques_y_Desertificacion-768x128.png 768w, https:\/\/www.fbycc.org\/wp-content\/uploads\/2022\/07\/Logotipo_de_la_Direccion_General_de_Biodiversidad_Bosques_y_Desertificacion-1536x257.png 1536w, https:\/\/www.fbycc.org\/wp-content\/uploads\/2022\/07\/Logotipo_de_la_Direccion_General_de_Biodiversidad_Bosques_y_Desertificacion-2048x342.png 2048w\" sizes=\"auto, (max-width: 604px) 100vw, 604px\" \/><\/td>\n<td style=\"width: 33.3333%; height: 126px;\"><img loading=\"lazy\" decoding=\"async\" class=\" wp-image-2792 aligncenter\" src=\"https:\/\/www.fbycc.org\/wp-content\/uploads\/2022\/07\/greenpeace-1024x184.jpg\" alt=\"\" width=\"229\" height=\"41\" srcset=\"https:\/\/www.fbycc.org\/wp-content\/uploads\/2022\/07\/greenpeace-1024x184.jpg 1024w, https:\/\/www.fbycc.org\/wp-content\/uploads\/2022\/07\/greenpeace-300x54.jpg 300w, https:\/\/www.fbycc.org\/wp-content\/uploads\/2022\/07\/greenpeace-768x138.jpg 768w, https:\/\/www.fbycc.org\/wp-content\/uploads\/2022\/07\/greenpeace.jpg 1473w\" sizes=\"auto, (max-width: 229px) 100vw, 229px\" \/><\/td>\n<td style=\"width: 33.3333%; height: 126px;\"><img loading=\"lazy\" decoding=\"async\" class=\" wp-image-304 aligncenter\" src=\"https:\/\/www.fbycc.org\/wp-content\/uploads\/2016\/06\/logo_cose.jpg\" alt=\"\" width=\"191\" height=\"126\" \/><\/td>\n<\/tr>\n<\/tbody>\n<\/table>\n","protected":false},"excerpt":{"rendered":"<p>JORNADA-WEBINAR USO DE BIOMASA COMO POL\u00cdTICA ESTRAT\u00c9GICA FORESTAL ANTE EL CAMBIO CLIM\u00c1TICO 12\/07\/2022 La Comisi\u00f3n Europea anunci\u00f3 en julio de 2021 su intenci\u00f3n de volver a revisar la Directiva de Energ\u00edas Renovables.<a class=\"moretag\" href=\"https:\/\/www.fbycc.org\/index.php\/jornadas\/jornada-webinar-biomasa-energia-sostenible\/\">Leer m\u00e1s&#8230;<\/a><\/p>\n","protected":false},"author":2,"featured_media":0,"parent":530,"menu_order":0,"comment_status":"closed","ping_status":"closed","template":"","meta":{"_monsterinsights_skip_tracking":false,"_monsterinsights_sitenote_active":false,"_monsterinsights_sitenote_note":"","_monsterinsights_sitenote_category":0,"footnotes":""},"class_list":["post-2767","page","type-page","status-publish","hentry"],"_links":{"self":[{"href":"https:\/\/www.fbycc.org\/index.php\/wp-json\/wp\/v2\/pages\/2767","targetHints":{"allow":["GET"]}}],"collection":[{"href":"https:\/\/www.fbycc.org\/index.php\/wp-json\/wp\/v2\/pages"}],"about":[{"href":"https:\/\/www.fbycc.org\/index.php\/wp-json\/wp\/v2\/types\/page"}],"author":[{"embeddable":true,"href":"https:\/\/www.fbycc.org\/index.php\/wp-json\/wp\/v2\/users\/2"}],"replies":[{"embeddable":true,"href":"https:\/\/www.fbycc.org\/index.php\/wp-json\/wp\/v2\/comments?post=2767"}],"version-history":[{"count":29,"href":"https:\/\/www.fbycc.org\/index.php\/wp-json\/wp\/v2\/pages\/2767\/revisions"}],"predecessor-version":[{"id":2808,"href":"https:\/\/www.fbycc.org\/index.php\/wp-json\/wp\/v2\/pages\/2767\/revisions\/2808"}],"up":[{"embeddable":true,"href":"https:\/\/www.fbycc.org\/index.php\/wp-json\/wp\/v2\/pages\/530"}],"wp:attachment":[{"href":"https:\/\/www.fbycc.org\/index.php\/wp-json\/wp\/v2\/media?parent=2767"}],"curies":[{"name":"wp","href":"https:\/\/api.w.org\/{rel}","templated":true}]}}