{"id":2608,"date":"2022-04-07T16:11:02","date_gmt":"2022-04-07T16:11:02","guid":{"rendered":"https:\/\/www.fbycc.org\/?page_id=2608"},"modified":"2026-02-20T15:38:02","modified_gmt":"2026-02-20T15:38:02","slug":"referencias-cientificas","status":"publish","type":"page","link":"https:\/\/www.fbycc.org\/index.php\/referencias-cientificas\/","title":{"rendered":"Referencias cient\u00edficas"},"content":{"rendered":"<p>&nbsp;<\/p>\n<p style=\"text-align: justify;\">En los \u00faltimos a\u00f1os el avance en la investigaci\u00f3n sobre los efectos del cambio clim\u00e1tico, as\u00ed como los estudios sobre su mitigaci\u00f3n y adaptaci\u00f3n a los posibles\u00a0 escenarios, se ha traducido en un considerable aumento de publicaciones cient\u00edficas.<\/p>\n<p style=\"text-align: justify;\">En este apartado incluimos una recopilaci\u00f3n de aquellos art\u00edculos m\u00e1s relevantes relacionados con los bosques y su gesti\u00f3n bajo la perspectiva clim\u00e1tica. Con objeto de facilitar la navegaci\u00f3n se han clasificado las referencias bajo los siguientes ep\u00edgrafes:<\/p>\n<ul style=\"list-style-type: square;\">\n<li style=\"list-style-type: none;\">\n<ul style=\"list-style-type: square;\">\n<li><strong><a href=\"#Cproductos\">Carbono en productos<\/a><\/strong><\/li>\n<li><strong><a href=\"#Csuelos\">Carbono en suelos<\/a><\/strong><\/li>\n<li><strong><a href=\"#Cvegetacion\">Carbono en la vegetaci\u00f3n<\/a><\/strong><\/li>\n<li><strong><a href=\"#ecologia\">Ecolog\u00eda<\/a><\/strong><\/li>\n<li><strong><a href=\"#Gclimatica\">Gesti\u00f3n clim\u00e1tica<\/a><\/strong><\/li>\n<li><strong><a href=\"#Gcarbono\">Gesti\u00f3n del carbono<\/a><\/strong><\/li>\n<li><strong><a href=\"#Uenergetico\">Uso energ\u00e9tico<\/a><\/strong><\/li>\n<\/ul>\n<\/li>\n<\/ul>\n<h3><\/h3>\n<p>&nbsp;<\/p>\n<h3 id=\"Cproductos\"><span style=\"color: #333333;\"><strong>CARBONO EN PRODUCTOS<\/strong><\/span><\/h3>\n<table style=\"width: 100%;\">\n<tbody>\n<tr style=\"width: 100%;\">\n<td style=\"height: 84px; width: 100%;\"><span style=\"color: #333333;\"><a style=\"color: #333333;\" href=\"https:\/\/doi.org\/10.1016\/j.jclepro.2016.12.034\">DE LA FUENTE, T., ATHANASSIADIS, D., GONZALEZ-GARCIA, S., &amp; NORDFJELL, T. (2016). Cradle-to-gate life cycle assessment of forest supply chains: Comparison of Canadian and Swedish case studies. Journal of Cleaner Production, 1\u201316. https:\/\/doi.org\/10.1016\/j.jclepro.2016.12.034<\/a><\/span><\/td>\n<\/tr>\n<tr style=\"width: 100%;\">\n<td style=\"height: 84px; width: 100%;\"><span style=\"color: #333333;\"><a style=\"color: #333333;\" href=\"https:\/\/doi.org\/10.1065\/lca2006.08.266\">DIAS, A. C., ARROJA, L., &amp; CAPELA, I. (2007). Life cycle assessment of printing and writing paper produced in Portugal. International Journal of Life Cycle Assessment, 12(7), 521\u2013528. https:\/\/doi.org\/10.1065\/lca2006.08.266<\/a><\/span><\/td>\n<\/tr>\n<tr style=\"width: 100%;\">\n<td style=\"height: 84px; width: 100%;\"><span style=\"color: #333333;\"><a style=\"color: #333333;\" href=\"https:\/\/www.epa.gov\/warm\/documentation-chapters-greenhouse-gas-emission-and-energy-factors-used-waste-reduction-model\">EPA. (2016). Documentation for Greenhouse Gas Emission and Energy Factors Used in the Waste Reduction Model (WARM). Retrieved from https:\/\/www.epa.gov\/warm\/documentation-chapters-greenhouse-gas-emission-and-energy-factors-used-waste-reduction-model<\/a><\/span><\/td>\n<\/tr>\n<tr style=\"width: 100%;\">\n<td style=\"height: 84px; width: 100%;\"><span style=\"color: #333333;\"><a style=\"color: #333333;\" href=\"https:\/\/doi.org\/10.1007\/s10342-010-0463-3\">ERIKSSON, L. O., GUSTAVSSON, L., H\u00c4NNINEN, R., KALLIO, M., LYHYK\u00c4INEN, H., PINGOUD, K., \u2026 VALSTA, L. (2011). Climate change mitigation through increased wood use in the European construction sector\u2014towards an integrated modelling framework. European Journal of Forest Research, 131(1), 131\u2013144. https:\/\/doi.org\/10.1007\/s10342-010-0463-3<\/a><\/span><\/td>\n<\/tr>\n<tr style=\"width: 100%;\">\n<td style=\"height: 84px; width: 100%;\"><span style=\"color: #333333;\"><a style=\"color: #333333;\" href=\"https:\/\/ec.europa.eu\/eurostat\/statistics-explained\/index.php\/Greenhouse_gas_emission_statistics_-_emission_inventories\">EUROPEAN COMMISSION. (2018B). Greenhouse gas emission statistics &#8211; emissions inventories. Retrieved January 22, 2019, from https:\/\/ec.europa.eu\/eurostat\/statistics-explained\/index.php\/Greenhouse_gas_emission_statistics_-_emission_inventories<\/a><\/span><\/td>\n<\/tr>\n<tr style=\"width: 100%;\">\n<td style=\"height: 84px; width: 100%;\"><span style=\"color: #333333;\"><a style=\"color: #333333;\" href=\"https:\/\/www.sciencedirect.com\/science\/article\/pii\/S1364032116305500\">GUSTAVSSON, L., HAUS, S., LUNDBLAD, M., LUNDSTR\u00d6M, A., ORTIZ, C. A., SATHRE, R., \u2026 WIKBERG, P.-E. (2017). Climate change effects of forestry and substitution of carbon-intensive materials and fossil fuels. Renewable and Sustainable Energy Reviews, 67, 612\u2013624.\u00a0<\/a><\/span><\/td>\n<\/tr>\n<tr style=\"width: 100%;\">\n<td style=\"height: 84px; width: 100%;\"><span style=\"color: #333333;\"><a style=\"color: #333333;\" href=\"https:\/\/doi.org\/10.1371\/journal.pone.0139640\">KEITH, H., LINDENMAYER, D., MACINTOSH, A., &amp; MACKEY, B. (2015). Under what circumstances do wood products from native forests benefit climate change mitigation? PLoS ONE, 10(10), 1\u201323. https:\/\/doi.org\/10.1371\/journal.pone.0139640<\/a><\/span><\/td>\n<\/tr>\n<tr style=\"width: 100%;\">\n<td style=\"height: 84px; width: 100%;\"><span style=\"color: #333333;\"><a style=\"color: #333333;\" href=\"https:\/\/doi.org\/10.1007\/s11027-013-9454-2\">KILPEL\u00c4INEN, A., STRANDMAN, H., KELLOM\u00c4KI, S., &amp; SEPP\u00c4L\u00c4, J. (2013). Assessing the net atmospheric impacts of wood production and utilization. Mitigation and Adaptation Strategies for Global Change, 19(7), 955\u2013968. https:\/\/doi.org\/10.1007\/s11027-013-9454-2<\/a><\/span><\/td>\n<\/tr>\n<tr style=\"width: 100%;\">\n<td style=\"height: 84px; width: 100%;\"><span style=\"color: #333333;\"><a style=\"color: #333333;\" href=\"https:\/\/doi.org\/10.1007\/s11027-013-9454-2\">KILPEL\u00c4INEN, A., STRANDMANN, H., KELLOM\u00c4KI, S., &amp; SEPP\u00c4L\u00c4, J. (2016). Assessing the net atmospheric impacts of wood production and utilization. Mitigation and Adaptation Strategies for Global Change, (October 2013). https:\/\/doi.org\/10.1007\/s11027-013-9454-2<\/a><\/span><\/td>\n<\/tr>\n<tr style=\"width: 100%;\">\n<td style=\"height: 84px; width: 100%;\"><span style=\"color: #333333;\"><a style=\"color: #333333;\" href=\"https:\/\/efi.int\/sites\/default\/files\/files\/publication-bank\/2019\/efi_fstp_7_2018.pdf\">LESKINEN, P., CARDELLINI, G., GONZ\u00c1LEZ-GARC\u00cdA, S., HURMEKOSKI, E., SATHRE, R., SEPP\u00c4L\u00c4, J., \u2026 VERKERK, P. J. (2018). Substitution effects of wood-based products in climate change mitigation.\u00a0<\/a><\/span><\/td>\n<\/tr>\n<tr style=\"width: 100%;\">\n<td style=\"height: 84px; width: 100%;\"><span style=\"color: #333333;\"><a style=\"color: #333333;\" href=\"https:\/\/doi.org\/10.1111\/j.1530-9290.2012.00503.x\">LEVASSEUR, A., LESAGE, P., MARGNI, M., &amp; SAMSON, R. (2013). Biogenic Carbon and Temporary Storage Addressed with Dynamic Life Cycle Assessment. Journal of Industrial Ecology, 17(1), 117\u2013128. https:\/\/doi.org\/10.1111\/j.1530-9290.2012.00503.x<\/a><\/span><\/td>\n<\/tr>\n<tr style=\"width: 100%;\">\n<td style=\"height: 84px; width: 100%;\"><span style=\"color: #333333;\"><a style=\"color: #333333;\" href=\"https:\/\/link.springer.com\/chapter\/10.1007\/978-1-4020-8343-3_10\">LIZARRALDE I., BROTO M., RODR\u00cdGUEZ F., BRAVO F. 2008. Taper Equations and Wood Products: Assessing the Carbon Flow of the Forest Through Its Products. En F. Bravo et al. (ed.), Managing Forest Ecosystems: the challenge of Climate Change. Springer: 165-178<\/a><\/span><\/td>\n<\/tr>\n<tr style=\"width: 100%;\">\n<td style=\"height: 84px; width: 100%;\"><span style=\"color: #333333;\"><a style=\"color: #333333;\" href=\"https:\/\/www.sciencedirect.com\/science\/article\/pii\/S0195925509000936\">MOBERG, \u00c5., JOHANSSON, M., FINNVEDEN, G., &amp; JONSSON, A. (2010). Printed and tablet e-paper newspaper from an environmental perspective\u2014A screening life cycle assessment. Environmental Impact Assessment Review, 30(3), 177\u2013191.\u00a0<\/a><\/span><\/td>\n<\/tr>\n<tr style=\"width: 100%;\">\n<td style=\"height: 84px; width: 100%;\"><span style=\"color: #333333;\"><a style=\"color: #333333;\" href=\"https:\/\/doi.org\/10.1002\/wene.259\">PARISH, E. S., DALE, V. H., KLINE, K. L., &amp; ABT, R. C. (2017). Reference scenarios for evaluating wood pellet production in the Southeastern United States. Wiley Interdisciplinary Reviews: Energy and Environment, 6(6), 1\u201314. https:\/\/doi.org\/10.1002\/wene.259<\/a><\/span><\/td>\n<\/tr>\n<tr style=\"width: 100%;\">\n<td style=\"height: 84px; width: 100%;\"><span style=\"color: #333333;\"><a style=\"color: #333333;\" href=\"https:\/\/doi.org\/10.1111\/jiec.12074\">PLEVIN, R. J., DELUCCHI, M. A., &amp; CREUTZIG, F. (2014). Using Attributional Life Cycle Assessment to Estimate Climate-Change Mitigation Benefits Misleads Policy Makers. Journal of Industrial Ecology, 18(1), 73\u201383. https:\/\/doi.org\/10.1111\/jiec.12074<\/a><\/span><\/td>\n<\/tr>\n<tr style=\"width: 100%;\">\n<td style=\"height: 84px; width: 100%;\">&gt;<span style=\"color: #333333;\"><a style=\"color: #333333;\" href=\"https:\/\/doi.org\/10.1016\/j.rser.2016.09.107\">RAMAGE, M. H., BURRIDGE, H., BUSSE-WICHER, M., FEREDAY, G., REYNOLDS, T., SHAH, D. U., \u2026 SCHERMAN, O. (2017). The wood from the trees: The use of timber in construction. Renewable and Sustainable Energy Reviews, 68(October 2016), 333\u2013359. https:\/\/doi.org\/10.1016\/j.rser.2016.09.107<\/a><\/span><\/td>\n<\/tr>\n<tr style=\"width: 100%;\">\n<td style=\"height: 84px; width: 100%;\"><span style=\"color: #333333;\"><a style=\"color: #333333;\" href=\"https:\/\/doi.org\/10.1111\/j.1757-1707.2010.01065.x\">REPO, A., TUOMI, M., &amp; LISKI, J. (2011). Indirect carbon dioxide emissions from producing bioenergy from forest harvest residues. GCB Bioenergy, 3(2), 107\u2013115. https:\/\/doi.org\/10.1111\/j.1757-1707.2010.01065.x<\/a><\/span><\/td>\n<\/tr>\n<tr style=\"width: 100%;\">\n<td style=\"height: 84px; width: 100%;\"><span style=\"color: #333333;\"><a style=\"color: #333333;\" href=\"https:\/\/doi.org\/10.1016\/j.jfoodeng.2008.06.016\">ROY, P., NEI, D., ORIKASA, T., XU, Q., OKADOME, H., NAKAMURA, N., &amp; SHIINA, T. (2009). A review of life cycle assessment (LCA) on some food products. Journal of Food Engineering, 90(1), 1\u201310. https:\/\/doi.org\/10.1016\/j.jfoodeng.2008.06.016<\/a><\/span><\/td>\n<\/tr>\n<tr style=\"width: 100%;\">\n<td style=\"height: 84px; width: 100%;\"><span style=\"color: #333333;\"><a style=\"color: #333333;\" href=\"https:\/\/www.econstor.eu\/handle\/10419\/144794\">R\u00dcTER, S., WERNER, F., FORSELL, N., PRINS, K., VIAL, E., &amp; LEVET, A. L. (2016). ClimWood2030 &#8211; Climate benefits of material substitution by forest biomass and harvested wood products: Perspective 2030. Braunschweig.\u00a0<\/a><\/span><\/td>\n<\/tr>\n<tr style=\"width: 100%;\">\n<td style=\"height: 84px; width: 100%;\"><span style=\"color: #333333;\"><a style=\"color: #333333;\" href=\"https:\/\/doi.org\/10.1016\/j.envsci.2009.12.005\">SATHRE, R., &amp; O\u2019CONNOR, J. (2010). Meta-analysis of greenhouse gas displacement factors of wood product substitution. Environmental Science &amp; Policy, 13(2), 104\u2013114. https:\/\/doi.org\/10.1016\/j.envsci.2009.12.005<\/a><\/span><\/td>\n<\/tr>\n<tr style=\"width: 100%;\">\n<td style=\"height: 84px; width: 100%;\"><span style=\"color: #333333;\"><a style=\"color: #333333;\" href=\"https:\/\/doi.org\/10.1016\/j.egypro.2016.09.112\">SKULLESTAD, J. L., BOHNE, R. A., &amp; LOHNE, J. (2016). High-Rise Timber Buildings as a Climate Change Mitigation Measure &#8211; A Comparative LCA of Structural System Alternatives. Energy Procedia, 96, 112\u2013123. https:\/\/doi.org\/10.1016\/j.egypro.2016.09.112<\/a><\/span><\/td>\n<\/tr>\n<tr style=\"width: 100%;\">\n<td style=\"height: 84px; width: 100%;\"><span style=\"color: #333333;\"><a style=\"color: #333333;\" href=\"https:\/\/doi.org\/10.1111\/gcbb.12389\">SMYTH, C., RAMPLEY, G., LEMPRI\u00c8RE, T. C., SCHWAB, O., &amp; KURZ, W. A. (2017). Estimating product and energy substitution benefits in national-scale mitigation analyses for Canada. GCB Bioenergy, 9(6), 1071\u20131084. https:\/\/doi.org\/10.1111\/gcbb.12389<\/a><\/span><\/td>\n<\/tr>\n<tr style=\"width: 100%;\">\n<td style=\"height: 84px; width: 100%;\"><span style=\"color: #333333;\"><a style=\"color: #333333;\" href=\"https:\/\/doi.org\/10.1016\/j.forpol.2012.09.015\">S\u00d6DERBERG, C., &amp; ECKERBERG, K. (2013). Rising policy conflicts in Europe over bioenergy and forestry. Forest Policy and Economics, 33(August), 112\u2013119. https:\/\/doi.org\/10.1016\/j.forpol.2012.09.015<\/a><\/span><\/td>\n<\/tr>\n<tr style=\"width: 100%;\">\n<td style=\"height: 84px; width: 100%;\"><span style=\"color: #333333;\"><a style=\"color: #333333;\" href=\"https:\/\/doi.org\/10.1088\/1748-9326\/aaa512\">STERMAN, J., SIEGEL, L., &amp; ROONEY-VARGA, J. (2018). Does replacing coal with wood lower CO2 emissions? Dynamic lifecycle analysis of wood bioenergy. Environmental Research Letters. https:\/\/doi.org\/10.1088\/1748-9326\/aaa512<\/a><\/span><\/td>\n<\/tr>\n<tr style=\"width: 100%;\">\n<td style=\"height: 84px; width: 100%;\"><span style=\"color: #333333;\"><a style=\"color: #333333;\" href=\"https:\/\/doi.org\/10.1016\/j.jenvman.2017.03.051\">TAEROE, A., MUSTAFA, W. F., STUPAK, I., &amp; RAULUND-RASMUSSEN, K. (2017). Do forests best mitigate CO2 emissions to the atmosphere by setting them aside for maximization of carbon storage or by management for fossil fuel substitution? Journal of Environmental Management, 197, 117\u2013129. https:\/\/doi.org\/10.1016\/j.jenvman.2017.03.051<\/a><\/span><\/td>\n<\/tr>\n<tr style=\"width: 100%;\">\n<td style=\"height: 84px; width: 100%;\"><span style=\"color: #333333;\"><a style=\"color: #333333;\" href=\"https:\/\/doi.org\/10.3832\/ifor2386-010\">TELLNES, L., GANNE-CHEDEVILLE, C., DIAS, A., DOLEZAL, F., HILL, C., &amp; ZEA ESCAMILLA, E. (2017). Comparative assessment for biogenic carbon accounting methods in carbon footprint of products: a review study for construction materials based on forest products. IForest &#8211; Biogeosciences and Forestry, 10(5), 815\u2013823. https:\/\/doi.org\/10.3832\/ifor2386-010<\/a><\/span><\/td>\n<\/tr>\n<tr style=\"width: 100%;\">\n<td style=\"height: 84px; width: 100%;\"><span style=\"color: #333333;\"><a style=\"color: #333333;\" href=\"https:\/\/doi.org\/10.1016\/S0959-6526(02)00076-8\">ZABANIOTOU, A., &amp; KASSIDI, E. (2003). Life cycle assessment applied to egg packaging made from polystyrene and recycled paper. Journal of Cleaner Production, 11(5), 549\u2013559. https:\/\/doi.org\/10.1016\/S0959-6526(02)00076-8<\/a><\/span><\/td>\n<\/tr>\n<\/tbody>\n<\/table>\n<h3 id=\"Csuelos\"><span style=\"color: #333333;\"><strong>CARBONO EN SUELOS<\/strong><\/span><\/h3>\n<table style=\"height: 7034px; width: 100%;\" width=\"100%\">\n<tbody>\n<tr>\n<td style=\"width: 100%;\"><a href=\"https:\/\/www.sciencedirect.com\/science\/article\/pii\/S2352009423001402?via%3Dihub\"><span style=\"color: #333333;\"><span data-olk-copy-source=\"MessageBody\">MAGA\u00d1A UGARTE, R., GAVIL\u00c1N, R.G. &amp; RUBIO, A. 2024. Assessing the occurrence of soil improvement and its relationship to the dominant life form in the high mountains of Central Spain. Geoderma Regional, 36: 2024, e00744<\/span><\/span><\/a><\/td>\n<\/tr>\n<tr>\n<td style=\"width: 100%;\"><a href=\"https:\/\/www.sciencedirect.com\/science\/article\/abs\/pii\/S0016706121005309\"><span style=\"color: #333333;\"><span data-olk-copy-source=\"MessageBody\">ORTIZ, C., FERN\u00c1NDEZ-ALONSO, M\u00aa J., KITZLER, B., D\u00cdAZ-PIN\u00c9S, E., SAIZ, G., RUBIO, A. &amp; BENITO, M. 2022. Variations in soil aggregation, microbial community structure and soil organic matter cycling associated to long-term afforestation and woody encroachment in a Mediterranean alpine ecotone. Geoderma, 405: 105450<\/span><\/span><\/a><\/td>\n<\/tr>\n<tr>\n<td style=\"width: 100%;\"><a href=\"https:\/\/link.springer.com\/content\/pdf\/10.1007\/s10533-021-00827-2.pdf\"><span style=\"color: #333333;\"><span data-olk-copy-source=\"MessageBody\">FERN\u00c1NDEZ-ALONSO, D\u00cdAZ-PIN\u00c9S, E. &amp; RUBIO, A. 2021. Drivers of soil respiration in response to nitrogen addition in a Mediterranean mountain forest. Biogeochemistry, 155: 305-321<\/span><\/span><\/a><\/td>\n<\/tr>\n<tr style=\"height: 84px;\">\n<td style=\"height: 84px; width: 100%;\" width=\"631\"><span style=\"color: #333333;\"><a style=\"color: #333333;\" href=\"https:\/\/link.springer.com\/article\/10.1007\/s10021-012-9577-4\">APONTE, C.; GARCIA, L.V.; MARA\u00d1ON, T.; 2012. Tree species effect on litter decomposition and nutrient release in mediterranean oak forests changes over time. Ecosystems 15: 1204-1218.<\/a><\/span><\/td>\n<\/tr>\n<tr style=\"height: 56px;\">\n<td style=\"height: 56px; width: 100%;\" width=\"631\"><span style=\"color: #333333;\"><a style=\"color: #333333;\" href=\"https:\/\/www.cabdirect.org\/cabdirect\/abstract\/19921963123\">ARANDA, Y.; SERRANO, J.M.; BERMUDEZ DE CASTRO, F.; 1990. Degradaci\u00f3n de hojarasca de Populus nigra L. Revue d\u2019\u00e9cologie et de Biologie du Sol 27: 395-406.<\/a><\/span><\/td>\n<\/tr>\n<tr style=\"height: 56px;\">\n<td style=\"height: 56px; width: 100%;\" width=\"631\"><span style=\"color: #333333;\"><a style=\"color: #333333;\" href=\"https:\/\/www.sciencedirect.com\/science\/article\/abs\/pii\/S0140196307000158\">BATES, J. D.; SVEJCAR, T. S.; MILLER, R. F.; 2007. Litter decomposition in cut and uncut western juniper woodlands. Journal of Arid Environments 70: 222-236.<\/a><\/span><\/td>\n<\/tr>\n<tr style=\"height: 168px;\">\n<td style=\"height: 168px; width: 100%;\" width=\"631\"><span style=\"color: #333333;\"><a style=\"color: #333333;\" href=\"https:\/\/link.springer.com\/article\/10.1007\/BF00000785\">BERG, B.; BOTTNER, P.; BOX, E.; BREYMENYER, A.; COUTEAUX, M.; CALVO; ESCUDERO, A.; GALLARDO, A.; KRATZ, W.; MADEIRA, M.; MALKONEN, E.; MACCLAUGHERTY, C.; MEENTEMEYER, V.; MU\u00d1OZ, F.; PIUSI, P.; REMACLE, J.; YIEZO, A.; 1993. Litter mass loss rates in pine forest of Europe and Eastern Unites States: some relationships with climate and litter quality. Biogeochemistry 20: 127-159.<\/a><\/span><\/td>\n<\/tr>\n<tr style=\"height: 84px;\">\n<td style=\"height: 84px; width: 100%;\" width=\"631\"><span style=\"color: #333333;\"><a style=\"color: #333333;\" href=\"https:\/\/cdnsciencepub.com\/doi\/abs\/10.1139\/b91-187\">BERG, B.; EKBOHM, G.; 1991. Litter mass-loss rates and decomposition patterns in some needle and leaf litter types. Long-term decomposition in a Scots pine forest VII. Canadian Journal of Botany 69: 1449-1456.<\/a><\/span><\/td>\n<\/tr>\n<tr style=\"height: 56px;\">\n<td style=\"height: 56px; width: 100%;\" width=\"631\"><span style=\"color: #333333;\"><a style=\"color: #333333;\" href=\"https:\/\/www.jstor.org\/stable\/20146810\">BERG, B.; MCCLAUGHERTY, C. A.; 2003. Plant Litter. Decomposition, Humus Formation, Carbon Sequestration. Springer, 286 pp.<\/a><\/span><\/td>\n<\/tr>\n<tr style=\"height: 112px;\">\n<td style=\"height: 112px; width: 100%;\" width=\"631\"><span style=\"color: #333333;\">BERM\u00daDEZ DE CASTRO, F.; GARCIA, E.; MATEUS, C.; 1996. Fenolog\u00eda, desfronde y descomposici\u00f3n de la hojarasca de leguminosas arbustivas de la Sierra de Guadarrama, Madrid. R. Soc. Esp. His. Nat. Tomo Extraordinario (XII Bienal): 340-342.<\/span><\/td>\n<\/tr>\n<tr style=\"height: 112px;\">\n<td style=\"height: 112px; width: 100%;\" width=\"631\"><span style=\"color: #333333;\">BLANCO, J.A; IMBERT, J.B.; OZCARIZ, A.; CASTILLO, F.J.; 2003b. Decomposition and nutrient release from Pinus sylvestris L. leaf litter in stands with different thinning intensity. Proceedings of the I.U.F.R.O. meeting on Silviculture and sustainable management in mountain forests in the western Pyrenees. Navarra.<\/span><\/td>\n<\/tr>\n<tr style=\"height: 84px;\">\n<td style=\"height: 84px; width: 100%;\" width=\"631\"><span style=\"color: #333333;\"><a style=\"color: #333333;\" href=\"https:\/\/www.afs-journal.org\/articles\/forest\/abs\/1996\/06\/AFS_0003-4312_1996_53_6_ART0001\/AFS_0003-4312_1996_53_6_ART0001.html\">CARITAT, A.; BERTONI, G.; MOLINAS, G.; OLIVA, M.; DOMINGUEZ-PLANELLA, A.; 1996. Literfall and mineral return in two cork-oak forests in northeast Spain. Ann Sci For 53: 1049-1058.<\/a><\/span><\/td>\n<\/tr>\n<tr style=\"height: 84px;\">\n<td style=\"height: 84px; width: 100%;\" width=\"631\"><span style=\"color: #333333;\"><a style=\"color: #333333;\" href=\"https:\/\/www.afs-journal.org\/component\/article?access=doi&amp;doi=10.1051\/forest:2006061\">CARITAT, A.; GARC\u00cdA-BERTHOU, E.; LAPE\u00d1A, R.; VILAR, L.; 2006. Litter production in a Quercus suber forest of Montseny (NE Spain) and its relationship to meteorological conditions. Ann For Sci 63: 791-800.<\/a><\/span><\/td>\n<\/tr>\n<tr style=\"height: 84px;\">\n<td style=\"height: 84px; width: 100%;\" width=\"631\"><span style=\"color: #333333;\"><a style=\"color: #333333;\" href=\"https:\/\/link.springer.com\/article\/10.1007\/s00374-007-0180-3\">CHACON, N.; DEZZEO, N.; 2007. Litter decomposition in primary forest and adjacent fire-disturbed forest in the Gran Sabana, southern Venezuela. Biology and Fertility of Soils 43: 815-821.<\/a><\/span><\/td>\n<\/tr>\n<tr style=\"height: 56px;\">\n<td style=\"height: 56px; width: 100%;\" width=\"631\"><span style=\"color: #333333;\"><a style=\"color: #333333;\" href=\"https:\/\/link.springer.com\/article\/10.1007\/s00374-012-0676-3\">CHITI, T., D\u00cdAZ-PIN\u00c9S, E., RUBIO, A. 2012. Soil organic carbon stock in forests of Peninsular Spain. Biol Fertil Soils 48: 817\u2013826<\/a><\/span><\/td>\n<\/tr>\n<tr style=\"height: 28px;\">\n<td style=\"height: 28px; width: 100%;\" width=\"631\"><span style=\"color: #333333;\">COBERTERA, E.; 1993. Edafolog\u00eda Aplicada. Edit. Catedra, 328 pp.<\/span><\/td>\n<\/tr>\n<tr style=\"height: 84px;\">\n<td style=\"height: 84px; width: 100%;\" width=\"631\"><span style=\"color: #333333;\"><a style=\"color: #333333;\" href=\"https:\/\/besjournals.onlinelibrary.wiley.com\/doi\/abs\/10.1046\/j.1365-2435.1999.00328.x\">COTRUFO, M.F; RASCHI, A.; LANINI, M.; INESON, P.; 1999. Decomposition and nutrient dynamics of Quercus pubescens leaf litter in a naturally enriched CO2 mediterranean ecosystems. Functional Ecology 13: 343-351.<\/a><\/span><\/td>\n<\/tr>\n<tr style=\"height: 84px;\">\n<td style=\"height: 84px; width: 100%;\" width=\"631\"><span style=\"color: #333333;\"><a style=\"color: #333333;\" href=\"https:\/\/dialnet.unirioja.es\/descarga\/articulo\/4249355.pdf\">DELGADO-BAQUERIZO, M.; GALLARDO, A.; 2008. Nitr\u00f3geno org\u00e1nico disuelto en comunidades vegetales del SO d la Pen\u00ednsula Ib\u00e9rica. Cuadernos de la Sociedad Espa\u00f1ola de Ciencias Forestales 25: 153-159<\/a><\/span><\/td>\n<\/tr>\n<tr style=\"height: 112px;\">\n<td style=\"height: 112px; width: 100%;\" width=\"631\"><span style=\"color: #333333;\"><a style=\"color: #333333;\" href=\"https:\/\/link.springer.com\/article\/10.1007\/s10342-008-0250-6\">D\u00cdAZ-PIN\u00c9S, E., SCHINDLBACHER, A., PFEFFER, M., JANDL, R., ZECHMEISTER-BOLTENSTERN, S., RUBIo, A. 2010. Root trenching \u2013 a useful tool to estimate autotrophic soil respiration? A case study in an Austrian mountain forest. European Journal of Forest Research 129: 101-109<\/a><\/span><\/td>\n<\/tr>\n<tr style=\"height: 84px;\">\n<td style=\"height: 84px; width: 100%;\" width=\"631\"><span style=\"color: #333333;\"><a style=\"color: #333333;\" href=\"https:\/\/www.sciencedirect.com\/science\/article\/pii\/S0378112711000818\">D\u00cdAZ-PIN\u00c9S, RUBIO, A., VAN MIEGROET, H., BENITO, M., MONTES, F. 2011. Does tree species composition control soil organic carbon pools in Mediterranean mountain forests? Forest Ecology and Management 262 (10): 1895\u20131904<\/a><\/span><\/td>\n<\/tr>\n<tr style=\"height: 84px;\">\n<td style=\"height: 84px; width: 100%;\" width=\"631\"><span style=\"color: #333333;\"><a style=\"color: #333333;\" href=\"https:\/\/www.tandfonline.com\/doi\/abs\/10.1080\/03680770.1989.11899113?journalCode=tinw19\">ESCUDERO, A.; SANZ, S.; DEL ARCO, J.M.; GARRIDO, M.V.; 1991. Leaf litter decomposition in a mountain stream. Verhandlungen des Internationalen Verein Limnologie 24: 1978-1993.<\/a><\/span><\/td>\n<\/tr>\n<tr style=\"height: 56px;\">\n<td style=\"height: 56px; width: 100%;\" width=\"631\"><span style=\"color: #333333;\"><a style=\"color: #333333;\" href=\"https:\/\/link.springer.com\/article\/10.1007\/BF00118230\">FERRAN, A.; VALLEJO, V.R.; 1992. Litter dynamics in post-fire successional forests of Quercus ilex. Vegetatio 99-100: 239-246.<\/a><\/span><\/td>\n<\/tr>\n<tr style=\"height: 84px;\">\n<td style=\"height: 84px; width: 100%;\" width=\"631\"><span style=\"color: #333333;\"><a style=\"color: #333333;\" href=\"https:\/\/www.sciencedirect.com\/science\/article\/pii\/S003807179700182X\">FIORETTO, A.; MUSACCHIO, A.; ANDOLFI, G.; VIRZO DE SANTO, A.; 1998. Decomposition dynamics of litters of various pin species in a corsican pine forest. Soil Biology and Biochemistry 30: 721-727.<\/a><\/span><\/td>\n<\/tr>\n<tr style=\"height: 84px;\">\n<td style=\"height: 84px; width: 100%;\" width=\"631\"><span style=\"color: #333333;\">GALLARDO, A.; 2001. Descomposici\u00f3n de hojarasca en ecosistemas mediterr\u00e1neos. En: Ecosistemas mediterr\u00e1neos. An\u00e1lisis funcional. Zamora, R.; Pugnaire, F.I. (Eds). Textos universitarios n\u00b0 32, CSIC y AEET, Castillo y Edisart, S.L., pp. 95-122.<\/span><\/td>\n<\/tr>\n<tr style=\"height: 112px;\">\n<td style=\"height: 112px; width: 100%;\" width=\"631\"><span style=\"color: #333333;\"><a style=\"color: #333333;\" href=\"http:\/\/revistaecosistemas.net\/index.php\/ecosistemas\/article\/view\/60\">GALLARDO, A.; COVELO, F., MORILLAS, L.; DELGADO, M.; 2009. Ciclos de nutrientes y procesos ed\u00e1ficos en los ecosistemas terrestres: especificidades del caso mediterr\u00e1neo y sus implicaciones para las relaciones suelo-planta. Ecosistemas 18: 4-19.<\/a><\/span><\/td>\n<\/tr>\n<tr style=\"height: 56px;\">\n<td style=\"height: 56px; width: 100%;\" width=\"631\"><span style=\"color: #333333;\"><a style=\"color: #333333;\" href=\"https:\/\/esajournals.onlinelibrary.wiley.com\/doi\/abs\/10.2307\/1939510\">GALLARDO, A.; MERINO, J.; 1993. Leaf decomposition in two Mediterranean ecosystems of southwest Spain: influence of substrate quality. Ecology 74: 152-161.<\/a><\/span><\/td>\n<\/tr>\n<tr style=\"height: 84px;\">\n<td style=\"height: 84px; width: 100%;\" width=\"631\"><span style=\"color: #333333;\"><a style=\"color: #333333;\" href=\"https:\/\/ci.nii.ac.jp\/naid\/10006693508\/\">GALLARDO, A.; MERINO, J.; 1999. Control of litter decomposition rate in a mediterranean shrubland as indicated by N, P and lignin concentrations. Pedobiolog\u00eda 43: 64-72.<\/a><\/span><\/td>\n<\/tr>\n<tr style=\"height: 84px;\">\n<td style=\"height: 84px; width: 100%;\" width=\"631\"><span style=\"color: #333333;\"><a style=\"color: #333333;\" href=\"https:\/\/www.afs-journal.org\/articles\/forest\/abs\/1998\/07\/AFS_0003-4312_1998_55_7_ART0001\/AFS_0003-4312_1998_55_7_ART0001.html\">GALLARDO, J.F.; MARTIN, A.; REGINA, I.S.; 1998. Nutrient cycling in decidous forest ecosystems of the Sierra de Gata mountains, aboveground litter production and potential nutrient return. Ann Sci For 55: 749-769.<\/a><\/span><\/td>\n<\/tr>\n<tr style=\"height: 84px;\">\n<td style=\"height: 84px; width: 100%;\" width=\"631\"><span style=\"color: #333333;\">GARCIA DEL BARRIO, J.M.; 2000. Compartimentos y flujos de biomasa y nutrientes en un pinar de Pinus sylvestris L. en el monte de Valsa\u00edn. Monograf\u00edas INIA: Forestal n\u00b02, Ministerio de Ciencia y Tecnolog\u00eda, INIA, Madrid, 178 pp.<\/span><\/td>\n<\/tr>\n<tr style=\"height: 56px;\">\n<td style=\"height: 56px; width: 100%;\" width=\"631\"><span style=\"color: #333333;\"><a style=\"color: #333333;\" href=\"https:\/\/eprints.ucm.es\/id\/eprint\/7335\/\">GARCIA IBA\u00d1EZ, E.; 2001. Efecto sobre el suelo de la hojarasca de arbustos de la Sierra de Guadarrama. Madrid: Tesis doctoral. UCM.<\/a><\/span><\/td>\n<\/tr>\n<tr style=\"height: 168px;\">\n<td style=\"height: 168px; width: 100%;\" width=\"631\"><span style=\"color: #333333;\">GARC\u00cdA M.A., BACHMEIER O.A., ROLL\u00c1N A. 2011. Impacto del reemplazo de pastizales por plantaciones de Eucalyptus grandis en el carbono org\u00e1nico ed\u00e1fico en vertisoles de Argentina. En: Turri\u00f3n Nieves M.B., Garc\u00eda-Oliva F., D\u00edaz-Trujillo G.C., Madej\u00f3n-Rodr\u00edguez E. (eds.), Materia org\u00e1nica ed\u00e1fica y captura de carbono en sistemas iberoamericanos. Sociedad Iberoamericana de F\u00edsica y Qu\u00edmica Ambiental, Salamanca. Pp: 103-116.<\/span><\/td>\n<\/tr>\n<tr style=\"height: 112px;\">\n<td style=\"height: 112px; width: 100%;\" width=\"631\"><span style=\"color: #333333;\"><a style=\"color: #333333;\" href=\"https:\/\/www.raco.cat\/index.php\/BolletiSHNBalears\/article\/download\/168318\/244944\">GARCIA-PLE, C.; PRATS, E.; VANRELL, P.; SABATER, L.; MOREY, M.; 1990. Din\u00e1mica de la descomposici\u00f3n de las hojas de Pinus halepensis Mill. en Cap des Pinar (Alc\u00fadia, Mallorca). Bollet\u00ed de la Societat d\u2019Hist\u00f2ria Natural de les Balears 33: 175-187.<\/a><\/span><\/td>\n<\/tr>\n<tr style=\"height: 56px;\">\n<td style=\"height: 56px; width: 100%;\" width=\"631\"><span style=\"color: #333333;\"><a style=\"color: #333333;\" href=\"https:\/\/onlinelibrary.wiley.com\/doi\/abs\/10.2307\/3236251\">GARCIA-PLE, C.; VANRELL, P.; MOREY, M.; 1995. Litter fall and decomposition in a Pinus halepensis forest on Mallorca. Journal of Vegetation Science 6: 17-22.<\/a><\/span><\/td>\n<\/tr>\n<tr style=\"height: 56px;\">\n<td style=\"height: 56px; width: 100%;\" width=\"631\"><span style=\"color: #333333;\"><a style=\"color: #333333;\" href=\"https:\/\/onlinelibrary.wiley.com\/doi\/abs\/10.1111\/j.0030-1299.2004.12738.x\">GARTNER, T.B.; CARDON, Z.G.; 2004. Decomposition dynamics in mixted-species leaf litter. Oikos 104: 230-246.<\/a><\/span><\/td>\n<\/tr>\n<tr style=\"height: 56px;\">\n<td style=\"height: 56px; width: 100%;\" width=\"631\"><span style=\"color: #333333;\"><a style=\"color: #333333;\" href=\"https:\/\/digital.csic.es\/handle\/10261\/67045\">GONZ\u00c1LEZ, E.; 2012. Seasonal patterns of litterfall in the floodplain forest of a large Mediterranean river. Limnetica 31: 173-186.<\/a><\/span><\/td>\n<\/tr>\n<tr style=\"height: 84px;\">\n<td style=\"height: 84px; width: 100%;\" width=\"631\"><span style=\"color: #333333;\"><a style=\"color: #333333;\" href=\"https:\/\/link.springer.com\/article\/10.1023\/A:1009771903599\">GONZALEZ-ARIAS, A.; AMEZAGA, I.; ECHEANDIA, A.; DOMINGO, M.; ONAINDIA, M.; 1998. Effects of pollution on the nutrient return via litterfall for Pinus radiata plantations in the Basque Country. Plant Ecology 139: 247-258.<\/a><\/span><\/td>\n<\/tr>\n<tr style=\"height: 56px;\">\n<td style=\"height: 56px; width: 100%;\" width=\"631\"><span style=\"color: #333333;\"><a style=\"color: #333333;\" href=\"https:\/\/academic.oup.com\/forestscience\/article-abstract\/39\/suppl_1\/a0001\/4626879\">GREEN, R.N.; TROWBRIDGE, R.L.; KLINKA, K.; 1993. Towards a taxonomic classification of humus forms. Forest Science Monograph. 29: 1-48.<\/a><\/span><\/td>\n<\/tr>\n<tr style=\"height: 84px;\">\n<td style=\"height: 84px; width: 100%;\" width=\"631\"><span style=\"color: #333333;\"><a style=\"color: #333333;\" href=\"https:\/\/www.academia.edu\/download\/51302452\/Towards_a_taxonomic_classification_of_hu20170111-6813-jwkfyd.pdf\">GREEN, R.N.; TROWBRIDGE, R.L.; KLINKA, K.; 1997. Towards a taxonomic classification of humus forms: third approximation. Scientia Silvica, Extension Series 9: 12-31.<\/a><\/span><\/td>\n<\/tr>\n<tr style=\"height: 80px;\">\n<td style=\"height: 80px; width: 100%;\"><span style=\"color: #333333;\"><a style=\"color: #333333;\" href=\"https:\/\/onlinelibrary.wiley.com\/doi\/abs\/10.1046\/j.1354-1013.2002.00486.x\">GUO, L. B., &amp; GIFFORD, R. M. (2002<\/a><a style=\"font-family: inherit; font-size: inherit; color: #333333;\" href=\"https:\/\/onlinelibrary.wiley.com\/doi\/abs\/10.1046\/j.1354-1013.2002.00486.x\">). Soil carbon stocks and land use change: a meta analysis. Global Change Biology, 8(4), 345\u2013360.\u00a0<\/a><\/span><\/td>\n<\/tr>\n<tr style=\"height: 112px;\">\n<td style=\"height: 112px; width: 100%;\" width=\"631\"><span style=\"color: #333333;\">HARMON, M.E.; NADELHOFFER, K.J; BLAIR, J. M.; 1999. Analysis of detritus and organic horizons for mineral and organic constituents. In: Standard soil methods for long-term eological research.Robertson, G.P.; Coleman, D.C.; Bledsoe, C.S.; Sollins, P. (eds.) Oxford University Press, Oxford, pp. 143-165.<\/span><\/td>\n<\/tr>\n<tr style=\"height: 112px;\">\n<td style=\"height: 112px; width: 100%;\" width=\"631\"><span style=\"color: #333333;\"><a style=\"color: #333333;\" href=\"https:\/\/link.springer.com\/chapter\/10.1007\/3-540-26599-6_8\">HATTENSCHWILER, S.; 2005. Effects of tree species diversity on litter quality and decomposition. En: Forest diversity and function: Temperate and Boreal Systems. Scherer-Lorenzen, M.; K\u00f6rner, C.; Schulze, E.-D. (eds.). Ecological Studies 176. Berlin Heidelberg, pp. 149-164.<\/a><\/span><\/td>\n<\/tr>\n<tr style=\"height: 84px;\">\n<td style=\"height: 84px; width: 100%;\" width=\"631\"><span style=\"color: #333333;\"><a style=\"color: #333333;\" href=\"https:\/\/www.annualreviews.org\/doi\/abs\/10.1146\/annurev.ecolsys.36.112904.151932\">HATTENSCHWILER, S.; TIUNOV, A.V.; SCHEU, S.; 2005. Biodiversity and litter decomposition in terrestrial ecosystems. Annual Review of Ecology, Evolution and Systematics 36: 191-218.<\/a><\/span><\/td>\n<\/tr>\n<tr style=\"height: 84px;\">\n<td style=\"height: 84px; width: 100%;\" width=\"631\"><span style=\"color: #333333;\"><a style=\"color: #333333;\" href=\"https:\/\/link.springer.com\/chapter\/10.1007\/978-94-017-2836-2_27\">HERNANDEZ, I.; GALLARDO, J.; SANTA REGINA, I.; QUILCHANO, C.; 1992. Decomposition ratio de Quercus rotundifolia leaves in an evergreen oak forest of the Duero Basin (Province de Zamora, Spain). Vegetatio 90-100: 259-262.<\/a><\/span><\/td>\n<\/tr>\n<tr style=\"height: 84px;\">\n<td style=\"height: 84px; width: 100%;\" width=\"631\"><span style=\"color: #333333;\"><a style=\"color: #333333;\" href=\"https:\/\/www.tandfonline.com\/doi\/abs\/10.1080\/15324989509385911\">HERNANDEZ, I.; SANTA REGINA, I.; GALLARDO, J.; 1995. Dynamics of bioelements during leaf decomposition in three forest ecosystems of semiarid climate in the Duero Basin. Arid Soil Research and Rehabilitation 9: 437-455.<\/a><\/span><\/td>\n<\/tr>\n<tr style=\"height: 84px;\">\n<td style=\"height: 84px; width: 100%;\" width=\"631\"><span style=\"color: #333333;\"><a style=\"color: #333333;\" href=\"https:\/\/revistas.inia.es\/index.php\/fs\/article\/view\/9149\">HERRERO, C.; TURRI\u00d3N, M.B.; PANDO, V.; BRAVO, F.; 2016. Carbon content of forest floor and mineral soil in Mediterranean Pinus spp. and Oak stands in acid soils in Northern Spain. Forest Systems 25: 065.<\/a><\/span><\/td>\n<\/tr>\n<tr style=\"height: 140px;\">\n<td style=\"height: 140px; width: 100%;\" width=\"631\"><span style=\"color: #333333;\"><a style=\"color: #333333;\" href=\"https:\/\/www.sciencedirect.com\/science\/article\/pii\/S092913931100134X\">INCERTI, G.; BONANOMI, G.; GIANNINO, F.; RUTIGLIANO, FA.; PIERMATTEO, D.; CASTALDI, S.; DE MARCO, A.; FIERRO, A.; FIORETTO, A.; MAGGI, O.; PAPA, S.; PERSIANI, AM.; FEOLI, E.; VIRZO DE SANTO, A.; MAZZOLENI, S.; 2011. Litter decomposition in Mediterranean ecosystems: modeling the controlling role of climatic conditions and litter quality. Applied Soil Ecology 49:148\u2013157.<\/a><\/span><\/td>\n<\/tr>\n<tr style=\"height: 84px;\">\n<td style=\"height: 84px; width: 100%;\" width=\"631\"><span style=\"color: #333333;\">LABRADOR, J.; 2001. La materia org\u00e1nica en los agrosistemas. Aproximaci\u00f3n al conocimiento de la din\u00e1mica, la gesti\u00f3n y la reutilizaci\u00f3n de la materia org\u00e1nica en los agrosistemas. Mundi-Prensa. Madrid. Espa\u00f1a.<\/span><\/td>\n<\/tr>\n<tr style=\"height: 112px;\">\n<td style=\"height: 112px; width: 100%;\" width=\"631\"><span style=\"color: #333333;\"><a style=\"color: #333333;\" href=\"https:\/\/link.springer.com\/article\/10.1007\/s10342-015-0923-x\">LADO-MONSERRAT, L.; LID\u00d3N, A.; BAUTISTA, I.; 2016. Erratum to: Litterfall, litter decomposition and associated nutrient fluxes in Pinus halepensis: influence of tree removal intensity in a Mediterranean forest. European Journal of Forest Research 135: 203-214.<\/a><\/span><\/td>\n<\/tr>\n<tr style=\"height: 84px;\">\n<td style=\"height: 84px; width: 100%;\" width=\"631\"><span style=\"color: #333333;\">LAVADO, M.; NU\u00d1EZ, E.; ESCUDERO, J.C.; 1989. Variaciones mensuales en el aporte de biomasa al suelo por distintas especies de matorral mediterr\u00e1neo. Options M\u00e9diterran\u00e9ennes: S\u00e9rie A. S\u00e9minaires M\u00e9diterran\u00e9ens 3: 167-172.<\/span><\/td>\n<\/tr>\n<tr style=\"height: 84px;\">\n<td style=\"height: 84px; width: 100%;\" width=\"631\"><span style=\"color: #333333;\"><a style=\"color: #333333;\" href=\"https:\/\/link.springer.com\/article\/10.1007\/BF00118228\">LEONARDI, S.; RAPP, M.; DENES, A.; 1992. Organic matter distribution and fluxes within a holm oak (Quercus ilex L.) stand in the Etna volcano. A synthesis. Vegetatio 99-100: 219-224.<\/a><\/span><\/td>\n<\/tr>\n<tr style=\"height: 56px;\">\n<td style=\"height: 56px; width: 100%;\" width=\"631\"><span style=\"color: #333333;\"><a style=\"color: #333333;\" href=\"https:\/\/www.persee.fr\/doc\/ecmed_0153-8756_1988_num_14_3_1217\">LEONARDI, S.; RAPP, M.; LA ROSA, V.; 1988. Repartition et dinamique de la mat\u00e8rie organique dans une f\u00f4rest de Pinus laricio Poir. Ecolog\u00eda mediterr\u00e1nea 14: 17-29.<\/a><\/span><\/td>\n<\/tr>\n<tr style=\"height: 112px;\">\n<td style=\"height: 112px; width: 100%;\" width=\"631\"><span style=\"color: #333333;\"><a style=\"color: #333333;\" href=\"https:\/\/www.researchgate.net\/profile\/Juan-Gallardo-Lancho\/publication\/235908258_Dinamica_de_la_descomposicion_de_hojas_de_rebollo_en_cuatro_ecosistemas_forestales_de_la_Sierra_de_Gata_Provincia_de_Salamanca_Espana_Indices_de_descomposicion\/links\/54d891c80cf2970e4e780f65\/Dinamica-de-la-descomposicion-de-hojas-de-rebollo-en-cuatro-ecosistemas-forestales-de-la-Sierra-de-Gata-Provincia-de-Salamanca-Espana-Indices-de-descomposicion.pdf\">MARTIN, A.; GALLARDO, J. F.; SANTA REGINA, I.; 1993. Din\u00e1mica de la descomposici\u00f3n de hojas de rebollo en cuatro ecosistemas forestales de la Sierra de Gata (provincia de Salamanca, Espa\u00f1a): \u00cdndices de descomposici\u00f3n. Investigaci\u00f3n Agraria: Sistemas y Recursos Forestales 2: 5-17.<\/a><\/span><\/td>\n<\/tr>\n<tr style=\"height: 84px;\">\n<td style=\"height: 84px; width: 100%;\" width=\"631\"><span style=\"color: #333333;\"><a style=\"color: #333333;\" href=\"https:\/\/www.afs-journal.org\/articles\/forest\/abs\/1996\/04\/AFS_0003-4312_1996_53_4_ART0002\/AFS_0003-4312_1996_53_4_ART0002.html\">MARTIN, A.; GALLARDO, J. F.; SANTA REGINA, I.; 1996. Aboveground litter production and bioelement potential return in evergreen oak (Quercus rotundifolia) woodland near Salamanc (Spain). Ann Sci For 53: 811-818.<\/a><\/span><\/td>\n<\/tr>\n<tr style=\"height: 84px;\">\n<td style=\"height: 84px; width: 100%;\" width=\"631\"><span style=\"color: #333333;\"><a style=\"color: #333333;\" href=\"https:\/\/www.afs-journal.org\/articles\/forest\/abs\/1997\/02\/AFS_0003-4312_1997_54_2_ART0006\/AFS_0003-4312_1997_54_2_ART0006.html\">MARTIN, A.; GALLARDO, J. F.; SANTA REGINA, I.; 1997. Long-term decomposition process of leaf litter from Quercus pyrenaica forests across a rainfall gradient (Spanish Central Systems). Ann Sci For 54: 191-202.<\/a><\/span><\/td>\n<\/tr>\n<tr style=\"height: 84px;\">\n<td style=\"height: 84px; width: 100%;\" width=\"631\"><span style=\"color: #333333;\"><a style=\"color: #333333;\" href=\"https:\/\/dialnet.unirioja.es\/servlet\/tesis?codigo=213446\">MOLINERO, J.; 2000. Nitr\u00f3geno y f\u00f3sforo en la materia org\u00e1nica particulada bent\u00f3nica: Influencia en la vegetaci\u00f3n riparia, de las caracter\u00edsticas del cauce y de la qu\u00edmica del agua. Tesis doctoral. Universidad del Pa\u00eds Vasco.<\/a><\/span><\/td>\n<\/tr>\n<tr style=\"height: 84px;\">\n<td style=\"height: 84px; width: 100%;\" width=\"631\"><span style=\"color: #333333;\"><a style=\"color: #333333;\" href=\"https:\/\/link.springer.com\/article\/10.1007\/BF00704850\">MONTAGNINI, F.; RAMSTAD, K.; SANCHHO, F.; 1993. Litterfall, litter decomposition and the use of mulch of four indigenous tree species in the Atlantic lowlands of Costa Rica. Agroforestry Systems 23: 39-61.<\/a><\/span><\/td>\n<\/tr>\n<tr style=\"height: 84px;\">\n<td style=\"height: 84px; width: 100%;\" width=\"631\"><span style=\"color: #333333;\"><a style=\"color: #333333;\" href=\"https:\/\/www.sciencedirect.com\/science\/article\/pii\/S0305736400912691\">MORO, M. J.; DOMINGO, F. 2000. Litter Decomposition in Four Woody Species in a Mediterranean Climate: Weight loss, N and P dynamics. Annals of Botany 86: 1065-1071.<\/a><\/span><\/td>\n<\/tr>\n<tr style=\"height: 84px;\">\n<td style=\"height: 84px; width: 100%;\" width=\"631\"><span style=\"color: #333333;\"><a style=\"color: #333333;\" href=\"https:\/\/www.sciencedirect.com\/science\/article\/pii\/S0305736496901778\">MORO, M. J.; DOMINGO, F.; ESCARRE, A.; 1996. Organic matter and nitrogen cycles in a pine afforest catchment with a shrub layer of Adenocarpus decorticans and Cistus laurifolius in south eastern Spain. Annals of Botany 78: 675-685.<\/a><\/span><\/td>\n<\/tr>\n<tr style=\"height: 112px;\">\n<td style=\"height: 112px; width: 100%;\" width=\"631\"><span style=\"color: #333333;\">MOYANO. A.; BARRO, R.; CARRASCO, J,E,; SIXTO, H.; CIRIA, P., 2010. Relation between edafoclimatic conditions and decomposition rate of poplar leaves on short rotation conditions. 18th European Biomass Conference &amp; Exhibition. From Research to Industry and Markets, Lyon, France.<\/span><\/td>\n<\/tr>\n<tr style=\"height: 84px;\">\n<td style=\"height: 84px; width: 100%;\" width=\"631\"><span style=\"color: #333333;\"><a style=\"color: #333333;\" href=\"https:\/\/link.springer.com\/article\/10.1023\/A:1004237305438\">PARDO, F.; GIL, L.; PARDOS, J.A.; 1997. Field study of beech (Fagus sylvatica L.) and melojo oak (Quercus pyrenaica Willd) leaf litter decomposition in the center of the Iberian Peninsula. Plant and Soil 191: 89-100.<\/a><\/span><\/td>\n<\/tr>\n<tr style=\"height: 112px;\">\n<td style=\"height: 112px; width: 100%;\" width=\"631\"><span style=\"color: #333333;\">PARDO, F.; GIL, L.; PARDOS, J.A.; 1999. Estudio del desfronde en tres bosques del Sistema Central (Madrid): Evoluci\u00f3n anual y aporte de materia seca al suelo. Actas del II Congreso Forestal Espa\u00f1ol, Pamplona, Sociedad Espa\u00f1ola de Ciencias Forestales, pp. 467-472.<\/span><\/td>\n<\/tr>\n<tr style=\"height: 84px;\">\n<td style=\"height: 84px; width: 100%;\" width=\"631\"><span style=\"color: #333333;\"><a style=\"color: #333333;\" href=\"https:\/\/sia.revistas.inia.es\/index.php\/fs\/article\/view\/2711\">PATRICIO, M.S.; NUNES, L. F.; PEREIRA, E.L.; 2012. Litterfall and litter decomposition in chestnut high forest stands in northern Portugal. Forest Systems 21: 259-271.<\/a><\/span><\/td>\n<\/tr>\n<tr style=\"height: 56px;\">\n<td style=\"height: 56px; width: 100%;\" width=\"631\"><span style=\"color: #333333;\"><a style=\"color: #333333;\" href=\"https:\/\/onlinelibrary.wiley.com\/doi\/abs\/10.2307\/3237368\">PAUSAS, J.G.; 1997. Litter fall and litter decomposition in Pinus sylvestris forests of the eastern Pyrenees. Journal of Vegetation Science 8: 643-650.<\/a><\/span><\/td>\n<\/tr>\n<tr style=\"height: 84px;\">\n<td style=\"height: 84px; width: 100%;\" width=\"631\"><span style=\"color: #333333;\">PEREIRA, A. P.; GRA\u00c7A, M. A.S.; MOLLES, M.; 1998. Leaf litter decomposition in relation to litter physico-chemical properties, fungal biomass, arthropod colonization, and geographical origin of plant species. Pedobiologia 42: 316-327.<\/span><\/td>\n<\/tr>\n<tr style=\"height: 84px;\">\n<td style=\"height: 84px; width: 100%;\" width=\"631\"><span style=\"color: #333333;\"><a style=\"color: #333333;\" href=\"https:\/\/www.tandfonline.com\/doi\/abs\/10.1080\/00103620600588496\">P\u00c9REZ-CORONA, M.E.; P\u00c9REZ HERN\u00c1NDEZ, M.C.; BERM\u00daDEZ, F.; 2006. Decomposition of alder, ash and poplar litter in a Mediterranean riverine area. Soil Science and Plant Analysis 37: 1111\u00ad1125.<\/a><\/span><\/td>\n<\/tr>\n<tr style=\"height: 84px;\">\n<td style=\"height: 84px; width: 100%;\" width=\"631\"><span style=\"color: #333333;\"><a style=\"color: #333333;\" href=\"https:\/\/www.sciencedirect.com\/science\/article\/pii\/S0378112798005088\">RAPP, M.; SANTA-REGINA, I.; RICO, M.; GALLEGO, H.A.; 1999. Biomass, nutrient content, literfall and nutrient return to the soil in Mediterranean oak forest. Forest Ecology and Management 119: 39-49.<\/a><\/span><\/td>\n<\/tr>\n<tr style=\"height: 84px;\">\n<td style=\"height: 84px; width: 100%;\" width=\"631\"><span style=\"color: #333333;\"><a style=\"color: #333333;\" href=\"https:\/\/www.researchgate.net\/profile\/Ramon-Vallejo\/publication\/264845419_ESTUDIO_DEL_CICLO_DE_LA_MATERIA_ORGANICA_EN_UN_ENCINAR_CONTINENTAL_DE_LA_DEPRESION_CENTRAL_CATALANA\/links\/5461f2f30cf2c1a63c012a03\/ESTUDIO-DEL-CICLO-DE-LA-MATERIA-ORGANICA-EN-UN-ENCINAR-CONTINENTAL-DE-LA-DEPRESION-CENTRAL-CATALANA.pdf\">ROSICH, D.; CASTELLO, A.; VALLEJO, V.R.; 1989. Estudio del ciclo de la materia org\u00e1nica en un encinar continental de la Depresi\u00f3n Central Catalana. Options M\u00e9diterran\u00e9ennes: S\u00e9rie A. S\u00e9minaires M\u00e9diterran\u00e9ens 3: 173-177.<\/a><\/span><\/td>\n<\/tr>\n<tr style=\"height: 112px;\">\n<td style=\"height: 112px; width: 100%;\"><span style=\"color: #333333;\"><a style=\"color: #333333;\" href=\"https:\/\/digital.csic.es\/handle\/10261\/35289\">Salazar, S., Sanchez, L. E., &amp; Galindo, P. (2010). Above-ground tree biomass equations and nutrient pools for a paraclimax chestnut stand and for a climax oak stand in the Sierra de Francia Mountains , Salamanca , Spain. Scientific Research and Essays, 5(11), 1294\u20131301.\u00a0<\/a><\/span><\/td>\n<\/tr>\n<tr style=\"height: 84px;\">\n<td style=\"height: 84px; width: 100%;\" width=\"631\"><span style=\"color: #333333;\"><a style=\"color: #333333;\" href=\"https:\/\/www.afs-journal.org\/articles\/forest\/abs\/1995\/04\/AFS_0003-4312_1995_52_4_ART0009\/AFS_0003-4312_1995_52_4_ART0009.html\">SANTA REGINA, I., GALLARDO J.F.; 1995. Biogeochemical cycles in forests of the \u201cSierra de B\u00e9jar\u201d mountains (province of Salamanca, Spain): decomposition inded of the leaf litter. Ann Sci For 52: 393-399.<\/a><\/span><\/td>\n<\/tr>\n<tr style=\"height: 84px;\">\n<td style=\"height: 84px; width: 100%;\" width=\"631\"><span style=\"color: #333333;\"><a style=\"color: #333333;\" href=\"https:\/\/www.afs-journal.org\/articles\/forest\/abs\/2000\/06\/f0705\/f0705.html?mb=0\">SANTA REGINA, I.; 2000. Organic matter distribution and nutrient fluxes within a sweet chestnut (Castanea sativa Mill.) stand of the Sierra de Gata, Spain. Ann For Sci 57: 691-700.<\/a><\/span><\/td>\n<\/tr>\n<tr style=\"height: 56px;\">\n<td style=\"height: 56px; width: 100%;\" width=\"631\"><span style=\"color: #333333;\"><a style=\"color: #333333;\" href=\"https:\/\/academic.oup.com\/forestry\/article-abstract\/74\/4\/347\/554410\">SANTA REGINA, I.; 2001. Litter fall, decomposition and nutrient release in three semi-arid forests of the Duero basin, Spain. Forestry 74: 347-358.<\/a><\/span><\/td>\n<\/tr>\n<tr style=\"height: 84px;\">\n<td style=\"height: 84px; width: 100%;\" width=\"631\"><span style=\"color: #333333;\"><a style=\"color: #333333;\" href=\"https:\/\/www.researchgate.net\/profile\/Juan-Gallardo-Lancho\/publication\/279554298_Return_to_the_soil_of_bioelements_in_three_forested_ecosystems_in_the_Candelario_Basin_Sierra_de_Bejar_Salamanca_SpainRetorno_al_suelo_de_bioelementos_en_tres_ecosistemas_forestales_de_la_cuenca_de_Ca\/links\/5637940b08ae1740c93b1be6\/Return-to-the-soil-of-bioelements-in-three-forested-ecosystems-in-the-Candelario-Basin-Sierra-de-Bejar-Salamanca-SpainRetorno-al-suelo-de-bioelementos-en-tres-ecosistemas-forestales-de-la-cuenca-de.pdf\">SANTA REGINA, I.; GALLARDO, J.F.; 1985. Retorno al suelo de bioelementos en tres ecosistemas forestales de la Cuenca de Candelario (Sierra de B\u00e9jar, Salamanca). Revue d\u2019\u00e9cologie et de biologie du Sol 22: 407-417.<\/a><\/span><\/td>\n<\/tr>\n<tr style=\"height: 112px;\">\n<td style=\"height: 112px; width: 100%;\" width=\"631\"><span style=\"color: #333333;\"><a style=\"color: #333333;\" href=\"https:\/\/digital.csic.es\/handle\/10261\/57381\">SANTA REGINA, I.; SAN MIGUEL, C.; GALLARDO, J.F.; PEREZ, C.; 1986. Evoluci\u00f3n y velocidad de descomposici\u00f3n de la hojarasca en tres bosques en la Sierra de B\u00e9jar (Salamanca). Anuario 11. Centro de Edafolog\u00eda y Biolog\u00eda Aplicada de Salamanca. CSIC. (eds.), pp. 217-231.<\/a><\/span><\/td>\n<\/tr>\n<tr style=\"height: 84px;\">\n<td style=\"height: 84px; width: 100%;\" width=\"631\"><span style=\"color: #333333;\"><a style=\"color: #333333;\" href=\"https:\/\/www.tandfonline.com\/doi\/abs\/10.1080\/15324989509385886\">SANTA REGINA, I.; TARAZONA, T.; 1995. Dynamics of litter decomposition in two mediterranean climate zone forests of the sierra de la Demanda, Spain. Arid Soil Research and Rehabilitation 9: 201-207.<\/a><\/span><\/td>\n<\/tr>\n<tr style=\"height: 56px;\">\n<td style=\"height: 56px; width: 100%;\" width=\"631\"><span style=\"color: #333333;\"><a style=\"color: #333333;\" href=\"https:\/\/www.afs-journal.org\/articles\/forest\/abs\/1999\/08\/AFS_0003-4312_1999_56_8_ART0004\/AFS_0003-4312_1999_56_8_ART0004.html\">SANTA REGINA, I.; TARAZONA, T.; 1999. Organic matter dynamics in beech and pine stands of mountainous Mediterranean climate area. Ann For Sci 56: 667-667.<\/a><\/span><\/td>\n<\/tr>\n<tr style=\"height: 84px;\">\n<td style=\"height: 84px; width: 100%;\" width=\"631\"><span style=\"color: #333333;\"><a style=\"color: #333333;\" href=\"https:\/\/www.tandfonline.com\/doi\/abs\/10.1080\/089030600406653\">SANTA REGINA, I.; TARAZONA, T.; 2000. Nutrient return to the soil through litterfall and throughfall under beech and pine stands of Sierra de la Demanda, Spain. Arid Soil Research and Rehabilitation 14: 239-252.<\/a><\/span><\/td>\n<\/tr>\n<tr style=\"height: 84px;\">\n<td style=\"height: 84px; width: 100%;\" width=\"631\"><span style=\"color: #333333;\"><a style=\"color: #333333;\" href=\"https:\/\/www.cabdirect.org\/cabdirect\/abstract\/20033029501\">SCHROTH, G.; 2003. Decomposition and nutrient supply from biomass. In Trees, crops and soil fertility: Concepts and methods. Schroth, G; Sinclair, F.L. (eds.) Wallingford, Oxon, UK. CABI Publishing, pp. 131-159.<\/a><\/span><\/td>\n<\/tr>\n<tr style=\"height: 84px;\">\n<td style=\"height: 84px; width: 100%;\" width=\"631\"><span style=\"color: #333333;\"><a style=\"color: #333333;\" href=\"https:\/\/cdnsciencepub.com\/doi\/abs\/10.1139\/b82-199\">STAAF, H.; BERG, B.; 1982. Accumulation and release of plant nutrients in decomposing Scots pine needle litter. Longterm decomposition in a Scots pine forest. II. Canadian Journal of Botany 60: 1561-1568.<\/a><\/span><\/td>\n<\/tr>\n<tr style=\"height: 140px;\">\n<td style=\"height: 140px; width: 100%;\" width=\"631\"><span style=\"color: #333333;\"><a style=\"color: #333333;\" href=\"https:\/\/www.sciencedirect.com\/science\/article\/pii\/S0378112707000035\">TATENO, R.; TOCKUCHI, N.; YAMANAKA, N.; DU, S.; OTSUKI, K.; SHIMAMURA, T.; XUE, Z.; WANG, S.; HOU, Q.; 2007. Comparision of litterfall production and leaf litter decomposition between an exotic black locust plantation and an indigenous oak forest near Yan\u2019an on the Loess Plateau, China. Forest Ecology and Mangement 241: 84-90.<\/a><\/span><\/td>\n<\/tr>\n<tr style=\"height: 10px;\">\n<td style=\"height: 10px; width: 100%;\"><span style=\"color: #333333;\"><a style=\"color: #333333;\" href=\"https:\/\/doi.org\/10.1139\/a11-009\">THIFFAULT, E., HANNAM, K. D., PAR\u00c9, D., TITUS, B. D., HAZLETT, P. W., MAYNARD, D. G., &amp; BRAIS, S. (2011<\/a><a style=\"font-family: inherit; font-size: inherit; color: #333333;\" href=\"https:\/\/doi.org\/10.1139\/a11-009\">). Effects of forest biomass harvesting on soil productivity in boreal and temperate forests \u2014 A review. Environmental Reviews, 19(NA), 278\u2013309. https:\/\/doi.org\/10.1139\/a11-009<\/a><\/span><\/td>\n<\/tr>\n<tr style=\"height: 84px;\">\n<td style=\"height: 84px; width: 100%;\" width=\"631\"><span style=\"color: #333333;\"><a style=\"color: #333333;\" href=\"https:\/\/link.springer.com\/article\/10.1007\/s00374-008-0338-7\">WANG, Q.; WANG, S.; HUANG, Y.; 2008. Leaf litter decomposition in the pure and mixed plantations of Cunninghamia lanceolata and Michelia macclurei in subtropical China. Biology and Fertility of Soils 45: 371-377.<\/a><\/span><\/td>\n<\/tr>\n<tr style=\"height: 112px;\">\n<td style=\"height: 112px; width: 100%;\" width=\"631\"><span style=\"color: #333333;\"><a style=\"color: #333333;\" href=\"https:\/\/onlinelibrary.wiley.com\/doi\/abs\/10.1111\/j.1365-2486.2011.02447.x\">WEN-JIE, W., LING, Q., YUAN-GANG, Z., DONG-XUE, S., JING, A., HONG-YAN, W., GUAN-YU, Z., WEI, S., XI-QUAN, C. 2011. Changes in soil organic carbon, nitrogen, pH and bulk density with the development of larch (Larix gmelinii) plantations in China. Global Change Biology 17: 2657-2676<\/a><\/span><\/td>\n<\/tr>\n<tr style=\"height: 112px;\">\n<td style=\"height: 112px; width: 100%;\" width=\"631\"><span style=\"color: #333333;\"><a style=\"color: #333333;\" href=\"https:\/\/www.sciencedirect.com\/science\/article\/pii\/S0378112702000592\">XULUC-TOLOSA; F.J.; VESTER, H.F.M.; RAMIREZ-MARCIAL, N.; CASTELLANOS-ALBORES., J.; LAWRENCE, D.; 2003. Leaf litter decomposition of tree species in three successional phases of tropical dry secondary forest in Campeche, Mexico. Forest Ecology and Management 174: 401-412.<\/a><\/span><\/td>\n<\/tr>\n<tr style=\"height: 168px;\">\n<td style=\"height: 168px; width: 100%;\" width=\"631\"><span style=\"color: #333333;\"><a style=\"color: #333333;\" href=\"https:\/\/hal.archives-ouvertes.fr\/hal-00541496\/\">ZANELLA, A.; JABIOL, B.; PONGE, J.F.; SARTORI, G.; DE WAAL, R.; VAN DELFT,B.; GRAEFE, U.; COOLS, N.; KATZENSTEINER, K.; HAGER, H.; ENGLISCH, M.; BRETHES, A.; BROLL, G.; GOBAT, J.M.; BRUN, J.J.; MILBERT, G.; KOLB, E.; WOLF, U.; FRIZZERA, L.; GALVAN, P.; KOLLI, R.; BARITZ, R.; KEMMERS, R.; VACCA, A.; SERRA, G.; BANAS, D.; GARLATTO, A.; CHERSICH, S.; KLIMO, E.; LANGOH, R.; 2011. European Humus Reference Base.<\/a><\/span><\/td>\n<\/tr>\n<\/tbody>\n<\/table>\n<h3 id=\"Cvegetacion\"><span style=\"color: #333333;\"><strong>CARBONO EN LA VEGETACI\u00d3N<\/strong><\/span><\/h3>\n<table style=\"width: 100%;\" width=\"100%\">\n<tbody>\n<tr>\n<td width=\"631\"><span style=\"color: #333333;\"><a style=\"color: #333333;\" href=\"http:\/\/rabida.uhu.es\/dspace\/handle\/10272\/12027\">ANDIVIA, E.; ALEJANO, R.; V\u00c1ZQUEZ PIQU\u00c9, J.; 2009. Evoluci\u00f3n mensual del desfronde en dos dehesas de Quercus ilex subsp. ballota de la provincia de Huelva. Influencia de la poda. V Congreso Forestal Espa\u00f1ol, \u00c1vila.<\/a><\/span><\/td>\n<\/tr>\n<tr>\n<td><span style=\"color: #333333;\"><a style=\"color: #333333;\" href=\"https:\/\/doi.org\/10.14214\/sf.1628\">Aosaar, J., Mander, \u00dc., Varik, M., Becker, H., Morozov, G., Maddison, M., &amp; Uri, V. (2016). Biomass production and nitrogen balance of naturally afforested silver birch (Betula pendula roth.) stand in Estonia. Silva Fennica, 50(4). https:\/\/doi.org\/10.14214\/sf.1628<\/a><\/span><\/td>\n<\/tr>\n<tr>\n<td width=\"631\"><span style=\"color: #333333;\"><a style=\"color: #333333;\" href=\"http:\/\/www.scielo.org.mx\/scielo.php?script=sci_arttext&amp;pid=S0187-73802009000300011\">AVENDA\u00d1O, D.; ACOSTA, M.; CARRILLO, F.; ETCHEVERS, J.; 2009. Estimaci\u00f3n de biomasa y carbono en un bosque de Abies religiosa. Fitotecnia Mexicana 32: 233-238.<\/a><\/span><\/td>\n<\/tr>\n<tr>\n<td width=\"631\"><span style=\"color: #333333;\"><a style=\"color: #333333;\" href=\"http:\/\/repositorio.ual.es\/handle\/10835\/1455\">BELMONTE SERRATO, F; ROMERO DIAZ, M.A.; LOPEZ BERMUDEZ, F.; 1998. Producci\u00f3n de hojarasca en especies de matorral mediterr\u00e1neo y su relaci\u00f3n con algunos factores ambientales. Nimbus 1-2: 5-16.<\/a><\/span><\/td>\n<\/tr>\n<tr>\n<td width=\"631\"><span style=\"color: #333333;\"><a style=\"color: #333333;\" href=\"https:\/\/sia.revistas.inia.es\/index.php\/fs\/article\/view\/1078\">BLANCO, P; NAVARRO, R.M; 2003. Aboveground phytomass models for major species in shrub ecosystems of Western Andaluc\u00eda. Investigaci\u00f3n Agraria: Sistemas y Recursos Forestales 12: 47-55.<\/a><\/span><\/td>\n<\/tr>\n<tr>\n<td width=\"631\"><span style=\"color: #333333;\">BOGINO S, BRAVO F, HERRERO C. 2006. Carbon dioxide accumulation by pure and mixed woodlands of Pinus sylvestris L. and Quercus pyrenaica Willd in Central Mountain Range (Spain). Proceedings of the IUFRO Div. 4 International Meeting \u00abManaging Forest Ecosystems: the challenges of Climate Change\u00bb. Ed. Cuatroelementos, Valladolid, Spain<\/span><\/td>\n<\/tr>\n<tr>\n<td width=\"631\"><span style=\"color: #333333;\">CABELLO, J.; ESCUDERO, A.; RODA, F.; OLANO, J.M.; FERNANDEZ-PALACIOS, J.M.; GALLARDO, A.; VALLADARES, F.; 2009. Grupo 5. Matorrales escler\u00f3filos, halonitr\u00f3filos y estepas continentales hal\u00f3filas y gips\u00f3filas. En: Bases ecol\u00f3gicas preliminares para la conservaci\u00f3n de los tipos de h\u00e1bitats de inter\u00e9s comunitario en Espa\u00f1a. Madrid. Ministerio de Medio Ambiente, y Medio Rural y Marino.<\/span><\/td>\n<\/tr>\n<tr>\n<td width=\"631\"><span style=\"color: #333333;\"><a style=\"color: #333333;\" href=\"https:\/\/dugi-doc.udg.edu\/bitstream\/handle\/10256\/5334\/45482.pdf?sequence=1\">CARITAT, A.; OLIVA, M.; MOLINAS, M.; 1992. Distribuci\u00f3n de la biomasa en dos parcelas de alcornocal. Scientia Gerundensis 18: 131-142.<\/a><\/span><\/td>\n<\/tr>\n<tr>\n<td width=\"631\"><span style=\"color: #333333;\">CASTRO, I.; CASADO, M.A; RAMIREZ-SANZ, L.; DE MIGUEL, J.M.; COSTA, M.; DIAZ, F.; 1996. Funciones de estimaci\u00f3n de fitomasa a\u00e9rea de varias especies del matorral mediterr\u00e1neo del centro de la pen\u00ednsula Ib\u00e9rica. Orsis 11: 107-116.<\/span><\/td>\n<\/tr>\n<tr>\n<td width=\"631\"><span style=\"color: #333333;\">ESCUDERO, A.; CABELLO, J.; RODA, F.; OLANO, J.M.; GALLARDO, A.; VALLADARES; F.; 2009.; Grupo 4. Brezales y matorrales de la zona templada. En: Bases ecol\u00f3gicas preliminares para la conservaci\u00f3n de los tipos de h\u00e1bitats de inter\u00e9s comunitario en Espa\u00f1a. Madrid. Ministerio de Medio Ambiente, y Medio Rural y Marino.<\/span><\/td>\n<\/tr>\n<tr>\n<td width=\"631\"><span style=\"color: #333333;\"><a style=\"color: #333333;\" href=\"https:\/\/www.redalyc.org\/pdf\/573\/57323108.pdf\">FIGUEROA, C.; ETCHEVERS, J.D.; VELAZQUEZ, A.; ACOSTA, M.; 2005. Concentraci\u00f3n de carbono en diferentes tipos de vegetaci\u00f3n de la Sierra Norte de Oaxaca. Terra latinoamericana 23: 57-64.<\/a><\/span><\/td>\n<\/tr>\n<tr>\n<td width=\"631\"><span style=\"color: #333333;\"><a style=\"color: #333333;\" href=\"https:\/\/scielo.conicyt.cl\/scielo.php?pid=S0717-92002005000200005&amp;script=sci_arttext\">GAYOSO, J.; GUERRA, J.; 2005. Contenido de carbono en biomasa a\u00e9rea de bosque nativo en Chile. Bosque 26: 33-38.<\/a><\/span><\/td>\n<\/tr>\n<tr>\n<td width=\"631\"><span style=\"color: #333333;\">HERRERA, M.A.; DEL VALLE, J.I.; ALONSO, S.; 2001. Biomasa de la Vegetaci\u00f3n Herb\u00e1cea y Le\u00f1osa y Necromasa en Bosques Tropicales Primarios y Secundarios de Colombia. Simposio Internacional Medici\u00f3n y Monitoreo de la Captura de Carbono en Ecosistemas Forestales-Valdivia-Chile.<\/span><\/td>\n<\/tr>\n<tr>\n<td width=\"631\"><span style=\"color: #333333;\">HOUGH, B.; 2001. Estimaci\u00f3n del contenido de carbono de los bosques. Simposio internacional. Medici\u00f3n y monitoreo de la Captura de carbono en Ecosistemas forestales. Valdivia.<\/span><\/td>\n<\/tr>\n<tr>\n<td width=\"631\"><span style=\"color: #333333;\"><a style=\"color: #333333;\" href=\"http:\/\/revistas.uach.cl\/index.php\/bosque\/article\/view\/4309\">HUBER, J.; OYARZUN, C.; 2011. Producci\u00f3n de hojarasca y sus relaciones con factores meteorol\u00f3gicos en un bosque de Pinus radiata (D.Don.). Bosque (5) 1: 1-11.<\/a><\/span><\/td>\n<\/tr>\n<tr>\n<td><span style=\"color: #333333;\"><a style=\"color: #333333;\" href=\"https:\/\/doi.org\/10.14214\/sf.1260\">Hyt\u00f6nen, J., &amp; Saarsalmi, A. (2015). Biomass production of coppiced grey alder and the effect of fertilization. Silva Fennica, 49(1), 1\u201316. https:\/\/doi.org\/10.14214\/sf.1260<\/a><\/span><\/td>\n<\/tr>\n<tr>\n<td width=\"631\"><span style=\"color: #333333;\">LIN, Y.P; LIU, C.P.; LIN, J.C.; 2002. Measurement of specific gravity and carbon content of important timber species in Taiwan. Journal of Forest Science 17: 291-299.<\/span><\/td>\n<\/tr>\n<tr>\n<td width=\"631\"><span style=\"color: #333333;\"><a style=\"color: #333333;\" href=\"https:\/\/dialnet.unirioja.es\/servlet\/articulo?codigo=639878\">MERINO O.; MARTIN A.; 1988. Producci\u00f3n de hojarasca en Formaciones de matorral del SW espa\u00f1ol. Legascalia 15 (Extra): 535-540.<\/a><\/span><\/td>\n<\/tr>\n<tr>\n<td width=\"631\"><span style=\"color: #333333;\"><a style=\"color: #333333;\" href=\"https:\/\/www.academia.edu\/download\/74767113\/Contenido_de_Carbono_en_la_biomasa_de_la20211117-31559-1360mv.pdf\">MONTERO, G.; PASALODOS, M.; MONTOTO, R.; LOPEZ-SENESPLEDA, E.; ONRUBIA, R.; BRAVO-OVIEDO, A.; RUIZ-PEINADO, R.; 2013. Contenido de Carbono en la biomasa de las principales especies de matorral y arbustedos de Espa\u00f1a. Actas del VI Congreso Forestal Espa\u00f1ol. Sociedad Espa\u00f1ola de Ciencias Forestales. Vitoria-Gasteiz, 10-14 Junio 2013.<\/a><\/span><\/td>\n<\/tr>\n<tr>\n<td width=\"631\"><span style=\"color: #333333;\">MONTERO, G.; PASALODOS-TATO, M.; L\u00d3PEZ-SENESPLEDA, E.; ONRUBIA, R.; MADRIGAL, G.; 2013. Ecuaciones para la estimaci\u00f3n de la biomasa en matorrales y arbustedos mediterr\u00e1neos. Actas del VI Congreso Forestal Espa\u00f1ol. Sociedad Espa\u00f1ola de Ciencias Forestales. Vitoria- Gasteiz, 10-14 Junio 2013.<\/span><\/td>\n<\/tr>\n<tr>\n<td width=\"631\"><span style=\"color: #333333;\"><a style=\"color: #333333;\" href=\"https:\/\/www.academia.edu\/download\/74767112\/Produccin_de_Biomasa_y_Fijacin_de_CO2_po20211117-29955-1jgnh5u.pdf\">MONTERO, G.; RUIZ-PEINADO, R.; MU\u00d1OZ M. 2005. Producci\u00f3n de biomasa y fijaci\u00f3n de CO2 por los bosques espa\u00f1oles. Monograf\u00edas INIA. Serie forestal n\u00ba 13. Madrid, 270 pp.<\/a><\/span><\/td>\n<\/tr>\n<tr>\n<td width=\"631\"><span style=\"color: #333333;\"><a style=\"color: #333333;\" href=\"https:\/\/revistas.inia.es\/index.php\/fs\/article\/view\/964\">NAVARRO, R.M.; BLANCO, P.; 2006. Estimation of above-ground biomass in shrubland ecosystems of southern Spain. Investigaci\u00f3n Agraria: Sistemas y Recursos Forestales 15: 197-207.<\/a><\/span><\/td>\n<\/tr>\n<tr>\n<td width=\"631\"><span style=\"color: #333333;\"><a style=\"color: #333333;\" href=\"https:\/\/www.raco.cat\/index.php\/Scientia\/article\/download\/45481\/55015\">OLIVA, M.; CARITAT, A.; MOLINAS, M.; 1992. Variaci\u00f3n estacional del desfronde en dos parcelas de alcornocal. Scientia gerundensis 18: 121-130.<\/a><\/span><\/td>\n<\/tr>\n<tr>\n<td width=\"631\"><span style=\"color: #333333;\"><a style=\"color: #333333;\" href=\"https:\/\/link.springer.com\/article\/10.1007\/s10342-015-0870-6\">PASALODOS-TATO, M.; RUIZ-PEINADO, R.; DEL RIO, M.; MONTERO, G.; 2015. Shrub biomass accumulation and growth rate models to quantify carbon stocks and fluxes for the Mediterranean regi\u00f3n. European Journal of Forest Research 134: 537-553.<\/a><\/span><\/td>\n<\/tr>\n<tr>\n<td width=\"631\"><span style=\"color: #333333;\">PAUSAS, J.G.; CARCELLER, F.; VALLEJO, V.R.; 1994. El desfronde en bosques de Pinus sylvestris L. en relaci\u00f3n con las caracter\u00edsticas clim\u00e1ticas. Ecolog\u00eda 8: 167-176.<\/span><\/td>\n<\/tr>\n<tr>\n<td width=\"631\"><span style=\"color: #333333;\">PERI P.; VIOLA, M.; MARTINEZ, G.; 2004. Estimaci\u00f3n de biomasa y secuestro de carbon en bosques nativos de \u00d1ire (Nothofagus antarctica) en Patagonia Sur. Publicaci\u00f3n t\u00e9cnica forestal 24. Convenio IRTA-UMPA-CAP. Argentina.<\/span><\/td>\n<\/tr>\n<tr>\n<td width=\"631\"><span style=\"color: #333333;\"><a style=\"color: #333333;\" href=\"https:\/\/revistas.inia.es\/index.php\/fs\/article\/view\/2193\">RUIZ-PEINADO, R.; MONTERO, G.; DEL RIO, M.; 2012. Biomass models to estimate carbon stock for hardwood tree species. Forest Systems 21: 42-52.<\/a><\/span><\/td>\n<\/tr>\n<tr>\n<td width=\"631\"><span style=\"color: #333333;\"><a style=\"color: #333333;\" href=\"https:\/\/www.sciencedirect.com\/science\/article\/pii\/S0140196312003011\">RUIZ-PEINADO, R.; MORENO, G.; JUAREZ, E.; MONTERO, G.; ROIG, S.; 2013. The contribution of two common shrub species to above ground and below ground carbon stock in Iberian Dehesa. Journal of Arid Environments 91: 22-30.<\/a><\/span><\/td>\n<\/tr>\n<tr>\n<td width=\"631\"><span style=\"color: #333333;\"><a style=\"color: #333333;\" href=\"https:\/\/www.miteco.gob.es\/ministerio\/pags\/biblioteca\/revistas\/pdf_AM\/Ambienta_98.pdf#page=68\">SAN MIGUEL, A.; PEREA, R.; ROIG, S.; FERNANDEZ OLALLA, M.; 2012. Bosques y matorrales mediterr\u00e1neos continentales. Ambienta 98: 7-9.<\/a><\/span><\/td>\n<\/tr>\n<tr>\n<td width=\"631\"><span style=\"color: #333333;\"><a style=\"color: #333333;\" href=\"https:\/\/www.sciencedirect.com\/science\/article\/pii\/S0378112799002194\">SANTA REGINA, I.; 2000. Biomass estimation and nutrient pools in four Quercus pyrenaica in Sierra de Gata Mountains, Salamanca, Spain. Forest Ecology and Management 132: 127-141.<\/a><\/span><\/td>\n<\/tr>\n<tr>\n<td width=\"631\"><span style=\"color: #333333;\">SEIJAS, E.; BALBOA, M.A.; MERINO, A. RUIZ A.D.; ALVAREA, J.G.; 2009. Ecuaciones de estimaci\u00f3n de biomasa en formaciones de tojo de alta densidad de matorral. 5\u00ba Congreso Forestal Espa\u00f1ol. Sociedad Espa\u00f1ola de Ciencias Forestales. \u00c1vila, 21-25 Septiembre 2009.<\/span><\/td>\n<\/tr>\n<tr>\n<td width=\"631\"><span style=\"color: #333333;\"><a style=\"color: #333333;\" href=\"https:\/\/www.jstor.org\/stable\/3543688\">SYKES, J.M; BUNCE, R.G.H.; 1970. Fluctuations in litter-fall in a mixed deciduous woodland over a three-year period 1966-68. Oikos 21: 326-329.<\/a><\/span><\/td>\n<\/tr>\n<tr>\n<td width=\"631\"><span style=\"color: #333333;\"><a style=\"color: #333333;\" href=\"https:\/\/www.mdpi.com\/1999-4907\/3\/2\/332\">THOMAS, S.C.; MARTIN, A.R.; 2013. Carbon content of tree tissues: a synthesis. Forests 3: 332-352.<\/a><\/span><\/td>\n<\/tr>\n<tr>\n<td width=\"631\"><span style=\"color: #333333;\">USO, J.L; MATEU, J.; KARJALAINEN, T.; SALVADOR, P.; 1997. Allometric regression equations to determine above-ground biomass of Mediterranean shrubs. Plant Ecology 132: 59-69.<\/span><\/td>\n<\/tr>\n<\/tbody>\n<\/table>\n<h3 id=\"ecologia\"><span style=\"color: #333333;\"><strong>ECOLOG\u00cdA<\/strong><\/span><\/h3>\n<table style=\"height: 3978px; width: 100%;\" width=\"100%\">\n<tbody>\n<tr>\n<td style=\"width: 100%;\"><a href=\"https:\/\/link.springer.com\/article\/10.1007\/s11104-022-05593-0\"><span style=\"color: #333333;\">FERN\u00c1NDEZ-ALONSO, M.J., D\u00cdAZ-PIN\u00c9S, E., KITZLER, B. &amp; RUBIO, A. 2022. Tree species composition shapes the assembly of microbial decomposer communities during litter decomposition. Plant and Soil, 480: 457\u2013472.<\/span><\/a><\/td>\n<\/tr>\n<tr>\n<td style=\"width: 100%;\"><span style=\"color: #333333;\"><a style=\"color: #333333;\" href=\"https:\/\/doi.org\/10.1126\/science.aac8083\">ALKAMA, R., &amp; CESCATTI, A. (2016). Biophysical climate impacts of recent changes in global forest cover. Science, 351(6273), 600\u2013604. https:\/\/doi.org\/10.1126\/science.aac8083<\/a><\/span><span style=\"color: #333333;\"><br \/>\n<\/span><\/td>\n<\/tr>\n<tr style=\"height: 56px;\">\n<td style=\"height: 56px; width: 100%;\" width=\"631\"><span style=\"color: #333333;\"><a style=\"color: #333333;\" href=\"https:\/\/dialnet.unirioja.es\/servlet\/tesis?codigo=201566\">ALVERA, B.; 1990. Ciclos de elementos minerales en dos pinares pirenaicos. Tesis doctoral. UCM. 754 pp.<\/a><\/span><\/td>\n<\/tr>\n<tr style=\"height: 84px;\">\n<td style=\"height: 84px; width: 100%;\" width=\"631\"><span style=\"color: #333333;\"><a style=\"color: #333333;\" href=\"https:\/\/www.cabdirect.org\/cabdirect\/abstract\/19700600445\">ANDERSON, F.; 1970. Ecological studies in a Scanian woodland and meadow area, southern Sweden. II. Plant biomass, primary production and turnover of organic matter. Botaniska Notiser 123: 8-51.<\/a><\/span><\/td>\n<\/tr>\n<tr style=\"height: 76px;\">\n<td style=\"height: 76px; width: 100%;\"><span style=\"color: #333333;\"><a style=\"color: #333333;\" href=\"https:\/\/doi.org\/10.1890\/090179\">ANDERSON, R. G., CANADELL, J. G., RANDERSON, J. T., JACKSON, R. B., HUNGATE, B. A, BALDOCCHI, D. D., \u2026 O\u2019HALLORAN, T. L. (2011). Biophysical considerations in forestry for climate protection. Frontiers in Ecology and the Environment, 9(3), 174\u2013182. https:\/\/doi.org\/10.1890\/090179<\/a><\/span><\/td>\n<\/tr>\n<tr style=\"height: 84px;\">\n<td style=\"height: 84px; width: 100%;\" width=\"631\"><span style=\"color: #333333;\"><a style=\"color: #333333;\" href=\"https:\/\/dialnet.unirioja.es\/descarga\/articulo\/4256356.pdf\">ANDIVIA, E.; ALEJANO, R.; FERNANDEZ, M.; 2012. Diferencias interespec\u00edficas en el desfronde de dos especies mediterr\u00e1neas de Quercus: Q. ilex y Q. suber. Cuadernos de la Sociedad Espa\u00f1ola de Ciencias Forestales 35: 61-67.<\/a><\/span><\/td>\n<\/tr>\n<tr style=\"height: 84px;\">\n<td style=\"height: 84px; width: 100%;\" width=\"631\"><span style=\"color: #333333;\"><a style=\"color: #333333;\" href=\"http:\/\/www.sisef.it\/iforest\/contents\/?id=ifor2825-011\">ANDIVIA, E.; BOU, J.; FERNANDEZ, M.; CARITAT, A.; ALEJANO, R.; VILAR, L.; VAZQUEZ-PIQUE, J.; 2018. Assessing the relative role of climate on litterfall in Mediterranean cork oak forests. iForest- Biogeosciences and Forestry 11: 786-793<\/a><\/span><\/td>\n<\/tr>\n<tr style=\"height: 112px;\">\n<td style=\"height: 112px; width: 100%;\" width=\"631\"><span style=\"color: #333333;\"><a style=\"color: #333333;\" href=\"https:\/\/annforsci.biomedcentral.com\/articles\/10.1007\/s13595-020-00941-5\">BARRIO-ANTA, M., CASTEDO-DORADO, F., C\u00c1MARA-OBREG\u00d3N, A., &amp; L\u00d3PEZ-S\u00c1NCHEZ, C. A. (2020). Predicting current and future suitable habitat and productivity for Atlantic populations of maritime pine (Pinus pinaster Aiton) in Spain.\u00a0Annals of Forest Science,\u00a077(2), 1-19.<\/a><\/span><\/td>\n<\/tr>\n<tr style=\"height: 84px;\">\n<td style=\"height: 84px; width: 100%;\" width=\"631\"><span style=\"color: #333333;\"><a style=\"color: #333333;\" href=\"https:\/\/link.springer.com\/chapter\/10.1007\/978-94-017-2836-2_6\">BELLOT, J; SANCHEZ, J.R, LLEDO, M.J; MARTINEZ, P.; ESCARRE, A.; 1992. Litterfall as a measure of primary production in Mediterranean hom-oak forest. Vegetatio 99-100: 69-78.<\/a><\/span><\/td>\n<\/tr>\n<tr style=\"height: 84px;\">\n<td style=\"height: 84px; width: 100%;\" width=\"631\"><span style=\"color: #333333;\"><a style=\"color: #333333;\" href=\"https:\/\/sciendo.com\/pdf\/10.1515\/ffp-2015-0015\">BOU, J.; CARITAT, A.; VILAR, L.; 2015. Litterfall and growth dynamics relationship with the meteorological variability in three forests in the Montseny natural park. Folia Forestalia Polonica 57: 145-159.<\/a><\/span><\/td>\n<\/tr>\n<tr style=\"height: 84px;\">\n<td style=\"height: 84px; width: 100%;\"><span style=\"color: #333333;\"><a style=\"color: #333333;\" href=\"https:\/\/www.jstor.org\/stable\/41442021\">BRUNET, J., FRITZ, \u00d6., &amp; RICHNAU, G. (2010). Biodiversity in European beech forests &#8211; a review with recommendations for sustainable forest management recommendations for sustainable forest management. Ecological Bulletins, 53, 77\u201394.\u00a0<\/a><\/span><\/td>\n<\/tr>\n<tr style=\"height: 56px;\">\n<td style=\"height: 56px; width: 100%;\" width=\"631\"><span style=\"color: #333333;\">CA\u00d1ELLAS, I.; SAN MIGUEL, A.; 2003. La coscoja (Quercus coccifera L.). Ecolog\u00eda, caracter\u00edsticas y uso. Monograf\u00edas INIA: FORESTAL 5, 195 pp.<\/span><\/td>\n<\/tr>\n<tr style=\"height: 112px;\">\n<td style=\"height: 112px; width: 100%;\"><span style=\"color: #333333;\"><a style=\"color: #333333;\" href=\"https:\/\/doi.org\/10.1016\/S0168-1923(03)00120-5\">CARRARA, A., KOWALSKI, A. S., NEIRYNCK, J., JANSSENS, I. A., YUSTE, J. C., &amp; CEULEMANS, R. (2003). Net ecosystem CO2 exchange of mixed forest in Belgium over 5 years. Agricultural and Forest Meteorology, 119(3\u20134), 209\u2013227. https:\/\/doi.org\/10.1016\/S0168-1923(03)00120-5<\/a><\/span><\/td>\n<\/tr>\n<tr style=\"height: 112px;\">\n<td style=\"height: 112px; width: 100%;\" width=\"631\"><span style=\"color: #333333;\"><a style=\"color: #333333;\" href=\"https:\/\/www.sciencedirect.com\/science\/article\/pii\/S0378112719308825\">CASTA\u00d1O-SANTAMAR\u00cdA, J., L\u00d3PEZ-S\u00c1NCHEZ, C. A., OBESO, J. R., &amp; BARRIO-ANTA, M. (2019). Modelling and mapping beech forest distribution and site productivity under different climate change scenarios in the Cantabrian Range (North-western Spain).\u00a0Forest Ecology and Management,\u00a0450, 117488.<\/a><\/span><\/td>\n<\/tr>\n<tr style=\"height: 84px;\">\n<td style=\"height: 84px; width: 100%;\" width=\"631\"><span style=\"color: #333333;\"><a style=\"color: #333333;\" href=\"https:\/\/www.infona.pl\/resource\/bwmeta1.element.baztech-article-BGPK-1469-5804\">DIAZ-MAROTO, I.J.; VILA-LAMEIRO, P.; 2006. Litter production and composition in natural stands of Quercus robur L. (Galicia, Spain). Polish Journal of Ecology 54: 429-439.<\/a><\/span><\/td>\n<\/tr>\n<tr style=\"height: 84px;\">\n<td style=\"height: 84px; width: 100%;\" width=\"631\"><span style=\"color: #333333;\"><a style=\"color: #333333;\" href=\"https:\/\/link.springer.com\/chapter\/10.1007\/978-3-642-58618-7_18\">ESCARRE, A.; RODA, F.; TERRADAS, J.; MAYOR, X.; 1999. Nutrient distribution and cycling. In: Ecology of Mediterranean evergreen oak forests. Rod\u00e0, F.; Retana, J.; Gracia, C.A.; Bellot, J. (eds) Springer, Berl\u00edn, pp. 253-269.<\/a><\/span><\/td>\n<\/tr>\n<tr style=\"height: 140px;\">\n<td style=\"height: 140px; width: 100%;\" width=\"631\"><span style=\"color: #333333;\"><a style=\"color: #333333;\" href=\"https:\/\/www.sciencedirect.com\/science\/article\/abs\/pii\/S0048969717323124\">ESPINOSA, J.; MADRIGAL, J.; DE LA CRUZ, A.C.; GUIJARRO, M.; JIMENEZ, E.; HERNANDO, C.; 2018. Short-term effects of prescribed burning on litterfall biomass in mixed stands of Pinus nigra and Pinus pinaster and pure stands of Pinus nigra in the Cuenca Mountains (Central-Eastern Spain). Science of the Total Environment 618: 941-951.<\/a><\/span><\/td>\n<\/tr>\n<tr style=\"height: 112px;\">\n<td style=\"height: 112px; width: 100%;\" width=\"631\"><span style=\"color: #333333;\">FERNANDEZ ALEX, R.; 1999. Estudio de los recursos disponibles para la alimentaci\u00f3n de herb\u00edvoros de caza mayor en terrenos forestales de Andaluc\u00eda Occidental y la optimizaci\u00f3n de su manejo. Dpto. Biolog\u00eda Vegetal y Ecolog\u00eda. Universidad de Sevilla. 186 p. In\u00e9dito.<\/span><\/td>\n<\/tr>\n<tr style=\"height: 112px;\">\n<td style=\"height: 112px; width: 100%;\" width=\"631\"><span style=\"color: #333333;\">FERNANDEZ, R.; RODRIGUEZ, M.; MARTIN, A.; GARCIA, J.L.; INFANTE, J.M; LEIVA, M.J.; RODRIGUEZ, J.J.; GALLARDO, A.; 1995. Mediterranean oak forests: basis for appropriate protection strategy. Final Report EV5V-CT92-0210. Commission of the European Communities. Unpublished, 165 pp.<\/span><\/td>\n<\/tr>\n<tr style=\"height: 84px;\">\n<td style=\"height: 84px; width: 100%;\" width=\"631\"><span style=\"color: #333333;\">GIL, L.; PARDO, F.; ARANDA, I.; PARDOS, J.A.; 1999. Producci\u00f3n y Ciclos de Carbono y el Nitr\u00f3geno. En: El Hayedo de Montejo: Pasado y Presente. ETSIM. UPM.CAM. Consejer\u00eda de Medio Ambiente (eds.) Madrid, pp. 102-122.<\/span><\/td>\n<\/tr>\n<tr style=\"height: 140px;\">\n<td style=\"height: 140px; width: 100%;\" width=\"631\"><span style=\"color: #333333;\"><a style=\"color: #333333;\" href=\"http:\/\/www.ecogesfor.org\/rodalesselectos.\">G\u00d3MEZ SANZ V., SERRADA HIERRO R., ELENA ROSSELL\u00d3 R., FERN\u00c1NDEZ YUSTE J.A., GARC\u00cdA VI\u00d1AS J.I.,L\u00d3PEZ LEIVA C., 2014. Medio f\u00edsico de rodales selectos de especies de forestales: Abies alba, Pinus uncinata, Pinus sylvestris y Fagus sylvatica. ECOGESFOR\u2010UPM. Madrid. Disponible en: www.ecogesfor.org\/rodalesselectos.\u00a0<\/a><\/span><\/td>\n<\/tr>\n<tr style=\"height: 84px;\">\n<td style=\"height: 84px; width: 100%;\" width=\"631\"><span style=\"color: #333333;\"><a style=\"color: #333333;\" href=\"https:\/\/www.jmcprl.net\/publicaciones\/f13\/cambio%20climat%20espa%C3%B1a\/09_sector_forestal.pdf\">GRACIA, C., GIL, L. MONTERO, G. 2005. Impactos sobre el sector forestal. En: Moreno, JM (editor) Evaluaci\u00f3n Preliminar de los Impactos en Espa\u00f1a del Cambio Clim\u00e1tico. Ministerio de Medio Ambiente.<\/a><\/span><\/td>\n<\/tr>\n<tr style=\"height: 84px;\">\n<td style=\"height: 84px; width: 100%;\" width=\"631\"><span style=\"color: #333333;\"><a style=\"color: #333333;\" href=\"https:\/\/www.scielo.sa.cr\/scielo.php?script=sci_arttext&amp;pid=S0034-77442011000400037\">LEON, J.D; GONZALEZ, M.I; GALLARDO, J.F.; 2001. Ciclos biogeoqu\u00edmicos en bosques naturales y plantaciones de con\u00edferas en ecosistemas de alta monta\u00f1a de Colombia. Revista de Biologia Tropical 59: 1983-1894.<\/a><\/span><\/td>\n<\/tr>\n<tr style=\"height: 56px;\">\n<td style=\"height: 56px; width: 100%;\" width=\"631\"><span style=\"color: #333333;\"><a style=\"color: #333333;\" href=\"https:\/\/dialnet.unirioja.es\/servlet\/tesis?codigo=1871\">LLEDO, M.J.; 1990. Compartimentos y flujos biogeoqu\u00edmicos en una cuenca de encinar del Monte Poblet. Tesis doctoral. Universidad de Alicante.<\/a><\/span><\/td>\n<\/tr>\n<tr style=\"height: 112px;\">\n<td style=\"height: 112px; width: 100%;\" width=\"631\"><span style=\"color: #333333;\">LOPEZ LEIVA, C.; 2008. Informe final de los Convenios UPM- DGCNA, para la elaboraci\u00f3n de cartograf\u00eda de Cubiertas Vegetales no Arboladas en el MFE.50.000, para las CC.AA. de Castilla y Le\u00f3n, La Rioja, Cantabria, Madrid, Murcia e Islas Canarias. In\u00e9dito.<\/span><\/td>\n<\/tr>\n<tr style=\"height: 112px;\">\n<td style=\"height: 112px; width: 100%;\" width=\"631\"><span style=\"color: #333333;\">LOPEZ LEIVA, C.; 2017. Tipolog\u00eda de cubiertas forestales no arboladas para su aplicaci\u00f3n en la cartograf\u00eda forestal del territorio ib\u00e9rico-balear. Cuantificaci\u00f3n superficial de su significatividad. Actas del VII Congreso Forestal Espa\u00f1ol, Plasencia. Sociedad Espa\u00f1ola de Ciencias Forestales.<\/span><\/td>\n<\/tr>\n<tr style=\"height: 56px;\">\n<td style=\"height: 56px; width: 100%;\" width=\"631\"><span style=\"color: #333333;\">LOPEZ, G.; 2013. Gu\u00eda de los \u00e1rboles y arbustos de la Pen\u00ednsula Ib\u00e9rica y Baleares. 3\u00aa Edici\u00f3n corregida. Ed. Mundi-Prensa, 891 pp.<\/span><\/td>\n<\/tr>\n<tr style=\"height: 112px;\">\n<td style=\"height: 112px; width: 100%;\" width=\"631\"><span style=\"color: #333333;\"><a style=\"color: #333333;\" href=\"https:\/\/www.sciencedirect.com\/science\/article\/pii\/S0378112720314924\">L\u00d3PEZ-S\u00c1NCHEZ, C. A., CASTEDO-DORADO, F., C\u00c1MARA-OBREG\u00d3N, A., &amp; BARRIO-ANTA, M. (2021). Distribution of Eucalyptus globulus Labill. in northern Spain: Contemporary cover, suitable habitat and potential expansion under climate change.\u00a0Forest Ecology and Management,\u00a0481, 118723.<\/a><\/span><\/td>\n<\/tr>\n<tr style=\"height: 84px;\">\n<td style=\"height: 84px; width: 100%;\" width=\"631\"><span style=\"color: #333333;\"><a style=\"color: #333333;\" href=\"https:\/\/link.springer.com\/article\/10.1007\/BF00029340\">MADEIRA, M.; ARAUJO, M.C.; PEREIRA, J.S.; 1995. Effects of water and nutrients supply on amount and on nutrient concentration of litterfall and forest floor litter in Eucalyptus globulus plantations. Plant and Soil 168-169: 287-295.<\/a><\/span><\/td>\n<\/tr>\n<tr style=\"height: 56px;\">\n<td style=\"height: 56px; width: 100%;\" width=\"631\"><span style=\"color: #333333;\">MANUEL, C.; GIL, L.; 1997. La transformaci\u00f3n del paisaje forestal espa\u00f1ol. Introducci\u00f3n al II Inventario Forestal Nacional, MAPA. Madrid.<\/span><\/td>\n<\/tr>\n<tr style=\"height: 56px;\">\n<td style=\"height: 56px; width: 100%;\" width=\"631\"><span style=\"color: #333333;\">MAPA (Ministerio de Agricultura, Pesca y Alimentaci\u00f3n); 2008. Diagn\u00f3stico de las dehesas ib\u00e9ricas mediterr\u00e1neas. TRAGSATEC. Madrid.<\/span><\/td>\n<\/tr>\n<tr style=\"height: 168px;\">\n<td style=\"height: 168px; width: 100%;\" width=\"631\"><span style=\"color: #333333;\"><a style=\"color: #333333;\" href=\"https:\/\/digital.csic.es\/handle\/10261\/57915\">MARTIN, A.; SANTA REGINA, I.; GALLARDO, J. F.; 1994. Ciclos Biogeoqu\u00edmicos en un Bosque Perenne de Encina (Quercus rotundifolia) en las proximidades de Salamanca (Espa\u00f1a): Retorno potencial. En: Biogeoqu\u00edmica de Ecosistemas. XI Simposium Internacional de Biogeoqu\u00edmica Ambiental (Salamanca). J.F. Gallardo Lancho (Eds.). Consejer\u00eda de Medio Ambiente de la Junta de Castilla Le\u00f3n. Valladolid, pp. 151-160.<\/a><\/span><\/td>\n<\/tr>\n<tr style=\"height: 112px;\">\n<td style=\"height: 112px; width: 100%;\" width=\"631\"><span style=\"color: #333333;\"><a style=\"color: #333333;\" href=\"https:\/\/www.sciencedirect.com\/science\/article\/pii\/S0378112707005038\">MARTINEZ-ALONSO, C.; VALLADARES, F.; CAMARERO, J.J.; L\u00d3PEZ-ARIAS, M.; SERRANO, M.; RODR\u00cdGUEZ, J.A.; 2007. The uncoupling of secondary growth, cone and litter production by intradecadal climatic variability in a Mediterranean Scots pine forest. Forest Ecology and Management 253: 19-29.<\/a><\/span><\/td>\n<\/tr>\n<tr style=\"height: 84px;\">\n<td style=\"height: 84px; width: 100%;\" width=\"631\"><span style=\"color: #333333;\">MONTSERRAT, P.; 2009. La cultura que hace el paisaje: escritos de un naturalista sobre nuestros recursos de monta\u00f1a, Ed. La Fertilidad de la Tierra, Estella (Navarra), 236 pp.<\/span><\/td>\n<\/tr>\n<tr style=\"height: 56px;\">\n<td style=\"height: 56px; width: 100%;\" width=\"631\"><span style=\"color: #333333;\">MOREY, M.; MONTOYA, R.; 2000. El paisaje y el hombre: Valoraci\u00f3n del paisaje natural, rural y urbano. Ed. Parques Nacionales. Serie T\u00e9cnica, 388 p.<\/span><\/td>\n<\/tr>\n<tr style=\"height: 56px;\">\n<td style=\"height: 56px; width: 100%;\" width=\"631\"><span style=\"color: #333333;\"><a style=\"color: #333333;\" href=\"http:\/\/rua.ua.es\/dspace\/bitstream\/10045\/26315\/1\/Moro-Cuadrillero-Maria-Jose.pdf\">MORO, M. J.; 1992. Desfronde, descomposici\u00f3n y fijaci\u00f3n de nitr\u00f3geno en una microcuenca joven de con\u00edferas y matorral. Universidad de Alicante. Tesis doctoral.<\/a><\/span><\/td>\n<\/tr>\n<tr style=\"height: 168px;\">\n<td style=\"height: 168px; width: 100%;\" width=\"631\"><span style=\"color: #333333;\">PUIGDEFABREGAS J, ALONSO JM, DELGADO L, DOMINGO F, CUETO M, GUTIERREZ L, LAZARO R, NICOLAU JM, SANCHEZ G, SOLE A, VIDAL S, AGUILERA C, BRENNER A, CLARK S, INCOLL L (1996) The Ramble Honda field site: Interactions of soil and vegetation along a catena in semi-arid Southeast Spain. In: Mediterranean desertification and land use. Brandt, C.J.; Thornes, J.B. (eds.) John Wiley &amp; Sons Ltd., pp 137-168.<\/span><\/td>\n<\/tr>\n<tr style=\"height: 56px;\">\n<td style=\"height: 56px; width: 100%;\" width=\"631\"><span style=\"color: #333333;\"><a style=\"color: #333333;\" href=\"https:\/\/books.google.com\/books?hl=es&amp;lr=&amp;id=bOHjwKfcq2MC&amp;oi=fnd&amp;pg=PA1&amp;dq=Ecology+of+Mediterranean+evergreen+oak+forests&amp;ots=X9s1ufMT_O&amp;sig=s8p0Laqpuw_lsHXw-EUnVjttcRw\">RODA, F.; RETANA, J.; GRACIA, C.A.; BELLOT, J.; 1999. Ecology of Mediterranean evergreen oak forests. Springer. Berl\u00edn. Germany.<\/a><\/span><\/td>\n<\/tr>\n<tr style=\"height: 84px;\">\n<td style=\"height: 84px; width: 100%;\" width=\"631\"><span style=\"color: #333333;\"><a style=\"color: #333333;\" href=\"https:\/\/www.sciencedirect.com\/science\/article\/pii\/S0378112704002014\">ROMANY\u00c0, J.; VALLEJO, V.R.; 2004. Productivity of Pinus radiata plantations in Spain in response to climate and soil. Forest Ecology and Management 195: 177-189.<\/a><\/span><\/td>\n<\/tr>\n<tr style=\"height: 84px;\">\n<td style=\"height: 84px; width: 100%;\" width=\"631\"><span style=\"color: #333333;\"><a style=\"color: #333333;\" href=\"https:\/\/gredos.usal.es\/handle\/10366\/17702\">SALAZAR, S.; 2008. Estudio de procesos ecol\u00f3gicos para el desarrollo sostenible del casta\u00f1o (Castanea sativa Mill.) de la Sierra de Francia. Tesis Doctoral. Universidad de Salamanca.<\/a><\/span><\/td>\n<\/tr>\n<tr style=\"height: 56px;\">\n<td style=\"height: 56px; width: 100%;\" width=\"631\"><span style=\"color: #333333;\"><a style=\"color: #333333;\" href=\"https:\/\/www.academia.edu\/download\/32744354\/092_Santa_Regina_y_col.pdf\">SANTA REGINA, I.; GALLARDO, JF.; 1989. Ciclos Biogeoqu\u00edmicos en bosques de la Sierra de B\u00e9jar (Salamanca). Options M\u00e9diterran\u00e9ennes Serie A 3: 147\u2013149.<\/a><\/span><\/td>\n<\/tr>\n<tr style=\"height: 84px;\">\n<td style=\"height: 84px; width: 100%;\" width=\"631\"><span style=\"color: #333333;\"><a style=\"color: #333333;\" href=\"http:\/\/pirineos.revistas.csic.es\/index.php\/pirineos\/article\/view\/105\">SANTA REGINA, I.; LEONARDI, S.; HANCHI, A.; TARAZONA, T.; RAPP, M.; 1999. Production and turnover of organic matter in three southern European Fagus sylvatica L. stands. Pirineos 153\u00ad154: 3-19.<\/a><\/span><\/td>\n<\/tr>\n<tr style=\"height: 84px;\">\n<td style=\"height: 84px; width: 100%;\"><span style=\"color: #333333;\"><a style=\"color: #333333;\" href=\"http:\/\/gala.gre.ac.uk\/id\/eprint\/22041\/\">UNRAU, A., BECKER, G., SPINELLI, R., LAZDINA, D., MAGAGNOTTI, N., NICOLESCU, V., \u2026 KOFMAN, P. D. (2018). Coppice Forests in Europe. Freiburg: Albert Ludwig University of Freiburg.<\/a><\/span><\/td>\n<\/tr>\n<tr style=\"height: 84px;\">\n<td style=\"height: 84px; width: 100%;\" width=\"631\"><span style=\"color: #333333;\">VERDU, A.M.C.; 1984. Circulaci\u00f3 de nutrients en tres ecosistemes forestals del Monseny: Caiguda de virosta i descomposici\u00f3 de la fullaraca. Tesis doctoral. Universitat Aut\u00f2noma de Barcelona.<\/span><\/td>\n<\/tr>\n<tr style=\"height: 56px;\">\n<td style=\"height: 56px; width: 100%;\" width=\"631\"><span style=\"color: #333333;\"><a style=\"color: #333333;\" href=\"https:\/\/dialnet.unirioja.es\/servlet\/articulo?codigo=2773723\">VERDU, A.M.C.; FERRES, LL.; ROD\u00c1, F.; TERRADAS, J.; 1980. Estructura y funcionalismo de un encinar montano en el Montseny. Mediterranea 4: 51-68.<\/a><\/span><\/td>\n<\/tr>\n<tr style=\"height: 56px;\">\n<td style=\"height: 56px; width: 100%;\" width=\"631\"><span style=\"color: #333333;\">ZAMORA, R.; PUGNAIRE, F.; 2001. Ecosistemas Mediterr\u00e1neos. An\u00e1lisis Funcional. Colecci\u00f3n textos Universitarios n\u00ba 32. CSIC, AEET, Madrid, 463 pp.<\/span><\/td>\n<\/tr>\n<\/tbody>\n<\/table>\n<h3 id=\"Gclimatica\"><span style=\"color: #333333;\"><strong>GESTI\u00d3N CLIM\u00c1TICA<\/strong><\/span><\/h3>\n<table style=\"width: 100%;\">\n<tbody>\n<tr style=\"width: 100%;\">\n<td style=\"height: 56px; width: 100%;\" width=\"631\"><span style=\"color: #333333;\"><a style=\"color: #333333;\" href=\"https:\/\/academic.oup.com\/forestry\/article\/76\/3\/271\/567424?login=true\">BERG, S., &amp; KARJALAINEN, T. (2003). Comparison of greenhouse gas emissions from forest operations in Finland and Sweden. Forestry, 76(3), 271\u2013284.\u00a0<\/a><\/span><\/td>\n<\/tr>\n<tr style=\"width: 100%;\">\n<td style=\"height: 56px; width: 100%;\"><span style=\"color: #333333;\"><a style=\"color: #333333;\" href=\"https:\/\/www.sciencedirect.com\/science\/article\/pii\/S0195925513000942\">BULL, J. G., &amp; KOZAK, R. A. (2014). Comparative life cycle assessments: The case of paper and digital media. Environmental Impact Assessment Review, 45, 10\u201318.\u00a0<\/a><\/span><\/td>\n<\/tr>\n<tr style=\"width: 100%;\">\n<td style=\"height: 84px; width: 100%;\"><span style=\"color: #333333;\">DOOLEY, K., &amp; STABINSKY, D. (2018). Missing Pathways to 1.5\u00b0C: The role of the land sector in ambitious climate action. Retrieved from climatelandambitionrightsalliance.org\/report<\/span><\/td>\n<\/tr>\n<tr style=\"width: 100%;\">\n<td style=\"height: 28px; width: 100%;\"><span style=\"color: #333333;\">EIT CLIMATE-KIC. (2018). EIT Climate-KIC and the future of the forestry sector.<\/span><\/td>\n<\/tr>\n<tr style=\"width: 100%;\">\n<td style=\"height: 56px; width: 100%;\"><span style=\"color: #333333;\"><a style=\"color: #333333;\" href=\"https:\/\/ec.europa.eu\/eurostat\/web\/forestry\/data\/database\">EUROPEAN COMMISSION. (2018a). Eurostat &#8211; Forestry Database. Retrieved January 20, 2019, from https:\/\/ec.europa.eu\/eurostat\/web\/forestry\/data\/database<\/a><\/span><\/td>\n<\/tr>\n<tr style=\"width: 100%;\">\n<td style=\"height: 112px; width: 100%;\"><span style=\"color: #333333;\"><a style=\"color: #333333;\" href=\"https:\/\/doi.org\/10.1016\/j.jclepro.2009.02.017\">GONZ\u00c1LEZ-GARC\u00cdA, S., HOSPIDO, A., MOREIRA, M. T., ROMERO, J., &amp; FEIJOO, G. (2009). Environmental impact assessment of total chlorine free pulp from Eucalyptus globulus in Spain. Journal of Cleaner Production, 17(11), 1010\u20131016. https:\/\/doi.org\/10.1016\/j.jclepro.2009.02.017<\/a><\/span><\/td>\n<\/tr>\n<tr style=\"width: 100%;\">\n<td style=\"height: 83px; width: 100%;\"><span style=\"color: #333333;\"><a style=\"color: #333333;\" href=\"https:\/\/www.nature.com\/articles\/nclimate3227\">GRASSI, G., HOUSE, J., DENTENER, F., FEDERICI, S., DEN ELZEN, M., &amp; PENMAN, J. (2017). The key role of forests in meeting climate targets requires science for credible mitigation.\u00a0<em>Nature Climate Change<\/em>,\u00a0<em>7<\/em>(3), 220-226.<\/a><\/span><\/td>\n<\/tr>\n<tr style=\"width: 100%;\">\n<td style=\"height: 112px; width: 100%;\"><span style=\"color: #333333;\"><a style=\"color: #333333;\" href=\"https:\/\/doi.org\/10.1073\/pnas.1710465114\">GRISCOM, B. W., ADAMS, J., ELLIS, P. W., HOUGHTON, R. A., LOMAX, G., MITEVA, D. A., \u2026 FARGIONE, J. (2017). Natural climate solutions. Proceedings of the National Academy of Sciences of the United States of America, 114(44). https:\/\/doi.org\/10.1073\/pnas.1710465114<\/a><\/span><\/td>\n<\/tr>\n<tr style=\"width: 100%;\">\n<td style=\"height: 112px; width: 100%;\"><span style=\"color: #333333;\"><a style=\"color: #333333;\" href=\"https:\/\/doi.org\/10.1111\/j.1530-9290.2012.00507.x\">GUEST, G., CHERUBINI, F., &amp; STR\u00d8MMAN, A. H. (2012). Global Warming Potential of Carbon Dioxide Emissions from Biomass Stored in the Anthroposphere and Used for Bioenergy at End of Life. Journal of Industrial Ecology, 17(1), 20\u201330. https:\/\/doi.org\/10.1111\/j.1530-9290.2012.00507.x<\/a><\/span><\/td>\n<\/tr>\n<tr style=\"width: 100%;\">\n<td style=\"height: 112px; width: 100%;\" width=\"631\"><span style=\"color: #333333;\">INTERGOVERNMENTAL PANEL ON CLIMATE CHANGE. Chapter 5: Land Use Change &amp; Forestry. Greenhouse Gas Inventory Reference Manual. IPCC Guidelines for National Greenhouse Gas Inventories, Revised Version. London, 1996, vol. 3, 57 pp.<\/span><\/td>\n<\/tr>\n<tr style=\"width: 100%;\">\n<td style=\"height: 112px; width: 100%;\"><span style=\"color: #333333;\"><a style=\"color: #333333;\" href=\"https:\/\/doi.org\/10.1016\/j.jclepro.2018.03.285\">PE\u00d1ALOZA, D., ERLANDSSON, M., BERLIN, J., W\u00c5LINDER, M., &amp; FALK, A. (2018). Future scenarios for climate mitigation of new construction in Sweden: Effects of different technological pathways. Journal of Cleaner Production, 187, 1025\u20131035. https:\/\/doi.org\/10.1016\/j.jclepro.2018.03.285<\/a><\/span><\/td>\n<\/tr>\n<tr style=\"width: 100%;\">\n<td style=\"height: 112px; width: 100%;\"><span style=\"color: #333333;\"><a style=\"color: #333333;\" href=\"https:\/\/doi.org\/10.5194\/bg-11-3515-2014\">SMYTH, C. E., STINSON, G., NEILSON, E., LEMPRI\u00c8RE, T. C., HAFER, M., RAMPLEY, G. J., &amp; KURZ, W. A. (2014). Quantifying the biophysical climate change mitigation potential of Canada\u2019s forest sector. Biogeosciences, 11(13), 3515\u20133529. https:\/\/doi.org\/10.5194\/bg-11-3515-2014<\/a><\/span><\/td>\n<\/tr>\n<tr style=\"width: 100%;\">\n<td style=\"height: 84px; width: 100%;\"><span style=\"color: #333333;\"><a style=\"color: #333333;\" href=\"https:\/\/doi.org\/10.1002\/pts.2127\">VERGHESE, K., LEWIS, H., LOCKREY, S., &amp; WILLIAMS, H. (2015). Packaging\u2019s Role in Minimizing Food Loss and Waste Across the Supply Chain. Packaging Technology and Science, 28(7), 603\u2013620. https:\/\/doi.org\/10.1002\/pts.2127<\/a><\/span><\/td>\n<\/tr>\n<\/tbody>\n<\/table>\n<p>&nbsp;<\/p>\n<h3 id=\"Gcarbono\"><span style=\"color: #333333;\"><strong>GESTI\u00d3N DEL CARBONO<\/strong><\/span><\/h3>\n<table style=\"width: 100%;\">\n<tbody>\n<tr style=\"width: 100%;\">\n<td style=\"height: 112px; width: 100%;\" width=\"631\"><span style=\"color: #333333;\"><a style=\"color: #333333;\" href=\"https:\/\/www.sciencedirect.com\/science\/article\/pii\/S0378112706009091\">BALBOA-MURIAS, M.A., RODR\u00cdGUEZ-SOALLEIRO, R., MERINO, A. \u00c1LVAREZ-GONZ\u00c1LEZ, J.G. 2006 Temporal variations and distribution of carbon stocks in aboveground biomass of radiata pine and maritime pine pure stands under different silvicultural regimes.Forest Ecology and Management 237:29-38.<\/a><\/span><\/td>\n<\/tr>\n<tr style=\"width: 100%;\">\n<td style=\"height: 84px; width: 100%;\" width=\"631\"><span style=\"color: #333333;\"><a style=\"color: #333333;\" href=\"https:\/\/www.sciencedirect.com\/science\/article\/abs\/pii\/S0378112706009558\">BLANCO, J.A.; IMBERT, J.B.; CASTILLO, F.J.; 2006. Influence of site characteristics and thinning intensity on litterfall production in two Pinus sylvestris L. forests in the western Pyrenees. Forest Ecology and Management 237: 342-352.<\/a><\/span><\/td>\n<\/tr>\n<tr style=\"width: 100%;\">\n<td style=\"height: 112px; width: 100%;\" width=\"631\"><span style=\"color: #333333;\">BLANCO, J.A; IMBERT, J.B.; ARRICIBITA, F.J.; CASTILLO, F.J.; 2003a. Producci\u00f3n de hojarasca en bosques de Pinus sylvestris L. sometidos a diferente intensidad de clara. Proceedings del VII Congreso Nacional de la Asociaci\u00f3n Espa\u00f1ola de Ecolog\u00eda Terrestre, Barcelona, pp. 267-279.<\/span><\/td>\n<\/tr>\n<tr style=\"width: 100%;\">\n<td style=\"height: 84px; width: 100%;\" width=\"631\"><span style=\"color: #333333;\"><a style=\"color: #333333;\" href=\"https:\/\/d1wqtxts1xzle7.cloudfront.net\/49476509\/Gestin_forestal_y_ciclos_de_nutrientes_e20161009-19274-1ejlyp5-with-cover-page-v2.pdf?Expires=1646401310&amp;Signature=f-2ePuDhJZ~aexZHaMNu3p6vItc4fl3LjvqrgZMWpDjyV5Eu~LkwDZslfIwHeLhpc6u6l0n6X-gLtD~Alqy6EktfAoODeSx2xboKVznpOaYeKNaIIyweY0dhgUvVYtSkJAUX5KA24Vmn3kJRBh4b8oonYWyYI8u50J5IsIdJFiqgQUX6imoMHlvNwL-MUVotcm-DI0OkGsSQMmjeh21o45x~8f9anFoeqAO3mu-Ip4U0JrqgvawSKPxP6DRbDQ7AABFfzzLmP3gKJq0rz971KduZeY~wcuc06rZT8g0m3D8-vuyWI53j1H3TosPD6OhCXCGz3nEw7wlRMrskpYpiUg__&amp;Key-Pair-Id=APKAJLOHF5GGSLRBV4ZA\">BOSCO, J.; BLANCO J.A; CASTILLO F.J.; 2004. Gesti\u00f3n forestal y ciclos de nutrientes en el marco del cambio global. En: Ecolog\u00eda del bosque mediterr\u00e1neo en un mundo cambiante. Valladares, F. (ed.) MAGRAMA, pp. 479-506.<\/a><\/span><\/td>\n<\/tr>\n<tr style=\"width: 100%;\">\n<td style=\"height: 56px; width: 100%;\"><span style=\"color: #333333;\"><a style=\"color: #333333;\" href=\"http:\/\/www.climate.wzw.tum.de\/fileadmin\/user_upload\/20180228-greenpeace-oekoinstitut-forest-vision-methods-results.pdf\">B\u00f6ttcher, H., Hennenberg, K., Winger, C., &amp; \u00d6ko-Institut. (2018). Forest Vision Germany. Berlin.\u00a0<\/a><\/span><\/td>\n<\/tr>\n<tr style=\"width: 100%;\">\n<td style=\"height: 84px; width: 100%;\" width=\"631\"><span style=\"color: #333333;\"><a style=\"color: #333333;\" href=\"https:\/\/link.springer.com\/article\/10.1007\/s10342-007-0198-y\">BRAVO, F., BRAVO-OVIEDO, A., D\u00cdAZ-BALTEIRO, L. 2008B Carbon sequestration in Spanish Mediterranean forests under two management alternatives: a modeling approach. European Journal of Forest Research 127(3):225\u2013234<\/a><\/span><\/td>\n<\/tr>\n<tr style=\"width: 100%;\">\n<td style=\"height: 84px; width: 100%;\" width=\"631\"><span style=\"color: #333333;\"><a style=\"color: #333333;\" href=\"https:\/\/link.springer.com\/chapter\/10.1007\/978-1-4020-8343-3_11\">BRAVO, F., DEL R\u00cdO M., BRAVO-OVIEDO A., PESO C., MONTERO, G.. 2008a. Forest Management Strategies and Carbon Sequestration. En F. Bravo et al. (ed.), Managing Forest Ecosystems: the challenge of Climate Change. Springer: 179-194<\/a><\/span><\/td>\n<\/tr>\n<tr style=\"width: 100%;\">\n<td style=\"height: 112px; width: 100%;\" width=\"631\"><span style=\"color: #333333;\"><a style=\"color: #333333;\" href=\"https:\/\/digital.csic.es\/bitstream\/10261\/35797\/1\/Elpapel2007113.pdf\">BRAVO, F., PESO, C., BRAVO-OVIEDO, A. , OSORIO, L.F. et al. 2007. Impacto de la gesti\u00f3n forestal sobre el efecto sumidero de los sistemas forestales. En Bravo, F. (Ed) El papel de los bosques en la mitigaci\u00f3n del cambio clim\u00e1tico. Fundaci\u00f3n Gas Natural: 113-141<\/a><\/span><\/td>\n<\/tr>\n<tr style=\"width: 100%;\">\n<td style=\"height: 112px; width: 100%;\" width=\"631\"><span style=\"color: #333333;\"><a style=\"color: #333333;\" href=\"https:\/\/oa.upm.es\/48027\/\">BRAVO-OVIEDO, A.; DEL RIO, M.; MONTERO, G.; ONRUBIA FERNANDEZ, R.; RUBIO CUADRADO, A.; RUIZ-PEINADO, R.; 2013. Desfronde y tasa de descomposici\u00f3n foliar en rebollar-pinar de repoblaci\u00f3n con distinto grado de clara. VI Congreso Forestal Espa\u00f1ol. Vitoria-Gasteiz, 10-14 Junio 2013.<\/a><\/span><\/td>\n<\/tr>\n<tr style=\"width: 100%;\">\n<td style=\"height: 112px; width: 100%;\" width=\"631\"><span style=\"color: #333333;\"><a style=\"color: #333333;\" href=\"https:\/\/www.sciencedirect.com\/science\/article\/abs\/pii\/S0378112716312737\">BRAVO-OVIEDO, A; RUIZ-PEINADO, R; ONRUBIA, R; DEL R\u00cdO, M.; 2017. Thinning alters the early-decomposition rate and nutrient immobilization-release pattern of foliar litter in Mediterranean oak-pine mixed stands. Forest Ecology and Management 391: 309\u2013320.<\/a><\/span><\/td>\n<\/tr>\n<tr style=\"width: 100%;\">\n<td style=\"height: 84px; width: 100%;\" width=\"631\"><span style=\"color: #333333;\">BROWN, S.; 1997. Los bosques y el cambio clim\u00e1tico: el papel de los terrenos forestales como sumideros de carbono. En: Actas del XI Congreso Mundial Forestal: Recursos Forestales y \u00c1rboles, Vol. 1. Antalya, Turqu\u00eda, 13-22 Octubre 1997.<\/span><\/td>\n<\/tr>\n<tr style=\"width: 100%;\">\n<td style=\"height: 84px; width: 100%;\" width=\"631\"><span style=\"color: #333333;\"><a style=\"color: #333333;\" href=\"https:\/\/scielo.conicyt.cl\/scielo.php?pid=S0717-92002017000200017&amp;script=sci_arttext&amp;tlng=e\">BUEIS, T.; BRAVO, F.; PANDO, V.; TURRI\u00d3N, M.B.; 2017. Influencia de la densidad del arbolado sobre el desfronde y su reciclado en pinares de repoblaci\u00f3n del norte de Espa\u00f1a. Bosque (Valdivia) 38: 401-407.<\/a><\/span><\/td>\n<\/tr>\n<tr style=\"width: 100%;\">\n<td style=\"height: 84px; width: 100%;\" width=\"631\"><span style=\"color: #333333;\"><a style=\"color: #333333;\" href=\"https:\/\/www.torrossa.com\/en\/resources\/an\/3110455\">CAMPOS, P.; DIAZ BALTEIRO, L. (eds) 2015. Econom\u00eda y selviculturas de los montes de Andaluc\u00eda. Memorias cient\u00edficas de RECAMAN. Volumen 1. Editorial CSIC, Madrid.<\/a><\/span><\/td>\n<\/tr>\n<tr style=\"width: 100%;\">\n<td style=\"height: 84px; width: 100%;\" width=\"631\"><span style=\"color: #333333;\">CA\u00d1ELLAS, I.; MONTERO, G.; JIMENEZ, MD.; 1996. Litterfall in a rebollo oak (Quercus pyrenaica Willd.) coppice thinned with various intensities. Annali dell&#8217;Istituto Sperimentale per la Selvicoltura 27: 25-29<\/span><\/td>\n<\/tr>\n<tr style=\"width: 100%;\">\n<td style=\"height: 140px; width: 100%;\" width=\"631\"><span style=\"color: #333333;\"><a style=\"color: #333333;\" href=\"https:\/\/link.springer.com\/chapter\/10.1007\/978-1-4020-8343-3_18\">CA\u00d1ELLAS, M. S\u00c1NCHEZ-GONZ\u00c1LEZ, S. M. BOGINO, P. ADAME, C. HERRERO, S. ROIG, M. TOM\u00c9, J. A. PAULO, AND F. BRAVO. 2008. Silviculture and Carbon Sequestration in Mediterranean Oak Forests. En F. BRAVO et al. (ed.), Managing Forest Ecosystems: the challenge of Climate Change. Kluwer Academic Publishers: 317-338<\/a><\/span><\/td>\n<\/tr>\n<tr style=\"width: 100%;\">\n<td style=\"height: 112px; width: 100%;\" width=\"631\"><span style=\"color: #333333;\"><a style=\"color: #333333;\" href=\"https:\/\/link.springer.com\/chapter\/10.1007\/978-94-007-2232-3_10\">CARROLL M. ET AL. 2012. Managing Carbon Sequestration and Storage in Temperate and Boreal Forests. En M.S. Ashton et al. (eds.), Managing Forest Carbon in a Changing Climate,DOI 10.1007\/978-94-007-2232-3_10, \u00a9 Springer Science+Business Media B.V. 205-226<\/a><\/span><\/td>\n<\/tr>\n<tr style=\"width: 100%;\">\n<td style=\"height: 112px; width: 100%;\" width=\"631\"><span style=\"color: #333333;\"><a style=\"color: #333333;\" href=\"https:\/\/pirineos.revistas.csic.es\/index.php\/pirineos\/article\/download\/141\/140\">CERNUSCA, A.; TAPPEINER, U.; BAHN, M.; BAYFIELD, N.; CHEMINI, C.; FILIAL, F.; GRABER, W.; ROSSET, M.; SIEGWOLF, R.; TENHUNEN, J.; 1996. ECOMONT- Ecological effects of land-use changes on European terrestrial mountain ecosystems. Pirineos 147-148: 145-172.<\/a><\/span><\/td>\n<\/tr>\n<tr style=\"width: 100%;\">\n<td style=\"height: 84px; width: 100%;\" width=\"631\"><span style=\"color: #333333;\"><a style=\"color: #333333;\" href=\"https:\/\/www.sciencedirect.com\/science\/article\/pii\/S0378112712007360\">COND\u00c9S S., R\u00cdO M., STERBA H., 2013. Mixing effect on volume growth of Fagus sylvatica and Pinus sylvestris is modulated by stand density. Forest Ecology and Management 292, 86\u201395.<\/a><\/span><\/td>\n<\/tr>\n<tr style=\"width: 100%;\">\n<td style=\"height: 84px; width: 100%;\" width=\"631\"><span style=\"color: #333333;\"><a style=\"color: #333333;\" href=\"https:\/\/www.sciencedirect.com\/science\/article\/abs\/pii\/0378112794900957\">CORTINA, J.; VALLEJO, V.R.; 1994. Effects of clearfelling on forest floor accumulation and litter decomposition in a radiata pine plantation. Forest Ecology and Management 70: 299-310.<\/a><\/span><\/td>\n<\/tr>\n<tr style=\"width: 100%;\">\n<td style=\"height: 112px; width: 100%;\" width=\"631\"><span style=\"color: #333333;\"><a style=\"color: #333333;\" href=\"https:\/\/link.springer.com\/chapter\/10.1007\/978-1-4020-8343-3_13\">DEL R\u00cdO M., BARBEITO I., BRAVO-OVIEDO A., CALAMA R., CA\u00d1ELLAS I., HERRERO C., BRAVO F. 2008 carbon sequestration in mediterranean pine forests. En F. BRAVO et al. (ed.), Managing Forest Ecosystems: the challenge of Climate Change. Kluwer Academic Publishers: 215-241<\/a><\/span><\/td>\n<\/tr>\n<tr style=\"width: 100%;\">\n<td style=\"height: 88px; width: 100%;\"><span style=\"color: #333333;\"><a style=\"color: #333333;\" href=\"https:\/\/doi.org\/10.1093\/forestry\/cpr053\">DIACI, J., KERR, G., &amp; O\u2019HARA, K. (2011). Twenty-first century forestry: Integrating ecologically based, uneven-aged silviculture with increased demands on forests. Forestry, 84(5), 463\u2013465. https:\/\/doi.org\/10.1093\/forestry\/cpr053<\/a><\/span><\/td>\n<\/tr>\n<tr style=\"width: 100%;\">\n<td style=\"height: 112px; width: 100%;\" width=\"631\"><span style=\"color: #333333;\"><a style=\"color: #333333;\" href=\"https:\/\/link.springer.com\/chapter\/10.1007\/978-1-4020-8343-3_7\">DIAZ-BALTEIRO, L. RODR\u00cdGUEZ L.C.E. . 2008. Influence of Carbon Sequestration in an Optimal Set of Coppice Rotations for Eucalyptus Plantations Use of Forests and Wood Products to Mitigate Climate Change En F. Bravo et al. (ed.), Managing Forest Ecosystems: the challenge of Climate Change. Springer: 119-137<\/a><\/span><\/td>\n<\/tr>\n<tr style=\"width: 100%;\">\n<td style=\"height: 112px; width: 100%;\"><span style=\"color: #333333;\"><a style=\"color: #333333;\" href=\"https:\/\/www.jstor.org\/stable\/26269224\">DUNCKER, P. S., BARREIRO, S. M., HENGEVELD, G. M., LIND, T., MASON, W. L., AMBROZY, S., &amp; SPIECKER, H. (2012). Classification of Forest Management Approaches: A New Conceptual Framework and Its Applicability to European Forestry. Ecology and Society, 17(4), 51.\u00a0<\/a><\/span><\/td>\n<\/tr>\n<tr style=\"width: 100%;\">\n<td style=\"height: 84px; width: 100%;\" width=\"631\"><span style=\"color: #333333;\"><a style=\"color: #333333;\" href=\"http:\/\/documents.irevues.inist.fr\/handle\/2042\/48443\">FORTIN, M; NINGRE, F.. 2012. Reduire les emissions de gaz a effet de serre et produire du bois d\u2019oeuvre de ch\u00eane sessile en 100 ans en futaie r\u00e9guliere: deux objectives conciliables ? Revue Forestiere Fran\u00e7aise 44(3) : 351-362<\/a><\/span><\/td>\n<\/tr>\n<tr style=\"width: 100%;\">\n<td style=\"height: 84px; width: 100%;\" width=\"631\"><span style=\"color: #333333;\"><a style=\"color: #333333;\" href=\"https:\/\/repositorio.catie.ac.cr\/handle\/11554\/4767\">GARCIA VARGAS, A.N.; 2009. Determinaci\u00f3n y comparaci\u00f3n de la descomposici\u00f3n de hojarasca en bosques con diferentes grados de intervenci\u00f3n en el noreste de Costa Rica. CATIE. Costa Rica. Tesis doctoral.<\/a><\/span><\/td>\n<\/tr>\n<tr style=\"width: 100%;\">\n<td style=\"height: 56px; width: 100%;\" width=\"631\"><span style=\"color: #333333;\"><a style=\"color: #333333;\" href=\"https:\/\/digital.csic.es\/bitstream\/10261\/47753\/1\/Ambienta2.pdf\">GONZALEZ, J.L.; ROBLES, A.B.; RUIZ-MIRAZO, J.; 2011. Ganader\u00eda extensiva y selvicultura preventiva: algo m\u00e1s que una mirada al pasado. Ambienta 97: 22-43.<\/a><\/span><\/td>\n<\/tr>\n<tr style=\"width: 100%;\">\n<td style=\"height: 84px; width: 100%;\" width=\"631\"><span style=\"color: #333333;\">GONZALEZ, L.M.; SAN MIGUEL, A.; 2004. Manual de Buenas Pr\u00e1cticas de gesti\u00f3n en Fincas de Monte Mediterr\u00e1neo de la Red Natura 2000. D.G.B. Ministerio de Medio Ambiente. Madrid.<\/span><\/td>\n<\/tr>\n<tr style=\"width: 100%;\">\n<td style=\"height: 84px; width: 100%;\" width=\"631\"><span style=\"color: #333333;\"><a style=\"color: #333333;\" href=\"https:\/\/iopscience.iop.org\/article\/10.1088\/1748-9326\/ac57e3\/meta\">GUSTAVSSON, L., SATHRE, R., LESKINEN, P., NABUURS, G. J., &amp; KRAXNER, F. (2022). Comment on \u2018Climate mitigation forestry\u2014temporal trade-offs\u2019.\u00a0Environmental Research Letters,\u00a017(4), 048001.<\/a><\/span><\/td>\n<\/tr>\n<tr style=\"width: 100%;\">\n<td style=\"height: 112px; width: 100%;\" width=\"631\"><span style=\"color: #333333;\">IBA\u00d1EZ J.J; VAYREDA, J.; GRACIA, C.; 2002. Metodolog\u00eda complementaria al Inventario Forestal Nacional en Catalunya. En: El inventario Forestal Nacional. Elemento clave para la gesti\u00f3n forestal sostenible. Bravo, F.; del R\u00edo, M.; del Peso, C. (eds.) Fundaci\u00f3n General de la Universidad de Valladolid, pp. 67-77.<\/span><\/td>\n<\/tr>\n<tr style=\"width: 100%;\">\n<td style=\"height: 84px; width: 100%;\" width=\"631\"><span style=\"color: #333333;\"><a style=\"color: #333333;\" href=\"https:\/\/www.sciencedirect.com\/science\/article\/pii\/S0301479715304436\">JIMENEZ, M.N.; NAVARRO, F.B.; 2016. Thinning effects on litterfall remaining after 8 years and improved stand resilience in Aleppo pine afforestation (SE Spain). Journal of Environmental Management 169: 174-183.<\/a><\/span><\/td>\n<\/tr>\n<tr style=\"width: 100%;\">\n<td style=\"height: 56px; width: 100%;\" width=\"631\"><span style=\"color: #333333;\"><a style=\"color: #333333;\" href=\"https:\/\/books.google.com\/books?hl=es&amp;lr=&amp;id=t_h9a6VrK50C&amp;oi=fnd&amp;pg=PP1&amp;dq=Applications+of+physiological+ecology+to+forest+management&amp;ots=o_zPP2MylN&amp;sig=Oo1BIf40QPC9-zKsVvbgxw3GrpU\">LANDSBERG, J.J.; GOWER, S.T.; 1997. Applications of physiological ecology to forest management. Academic Press, San Diego.<\/a><\/span><\/td>\n<\/tr>\n<tr style=\"width: 100%;\">\n<td style=\"height: 84px; width: 100%;\"><span style=\"color: #333333;\"><a style=\"color: #333333;\" href=\"https:\/\/doi.org\/10.1371\/journal.pone.0010867\">LIAO, C., LUO, Y., FANG, C., &amp; LI, B. (2010). Ecosystem carbon stock influenced by plantation practice: implications for planting forests as a measure of climate change mitigation. PloS One, 5(5), e10867. https:\/\/doi.org\/10.1371\/journal.pone.0010867<\/a><\/span><\/td>\n<\/tr>\n<tr style=\"width: 100%;\">\n<td style=\"height: 112px; width: 100%;\"><span style=\"color: #333333;\"><a style=\"color: #333333;\" href=\"https:\/\/doi.org\/10.4155\/cmt.11.24\">LIPPKE, B., ONEIL, E., HARRISON, R., SKOG, K., GUSTAVSSON, L., &amp; SATHRE, R. (2011). Life cycle impacts of forest management and wood utilization on carbon mitigation: knowns and unknowns. Carbon Management, 2(3), 303\u2013333. https:\/\/doi.org\/10.4155\/cmt.11.24<\/a><\/span><\/td>\n<\/tr>\n<tr style=\"width: 100%;\">\n<td style=\"height: 84px; width: 100%;\"><span style=\"color: #333333;\"><a style=\"color: #333333;\" href=\"https:\/\/doi.org\/10.1111\/j.1365-2486.2009.02056.x\">LUYSSAERT, S., CIAIS, P., PIAO, S. L., SCHULZE, E. D., JUNG, M., ZAEHLE, S., \u2026 JANSSENS, I. A. (2010). The European carbon balance. Part 3: forests. Global Change Biology, 16(5), 1429\u20131450. https:\/\/doi.org\/10.1111\/j.1365-2486.2009.02056.x<\/a><\/span><\/td>\n<\/tr>\n<tr style=\"width: 100%;\">\n<td style=\"height: 112px; width: 100%;\"><span style=\"color: #333333;\"><a style=\"color: #333333;\" href=\"https:\/\/doi.org\/10.1038\/s41586-018-0577-1\">LUYSSAERT, SEBASTIAAN, MARIE, G., VALADE, A., CHEN, Y.-Y., NJAKOU DJOMO, S., RYDER, J., \u2026 MCGRATH, M. J. (2018). Trade-offs in using European forests to meet climate objectives. Nature, 562(7726), 259\u2013262. https:\/\/doi.org\/10.1038\/s41586-018-0577-1<\/a><\/span><\/td>\n<\/tr>\n<tr style=\"width: 100%;\">\n<td style=\"height: 84px; width: 100%;\" width=\"631\"><span style=\"color: #333333;\"><a style=\"color: #333333;\" href=\"https:\/\/link.springer.com\/article\/10.1007\/s11104-013-1788-8\">MANCILLA-LEYT\u00d3N, J.M.; S\u00c1NCHEZ-LINEROS, V., MART\u00cdN-VICENTE, A.; 2013. Influence of grazing on the decomposition of Pinus pinea L. needles in a silvopastoral system in Do\u00f1ana, Spain. Plant and Soil 373: 173-181.<\/a><\/span><\/td>\n<\/tr>\n<tr style=\"width: 100%;\">\n<td style=\"height: 84px; width: 100%;\"><span style=\"color: #333333;\"><a style=\"color: #333333;\" href=\"https:\/\/doi.org\/0.5194\/bg-12-4291-2015\">Mcgrath, M. J., Luyssaert, S., Meyfroidt, P., Kaplan, J. O., B\u00fcrgi, M., Chen, Y., \u2026 European, R. (2015). Reconstructing European forest management from 1600 to 2010. Biogeosciences, 12, 4291\u20134316. https:\/\/doi.org\/0.5194\/bg-12-4291-2015<\/a><\/span><\/td>\n<\/tr>\n<tr style=\"width: 100%;\">\n<td style=\"height: 84px; width: 100%;\" width=\"631\"><span style=\"color: #333333;\"><a style=\"color: #333333;\" href=\"https:\/\/www.researchgate.net\/profile\/Florencia-Montagnini\/publication\/13731429_Evaluating_the_Role_of_Plantations_as_Carbon_Sinks_An_Example_of_an_Integrative_Approach_from_the_Humid_Tropics\/links\/5a44fe7faca272d2945d9578\/Evaluating-the-Role-of-Plantations\">MONTAGNINI F., PORRAS C. 1998. Evaluating the role of plantations as carbon sinks: an example of an integrative approach from the humid tropics. Environmental Management 22: 459-470.<\/a><\/span><\/td>\n<\/tr>\n<tr style=\"width: 100%;\">\n<td style=\"height: 84px; width: 100%;\" width=\"631\"><span style=\"color: #333333;\"><a style=\"color: #333333;\" href=\"https:\/\/www.researchgate.net\/profile\/Alberto-Rojo-Alboreca\/publication\/307608233_Including_CO2-fixation_in_the_evaluation_of_silvicultural_alternatives_in_Scots_pine_stands_in_Spain\/links\/57cd6e1a08ae3ac722b8d19e\/Including-CO2-fixation-in-the-evaluation-of\">MONTERO, G., R\u00cdO, M., CA\u00d1ELLAS, I, ET AL. 2003. Including CO2 fixation in the evaluaiton of silvicultural alternatives in Scots pine stands in Spain. In: Proceedings of Decission Support for Multiple purpose forestry. Vienna, April 23-25.<\/a><\/span><\/td>\n<\/tr>\n<tr style=\"width: 100%;\">\n<td style=\"height: 112px; width: 100%;\" width=\"631\"><span style=\"color: #333333;\"><a style=\"color: #333333;\" href=\"https:\/\/www.researchgate.net\/profile\/Isabel-Canellas\/publication\/28052624_Productividad_aerea_y_dinamica_de_nutrientes_en_una_repoblacion_de_Pinus_pinaster_Ait_sometida_a_distintos_regimenes_de_claras\/links\/0a85e533049e7dea29000000\/Productividad-aerea-y-dinamica-de-nutrientes-en-una-repoblacion-de-Pinus-pinaster-Ait-sometida-a-distintos-regimenes-de-claras.pdf\">MONTERO, G.; ORTEGA, C.; CA\u00d1ELLAS, I.; BACHILLER, A.; 1999. Productividad a\u00e9rea y din\u00e1mica de nutrientes en una repoblaci\u00f3n de Pinus Pinaster Ait. sometida a distintos reg\u00edmenes de claras. Investigaci\u00f3n Agraria: Sistemas y Recursos Forestales (Fuera de Serie 1): 175-206.<\/a><\/span><\/td>\n<\/tr>\n<tr style=\"width: 100%;\">\n<td style=\"height: 168px; width: 100%;\" width=\"631\"><span style=\"color: #333333;\"><a style=\"color: #333333;\" href=\"https:\/\/recaman.agenciamedioambienteyagua.es\/VICAF\/portadas\/portada1-2.pdf\">MONTERO, G.; PASALODOS, M.; LOPEZ-SENESPLEDA, E.; RUIZ-PEINADO, R.; BRAVO-OVIEDO, A.; MADRIGAL, G.; ONRUBIA, R.; 2015. Modelos de selvicultura y producci\u00f3n de madera, frutos y fijaci\u00f3n de carbono de los sistemas forestales de Andaluc\u00eda. En: Econom\u00eda y selviculturas de los montes de Andaluc\u00eda. Campos, P.; D\u00edaz-Balteiro, L. (eds). Memorias cient\u00edficas de RECAMAN. Volumen 1. Memoria 1.2. Editorial CSIC, Madrid.<\/a><\/span><\/td>\n<\/tr>\n<tr style=\"width: 100%;\">\n<td style=\"height: 136px; width: 100%;\" width=\"673\"><span style=\"color: #333333;\"><a style=\"color: #333333;\" href=\"https:\/\/doi.org\/10.3390\/f8120484\">NABUURS, G. J., DELACOTE, P., ELLISON, D., HANEWINKEL, M., HETEM\u00c4KI, L., LINDNER, M., &amp; OLLIKAINEN, M. (2017). By 2050 the mitigation effects of EU forests could nearly double through climate smart forestry. Forests, 8(12), 1\u201314. https:\/\/doi.org\/10.3390\/f8120484<\/a><\/span><\/td>\n<\/tr>\n<tr style=\"width: 100%;\">\n<td style=\"height: 108px; width: 100%;\" width=\"673\"><span style=\"color: #333333;\"><a style=\"color: #333333;\" href=\"https:\/\/doi.org\/10.1016\/S1470-160X(02)00007-9\">NABUURS, G.-J., &amp; SCHELHAAS, M.-J. (2002). Carbon profiles of typical forest types across Europe assessed with CO2FIX. Ecological Indicators, 1(3), 213\u2013223. https:\/\/doi.org\/10.1016\/S1470-160X(02)00007-9<\/a><\/span><\/td>\n<\/tr>\n<tr style=\"width: 100%;\">\n<td style=\"height: 136px; width: 100%;\" width=\"673\"><span style=\"color: #333333;\"><a style=\"color: #333333;\" href=\"https:\/\/doi.org\/10.1038\/nclimate1853\">NABUURS, G.-J., LINDNER, M., VERKERK, P. J., GUNIA, K., DEDA, P., MICHALAK, R., &amp; GRASSI, G. (2013). First signs of carbon sink saturation in European forest biomass. Nature Climate Change, 3(9), 792\u2013796. https:\/\/doi.org\/10.1038\/nclimate1853<\/a><\/span><\/td>\n<\/tr>\n<tr style=\"width: 100%;\">\n<td style=\"height: 108px; width: 100%;\" width=\"673\"><span style=\"color: #333333;\"><a style=\"color: #333333;\" href=\"https:\/\/doi.org\/10.1126\/science.aad7270\">NAUDTS, K., CHEN, Y., MCGRATH, M. J., RYDER, J., VALADE, A., OTTO, J., &amp; LUYSSAERT, S. (2016). Europe\u2019s forest management did not mitigate climate warming. Science, 351(6273), 597\u2013600. https:\/\/doi.org\/10.1126\/science.aad7270<\/a><\/span><\/td>\n<\/tr>\n<tr style=\"width: 100%;\">\n<td style=\"height: 112px; width: 100%;\" width=\"631\"><span style=\"color: #333333;\"><a style=\"color: #333333;\" href=\"https:\/\/www.afs-journal.org\/articles\/forest\/abs\/2001\/04\/ouro\/ouro.html\">OURO, G.; P\u00c9REZ-BATALL\u00d3N, P.; MERINO, A.; 2001. Effects of silvicultural practices on nutrient status in a Pinus radiata plantation: nutrient export by tree removal and nutrient dynamics in decomposing logging residues. Annals of Forest Science 58: 411-422<\/a><\/span><\/td>\n<\/tr>\n<tr style=\"width: 100%;\">\n<td style=\"height: 112px; width: 100%;\" width=\"631\"><span style=\"color: #333333;\">P\u00c9REZ CRUZADO C., MANSILLA SALINEIRO P., RODR\u00cdGUEZ SOALLEIRO R., MERINO A. 2007. Captura de C en terrenos agr\u00edcolas reforestados con Pinus radiata en el norte de Espa\u00f1a. En: Gallardo Lancho, J.F. (ed.), La captura de carbono en ecosistemas terrestres iberoamericanos. SIFyQA, Salamanca. Pp: 195-212<\/span><\/td>\n<\/tr>\n<tr style=\"width: 100%;\">\n<td style=\"height: 84px; width: 100%;\"><span style=\"color: #333333;\"><a style=\"color: #333333;\" href=\"https:\/\/doi.org\/10.5194\/bg.14.2387.2017\">PILLI, R., GRASSI, G., KURZ, W. A., FIORESE, G., &amp; CESCATTI, A. (2017). The European forest sector: past and future carbon budget and fluxes under different management scenarios. Biogeosciences, 14, 2387\u20132405. https:\/\/doi.org\/10.5194\/bg.14.2387.2017<\/a><\/span><\/td>\n<\/tr>\n<tr style=\"width: 100%;\">\n<td style=\"height: 112px; width: 100%;\" width=\"631\"><span style=\"color: #333333;\"><a style=\"color: #333333;\" href=\"https:\/\/link.springer.com\/article\/10.1007\/s10342-008-0215-9\">PRETZSCH, H., SCHTUZ, G. 2009\u2013 Transgressive overyielding in mixed compared with pure stands of Norway spruce and European beech in Central Europe: evidence on stand level and explanation on individual tree level. . European Journal of Forest Research 128: . 183\u2013204<\/a><\/span><\/td>\n<\/tr>\n<tr style=\"width: 100%;\">\n<td style=\"height: 84px; width: 100%;\" width=\"673\"><span style=\"color: #333333;\"><a style=\"color: #333333;\" href=\"https:\/\/doi.org\/10.1371\/journal.pbio.0060166\">PUTZ, F. E., ZUIDEMA, P. A, PINARD, M. A, BOOT, R. G. A, SAYER, J. A, SHEIL, D., \u2026 VANCLAY, J. K. (2008). Improved tropical forest management for carbon retention. PLoS Biology, 6(7), e166. https:\/\/doi.org\/10.1371\/journal.pbio.0060166<\/a><\/span><\/td>\n<\/tr>\n<tr style=\"width: 100%;\">\n<td style=\"height: 84px; width: 100%;\" width=\"673\"><span style=\"color: #333333;\"><a style=\"color: #333333;\" href=\"https:\/\/doi.org\/ARTN%20109\/rDOI%2010.14214\/sf.109\">RAYMER, A. K., GOBAKKEN, T., &amp; SOLBERG, B. (2011). Optimal forest management with carbon benefits included. Silva Fennica, 45(3), 395\u2013414. https:\/\/doi.org\/ARTN 109\\rDOI 10.14214\/sf.109<\/a><\/span><\/td>\n<\/tr>\n<tr style=\"width: 100%;\">\n<td style=\"height: 84px; width: 100%;\" width=\"631\"><span style=\"color: #333333;\"><a style=\"color: #333333;\" href=\"https:\/\/www.sciencedirect.com\/science\/article\/abs\/pii\/S0378112704008011\">ROIG, S.; DEL RIO, M.; CA\u00d1ELLAS, I.; MONTERO, G.; 2005. Litter fall in Mediterranean Pinus pinaster Ait. stands under different thinning regimes. Forest Ecology and Management 206: 179\u2013190.<\/a><\/span><\/td>\n<\/tr>\n<tr style=\"width: 100%;\">\n<td style=\"height: 112px; width: 100%;\" width=\"631\"><span style=\"color: #333333;\"><a style=\"color: #333333;\" href=\"https:\/\/link.springer.com\/article\/10.1007\/s10342-012-0672-z\">RUIZ PEINADO, R., BRAVO-OVIEDO, A., L\u00d3PEZ-SENESPLEDA. E., MONTERO, G. R\u00cdO, M. 2013. Do thinnings influence biomass and soil carb\u00f3n stocks in Mediterranean maritime pinewoods. European Journal of Forest Research 132(2): 253-262<\/a><\/span><\/td>\n<\/tr>\n<tr style=\"width: 100%;\">\n<td style=\"height: 56px; width: 100%;\" width=\"631\"><span style=\"color: #333333;\">RUIZ-PEINADO, R.; DEL RIO, M.; MONTERO, G.; 2011. New models for estimating the carbon sink capacity of Spanish softwood species. Forest Systems 20: 176-188.<\/span><\/td>\n<\/tr>\n<tr style=\"width: 100%;\">\n<td style=\"height: 112px; width: 100%;\" width=\"631\"><span style=\"color: #333333;\"><a style=\"color: #333333;\" href=\"http:\/\/www2.montes.upm.es\/Dptos\/dsrn\/SanMiguel\/PUBLICACIONES\/2001-2005\/2003_Gest%20silvopast%20y%20conserv%20de%20especies%20y%20espacios%202003.pdf\">SAN MIGUEL, A.; 2003. Gesti\u00f3n silvopastoral y conservaci\u00f3n de especies y espacios protegidos. En: Pastos, desarrollo y conservaci\u00f3n. Robles, A.B.; Ramos, M.E.; Morales, M.C.; Sim\u00f3n, E.; Gonz\u00e1lez-Rebollar, J.L.; Boza, J. (eds.). Junta de Andaluc\u00eda. Granada, pp. 409-422.<\/a><\/span><\/td>\n<\/tr>\n<tr style=\"width: 100%;\">\n<td style=\"height: 84px; width: 100%;\" width=\"631\"><span style=\"color: #333333;\">SAN MIGUEL, A.; 2009. El papel de los montes desarbolados y su gesti\u00f3n multifuncional. Jornadas sobre bosques sumideros de Carbono y cambio clim\u00e1tico. Jornadas sobre sumidros de carbono y cambio clim\u00e1tico. Zaragoza, 30 Junio 2009.<\/span><\/td>\n<\/tr>\n<tr style=\"width: 100%;\">\n<td style=\"height: 84px; width: 100%;\" width=\"631\"><span style=\"color: #333333;\"><a style=\"color: #333333;\" href=\"https:\/\/oa.upm.es\/id\/eprint\/4809\">SAN MIGUEL, A.; ROIG, S.; CA\u00d1ELLAS, I.; 2008. Fruticeticultura. Gesti\u00f3n de arbustedos y matorrales. En: Compendio de Selvicultura aplicada en Espa\u00f1a. Serrada, R.; Montero, G.; Reque, J. (eds.) INIA-FUCOVASA. Madrid, pp. 877-907.<\/a><\/span><\/td>\n<\/tr>\n<tr style=\"width: 100%;\">\n<td style=\"height: 56px; width: 100%;\" width=\"631\"><span style=\"color: #333333;\"><a style=\"color: #333333;\" href=\"https:\/\/academic.oup.com\/forestry\/article-abstract\/74\/1\/11\/535610\">SANTA REGINA, I.; TARAZONA, T.; 2001. Nutrient cycling in a natural beech forest and adjacent planted pine in northern Spain. Forestry 74: 11-28.<\/a><\/span><\/td>\n<\/tr>\n<tr style=\"width: 100%;\">\n<td style=\"height: 95px; width: 100%;\" width=\"631\"><span style=\"color: #333333;\">SERRADA, R.; BRAVO-FERN\u00c1NDEZ, A.; S\u00c1NCHEZ, I.; ALLU\u00c9, M.; ELENA, R.; SAN MIGUEL, A.; 1996. Conversion into high forest in coppices of Quercus ilex subsp. ballota L. in Central region of Iberian Peninsula. Annali Istituto Sperimentale per la Selvicoltura 27: 149-160.<\/span><\/td>\n<\/tr>\n<tr style=\"width: 100%;\">\n<td style=\"height: 56px; width: 100%;\" width=\"631\"><span style=\"color: #333333;\"><a style=\"color: #333333;\" href=\"https:\/\/iopscience.iop.org\/article\/10.1088\/1748-9326\/ac30fa\/meta\">SKYTT, T., ENGLUND, G., &amp; JONSSON, B. G. (2021). Climate mitigation forestry\u2014temporal <span style=\"color: #333333;\">trade-offs.\u00a0Environmental Research Letters,\u00a016(11), 114037.<\/span><\/a><\/span><\/td>\n<\/tr>\n<tr style=\"width: 100%;\">\n<td style=\"height: 92px; width: 100%;\" width=\"99%\"><span style=\"color: #333333;\"><a style=\"color: #333333;\" href=\"https:\/\/doi.org\/10.1093\/forestry\/cpr021\">THURNHER, C., KLOPF, M., &amp; HASENAUER, H. (2011). Forests in transition: A harvesting model for uneven-aged mixed species forests in Austria. Forestry, 84(5), 517\u2013526. https:\/\/doi.org\/10.1093\/forestry\/cpr021<\/a><\/span><\/td>\n<\/tr>\n<tr style=\"width: 100%;\">\n<td style=\"height: 111px; width: 100%;\" width=\"99%\"><span style=\"color: #333333;\"><a style=\"color: #333333;\" href=\"https:\/\/doi.org\/10.1016\/j.foreco.2011.11.033\">URI, V., VARIK, M., AOSAAR, J., KANAL, A., KUKUM\u00c4GI, M., &amp; L\u00d5HMUS, K. (2012). Biomass production and carbon sequestration in a fertile silver birch (Betula pendula Roth) forest chronosequence. Forest Ecology and Management, 267(2), 117\u2013126. https:\/\/doi.org\/10.1016\/j.foreco.2011.11.033<\/a><\/span><\/td>\n<\/tr>\n<tr style=\"width: 100%;\">\n<td style=\"height: 83px; width: 100%;\" width=\"99%\"><span style=\"color: #333333;\"><a style=\"color: #333333;\" href=\"https:\/\/doi.org\/10.1016\/j.foreco.2018.06.021\">VANCE, E. D. (2018). Conclusions and caveats from studies of managed forest carbon budgets. Forest Ecology and Management, 427(March), 350\u2013354. https:\/\/doi.org\/10.1016\/j.foreco.2018.06.021<\/a><\/span><\/td>\n<\/tr>\n<tr style=\"width: 100%;\">\n<td style=\"height: 70px; width: 100%;\" width=\"99%\"><span style=\"color: #333333;\"><a style=\"color: #333333;\" href=\"https:\/\/www.sciencedirect.com\/science\/article\/pii\/S1470160X09000600\">VERKERK, P. J., LINDNER, M., ZANCHI, G., &amp; ZUDIN, S. (2011). Assessing impacts of intensified biomass removal on deadwood in European forests. Ecological Indicators, 11(1), 27\u201335.<\/a><\/span><\/td>\n<\/tr>\n<tr style=\"width: 100%;\">\n<td style=\"height: 75px; width: 100%;\" width=\"99%\"><a href=\"https:\/\/www.for.gov.bc.ca\/hfp\/training\/00014\/index.htm\"><span style=\"color: #333333;\">ZIELKE, K., BANCROFT, B., &amp; HENRICH, S. (1999). Introduction to Silvicultural Systems. Retrieved January 25, 2018, from https:\/\/www.for.gov.bc.ca\/hfp\/training\/00014\/index.htm<\/span><\/a><\/td>\n<\/tr>\n<\/tbody>\n<\/table>\n<h3 id=\"Uenergetico\"><span style=\"color: #333333;\"><strong>USOS ENERG\u00c9TICOS<\/strong><\/span><\/h3>\n<table style=\"width: 100%;\" width=\"100%\">\n<tbody>\n<tr>\n<td style=\"width: 100%;\" width=\"631\"><span style=\"color: #333333;\">ALVAREZ, J.G.; MERINO, A.; 2009. Posibilidades de aproveitamento enerx\u00e9tico da biomasa de mato en Galicia (Informe final del proyecto). Universidad de Santiago de Compostela, 78 pp.<\/span><\/td>\n<\/tr>\n<tr>\n<td style=\"width: 100%;\" width=\"631\"><span style=\"color: #333333;\">CARRASCOSA, A.; LATORRE, B.; OCA\u00d1A, L.; 2009. Desarrollo de t\u00e9cnicas para el cultivo y aprovechamiento de especies forestales arbustivas con fines energ\u00e9ticos. VI Congreso Forestal Espa\u00f1ol. Vitoria-Gasteiz, 10-14 junio 2013.<\/span><\/td>\n<\/tr>\n<tr>\n<td style=\"width: 100%;\"><span style=\"color: #333333;\"><a style=\"color: #333333;\" href=\"https:\/\/doi.org\/10.1111\/gcbb.12445\">DALE, V. H., KLINE, K. L., PARISH, E. S., COWIE, A. L., EMORY, R., MALMSHEIMER, R. W., \u2026 WELLISCH, M. (2017). Status and prospects for renewable energy using wood pellets from the southeastern United States. GCB Bioenergy, 9(8), 1296\u20131305. https:\/\/doi.org\/10.1111\/gcbb.12445<\/a><\/span><\/td>\n<\/tr>\n<tr>\n<td style=\"width: 100%;\" width=\"631\"><span style=\"color: #333333;\">G\u00d3MEZ, P.; 2005. Un planeta en busca de energ\u00eda. Ed. S\u00edntesis S.A. Madrid, 207 pp.<\/span><\/td>\n<\/tr>\n<tr>\n<td style=\"width: 100%;\"><span style=\"color: #333333;\"><a style=\"color: #333333;\" href=\"https:\/\/doi.org\/10.1111\/gcbb.12179\">REPO, A., B\u00d6TTCHER, H., KINDERMANN, G., &amp; LISKI, J. (2015). Sustainability of forest bioenergy in Europe: Land-use-related carbon dioxide emissions of forest harvest residues. GCB Bioenergy, 7(4), 877\u2013887. https:\/\/doi.org\/10.1111\/gcbb.12179<\/a><\/span><\/td>\n<\/tr>\n<tr>\n<td style=\"width: 100%;\"><span style=\"color: #333333;\"><a style=\"color: #333333;\" href=\"https:\/\/doi.org\/10.1126\/science.aat2305\">SCHLESINGER, W. H. (2018). Are wood pellets a green fuel? Science, 359(6382), 1328\u20131329. https:\/\/doi.org\/10.1126\/science.aat2305<\/a><\/span><\/td>\n<\/tr>\n<tr>\n<td style=\"width: 100%;\"><span style=\"color: #333333;\"><a style=\"color: #333333;\" href=\"https:\/\/doi.org\/10.5849\/jof.14-016\">TER-MIKAELIAN, M. T., COLOMBO, S. J., &amp; CHEN, J. (2015). The Burning Question: Does Forest Bioenergy Reduce Carbon Emissions? A Review of Common Misconceptions about Forest Carbon Accounting. Journal of Forestry, 113(1), 57\u201368. https:\/\/doi.org\/10.5849\/jof.14-016<\/a><\/span><\/td>\n<\/tr>\n<tr>\n<td style=\"width: 100%;\"><span style=\"color: #333333;\"><a style=\"color: #333333;\" href=\"https:\/\/doi.org\/10.1038\/nclimate2347\">UNGER, N. (2014). Human land-use-driven reduction of forest volatiles cools global climate. Nature Climate Change, 4(October), 907\u2013910. https:\/\/doi.org\/10.1038\/nclimate2347<\/a><\/span><\/td>\n<\/tr>\n<tr>\n<td style=\"width: 100%;\"><span style=\"color: #333333;\"><a style=\"color: #333333;\" href=\"https:\/\/www.nature.com\/articles\/nclimate1451\">YORK, R. (2012). Do alternative energy sources displace fossil fuels? Nature Climate Change, 2(6), 441.\u00a0<\/a><\/span><\/td>\n<\/tr>\n<\/tbody>\n<\/table>\n","protected":false},"excerpt":{"rendered":"<p>&nbsp; En los \u00faltimos a\u00f1os el avance en la investigaci\u00f3n sobre los efectos del cambio clim\u00e1tico, as\u00ed como los estudios sobre su mitigaci\u00f3n y adaptaci\u00f3n a los posibles\u00a0 escenarios, se ha traducido<a class=\"moretag\" href=\"https:\/\/www.fbycc.org\/index.php\/referencias-cientificas\/\">Leer m\u00e1s&#8230;<\/a><\/p>\n","protected":false},"author":2,"featured_media":0,"parent":0,"menu_order":0,"comment_status":"closed","ping_status":"closed","template":"","meta":{"_monsterinsights_skip_tracking":false,"_monsterinsights_sitenote_active":false,"_monsterinsights_sitenote_note":"","_monsterinsights_sitenote_category":0,"footnotes":""},"class_list":["post-2608","page","type-page","status-publish","hentry"],"_links":{"self":[{"href":"https:\/\/www.fbycc.org\/index.php\/wp-json\/wp\/v2\/pages\/2608","targetHints":{"allow":["GET"]}}],"collection":[{"href":"https:\/\/www.fbycc.org\/index.php\/wp-json\/wp\/v2\/pages"}],"about":[{"href":"https:\/\/www.fbycc.org\/index.php\/wp-json\/wp\/v2\/types\/page"}],"author":[{"embeddable":true,"href":"https:\/\/www.fbycc.org\/index.php\/wp-json\/wp\/v2\/users\/2"}],"replies":[{"embeddable":true,"href":"https:\/\/www.fbycc.org\/index.php\/wp-json\/wp\/v2\/comments?post=2608"}],"version-history":[{"count":65,"href":"https:\/\/www.fbycc.org\/index.php\/wp-json\/wp\/v2\/pages\/2608\/revisions"}],"predecessor-version":[{"id":6285,"href":"https:\/\/www.fbycc.org\/index.php\/wp-json\/wp\/v2\/pages\/2608\/revisions\/6285"}],"wp:attachment":[{"href":"https:\/\/www.fbycc.org\/index.php\/wp-json\/wp\/v2\/media?parent=2608"}],"curies":[{"name":"wp","href":"https:\/\/api.w.org\/{rel}","templated":true}]}}