{"id":241,"date":"2016-06-06T12:06:00","date_gmt":"2016-06-06T12:06:00","guid":{"rendered":"http:\/\/www.fbycc.org\/?page_id=241"},"modified":"2025-08-16T18:04:05","modified_gmt":"2025-08-16T18:04:05","slug":"novedades","status":"publish","type":"page","link":"https:\/\/www.fbycc.org\/index.php\/novedades\/","title":{"rendered":"Novedades"},"content":{"rendered":"<div class=\"tx-slider shadow\" data-delay=\"8000\" data-parallax=\"no\" data-transition=\"slide\"><div class=\"tx-slider-item\"><div class=\"tx-slider-box\"><div class=\"tx-slider-img\"><a href=\"https:\/\/www.fbycc.org\/wp-content\/uploads\/2024\/12\/Grupo-1024x768.jpeg\" class=\"tx-colorbox\"><img decoding=\"async\" src=\"https:\/\/www.fbycc.org\/wp-content\/uploads\/2024\/12\/Grupo-1200x420.jpeg\" alt=\"\" class=\"blog-image\" \/><\/a><\/div><div class=\"tx-slide-content\"><div class=\"tx-slide-content-inner\" style=\"text-align:left;\"><h3 class=\"tx-slide-title\"><\/h3><div class=\"tx-slide-details\"><p><\/p><\/div><div class=\"tx-slide-button\"><a href=\"https:\/\/www.fbycc.org\/index.php\/jornadas\/evento-20-de-mayo-seminario-de-lanzamiento-poryecto-eco2for\/\">Presentaci\u00f3n del Proyecto ECO2FOR<\/a><\/div><\/div><\/div><\/div><\/div><div class=\"tx-slider-item\"><div class=\"tx-slider-box\"><div class=\"tx-slider-img\"><a href=\"https:\/\/www.fbycc.org\/wp-content\/uploads\/2024\/12\/Foto-de-asistentes-1024x768.jpg\" class=\"tx-colorbox\"><img decoding=\"async\" src=\"https:\/\/www.fbycc.org\/wp-content\/uploads\/2024\/12\/Foto-de-asistentes-1200x420.jpg\" alt=\"\" class=\"blog-image\" \/><\/a><\/div><div class=\"tx-slide-content\"><div class=\"tx-slide-content-inner\" style=\"text-align:left;\"><h3 class=\"tx-slide-title\"><\/h3><div class=\"tx-slide-details\"><p><\/p><\/div><div class=\"tx-slide-button\"><a href=\"https:\/\/www.fbycc.org\/index.php\/jornadas\/evento-soluciones-climaticas-forestales\/\">Evento &#039;Soluciones Clim\u00e1ticas Forestales&#039;<\/a><\/div><\/div><\/div><\/div><\/div><div class=\"tx-slider-item\"><div class=\"tx-slider-box\"><div class=\"tx-slider-img\"><a href=\"https:\/\/www.fbycc.org\/wp-content\/uploads\/2024\/11\/2024102510032770620-1024x576.jpg\" class=\"tx-colorbox\"><img decoding=\"async\" src=\"https:\/\/www.fbycc.org\/wp-content\/uploads\/2024\/11\/2024102510032770620-1200x420.jpg\" alt=\"\" class=\"blog-image\" \/><\/a><\/div><div class=\"tx-slide-content\"><div class=\"tx-slide-content-inner\" style=\"text-align:left;\"><h3 class=\"tx-slide-title\"><\/h3><div class=\"tx-slide-details\"><p><\/p><\/div><div class=\"tx-slide-button\"><a href=\"https:\/\/www.fbycc.org\/index.php\/2024\/11\/04\/asi-fue-el-foro-internacional-bosques-frente-al-cc-celebrado-en-soria\/\">Foro Internacional \u00abBosques frente al Cambio Clim\u00e1tico\u00bb<\/a><\/div><\/div><\/div><\/div><\/div><\/div>\n<p>&nbsp;<\/p>\n<div class=\"tx-blog tx-post-row tx-masonry\"><div class=\"tx-blog-item tx-post-col-1\"><div class=\"tx-border-box\"><div class=\"tx-blog-imgpad\"><\/div><div class=\"tx-post-content\"><h3 class=\"tx-post-title\"><a href=\"https:\/\/www.fbycc.org\/index.php\/2026\/03\/26\/6291\/\">Miles de personas celebran en Madrid el D\u00eda Internacional de los Bosques<\/a><\/h3><div style=\"height: 16px;\"><\/div><div class=\"tx-blog-content\">Miles de personas celebran en Madrid el D\u00eda Internacional de los Bosques con debates, actividades y participaci\u00f3n ciudadana Las jornadas \u201cBosques y Econom\u00edas\u201d convierten el centro de la ciudad en un espacio&lt;a class=&quot;moretag&quot; href=&quot;https:\/\/www.fbycc.org\/index.php\/2026\/03\/26\/6291\/&quot;&gt;Leer m\u00e1s...&lt;\/a&gt;<\/div><div class=\"tx-meta\"><span class=\"tx-author\">By : <a href=\"https:\/\/www.fbycc.org\/index.php\/author\/info\/\">info<\/a><\/span><span class=\"tx-date\"> | Mar 26, 2026<\/span><\/div><\/div><\/div><\/div><div class=\"tx-blog-item tx-post-col-1\"><div class=\"tx-border-box\"><div class=\"tx-blog-imgpad\"><\/div><div class=\"tx-post-content\"><h3 class=\"tx-post-title\"><a href=\"https:\/\/www.fbycc.org\/index.php\/2026\/03\/17\/el-festival-del-bosque-llega-a-madrid\/\">El festival del bosque llega a Madrid<\/a><\/h3><div style=\"height: 16px;\"><\/div><div class=\"tx-blog-content\">El festival del bosque llega a Madrid Madrid, 17 de marzo de 2026.\u00a0 Con motivo del D\u00eda Internacional de los Bosques, la plataforma Juntos por los Bosques y el Foro de Bosques&lt;a class=&quot;moretag&quot; href=&quot;https:\/\/www.fbycc.org\/index.php\/2026\/03\/17\/el-festival-del-bosque-llega-a-madrid\/&quot;&gt;Leer m\u00e1s...&lt;\/a&gt;<\/div><div class=\"tx-meta\"><span class=\"tx-author\">By : <a href=\"https:\/\/www.fbycc.org\/index.php\/author\/info\/\">info<\/a><\/span><span class=\"tx-date\"> | Mar 17, 2026<\/span><\/div><\/div><\/div><\/div><div class=\"tx-blog-item tx-post-col-1\"><div class=\"tx-border-box\"><div class=\"tx-blog-imgpad\"><\/div><div class=\"tx-post-content\"><h3 class=\"tx-post-title\"><a href=\"https:\/\/www.fbycc.org\/index.php\/2025\/12\/22\/cop30-diez-anos-del-acuerdo-de-paris-y-el-reto-de-acelerar-la-accion-climatica\/\">COP30: diez a\u00f1os del Acuerdo de Par\u00eds y el reto de acelerar la acci\u00f3n clim\u00e1tica<\/a><\/h3><div style=\"height: 16px;\"><\/div><div class=\"tx-blog-content\">COP30: diez a\u00f1os del Acuerdo de Par\u00eds y el reto de acelerar la acci\u00f3n clim\u00e1tica La COP30, celebrada en Bel\u00e9m (Brasil) del 10 al 22 de noviembre de 2025, bajo el marco&lt;a class=&quot;moretag&quot; href=&quot;https:\/\/www.fbycc.org\/index.php\/2025\/12\/22\/cop30-diez-anos-del-acuerdo-de-paris-y-el-reto-de-acelerar-la-accion-climatica\/&quot;&gt;Leer m\u00e1s...&lt;\/a&gt;<\/div><div class=\"tx-meta\"><span class=\"tx-author\">By : <a href=\"https:\/\/www.fbycc.org\/index.php\/author\/info\/\">info<\/a><\/span><span class=\"tx-date\"> | Dic 22, 2025<\/span><\/div><\/div><\/div><\/div><div class=\"tx-blog-item tx-post-col-1\"><div class=\"tx-border-box\"><div class=\"tx-blog-imgpad\"><\/div><div class=\"tx-post-content\"><h3 class=\"tx-post-title\"><a href=\"https:\/\/www.fbycc.org\/index.php\/2025\/12\/22\/motor-verde-impulsa-un-modelo-de-reforestacion-con-impacto-social\/\">Motor Verde impulsa un modelo de reforestaci\u00f3n con impacto social<\/a><\/h3><div style=\"height: 16px;\"><\/div><div class=\"tx-blog-content\">El proyecto Motor Verde impulsa en Grandas de Salime un modelo de reforestaci\u00f3n con impacto social para el sector forestal En el coraz\u00f3n de Grandas de Salime (Asturias), un incendio forestal en&lt;a class=&quot;moretag&quot; href=&quot;https:\/\/www.fbycc.org\/index.php\/2025\/12\/22\/motor-verde-impulsa-un-modelo-de-reforestacion-con-impacto-social\/&quot;&gt;Leer m\u00e1s...&lt;\/a&gt;<\/div><div class=\"tx-meta\"><span class=\"tx-author\">By : <a href=\"https:\/\/www.fbycc.org\/index.php\/author\/info\/\">info<\/a><\/span><span class=\"tx-date\"> | Dic 22, 2025<\/span><\/div><\/div><\/div><\/div><div class=\"tx-blog-item tx-post-col-1\"><div class=\"tx-border-box\"><div class=\"tx-blog-imgpad\"><\/div><div class=\"tx-post-content\"><h3 class=\"tx-post-title\"><a href=\"https:\/\/www.fbycc.org\/index.php\/2025\/12\/02\/la-comision-europea-pone-en-marcha-iniciativas-para-impulsar-las-absorciones\/\">La Comisi\u00f3n europea pone en marcha iniciativas para impulsar las absorciones<\/a><\/h3><div style=\"height: 16px;\"><\/div><div class=\"tx-blog-content\">&nbsp; La Comisi\u00f3n Europea ha adoptado normas para aplicar el marco de certificaci\u00f3n voluntaria a escala de la UE para la eliminaci\u00f3n de carbono y la carbonocultura. Esto se ver\u00e1 impulsado a\u00fan&lt;a class=&quot;moretag&quot; href=&quot;https:\/\/www.fbycc.org\/index.php\/2025\/12\/02\/la-comision-europea-pone-en-marcha-iniciativas-para-impulsar-las-absorciones\/&quot;&gt;Leer m\u00e1s...&lt;\/a&gt;<\/div><div class=\"tx-meta\"><span class=\"tx-author\">By : <a href=\"https:\/\/www.fbycc.org\/index.php\/author\/tec\/\">T\u00e9cnico<\/a><\/span><span class=\"tx-date\"> | Dic 2, 2025<\/span><\/div><\/div><\/div><\/div><div class=\"tx-blog-item tx-post-col-1\"><div class=\"tx-border-box\"><div class=\"tx-blog-imgpad\"><\/div><div class=\"tx-post-content\"><h3 class=\"tx-post-title\"><a href=\"https:\/\/www.fbycc.org\/index.php\/2025\/11\/11\/nuevas-herramientas-para-impulsar-los-creditos-de-carbono-forestales\/\">Nuevas herramientas para impulsar los cr\u00e9ditos de carbono forestales<\/a><\/h3><div style=\"height: 16px;\"><\/div><div class=\"tx-blog-content\">Nuevas herramientas para impulsar los cr\u00e9ditos de carbono forestales en Espa\u00f1a en la jornada final del proyecto eco2for Foro de Bosques y Cambio Clim\u00e1tico, Fundaci\u00f3n Cesefor, Fundaci\u00f3n CETEMAS, ICIFOR-INIA-CSIC y los grupos&lt;a class=&quot;moretag&quot; href=&quot;https:\/\/www.fbycc.org\/index.php\/2025\/11\/11\/nuevas-herramientas-para-impulsar-los-creditos-de-carbono-forestales\/&quot;&gt;Leer m\u00e1s...&lt;\/a&gt;<\/div><div class=\"tx-meta\"><span class=\"tx-author\">By : <a href=\"https:\/\/www.fbycc.org\/index.php\/author\/info\/\">info<\/a><\/span><span class=\"tx-date\"> | Nov 11, 2025<\/span><\/div><\/div><\/div><\/div><div class=\"tx-blog-item tx-post-col-1\"><div class=\"tx-border-box\"><div class=\"tx-blog-imgpad\"><\/div><div class=\"tx-post-content\"><h3 class=\"tx-post-title\"><a href=\"https:\/\/www.fbycc.org\/index.php\/2025\/10\/31\/6181\/\">Una mirada desde la investigaci\u00f3n aplicada a la acci\u00f3n clim\u00e1tica<\/a><\/h3><div style=\"height: 16px;\"><\/div><div class=\"tx-blog-content\">El webinar \u00abBosques y ciencia forestal para la acci\u00f3n clim\u00e1tica\u00bb ofreci\u00f3 una mirada desde la investigaci\u00f3n aplicada El pasado 24 de octubre de 2025, el Foro de Bosques y Cambio Clim\u00e1tico celebr\u00f3&lt;a class=&quot;moretag&quot; href=&quot;https:\/\/www.fbycc.org\/index.php\/2025\/10\/31\/6181\/&quot;&gt;Leer m\u00e1s...&lt;\/a&gt;<\/div><div class=\"tx-meta\"><span class=\"tx-author\">By : <a href=\"https:\/\/www.fbycc.org\/index.php\/author\/info\/\">info<\/a><\/span><span class=\"tx-date\"> | Oct 31, 2025<\/span><\/div><\/div><\/div><\/div><div class=\"tx-blog-item tx-post-col-1\"><div class=\"tx-border-box\"><div class=\"tx-blog-imgpad\"><\/div><div class=\"tx-post-content\"><h3 class=\"tx-post-title\"><a href=\"https:\/\/www.fbycc.org\/index.php\/2025\/10\/30\/land-life-mas-de-una-decada-al-frente-de-la-restauracion-ambiental\/\">Land Life, m\u00e1s de una d\u00e9cada al frente de la restauraci\u00f3n ambiental<\/a><\/h3><div style=\"height: 16px;\"><\/div><div class=\"tx-blog-content\">Land Life, m\u00e1s de una d\u00e9cada al frente de la restauraci\u00f3n ambiental en Espa\u00f1a y Portugal Lo que somos: nuestra misi\u00f3n y enfoque\u00a0 Land Life Iberia naci\u00f3 en 2018 con el objetivo&lt;a class=&quot;moretag&quot; href=&quot;https:\/\/www.fbycc.org\/index.php\/2025\/10\/30\/land-life-mas-de-una-decada-al-frente-de-la-restauracion-ambiental\/&quot;&gt;Leer m\u00e1s...&lt;\/a&gt;<\/div><div class=\"tx-meta\"><span class=\"tx-author\">By : <a href=\"https:\/\/www.fbycc.org\/index.php\/author\/info\/\">info<\/a><\/span><span class=\"tx-date\"> | Oct 30, 2025<\/span><\/div><\/div><\/div><\/div><div class=\"tx-blog-item tx-post-col-1\"><div class=\"tx-border-box\"><div class=\"tx-blog-imgpad\"><\/div><div class=\"tx-post-content\"><h3 class=\"tx-post-title\"><a href=\"https:\/\/www.fbycc.org\/index.php\/2025\/10\/15\/los-productores-primarios-piden-una-ambiciosa-estrategia-de-bioeconomia\/\">Los productores primarios piden una ambiciosa Estrategia de Bioeconom\u00eda<\/a><\/h3><div style=\"height: 16px;\"><\/div><div class=\"tx-blog-content\">Los productores primarios europeos piden una ambiciosa Estrategia de Bioeconom\u00eda de la UE que reconozca el papel clave de nuestros sectores agr\u00edcola y forestal Hoy, la CEPF, la COPA-COGECA y la EUSTAFOR&lt;a class=&quot;moretag&quot; href=&quot;https:\/\/www.fbycc.org\/index.php\/2025\/10\/15\/los-productores-primarios-piden-una-ambiciosa-estrategia-de-bioeconomia\/&quot;&gt;Leer m\u00e1s...&lt;\/a&gt;<\/div><div class=\"tx-meta\"><span class=\"tx-author\">By : <a href=\"https:\/\/www.fbycc.org\/index.php\/author\/info\/\">info<\/a><\/span><span class=\"tx-date\"> | Oct 15, 2025<\/span><\/div><\/div><\/div><\/div><div class=\"tx-blog-item tx-post-col-1\"><div class=\"tx-border-box\"><div class=\"tx-blog-imgpad\"><\/div><div class=\"tx-post-content\"><h3 class=\"tx-post-title\"><a href=\"https:\/\/www.fbycc.org\/index.php\/2025\/09\/15\/nace-la-asociacion-agefem-para-impulsar-la-madera-en-la-construccion\/\">Nace la asociaci\u00f3n AGEFEM para impulsar la madera en la construcci\u00f3n<\/a><\/h3><div style=\"height: 16px;\"><\/div><div class=\"tx-blog-content\">Nace la Asociaci\u00f3n para la Gesti\u00f3n Forestal y la Edificaci\u00f3n con Madera, AGEFEM para impulsar la madera en la construcci\u00f3n Nace la Asociaci\u00f3n para la Gesti\u00f3n Forestal y la Edificaci\u00f3n con Madera,&lt;a class=&quot;moretag&quot; href=&quot;https:\/\/www.fbycc.org\/index.php\/2025\/09\/15\/nace-la-asociacion-agefem-para-impulsar-la-madera-en-la-construccion\/&quot;&gt;Leer m\u00e1s...&lt;\/a&gt;<\/div><div class=\"tx-meta\"><span class=\"tx-author\">By : <a href=\"https:\/\/www.fbycc.org\/index.php\/author\/info\/\">info<\/a><\/span><span class=\"tx-date\"> | Sep 15, 2025<\/span><\/div><\/div><\/div><\/div><div class=\"tx-blog-item tx-post-col-1\"><div class=\"tx-border-box\"><div class=\"tx-blog-imgpad\"><\/div><div class=\"tx-post-content\"><h3 class=\"tx-post-title\"><a href=\"https:\/\/www.fbycc.org\/index.php\/2025\/08\/19\/espana-epicentro-europeo-de-las-emisiones-por-incendios-forestales\/\">Espa\u00f1a, epicentro europeo de las emisiones por incendios forestales<\/a><\/h3><div style=\"height: 16px;\"><\/div><div class=\"tx-blog-content\">Espa\u00f1a, epicentro europeo de las emisiones por incendios forestales Los incendios forestales que est\u00e1 atravesando Espa\u00f1a este 2025 han elevado las emisiones de di\u00f3xido de carbono a la atm\u00f3sfera hasta niveles r\u00e9cord&lt;a class=&quot;moretag&quot; href=&quot;https:\/\/www.fbycc.org\/index.php\/2025\/08\/19\/espana-epicentro-europeo-de-las-emisiones-por-incendios-forestales\/&quot;&gt;Leer m\u00e1s...&lt;\/a&gt;<\/div><div class=\"tx-meta\"><span class=\"tx-author\">By : <a href=\"https:\/\/www.fbycc.org\/index.php\/author\/tec\/\">T\u00e9cnico<\/a><\/span><span class=\"tx-date\"> | Ago 19, 2025<\/span><\/div><\/div><\/div><\/div><div class=\"tx-blog-item tx-post-col-1\"><div class=\"tx-border-box\"><div class=\"tx-blog-imgpad\"><\/div><div class=\"tx-post-content\"><h3 class=\"tx-post-title\"><a href=\"https:\/\/www.fbycc.org\/index.php\/2025\/08\/19\/incendios-forestales-de-crisis-a-inversion-sostenible\/\">Incendios forestales: de crisis a inversi\u00f3n sostenible<\/a><\/h3><div style=\"height: 16px;\"><\/div><div class=\"tx-blog-content\">Los incendios forestales: de cat\u00e1strofe recurrente a oportunidad de inversi\u00f3n sostenible Espa\u00f1a afronta incendios m\u00e1s largos, intensos y costosos. Suponen un problema de seguridad y ambiental, pero tambi\u00e9n econ\u00f3mico y de competitividad.&lt;a class=&quot;moretag&quot; href=&quot;https:\/\/www.fbycc.org\/index.php\/2025\/08\/19\/incendios-forestales-de-crisis-a-inversion-sostenible\/&quot;&gt;Leer m\u00e1s...&lt;\/a&gt;<\/div><div class=\"tx-meta\"><span class=\"tx-author\">By : <a href=\"https:\/\/www.fbycc.org\/index.php\/author\/info\/\">info<\/a><\/span><span class=\"tx-date\"> | Ago 19, 2025<\/span><\/div><\/div><\/div><\/div><div class=\"tx-blog-item tx-post-col-1\"><div class=\"tx-border-box\"><div class=\"tx-blog-imgpad\"><\/div><div class=\"tx-post-content\"><h3 class=\"tx-post-title\"><a href=\"https:\/\/www.fbycc.org\/index.php\/2025\/07\/15\/taller-sobre-estandares-de-carbono-en-el-9cfe\/\">Taller sobre est\u00e1ndares de carbono en el 9CFE<\/a><\/h3><div style=\"height: 16px;\"><\/div><div class=\"tx-blog-content\">Lecciones de est\u00e1ndares globales para los proyectos de absorci\u00f3n en el 9CFE En el marco del 9\u00ba Congreso Forestal Espa\u00f1ol, la entidad Carbon2Nature organiz\u00f3 el pasado jueves 19 de junio el taller&lt;a class=&quot;moretag&quot; href=&quot;https:\/\/www.fbycc.org\/index.php\/2025\/07\/15\/taller-sobre-estandares-de-carbono-en-el-9cfe\/&quot;&gt;Leer m\u00e1s...&lt;\/a&gt;<\/div><div class=\"tx-meta\"><span class=\"tx-author\">By : <a href=\"https:\/\/www.fbycc.org\/index.php\/author\/info\/\">info<\/a><\/span><span class=\"tx-date\"> | Jul 15, 2025<\/span><\/div><\/div><\/div><\/div><div class=\"tx-blog-item tx-post-col-1\"><div class=\"tx-border-box\"><div class=\"tx-blog-imgpad\"><\/div><div class=\"tx-post-content\"><h3 class=\"tx-post-title\"><a href=\"https:\/\/www.fbycc.org\/index.php\/2025\/07\/14\/sesion-9cfe\/\">Sesi\u00f3n 9CFE \u00abEl valor de los cr\u00e9ditos de carbono\u00bb<\/a><\/h3><div style=\"height: 16px;\"><\/div><div class=\"tx-blog-content\">El Foro de Bosques y Cambio Clim\u00e1tico impulsa el debate sobre carbono y biodiversidad en el 9\u00ba Congreso Forestal Espa\u00f1ol En el marco del 9\u00ba Congreso Forestal Espa\u00f1ol, celebrado en Gij\u00f3n, el&lt;a class=&quot;moretag&quot; href=&quot;https:\/\/www.fbycc.org\/index.php\/2025\/07\/14\/sesion-9cfe\/&quot;&gt;Leer m\u00e1s...&lt;\/a&gt;<\/div><div class=\"tx-meta\"><span class=\"tx-author\">By : <a href=\"https:\/\/www.fbycc.org\/index.php\/author\/info\/\">info<\/a><\/span><span class=\"tx-date\"> | Jul 14, 2025<\/span><\/div><\/div><\/div><\/div><div class=\"tx-blog-item tx-post-col-1\"><div class=\"tx-border-box\"><div class=\"tx-blog-imgpad\"><\/div><div class=\"tx-post-content\"><h3 class=\"tx-post-title\"><a href=\"https:\/\/www.fbycc.org\/index.php\/2025\/07\/14\/5692\/\">Jornada de presentaci\u00f3n de resultados del proyecto ReBioCCan<\/a><\/h3><div style=\"height: 16px;\"><\/div><div class=\"tx-blog-content\">Oviedo acoge una jornada clave sobre refugios clim\u00e1ticos y colaboraci\u00f3n multisectorial frente al cambio clim\u00e1tico El pasado 27 de junio, Oviedo fue escenario de una jornada t\u00e9cnica y participativa en la que&lt;a class=&quot;moretag&quot; href=&quot;https:\/\/www.fbycc.org\/index.php\/2025\/07\/14\/5692\/&quot;&gt;Leer m\u00e1s...&lt;\/a&gt;<\/div><div class=\"tx-meta\"><span class=\"tx-author\">By : <a href=\"https:\/\/www.fbycc.org\/index.php\/author\/info\/\">info<\/a><\/span><span class=\"tx-date\"> | Jul 14, 2025<\/span><\/div><\/div><\/div><\/div><div class=\"tx-blog-item tx-post-col-1\"><div class=\"tx-border-box\"><div class=\"tx-blog-imgpad\"><\/div><div class=\"tx-post-content\"><h3 class=\"tx-post-title\"><a href=\"https:\/\/www.fbycc.org\/index.php\/2025\/07\/01\/eco2for-presente-en-el-9o-congreso-forestal-espanol\/\">eco2for presente en el 9\u00ba Congreso Forestal Espa\u00f1ol<\/a><\/h3><div style=\"height: 16px;\"><\/div><div class=\"tx-blog-content\">eco2for comparte avances y experiencias en el Congreso Forestal Espa\u00f1ol de Gij\u00f3n Integrantes del proyecto eco2for en una mesa redonda del congreso.\u00a0 El proyecto ECO2FOR estuvo presente de forma activa en el&lt;a class=&quot;moretag&quot; href=&quot;https:\/\/www.fbycc.org\/index.php\/2025\/07\/01\/eco2for-presente-en-el-9o-congreso-forestal-espanol\/&quot;&gt;Leer m\u00e1s...&lt;\/a&gt;<\/div><div class=\"tx-meta\"><span class=\"tx-author\">By : <a href=\"https:\/\/www.fbycc.org\/index.php\/author\/info\/\">info<\/a><\/span><span class=\"tx-date\"> | Jul 1, 2025<\/span><\/div><\/div><\/div><\/div><div class=\"tx-blog-item tx-post-col-1\"><div class=\"tx-border-box\"><div class=\"tx-blog-imgpad\"><\/div><div class=\"tx-post-content\"><h3 class=\"tx-post-title\"><a href=\"https:\/\/www.fbycc.org\/index.php\/2025\/06\/26\/oviedo-acoge-una-jornada-clave-sobre-refugios-climaticos\/\">Oviedo acoge una jornada clave sobre refugios clim\u00e1ticos<\/a><\/h3><div style=\"height: 16px;\"><\/div><div class=\"tx-blog-content\">Oviedo acoge una jornada clave sobre refugios clim\u00e1ticos y adaptaci\u00f3n al cambio clim\u00e1tico El pr\u00f3ximo 27 de junio, la Fundaci\u00f3n para la Investigaci\u00f3n del Clima y el Foro de Bosques y Cambio&lt;a class=&quot;moretag&quot; href=&quot;https:\/\/www.fbycc.org\/index.php\/2025\/06\/26\/oviedo-acoge-una-jornada-clave-sobre-refugios-climaticos\/&quot;&gt;Leer m\u00e1s...&lt;\/a&gt;<\/div><div class=\"tx-meta\"><span class=\"tx-author\">By : <a href=\"https:\/\/www.fbycc.org\/index.php\/author\/info\/\">info<\/a><\/span><span class=\"tx-date\"> | Jun 26, 2025<\/span><\/div><\/div><\/div><\/div><div class=\"tx-blog-item tx-post-col-1\"><div class=\"tx-border-box\"><div class=\"tx-blog-imgpad\"><\/div><div class=\"tx-post-content\"><h3 class=\"tx-post-title\"><a href=\"https:\/\/www.fbycc.org\/index.php\/2025\/05\/16\/francia-aprueba-una-nueva-metodologia-de-gestion-forestal-mejorada\/\">Francia aprueba una nueva metodolog\u00eda de gesti\u00f3n forestal mejorada<\/a><\/h3><div style=\"height: 16px;\"><\/div><div class=\"tx-blog-content\">Un paso m\u00e1s en la acci\u00f3n clim\u00e1tica forestal: Francia aprueba una nueva metodolog\u00eda de gesti\u00f3n forestal bajo el Label Bas-Carbone El Ministerio de la Transici\u00f3n Ecol\u00f3gica de Francia ha aprobado recientemente la&lt;a class=&quot;moretag&quot; href=&quot;https:\/\/www.fbycc.org\/index.php\/2025\/05\/16\/francia-aprueba-una-nueva-metodologia-de-gestion-forestal-mejorada\/&quot;&gt;Leer m\u00e1s...&lt;\/a&gt;<\/div><div class=\"tx-meta\"><span class=\"tx-author\">By : <a href=\"https:\/\/www.fbycc.org\/index.php\/author\/info\/\">info<\/a><\/span><span class=\"tx-date\"> | May 16, 2025<\/span><\/div><\/div><\/div><\/div><div class=\"tx-blog-item tx-post-col-1\"><div class=\"tx-border-box\"><div class=\"tx-blog-imgpad\"><\/div><div class=\"tx-post-content\"><h3 class=\"tx-post-title\"><a href=\"https:\/\/www.fbycc.org\/index.php\/2025\/04\/23\/jornada-en-zamora-sobre-mercados-de-co2\/\">Jornada en Zamora sobre mercados de CO2<\/a><\/h3><div style=\"height: 16px;\"><\/div><div class=\"tx-blog-content\">El mercado de carbono a debate: oportunidades y desaf\u00edos para los propietarios forestales Fotograf\u00eda: FAFCYLE El pasado 27 de marzo tuvo lugar en Zamora la jornada t\u00e9cnica \u201cEl mercado de CO\u2082: oportunidades&lt;a class=&quot;moretag&quot; href=&quot;https:\/\/www.fbycc.org\/index.php\/2025\/04\/23\/jornada-en-zamora-sobre-mercados-de-co2\/&quot;&gt;Leer m\u00e1s...&lt;\/a&gt;<\/div><div class=\"tx-meta\"><span class=\"tx-author\">By : <a href=\"https:\/\/www.fbycc.org\/index.php\/author\/info\/\">info<\/a><\/span><span class=\"tx-date\"> | Abr 23, 2025<\/span><\/div><\/div><\/div><\/div><div class=\"tx-blog-item tx-post-col-1\"><div class=\"tx-border-box\"><div class=\"tx-blog-imgpad\"><\/div><div class=\"tx-post-content\"><h3 class=\"tx-post-title\"><a href=\"https:\/\/www.fbycc.org\/index.php\/2025\/04\/10\/soluciones-climaticas-forestales-2025-conecta-a-empresas-y-sector-forestal\/\">Soluciones Clim\u00e1ticas Forestales 2025 conecta a empresas y sector forestal<\/a><\/h3><div style=\"height: 16px;\"><\/div><div class=\"tx-blog-content\">\u201cSoluciones Clim\u00e1ticas Forestales 2025\u201d conecta a empresas y sector forestal para impulsar la acci\u00f3n clim\u00e1tica desde los bosques El 8 de abril tuvo lugar el evento \u00abSoluciones Clim\u00e1ticas Forestales 2025: Los bosques&lt;a class=&quot;moretag&quot; href=&quot;https:\/\/www.fbycc.org\/index.php\/2025\/04\/10\/soluciones-climaticas-forestales-2025-conecta-a-empresas-y-sector-forestal\/&quot;&gt;Leer m\u00e1s...&lt;\/a&gt;<\/div><div class=\"tx-meta\"><span class=\"tx-author\">By : <a href=\"https:\/\/www.fbycc.org\/index.php\/author\/info\/\">info<\/a><\/span><span class=\"tx-date\"> | Abr 10, 2025<\/span><\/div><\/div><\/div><\/div><div class=\"tx-blog-item tx-post-col-1\"><div class=\"tx-border-box\"><div class=\"tx-blog-imgpad\"><\/div><div class=\"tx-post-content\"><h3 class=\"tx-post-title\"><a href=\"https:\/\/www.fbycc.org\/index.php\/2025\/04\/03\/celebramos-el-evento-soluciones-climaticas-forestales-2025\/\">Celebramos el evento Soluciones Clim\u00e1ticas Forestales 2025<\/a><\/h3><div style=\"height: 16px;\"><\/div><div class=\"tx-blog-content\">Soluciones Clim\u00e1ticas Forestales 2025: los bosques, protagonistas en la acci\u00f3n clim\u00e1tica empresarial El pr\u00f3ximo 8 de abril, se celebrar\u00e1 el evento \u00abSoluciones Clim\u00e1ticas Forestales 2025\u00bb, que tendr\u00e1 lugar Espacio Bertelsmann de Madrid,&lt;a class=&quot;moretag&quot; href=&quot;https:\/\/www.fbycc.org\/index.php\/2025\/04\/03\/celebramos-el-evento-soluciones-climaticas-forestales-2025\/&quot;&gt;Leer m\u00e1s...&lt;\/a&gt;<\/div><div class=\"tx-meta\"><span class=\"tx-author\">By : <a href=\"https:\/\/www.fbycc.org\/index.php\/author\/info\/\">info<\/a><\/span><span class=\"tx-date\"> | Abr 3, 2025<\/span><\/div><\/div><\/div><\/div><div class=\"tx-blog-item tx-post-col-1\"><div class=\"tx-border-box\"><div class=\"tx-blog-imgpad\"><\/div><div class=\"tx-post-content\"><h3 class=\"tx-post-title\"><a href=\"https:\/\/www.fbycc.org\/index.php\/2025\/03\/18\/el-gobierno-aprueba-el-nuevo-real-decreto-de-huella-de-carbono\/\">El Gobierno aprueba el Real Decreto de huella de carbono<\/a><\/h3><div style=\"height: 16px;\"><\/div><div class=\"tx-blog-content\">El Gobierno aprueba el Real Decreto que ampl\u00eda el alcance del registro de huella de carbono, compensaci\u00f3n y proyectos de absorci\u00f3n de di\u00f3xido de carbono creado en 2014 Martes, 18 de marzo&lt;a class=&quot;moretag&quot; href=&quot;https:\/\/www.fbycc.org\/index.php\/2025\/03\/18\/el-gobierno-aprueba-el-nuevo-real-decreto-de-huella-de-carbono\/&quot;&gt;Leer m\u00e1s...&lt;\/a&gt;<\/div><div class=\"tx-meta\"><span class=\"tx-author\">By : <a href=\"https:\/\/www.fbycc.org\/index.php\/author\/info\/\">info<\/a><\/span><span class=\"tx-date\"> | Mar 18, 2025<\/span><\/div><\/div><\/div><\/div><div class=\"tx-blog-item tx-post-col-1\"><div class=\"tx-border-box\"><div class=\"tx-blog-imgpad\"><\/div><div class=\"tx-post-content\"><h3 class=\"tx-post-title\"><a href=\"https:\/\/www.fbycc.org\/index.php\/2025\/03\/03\/froilan-sevilla-presenta-su-libro-gestion-forestal-integrando-la-complejidad\/\">Froil\u00e1n Sevilla presenta su libro \u00abGesti\u00f3n Forestal. Integrando la complejidad\u00bb<\/a><\/h3><div style=\"height: 16px;\"><\/div><div class=\"tx-blog-content\">Presentaci\u00f3n del libro \u00abGesti\u00f3n Forestal. Integrando la\u00a0 Complejidad\u00bb de Froil\u00e1n Sevilla Mart\u00ednez en Madrid Madrid, 24 de febrero de 2025 \u2013 La Escuela T\u00e9cnica Superior de Ingenier\u00eda de Montes, Forestal y del&lt;a class=&quot;moretag&quot; href=&quot;https:\/\/www.fbycc.org\/index.php\/2025\/03\/03\/froilan-sevilla-presenta-su-libro-gestion-forestal-integrando-la-complejidad\/&quot;&gt;Leer m\u00e1s...&lt;\/a&gt;<\/div><div class=\"tx-meta\"><span class=\"tx-author\">By : <a href=\"https:\/\/www.fbycc.org\/index.php\/author\/info\/\">info<\/a><\/span><span class=\"tx-date\"> | Mar 3, 2025<\/span><\/div><\/div><\/div><\/div><div class=\"tx-blog-item tx-post-col-1\"><div class=\"tx-border-box\"><div class=\"tx-blog-imgpad\"><\/div><div class=\"tx-post-content\"><h3 class=\"tx-post-title\"><a href=\"https:\/\/www.fbycc.org\/index.php\/2025\/02\/26\/el-foro-suma-una-nueva-entidad-asociada-en-2025-la-fic\/\">El Foro suma una nueva entidad asociada en 2025: la FIC<\/a><\/h3><div style=\"height: 16px;\"><\/div><div class=\"tx-blog-content\">La Fundaci\u00f3n para la Investigaci\u00f3n del Clima se suma al\u00a0Foro de Bosques y Cambio Clim\u00e1tico Con la adhesi\u00f3n la Fundaci\u00f3n para la Investigaci\u00f3n del Clima, el Foro incorpora a su red de&lt;a class=&quot;moretag&quot; href=&quot;https:\/\/www.fbycc.org\/index.php\/2025\/02\/26\/el-foro-suma-una-nueva-entidad-asociada-en-2025-la-fic\/&quot;&gt;Leer m\u00e1s...&lt;\/a&gt;<\/div><div class=\"tx-meta\"><span class=\"tx-author\">By : <a href=\"https:\/\/www.fbycc.org\/index.php\/author\/info\/\">info<\/a><\/span><span class=\"tx-date\"> | Feb 26, 2025<\/span><\/div><\/div><\/div><\/div><div class=\"tx-blog-item tx-post-col-1\"><div class=\"tx-border-box\"><div class=\"tx-blog-imgpad\"><\/div><div class=\"tx-post-content\"><h3 class=\"tx-post-title\"><a href=\"https:\/\/www.fbycc.org\/index.php\/2025\/02\/11\/mujeres-en-la-ciencia-forestal\/\">Mujeres en la ciencia forestal<\/a><\/h3><div style=\"height: 16px;\"><\/div><div class=\"tx-blog-content\">Cada 11 de febrero celebramos el D\u00eda Internacional de la Mujer y la Ni\u00f1a en la ciencia, con un doble objetivo: Visibilizar el trabajo de las mujeres que se dedican a las&lt;a class=&quot;moretag&quot; href=&quot;https:\/\/www.fbycc.org\/index.php\/2025\/02\/11\/mujeres-en-la-ciencia-forestal\/&quot;&gt;Leer m\u00e1s...&lt;\/a&gt;<\/div><div class=\"tx-meta\"><span class=\"tx-author\">By : <a href=\"https:\/\/www.fbycc.org\/index.php\/author\/info\/\">info<\/a><\/span><span class=\"tx-date\"> | Feb 11, 2025<\/span><\/div><\/div><\/div><\/div><div class=\"tx-blog-item tx-post-col-1\"><div class=\"tx-border-box\"><div class=\"tx-blog-imgpad\"><\/div><div class=\"tx-post-content\"><h3 class=\"tx-post-title\"><a href=\"https:\/\/www.fbycc.org\/index.php\/2024\/12\/23\/el-eco2for-presenta-sus-avances-a-la-oecc\/\">El eco2for presenta sus avances a la OECC<\/a><\/h3><div style=\"height: 16px;\"><\/div><div class=\"tx-blog-content\">El consorcio del proyecto eco2for presenta sus avances ante la Oficina Espa\u00f1ola de Cambio Clim\u00e1tico (OECC) Representantes del consorcio de eco2for y de la Oficina Espa\u00f1ola de Cambio Clim\u00e1tico (OECC) durante el&lt;a class=&quot;moretag&quot; href=&quot;https:\/\/www.fbycc.org\/index.php\/2024\/12\/23\/el-eco2for-presenta-sus-avances-a-la-oecc\/&quot;&gt;Leer m\u00e1s...&lt;\/a&gt;<\/div><div class=\"tx-meta\"><span class=\"tx-author\">By : <a href=\"https:\/\/www.fbycc.org\/index.php\/author\/info\/\">info<\/a><\/span><span class=\"tx-date\"> | Dic 23, 2024<\/span><\/div><\/div><\/div><\/div><div class=\"tx-blog-item tx-post-col-1\"><div class=\"tx-border-box\"><div class=\"tx-blog-imgpad\"><\/div><div class=\"tx-post-content\"><h3 class=\"tx-post-title\"><a href=\"https:\/\/www.fbycc.org\/index.php\/2024\/12\/19\/avances-clave-de-la-cop29\/\">Avances clave de la COP29<\/a><\/h3><div style=\"height: 16px;\"><\/div><div class=\"tx-blog-content\">&nbsp; La ciudad de Bak\u00fa (Azerbaiy\u00e1n) ha acogido, desde el lunes 11 de noviembre al viernes 22 de noviembre de 2024, la 29\u00aa Conferencia de las Partes de la Convenci\u00f3n Marco de&lt;a class=&quot;moretag&quot; href=&quot;https:\/\/www.fbycc.org\/index.php\/2024\/12\/19\/avances-clave-de-la-cop29\/&quot;&gt;Leer m\u00e1s...&lt;\/a&gt;<\/div><div class=\"tx-meta\"><span class=\"tx-author\">By : <a href=\"https:\/\/www.fbycc.org\/index.php\/author\/info\/\">info<\/a><\/span><span class=\"tx-date\"> | Dic 19, 2024<\/span><\/div><\/div><\/div><\/div><div class=\"tx-blog-item tx-post-col-1\"><div class=\"tx-border-box\"><div class=\"tx-blog-imgpad\"><\/div><div class=\"tx-post-content\"><h3 class=\"tx-post-title\"><a href=\"https:\/\/www.fbycc.org\/index.php\/2024\/12\/16\/europa-establece-un-marco-de-certificacion-para-las-absorciones-de-carbono\/\">Europa Establece un Marco de Certificaci\u00f3n para las Absorciones de Carbono<\/a><\/h3><div style=\"height: 16px;\"><\/div><div class=\"tx-blog-content\">Nuevo Reglamento Europeo para la Certificaci\u00f3n de Absorciones Permanentes de Carbono Recientemente ha sido publicado el Reglamento (UE) 2024\/3012 del Parlamento Europeo y del Consejo, de 27 de noviembre de 2024, por&lt;a class=&quot;moretag&quot; href=&quot;https:\/\/www.fbycc.org\/index.php\/2024\/12\/16\/europa-establece-un-marco-de-certificacion-para-las-absorciones-de-carbono\/&quot;&gt;Leer m\u00e1s...&lt;\/a&gt;<\/div><div class=\"tx-meta\"><span class=\"tx-author\">By : <a href=\"https:\/\/www.fbycc.org\/index.php\/author\/info\/\">info<\/a><\/span><span class=\"tx-date\"> | Dic 16, 2024<\/span><\/div><\/div><\/div><\/div><div class=\"tx-blog-item tx-post-col-1\"><div class=\"tx-border-box\"><div class=\"tx-blog-imgpad\"><\/div><div class=\"tx-post-content\"><h3 class=\"tx-post-title\"><a href=\"https:\/\/www.fbycc.org\/index.php\/2024\/12\/03\/siete-experiencias-sobre-sumideros-naturales-de-carbono-en-conama-2024\/\">Siete experiencias sobre sumideros naturales de carbono en CONAMA 2024<\/a><\/h3><div style=\"height: 16px;\"><\/div><div class=\"tx-blog-content\">Siete experiencias sobre sumideros naturales de carbono en CONAMA 2024 Durante el primer d\u00eda del Congreso Nacional de Medio Ambiente CONAMA 2024 se celebr\u00f3 la sesi\u00f3n t\u00e9cnica sobre Sumideros y captura y&lt;a class=&quot;moretag&quot; href=&quot;https:\/\/www.fbycc.org\/index.php\/2024\/12\/03\/siete-experiencias-sobre-sumideros-naturales-de-carbono-en-conama-2024\/&quot;&gt;Leer m\u00e1s...&lt;\/a&gt;<\/div><div class=\"tx-meta\"><span class=\"tx-author\">By : <a href=\"https:\/\/www.fbycc.org\/index.php\/author\/info\/\">info<\/a><\/span><span class=\"tx-date\"> | Dic 3, 2024<\/span><\/div><\/div><\/div><\/div><div class=\"tx-blog-item tx-post-col-1\"><div class=\"tx-border-box\"><div class=\"tx-blog-imgpad\"><\/div><div class=\"tx-post-content\"><h3 class=\"tx-post-title\"><a href=\"https:\/\/www.fbycc.org\/index.php\/2024\/11\/29\/el-foro-de-bosques-y-cambio-climatico-estara-en-conama-2024\/\">El Foro de Bosques y Cambio clim\u00e1tico estar\u00e1 en CONAMA 2024<\/a><\/h3><div style=\"height: 16px;\"><\/div><div class=\"tx-blog-content\">El Foro de Bosques y Cambio clim\u00e1tico estar\u00e1 en CONAMA 2024, el Congreso Nacional de Medio Ambiente donde \u00abcompartiremos para avanzar\u00bb El Congreso Nacional del Medio Ambiente, tambi\u00e9n conocido como CONAMA, es&lt;a class=&quot;moretag&quot; href=&quot;https:\/\/www.fbycc.org\/index.php\/2024\/11\/29\/el-foro-de-bosques-y-cambio-climatico-estara-en-conama-2024\/&quot;&gt;Leer m\u00e1s...&lt;\/a&gt;<\/div><div class=\"tx-meta\"><span class=\"tx-author\">By : <a href=\"https:\/\/www.fbycc.org\/index.php\/author\/info\/\">info<\/a><\/span><span class=\"tx-date\"> | Nov 29, 2024<\/span><\/div><\/div><\/div><\/div><div class=\"tx-blog-item tx-post-col-1\"><div class=\"tx-border-box\"><div class=\"tx-blog-imgpad\"><\/div><div class=\"tx-post-content\"><h3 class=\"tx-post-title\"><a href=\"https:\/\/www.fbycc.org\/index.php\/2024\/11\/28\/la-ue-da-su-visto-bueno-al-marco-de-certificacion-para-la-absorcion-de-carbono\/\">La UE da su visto bueno al marco de certificaci\u00f3n para la absorci\u00f3n de carbono<\/a><\/h3><div style=\"height: 16px;\"><\/div><div class=\"tx-blog-content\">El Consejo da su visto bueno al marco de certificaci\u00f3n de la UE para las absorciones permanentes de carbono, la carbonocultura y el almacenamiento de carbono en productos El Consejo ha dado&lt;a class=&quot;moretag&quot; href=&quot;https:\/\/www.fbycc.org\/index.php\/2024\/11\/28\/la-ue-da-su-visto-bueno-al-marco-de-certificacion-para-la-absorcion-de-carbono\/&quot;&gt;Leer m\u00e1s...&lt;\/a&gt;<\/div><div class=\"tx-meta\"><span class=\"tx-author\">By : <a href=\"https:\/\/www.fbycc.org\/index.php\/author\/info\/\">info<\/a><\/span><span class=\"tx-date\"> | Nov 28, 2024<\/span><\/div><\/div><\/div><\/div><div class=\"tx-blog-item tx-post-col-1\"><div class=\"tx-border-box\"><div class=\"tx-blog-imgpad\"><\/div><div class=\"tx-post-content\"><h3 class=\"tx-post-title\"><a href=\"https:\/\/www.fbycc.org\/index.php\/2024\/11\/08\/compromisos-e-iniciativas-en-la-9a-conferencia-ministerial-de-forest-europe\/\">Compromisos e iniciativas en la 9\u00aa Conferencia Ministerial de FOREST EUROPE<\/a><\/h3><div style=\"height: 16px;\"><\/div><div class=\"tx-blog-content\">Compromisos clave y nuevas iniciativas en la 9\u00aa Conferencia Ministerial de FOREST EUROPE Dando forma a nuestro futuro con bosques resilientes La\u00a09\u00aa Conferencia Ministerial de FOREST EUROPE se celebr\u00f3 el 1 y&lt;a class=&quot;moretag&quot; href=&quot;https:\/\/www.fbycc.org\/index.php\/2024\/11\/08\/compromisos-e-iniciativas-en-la-9a-conferencia-ministerial-de-forest-europe\/&quot;&gt;Leer m\u00e1s...&lt;\/a&gt;<\/div><div class=\"tx-meta\"><span class=\"tx-author\">By : <a href=\"https:\/\/www.fbycc.org\/index.php\/author\/info\/\">info<\/a><\/span><span class=\"tx-date\"> | Nov 8, 2024<\/span><\/div><\/div><\/div><\/div><div class=\"tx-blog-item tx-post-col-1\"><div class=\"tx-border-box\"><div class=\"tx-blog-imgpad\"><\/div><div class=\"tx-post-content\"><h3 class=\"tx-post-title\"><a href=\"https:\/\/www.fbycc.org\/index.php\/2024\/11\/04\/asi-fue-el-foro-internacional-bosques-frente-al-cc-celebrado-en-soria\/\">As\u00ed fue el Foro Internacional \u00abBosques frente al CC\u00bb celebrado en Soria<\/a><\/h3><div style=\"height: 16px;\"><\/div><div class=\"tx-blog-content\">23 y 24 de octubre, 2024 Un evento \u00fanico sobre el futuro de los bosques celebrado en Soria: Foro Internacional \u00abBosques frente al Cambio Clim\u00e1tico\u00bb El seminario Foro Internacional \u00abBosques frente al&lt;a class=&quot;moretag&quot; href=&quot;https:\/\/www.fbycc.org\/index.php\/2024\/11\/04\/asi-fue-el-foro-internacional-bosques-frente-al-cc-celebrado-en-soria\/&quot;&gt;Leer m\u00e1s...&lt;\/a&gt;<\/div><div class=\"tx-meta\"><span class=\"tx-author\">By : <a href=\"https:\/\/www.fbycc.org\/index.php\/author\/info\/\">info<\/a><\/span><span class=\"tx-date\"> | Nov 4, 2024<\/span><\/div><\/div><\/div><\/div><div class=\"tx-blog-item tx-post-col-1\"><div class=\"tx-border-box\"><div class=\"tx-blog-imgpad\"><\/div><div class=\"tx-post-content\"><h3 class=\"tx-post-title\"><a href=\"https:\/\/www.fbycc.org\/index.php\/2024\/10\/31\/los-inventarios-forestales-nacionales-de-europa-se-unen-en-la-asociacion-enfin\/\">Los inventarios forestales nacionales de Europa se unen en la asociaci\u00f3n ENFIN<\/a><\/h3><div style=\"height: 16px;\"><\/div><div class=\"tx-blog-content\">Los inventarios forestales nacionales de Europa se unen para supervisar los bosques europeos y crear su asociaci\u00f3n M\u00e1s de 30 organizaciones europeas responsables de los inventarios forestales nacionales (IFN) colaboran desde desde&lt;a class=&quot;moretag&quot; href=&quot;https:\/\/www.fbycc.org\/index.php\/2024\/10\/31\/los-inventarios-forestales-nacionales-de-europa-se-unen-en-la-asociacion-enfin\/&quot;&gt;Leer m\u00e1s...&lt;\/a&gt;<\/div><div class=\"tx-meta\"><span class=\"tx-author\">By : <a href=\"https:\/\/www.fbycc.org\/index.php\/author\/info\/\">info<\/a><\/span><span class=\"tx-date\"> | Oct 31, 2024<\/span><\/div><\/div><\/div><\/div><div class=\"tx-blog-item tx-post-col-1\"><div class=\"tx-border-box\"><div class=\"tx-blog-imgpad\"><\/div><div class=\"tx-post-content\"><h3 class=\"tx-post-title\"><a href=\"https:\/\/www.fbycc.org\/index.php\/2024\/10\/07\/foro-internacional-bosques-frente-al-cambio-climatico\/\">Foro Internacional: Bosques frente al cambio clim\u00e1tico<\/a><\/h3><div style=\"height: 16px;\"><\/div><div class=\"tx-blog-content\">Soria alberga un evento \u00fanico sobre el futuro de los bosques La adaptaci\u00f3n al cambio clim\u00e1tico y la gesti\u00f3n forestal sostenible son las claves de un foro internacional que ahondar\u00e1 en soluciones&lt;a class=&quot;moretag&quot; href=&quot;https:\/\/www.fbycc.org\/index.php\/2024\/10\/07\/foro-internacional-bosques-frente-al-cambio-climatico\/&quot;&gt;Leer m\u00e1s...&lt;\/a&gt;<\/div><div class=\"tx-meta\"><span class=\"tx-author\">By : <a href=\"https:\/\/www.fbycc.org\/index.php\/author\/info\/\">info<\/a><\/span><span class=\"tx-date\"> | Oct 7, 2024<\/span><\/div><\/div><\/div><\/div><div class=\"tx-blog-item tx-post-col-1\"><div class=\"tx-border-box\"><div class=\"tx-blog-imgpad\"><\/div><div class=\"tx-post-content\"><h3 class=\"tx-post-title\"><a href=\"https:\/\/www.fbycc.org\/index.php\/2024\/09\/24\/el-fbycc-presenta-el-proyecto-eco2for-en-la-jornada-de-bioeconomia-forestal\/\">El FByCC presenta el proyecto eco2for en la jornada de Bioeconom\u00eda Forestal<\/a><\/h3><div style=\"height: 16px;\"><\/div><div class=\"tx-blog-content\">El Foro de Bosques y Cambio clim\u00e1tico present\u00f3 el proyecto eco2for en la jornada de presentaci\u00f3n de los proyectos de Bioeconom\u00eda Forestal en Castilla y Le\u00f3n\u00a0 El pasado martes 17 de septiembre,&lt;a class=&quot;moretag&quot; href=&quot;https:\/\/www.fbycc.org\/index.php\/2024\/09\/24\/el-fbycc-presenta-el-proyecto-eco2for-en-la-jornada-de-bioeconomia-forestal\/&quot;&gt;Leer m\u00e1s...&lt;\/a&gt;<\/div><div class=\"tx-meta\"><span class=\"tx-author\">By : <a href=\"https:\/\/www.fbycc.org\/index.php\/author\/info\/\">info<\/a><\/span><span class=\"tx-date\"> | Sep 24, 2024<\/span><\/div><\/div><\/div><\/div><div class=\"tx-blog-item tx-post-col-1\"><div class=\"tx-border-box\"><div class=\"tx-blog-imgpad\"><\/div><div class=\"tx-post-content\"><h3 class=\"tx-post-title\"><a href=\"https:\/\/www.fbycc.org\/index.php\/2024\/09\/24\/entra-en-vigor-la-ley-de-restauracion-de-la-naturaleza\/\">Entra en vigor la Ley de Restauraci\u00f3n de la Naturaleza<\/a><\/h3><div style=\"height: 16px;\"><\/div><div class=\"tx-blog-content\">Ya est\u00e1 aqu\u00ed la Ley de Restauraci\u00f3n de la Naturaleza con objetivos vinculantes para 2030 La ley de Restauraci\u00f3n de la Naturaleza de la UE, que entr\u00f3 en vigor el pasado 18&lt;a class=&quot;moretag&quot; href=&quot;https:\/\/www.fbycc.org\/index.php\/2024\/09\/24\/entra-en-vigor-la-ley-de-restauracion-de-la-naturaleza\/&quot;&gt;Leer m\u00e1s...&lt;\/a&gt;<\/div><div class=\"tx-meta\"><span class=\"tx-author\">By : <a href=\"https:\/\/www.fbycc.org\/index.php\/author\/info\/\">info<\/a><\/span><span class=\"tx-date\"> | Sep 24, 2024<\/span><\/div><\/div><\/div><\/div><div class=\"tx-blog-item tx-post-col-1\"><div class=\"tx-border-box\"><div class=\"tx-blog-imgpad\"><\/div><div class=\"tx-post-content\"><h3 class=\"tx-post-title\"><a href=\"https:\/\/www.fbycc.org\/index.php\/2024\/06\/24\/nueva-actualizacion-del-visor-adaptecca\/\">Nueva Actualizaci\u00f3n del Visor AdapteCCa<\/a><\/h3><div style=\"height: 16px;\"><\/div><div class=\"tx-blog-content\">Nueva Actualizaci\u00f3n del Visor de Escenarios de Cambio Clim\u00e1tico de AdapteCCa En junio de 2024, el Grupo de Trabajo de Escenarios-PNACC, compuesto por la Oficina Espa\u00f1ola de Cambio Clim\u00e1tico (OECC), la Agencia&lt;a class=&quot;moretag&quot; href=&quot;https:\/\/www.fbycc.org\/index.php\/2024\/06\/24\/nueva-actualizacion-del-visor-adaptecca\/&quot;&gt;Leer m\u00e1s...&lt;\/a&gt;<\/div><div class=\"tx-meta\"><span class=\"tx-author\">By : <a href=\"https:\/\/www.fbycc.org\/index.php\/author\/info\/\">info<\/a><\/span><span class=\"tx-date\"> | Jun 24, 2024<\/span><\/div><\/div><\/div><\/div><div class=\"tx-blog-item tx-post-col-1\"><div class=\"tx-border-box\"><div class=\"tx-blog-imgpad\"><\/div><div class=\"tx-post-content\"><h3 class=\"tx-post-title\"><a href=\"https:\/\/www.fbycc.org\/index.php\/2024\/06\/19\/nueva-colaboracion-publico-privada-para-impulsar-la-gestion-forestal\/\">Nueva colaboraci\u00f3n P\u00fablico-Privada para impulsar la Gesti\u00f3n Forestal<\/a><\/h3><div style=\"height: 16px;\"><\/div><div class=\"tx-blog-content\">La Fundaci\u00f3n G\u00f3mez-Pintado y el Foro de Bosques y Cambio Clim\u00e1tico celebran una Jornada sobre Entidades Selv\u00edcolas de Colaboraci\u00f3n El pasado 31 de mayo de 2024, la Fundaci\u00f3n G\u00f3mez-Pintado y el Foro&lt;a class=&quot;moretag&quot; href=&quot;https:\/\/www.fbycc.org\/index.php\/2024\/06\/19\/nueva-colaboracion-publico-privada-para-impulsar-la-gestion-forestal\/&quot;&gt;Leer m\u00e1s...&lt;\/a&gt;<\/div><div class=\"tx-meta\"><span class=\"tx-author\">By : <a href=\"https:\/\/www.fbycc.org\/index.php\/author\/info\/\">info<\/a><\/span><span class=\"tx-date\"> | Jun 19, 2024<\/span><\/div><\/div><\/div><\/div><div class=\"tx-blog-item tx-post-col-1\"><div class=\"tx-border-box\"><div class=\"tx-blog-imgpad\"><\/div><div class=\"tx-post-content\"><h3 class=\"tx-post-title\"><a href=\"https:\/\/www.fbycc.org\/index.php\/2024\/06\/05\/presentacion-del-iv-estudio-evolucion-de-la-percepcion-de-los-avances-en-la-espana-rural-en-el-ano-2023-2024\/\">El FByCC asiste a la presentaci\u00f3n del IV Estudio de la Espa\u00f1a Rural en el senado<\/a><\/h3><div style=\"height: 16px;\"><\/div><div class=\"tx-blog-content\">El Foro de Bosques y Cambio Clim\u00e1tico asiste a la presentaci\u00f3n del IV Estudio \u201cEvoluci\u00f3n de la percepci\u00f3n de los avances en la Espa\u00f1a Rural en el a\u00f1o 2023-2024\u201d en el Senado&lt;a class=&quot;moretag&quot; href=&quot;https:\/\/www.fbycc.org\/index.php\/2024\/06\/05\/presentacion-del-iv-estudio-evolucion-de-la-percepcion-de-los-avances-en-la-espana-rural-en-el-ano-2023-2024\/&quot;&gt;Leer m\u00e1s...&lt;\/a&gt;<\/div><div class=\"tx-meta\"><span class=\"tx-author\">By : <a href=\"https:\/\/www.fbycc.org\/index.php\/author\/info\/\">info<\/a><\/span><span class=\"tx-date\"> | Jun 5, 2024<\/span><\/div><\/div><\/div><\/div><div class=\"tx-blog-item tx-post-col-1\"><div class=\"tx-border-box\"><div class=\"tx-blog-imgpad\"><\/div><div class=\"tx-post-content\"><h3 class=\"tx-post-title\"><a href=\"https:\/\/www.fbycc.org\/index.php\/2024\/05\/16\/conoce-el-proyecto-eco2for\/\">Conoce el proyecto ECO2FOR<\/a><\/h3><div style=\"height: 16px;\"><\/div><div class=\"tx-blog-content\">El Foro de Bosques y Cambio Clim\u00e1tico integra una nueva iniciativa de \u00e1mbito nacional para innovar la gesti\u00f3n forestal y combatir el cambio clim\u00e1tico El proyecto eco2for se presenta el pr\u00f3ximo lunes&lt;a class=&quot;moretag&quot; href=&quot;https:\/\/www.fbycc.org\/index.php\/2024\/05\/16\/conoce-el-proyecto-eco2for\/&quot;&gt;Leer m\u00e1s...&lt;\/a&gt;<\/div><div class=\"tx-meta\"><span class=\"tx-author\">By : <a href=\"https:\/\/www.fbycc.org\/index.php\/author\/info\/\">info<\/a><\/span><span class=\"tx-date\"> | May 16, 2024<\/span><\/div><\/div><\/div><\/div><div class=\"tx-blog-item tx-post-col-1\"><div class=\"tx-border-box\"><div class=\"tx-blog-imgpad\"><\/div><div class=\"tx-post-content\"><h3 class=\"tx-post-title\"><a href=\"https:\/\/www.fbycc.org\/index.php\/2024\/03\/26\/estrenamos-logo-nuevo\/\">\u00a1Estrenamos logo nuevo!<\/a><\/h3><div style=\"height: 16px;\"><\/div><div class=\"tx-blog-content\">El Foro de Bosques y Cambio Clim\u00e1tico ha dado un paso importante hacia su renovaci\u00f3n visual con la aprobaci\u00f3n de su\u00a0nuevo logo. Despu\u00e9s de un proceso de dise\u00f1o que ha tomado varios&lt;a class=&quot;moretag&quot; href=&quot;https:\/\/www.fbycc.org\/index.php\/2024\/03\/26\/estrenamos-logo-nuevo\/&quot;&gt;Leer m\u00e1s...&lt;\/a&gt;<\/div><div class=\"tx-meta\"><span class=\"tx-author\">By : <a href=\"https:\/\/www.fbycc.org\/index.php\/author\/info\/\">info<\/a><\/span><span class=\"tx-date\"> | Mar 26, 2024<\/span><\/div><\/div><\/div><\/div><div class=\"tx-blog-item tx-post-col-1\"><div class=\"tx-border-box\"><div class=\"tx-blog-imgpad\"><\/div><div class=\"tx-post-content\"><h3 class=\"tx-post-title\"><a href=\"https:\/\/www.fbycc.org\/index.php\/2024\/03\/26\/proyecto-smurf-innovacion-forestal-para-el-desarrollo-rural-en-europa\/\">Proyecto SMURF: Innovaci\u00f3n forestal para el desarrollo rural en Europa<\/a><\/h3><div style=\"height: 16px;\"><\/div><div class=\"tx-blog-content\">El 1 y 2 de febrero de 2024, Soria acogi\u00f3 el lanzamiento del proyecto SMURF (Sustainable Management models and valUe chains foR small Forests), una iniciativa innovadora que se enmarca en la&lt;a class=&quot;moretag&quot; href=&quot;https:\/\/www.fbycc.org\/index.php\/2024\/03\/26\/proyecto-smurf-innovacion-forestal-para-el-desarrollo-rural-en-europa\/&quot;&gt;Leer m\u00e1s...&lt;\/a&gt;<\/div><div class=\"tx-meta\"><span class=\"tx-author\">By : <a href=\"https:\/\/www.fbycc.org\/index.php\/author\/info\/\">info<\/a><\/span><span class=\"tx-date\"> | Mar 26, 2024<\/span><\/div><\/div><\/div><\/div><div class=\"tx-blog-item tx-post-col-1\"><div class=\"tx-border-box\"><div class=\"tx-blog-imgpad\"><\/div><div class=\"tx-post-content\"><h3 class=\"tx-post-title\"><a href=\"https:\/\/www.fbycc.org\/index.php\/2024\/03\/25\/el-foro-de-bosques-y-cambio-climatico-se-embarca-en-el-proyecto-eco2for\/\">El Foro de Bosques y Cambio Clim\u00e1tico se embarca en el proyecto ECO2FOR<\/a><\/h3><div style=\"height: 16px;\"><\/div><div class=\"tx-blog-content\">El 10 de febrero de 2024 se dio a conocer el resultado de la Convocatoria de subvenciones para el apoyo a proyectos transformadores, destinados a promover la bioeconom\u00eda vinculada al \u00e1mbito forestal&lt;a class=&quot;moretag&quot; href=&quot;https:\/\/www.fbycc.org\/index.php\/2024\/03\/25\/el-foro-de-bosques-y-cambio-climatico-se-embarca-en-el-proyecto-eco2for\/&quot;&gt;Leer m\u00e1s...&lt;\/a&gt;<\/div><div class=\"tx-meta\"><span class=\"tx-author\">By : <a href=\"https:\/\/www.fbycc.org\/index.php\/author\/info\/\">info<\/a><\/span><span class=\"tx-date\"> | Mar 25, 2024<\/span><\/div><\/div><\/div><\/div><div class=\"tx-blog-item tx-post-col-1\"><div class=\"tx-border-box\"><div class=\"tx-blog-imgpad\"><\/div><div class=\"tx-post-content\"><h3 class=\"tx-post-title\"><a href=\"https:\/\/www.fbycc.org\/index.php\/2024\/01\/09\/la-revista-foresta-dedica-un-espacio-a-la-presentacion-del-manifiesto-sobre-la-singularidad-de-los-bosques-ibericos\/\">El manifiesto sobre los Bosques Ib\u00e9ricos en la revista FORESTA<\/a><\/h3><div style=\"height: 16px;\"><\/div><div class=\"tx-blog-content\">En su \u00faltimo n\u00famero la revista Foresta (@RevForesta) ha dedicado un espacio destacado a la reciente presentaci\u00f3n del manifiesto sobre la \u00abSingularidad de los Bosques Ib\u00e9ricos y Otros Terrenos Forestales Mediterr\u00e1neos\u00bb. El&lt;a class=&quot;moretag&quot; href=&quot;https:\/\/www.fbycc.org\/index.php\/2024\/01\/09\/la-revista-foresta-dedica-un-espacio-a-la-presentacion-del-manifiesto-sobre-la-singularidad-de-los-bosques-ibericos\/&quot;&gt;Leer m\u00e1s...&lt;\/a&gt;<\/div><div class=\"tx-meta\"><span class=\"tx-author\">By : <a href=\"https:\/\/www.fbycc.org\/index.php\/author\/info\/\">info<\/a><\/span><span class=\"tx-date\"> | Ene 9, 2024<\/span><\/div><\/div><\/div><\/div><div class=\"tx-blog-item tx-post-col-1\"><div class=\"tx-border-box\"><div class=\"tx-blog-imgpad\"><\/div><div class=\"tx-post-content\"><h3 class=\"tx-post-title\"><a href=\"https:\/\/www.fbycc.org\/index.php\/2023\/12\/27\/jornada-30-anos-plantando-vida\/\">Participamos en la Jornada \u00ab30 A\u00f1os Plantando Vida\u00bb<\/a><\/h3><div style=\"height: 16px;\"><\/div><div class=\"tx-blog-content\">Castilla y Le\u00f3n celebra tres d\u00e9cadas de \u00e9xito en el Programa de Forestaci\u00f3n de Tierras Agrarias con m\u00e1s de 240.000 hect\u00e1reas repobladas El pasado lunes 18 de diciembre, la Consejer\u00eda de Medio&lt;a class=&quot;moretag&quot; href=&quot;https:\/\/www.fbycc.org\/index.php\/2023\/12\/27\/jornada-30-anos-plantando-vida\/&quot;&gt;Leer m\u00e1s...&lt;\/a&gt;<\/div><div class=\"tx-meta\"><span class=\"tx-author\">By : <a href=\"https:\/\/www.fbycc.org\/index.php\/author\/info\/\">info<\/a><\/span><span class=\"tx-date\"> | Dic 27, 2023<\/span><\/div><\/div><\/div><\/div><div class=\"tx-blog-item tx-post-col-1\"><div class=\"tx-border-box\"><div class=\"tx-blog-imgpad\"><\/div><div class=\"tx-post-content\"><h3 class=\"tx-post-title\"><a href=\"https:\/\/www.fbycc.org\/index.php\/2023\/12\/22\/conclusiones-de-la-cop28\/\">Conclusiones de la COP28<\/a><\/h3><div style=\"height: 16px;\"><\/div><div class=\"tx-blog-content\">Entre el 30 de noviembre y el 12 de diciembre, Dubai fue testigo de la 28\u00aa Conferencia de las Partes (COP28) de la Convenci\u00f3n Marco de las Naciones Unidas sobre el Cambio&lt;a class=&quot;moretag&quot; href=&quot;https:\/\/www.fbycc.org\/index.php\/2023\/12\/22\/conclusiones-de-la-cop28\/&quot;&gt;Leer m\u00e1s...&lt;\/a&gt;<\/div><div class=\"tx-meta\"><span class=\"tx-author\">By : <a href=\"https:\/\/www.fbycc.org\/index.php\/author\/info\/\">info<\/a><\/span><span class=\"tx-date\"> | Dic 22, 2023<\/span><\/div><\/div><\/div><\/div><div class=\"tx-blog-item tx-post-col-1\"><div class=\"tx-border-box\"><div class=\"tx-blog-imgpad\"><\/div><div class=\"tx-post-content\"><h3 class=\"tx-post-title\"><a href=\"https:\/\/www.fbycc.org\/index.php\/2023\/12\/21\/la-comision-pide-a-los-estados-que-mejoren-sus-planes-de-energia-y-clima\/\">La Comisi\u00f3n pide a los Estados que mejoren sus planes de energ\u00eda y clima<\/a><\/h3><div style=\"height: 16px;\"><\/div><div class=\"tx-blog-content\">&nbsp; La Comisi\u00f3n ha publicado hoy su evaluaci\u00f3n de los proyectos de planes nacionales integrados de energ\u00eda y clima (PNIEC) de los Estados miembros de la UE\u00a0y ha formulado\u00a0recomendaciones\u00a0para ayudar a los&lt;a class=&quot;moretag&quot; href=&quot;https:\/\/www.fbycc.org\/index.php\/2023\/12\/21\/la-comision-pide-a-los-estados-que-mejoren-sus-planes-de-energia-y-clima\/&quot;&gt;Leer m\u00e1s...&lt;\/a&gt;<\/div><div class=\"tx-meta\"><span class=\"tx-author\">By : <a href=\"https:\/\/www.fbycc.org\/index.php\/author\/tec\/\">T\u00e9cnico<\/a><\/span><span class=\"tx-date\"> | Dic 21, 2023<\/span><\/div><\/div><\/div><\/div><div class=\"tx-blog-item tx-post-col-1\"><div class=\"tx-border-box\"><div class=\"tx-blog-imgpad\"><\/div><div class=\"tx-post-content\"><h3 class=\"tx-post-title\"><a href=\"https:\/\/www.fbycc.org\/index.php\/2023\/11\/30\/certificacion-de-absorciones-de-carbono-ultimas-posiciones-del-parlamento-europeo-y-propuesta-de-la-comision-para-impulsar-la-neutralidad-climatica\/\">Certificaci\u00f3n de Absorciones de Carbono: \u00daltimas Posiciones del Parlamento Europeo y Propuesta de la Comisi\u00f3n para Impulsar la Neutralidad Clim\u00e1tica<\/a><\/h3><div style=\"height: 16px;\"><\/div><div class=\"tx-blog-content\">La Uni\u00f3n Europea da un nuevo paso hacia su objetivo de neutralidad clim\u00e1tica para 2050 con la propuesta de la Comisi\u00f3n Europea sobre el marco de certificaci\u00f3n de las absorciones de carbono.&lt;a class=&quot;moretag&quot; href=&quot;https:\/\/www.fbycc.org\/index.php\/2023\/11\/30\/certificacion-de-absorciones-de-carbono-ultimas-posiciones-del-parlamento-europeo-y-propuesta-de-la-comision-para-impulsar-la-neutralidad-climatica\/&quot;&gt;Leer m\u00e1s...&lt;\/a&gt;<\/div><div class=\"tx-meta\"><span class=\"tx-author\">By : <a href=\"https:\/\/www.fbycc.org\/index.php\/author\/info\/\">info<\/a><\/span><span class=\"tx-date\"> | Nov 30, 2023<\/span><\/div><\/div><\/div><\/div><div class=\"tx-blog-item tx-post-col-1\"><div class=\"tx-border-box\"><div class=\"tx-blog-imgpad\"><\/div><div class=\"tx-post-content\"><h3 class=\"tx-post-title\"><a href=\"https:\/\/www.fbycc.org\/index.php\/2023\/11\/06\/cop28-en-el-horizonte-un-llamado-global-para-abordar-el-cambio-climatico\/\">COP28 en el horizonte: Un llamado global para abordar el cambio clim\u00e1tico<\/a><\/h3><div style=\"height: 16px;\"><\/div><div class=\"tx-blog-content\">La Conferencia de las Naciones Unidas sobre el Cambio Clim\u00e1tico (COP), se prepara para su vig\u00e9simo octavo encuentro, que se llevar\u00e1 a cabo en los Emiratos \u00c1rabes Unidos del 30 de noviembre&lt;a class=&quot;moretag&quot; href=&quot;https:\/\/www.fbycc.org\/index.php\/2023\/11\/06\/cop28-en-el-horizonte-un-llamado-global-para-abordar-el-cambio-climatico\/&quot;&gt;Leer m\u00e1s...&lt;\/a&gt;<\/div><div class=\"tx-meta\"><span class=\"tx-author\">By : <a href=\"https:\/\/www.fbycc.org\/index.php\/author\/info\/\">info<\/a><\/span><span class=\"tx-date\"> | Nov 6, 2023<\/span><\/div><\/div><\/div><\/div><\/div><div class=\"nx-paging\"><div class=\"nx-paging-inner\"><span aria-current=\"page\" class=\"page-numbers current\">1<\/span>\n<a class=\"page-numbers\" href=\"https:\/\/www.fbycc.org\/index.php\/wp-json\/wp\/v2\/pages\/241\/page\/2\/\">2<\/a>\n<a class=\"page-numbers\" href=\"https:\/\/www.fbycc.org\/index.php\/wp-json\/wp\/v2\/pages\/241\/page\/3\/\">3<\/a>\n<a class=\"next page-numbers\" href=\"https:\/\/www.fbycc.org\/index.php\/wp-json\/wp\/v2\/pages\/241\/page\/2\/\">&raquo;<\/a><\/div><\/div>\n","protected":false},"excerpt":{"rendered":"<p>&nbsp;<\/p>\n","protected":false},"author":2,"featured_media":0,"parent":0,"menu_order":0,"comment_status":"closed","ping_status":"closed","template":"","meta":{"_monsterinsights_skip_tracking":false,"_monsterinsights_sitenote_active":false,"_monsterinsights_sitenote_note":"","_monsterinsights_sitenote_category":0,"footnotes":""},"class_list":["post-241","page","type-page","status-publish","hentry"],"_links":{"self":[{"href":"https:\/\/www.fbycc.org\/index.php\/wp-json\/wp\/v2\/pages\/241","targetHints":{"allow":["GET"]}}],"collection":[{"href":"https:\/\/www.fbycc.org\/index.php\/wp-json\/wp\/v2\/pages"}],"about":[{"href":"https:\/\/www.fbycc.org\/index.php\/wp-json\/wp\/v2\/types\/page"}],"author":[{"embeddable":true,"href":"https:\/\/www.fbycc.org\/index.php\/wp-json\/wp\/v2\/users\/2"}],"replies":[{"embeddable":true,"href":"https:\/\/www.fbycc.org\/index.php\/wp-json\/wp\/v2\/comments?post=241"}],"version-history":[{"count":130,"href":"https:\/\/www.fbycc.org\/index.php\/wp-json\/wp\/v2\/pages\/241\/revisions"}],"predecessor-version":[{"id":5763,"href":"https:\/\/www.fbycc.org\/index.php\/wp-json\/wp\/v2\/pages\/241\/revisions\/5763"}],"wp:attachment":[{"href":"https:\/\/www.fbycc.org\/index.php\/wp-json\/wp\/v2\/media?parent=241"}],"curies":[{"name":"wp","href":"https:\/\/api.w.org\/{rel}","templated":true}]}}