{"id":2039,"date":"2021-02-06T09:15:20","date_gmt":"2021-02-06T09:15:20","guid":{"rendered":"http:\/\/www.fbycc.org\/?page_id=2039"},"modified":"2025-12-22T13:59:19","modified_gmt":"2025-12-22T13:59:19","slug":"publicaciones-de-interes","status":"publish","type":"page","link":"https:\/\/www.fbycc.org\/index.php\/publicaciones-de-interes\/","title":{"rendered":"Publicaciones destacadas"},"content":{"rendered":"<div class=\"tx-animate\" style=\"visibility:hidden;\" data-animation=\"fadeIn\" data-animation-duration=\"1\" data-animation-delay=\".4\"><\/div>\n<p style=\"font-size: 12pt;\">Ponemos a tu disposici\u00f3n la siguiente documentaci\u00f3n de inter\u00e9s sobre bosques y cambio clim\u00e1tico:<\/p>\n<div class=\"tx-heading\" style=\"margin-bottom:24px; text-align: left;\"><h2 class=\"tx-heading-tag\" style=\"font-size:24px;\">Documentos propios<\/h2><\/div>\n<p>&nbsp;<\/p>\n<table class=\"aligncenter\" style=\"width: 90%; border-collapse: collapse; border-style: hidden;\">\n<tbody>\n<tr>\n<td style=\"width: 20%;\"><img loading=\"lazy\" decoding=\"async\" class=\"alignnone size-full wp-image-6274\" src=\"https:\/\/www.fbycc.org\/wp-content\/uploads\/2025\/12\/BOLETIN-Documentos-1.png\" alt=\"\" width=\"1414\" height=\"2000\" srcset=\"https:\/\/www.fbycc.org\/wp-content\/uploads\/2025\/12\/BOLETIN-Documentos-1.png 1414w, https:\/\/www.fbycc.org\/wp-content\/uploads\/2025\/12\/BOLETIN-Documentos-1-212x300.png 212w, https:\/\/www.fbycc.org\/wp-content\/uploads\/2025\/12\/BOLETIN-Documentos-1-724x1024.png 724w, https:\/\/www.fbycc.org\/wp-content\/uploads\/2025\/12\/BOLETIN-Documentos-1-768x1086.png 768w, https:\/\/www.fbycc.org\/wp-content\/uploads\/2025\/12\/BOLETIN-Documentos-1-1086x1536.png 1086w\" sizes=\"auto, (max-width: 1414px) 100vw, 1414px\" \/><\/td>\n<td style=\"width: 80%; padding-left: 20px; text-align: justify;\"><strong style=\"font-size: 14pt;\">La inversi\u00f3n de impacto como palanca para la bioeconom\u00eda forestal en Espa\u00f1a<\/strong><\/p>\n<p style=\"font-size: 10pt;\">Este art\u00edculo analiza la inversi\u00f3n de impacto como instrumento para reactivar el sector forestal en Espa\u00f1a, integrando rentabilidad, cohesi\u00f3n social y sostenibilidad. Asimismo, propone mecanismos financieros innovadores para movilizar capital privado hacia la gesti\u00f3n forestal sostenible.<\/p>\n<p><a style=\"font-size: 10pt;\" href=\"https:\/\/www.dropbox.com\/scl\/fi\/mqqkaud56qz5s0dqcqp8y\/14-Inversi-n-de-impacto-como-palanca-para-la-bioeconom-a-forestal-en-Espa-a_SergiodelaCruz-AnaRodr-guez_CuadernosFS-EC_N-7_vf.pdf?rlkey=lycegolwh5ykr4h3fhh8pq9m5&amp;st=vh96j7k7&amp;dl=0\">Enlace al documento<\/a><\/td>\n<\/tr>\n<tr>\n<td style=\"width: 20%;\"><a href=\"https:\/\/www.fbycc.org\/wp-content\/uploads\/2023\/10\/Documento_Singularidad_Bosques_Ibericos.pdf\"><br \/>\n<img decoding=\"async\" src=\"https:\/\/www.fbycc.org\/wp-content\/uploads\/2025\/08\/Diseno-sin-titulo-2.png\" alt=\"Portada Documento Singularidad Bosques Ib\u00e9ricos\" width=\"250\" \/><br \/>\n<\/a><\/td>\n<td style=\"width: 80%; padding-left: 20px; text-align: justify;\"><strong style=\"font-size: 14pt;\">La singularidad de los bosques ib\u00e9ricos y otros terrenos forestales mediterr\u00e1neos<\/strong><\/p>\n<p style=\"font-size: 10pt;\">Este documento, presentado en la jornada \u00abAcuerdos por los bosques ib\u00e9ricos: un reto colectivo\u00bb junto con Greenpeace-Espa\u00f1a, WWF-Espa\u00f1a y Ecologistas en Acci\u00f3n, recoge la importancia de la b\u00fasqueda de consensos y de acuerdos concretos a nivel nacional para impulsar la actividad forestal nacional y mejorar los bosques y el sector forestal, previniendo incendios forestales.<\/p>\n<p><a style=\"font-size: 10pt;\" href=\"https:\/\/www.fbycc.org\/wp-content\/uploads\/2023\/10\/Documento_Singularidad_Bosques_Ibericos.pdf\">Enlace al documento<\/a><\/td>\n<\/tr>\n<tr>\n<td><a href=\"https:\/\/www.fundacionconama.org\/wp-content\/uploads\/conama\/comunicaciones\/7951\/CONAMA-24-FByCC.pdf\"><br \/>\n<img decoding=\"async\" src=\"https:\/\/www.fbycc.org\/wp-content\/uploads\/2024\/12\/Documentos-web.png\" alt=\"Portada Documento Gesti\u00f3n Forestal Sostenible\" width=\"250\" \/><br \/>\n<\/a><\/td>\n<td style=\"padding-left: 20px; text-align: justify;\"><strong style=\"font-size: 14pt;\">Impulsando la gesti\u00f3n forestal sostenible en la era del cambio clim\u00e1tico<\/strong><\/p>\n<p style=\"font-size: 10pt;\">Este documento, presentado en el Congreso Nacional de Medio Ambiente de 2024, repasa la actividad de la Asociaci\u00f3n Foro de Bosques y Cambio Clim\u00e1tico, que desde 2004 defiende la importante funci\u00f3n de los bosques frente al cambio clim\u00e1tico.<\/p>\n<p><a style=\"font-size: 10pt;\" href=\"https:\/\/www.fundacionconama.org\/wp-content\/uploads\/conama\/comunicaciones\/7951\/CONAMA-24-FByCC.pdf\">Enlace al documento<\/a><\/td>\n<\/tr>\n<tr>\n<td><a href=\"https:\/\/www.fbycc.org\/wp-content\/uploads\/2024\/10\/Comentarios_FByCC_Libro_Verde_Finanzas_Sostenibles_241016.pdf\"><br \/>\n<img decoding=\"async\" src=\"https:\/\/www.fbycc.org\/wp-content\/uploads\/2024\/12\/Diseno-sin-titulo.png\" alt=\"Portada Observaciones Libro Verde Finanzas Sostenibles\" width=\"250\" \/><br \/>\n<\/a><\/td>\n<td style=\"padding-left: 20px; text-align: justify;\"><strong style=\"font-size: 14pt;\">Observaciones de la Asociaci\u00f3n Foro de Bosques y Cambio Clim\u00e1tico al libro verde sobre finanzas sostenibles en Espa\u00f1a<\/strong><\/p>\n<p style=\"font-size: 10pt;\">Este documento ofrece una visi\u00f3n cr\u00edtica y constructiva sobre c\u00f3mo el sector privado puede adaptarse al marco de finanzas sostenibles propuesto por el Ministerio de Econom\u00eda, Comercio y Empresa.<\/p>\n<p><a style=\"font-size: 10pt;\" href=\"https:\/\/www.fbycc.org\/wp-content\/uploads\/2024\/10\/Comentarios_FByCC_Libro_Verde_Finanzas_Sostenibles_241016.pdf\">Enlace al documento<\/a><\/td>\n<\/tr>\n<tr>\n<td><a href=\"http:\/\/www.premioconama.org\/conama9\/download\/files\/JTs\/985644_doc_JC%C1lamo.pdf\"><br \/>\n<img decoding=\"async\" src=\"https:\/\/www.fbycc.org\/wp-content\/uploads\/2024\/06\/DOC_La-gestion-de-los-bosques-_una-herramienta-activa.png\" alt=\"Portada Gesti\u00f3n de los Bosques 2019\" width=\"250\" \/><br \/>\n<\/a><\/td>\n<td style=\"padding-left: 20px; text-align: justify;\"><strong style=\"font-size: 14pt;\">La gesti\u00f3n de los bosques: Una herramienta activa de mitigaci\u00f3n del cambio clim\u00e1tico<\/strong><\/p>\n<p style=\"font-size: 10pt;\">Este documento, presentado en el Congreso Nacional de Medio Ambiente de 2019, destaca que los bosques espa\u00f1oles fijan el 20% de las emisiones de CO\u2082 del pa\u00eds y subraya la necesidad de pol\u00edticas forestales eficientes para conservar estos sumideros de carbono.<\/p>\n<p><a style=\"font-size: 10pt;\" href=\"http:\/\/www.conama.org\/conama\/download\/files\/conama2020\/STs%202020\/5_final.pdf#page=54&amp;zoom=100,72,662\">Enlace al documento<\/a><\/td>\n<\/tr>\n<tr>\n<td><a href=\"http:\/\/www.conama.org\/conama\/download\/files\/conama2020\/STs%202020\/5_final.pdf#page=54&amp;zoom=100,72,662\"><br \/>\n<img decoding=\"async\" src=\"https:\/\/www.fbycc.org\/wp-content\/uploads\/2024\/06\/DOC_Posibilidad-de-aumentar-la-capacidad-de-absorcion.png\" alt=\"Portada Posibilidad de aumentar la capacidad de absorci\u00f3n de CO\u2082\" width=\"250\" \/><br \/>\n<\/a><\/td>\n<td style=\"padding-left: 20px; text-align: justify;\"><strong style=\"font-size: 14pt;\">Posibilidad de aumentar la capacidad de absorci\u00f3n de CO\u2082 de los sistemas forestales mediante la gesti\u00f3n forestal<\/strong><\/p>\n<p style=\"font-size: 10pt;\">Este documento, presentado en el Congreso Nacional de Medio Ambiente de 2016, aborda c\u00f3mo la gesti\u00f3n forestal puede aumentar la capacidad de absorci\u00f3n de CO\u2082 de los sistemas forestales.<\/p>\n<p><a style=\"font-size: 10pt;\" href=\"http:\/\/www.conama.org\/conama\/download\/files\/conama2020\/STs%202020\/5_final.pdf#page=54&amp;zoom=100,72,662\">Enlace al documento<\/a><\/td>\n<\/tr>\n<tr>\n<td><a href=\"https:\/\/blog.ingenierosdemontes.org\/2020\/12\/la-comision-europea-aprueba-los-niveles-de-referencia-forestal-y-el-gobierno-aprueba-la-estrategia-de-descarbonizacion-a-largo-plazo\/\"><br \/>\n<img decoding=\"async\" src=\"https:\/\/www.fbycc.org\/wp-content\/uploads\/2024\/06\/DOC_La-Comision-Europea-aprueba-los-niveles-de-referencia-forestal.png\" alt=\"Portada Comisi\u00f3n Europea FRL\" width=\"250\" \/><br \/>\n<\/a><\/td>\n<td style=\"padding-left: 20px; text-align: justify;\"><strong style=\"font-size: 14pt;\">La Comisi\u00f3n Europea aprueba los niveles de referencia forestal y el Gobierno aprueba la estrategia de descarbonizaci\u00f3n a largo plazo<\/strong><\/p>\n<p style=\"font-size: 10pt;\">Este art\u00edculo explica la adopci\u00f3n de los Niveles de Referencia Forestal (FRL) por la Comisi\u00f3n Europea, permitiendo contabilizar las absorciones de CO\u2082 del sector forestal seg\u00fan el Reglamento UE-841\/2018.<\/p>\n<p><a style=\"font-size: 10pt;\" href=\"https:\/\/blog.ingenierosdemontes.org\/2020\/12\/la-comision-europea-aprueba-los-niveles-de-referencia-forestal-y-el-gobierno-aprueba-la-estrategia-de-descarbonizacion-a-largo-plazo\/\">Enlace al documento<\/a><\/td>\n<\/tr>\n<tr>\n<td><a href=\"http:\/\/www.conama.org\/conama\/download\/files\/conama2020\/STs%202020\/5_final.pdf#page=54&amp;zoom=100,72,662\"><br \/>\n<img decoding=\"async\" src=\"https:\/\/www.fbycc.org\/wp-content\/uploads\/2024\/06\/DOC_Vinculando-las-politicas.png\" alt=\"Portada Vinculando pol\u00edticas clim\u00e1ticas con los bosques\" width=\"250\" \/><br \/>\n<\/a><\/td>\n<td style=\"padding-left: 20px; text-align: justify;\"><strong style=\"font-size: 14pt;\">Vinculando las pol\u00edticas clim\u00e1ticas con la realidad de los bosques espa\u00f1oles<\/strong><\/p>\n<p style=\"font-size: 10pt;\">Este documento destaca la importancia de los bosques espa\u00f1oles en la lucha contra el cambio clim\u00e1tico y la necesidad de una gesti\u00f3n forestal sostenible.<\/p>\n<p><a style=\"font-size: 10pt;\" href=\"http:\/\/www.conama.org\/conama\/download\/files\/conama2020\/STs%202020\/5_final.pdf#page=54&amp;zoom=100,72,662\">Enlace al documento<\/a><\/td>\n<\/tr>\n<tr>\n<td><a href=\"https:\/\/theconversation.com\/maneras-de-mirar-un-bosque-152426\"><br \/>\n<img decoding=\"async\" src=\"https:\/\/www.fbycc.org\/wp-content\/uploads\/2024\/06\/DOC_Maneras-de-mirar-un-bosque.png\" alt=\"Portada Maneras de mirar un bosque\" width=\"250\" \/><br \/>\n<\/a><\/td>\n<td style=\"padding-left: 20px; text-align: justify;\"><strong style=\"font-size: 14pt;\">Maneras de mirar un bosque<\/strong><\/p>\n<p style=\"font-size: 10pt;\">Este art\u00edculo explora las distintas percepciones y usos del bosque entre los habitantes urbanos y rurales, destacando la importancia global de los bosques.<\/p>\n<p><a style=\"font-size: 10pt;\" href=\"https:\/\/theconversation.com\/maneras-de-mirar-un-bosque-152426\">Enlace al documento<\/a><\/td>\n<\/tr>\n<tr>\n<td><a href=\"https:\/\/theconversation.com\/el-papel-de-los-bosques-como-sumideros-de-carbono-155997\"><br \/>\n<img decoding=\"async\" src=\"https:\/\/www.fbycc.org\/wp-content\/uploads\/2024\/06\/DOC_El-papael-de-los-bosques-como-sumideros-de-C.png\" alt=\"Portada El papel de los bosques como sumideros de carbono\" width=\"250\" \/><br \/>\n<\/a><\/td>\n<td style=\"padding-left: 20px; text-align: justify;\"><strong style=\"font-size: 14pt;\">El papel de los bosques como sumideros de carbono<\/strong><\/p>\n<p style=\"font-size: 10pt;\">Este art\u00edculo describe c\u00f3mo los sistemas forestales capturan y almacenan CO\u2082, convirti\u00e9ndose en sumideros clave en la mitigaci\u00f3n del cambio clim\u00e1tico.<\/p>\n<p><a style=\"font-size: 10pt;\" href=\"https:\/\/theconversation.com\/el-papel-de-los-bosques-como-sumideros-de-carbono-155997\">Enlace al documento<\/a><\/td>\n<\/tr>\n<tr>\n<td><a href=\"https:\/\/theconversation.com\/la-gestion-de-los-bosques-clave-en-la-lucha-contra-el-cambio-climatico-161459\"><br \/>\n<img decoding=\"async\" src=\"https:\/\/www.fbycc.org\/wp-content\/uploads\/2024\/06\/DOC_LA-gestion-de-los-bosques-clave-en-la-lucha-contra-el-CC.png\" alt=\"Portada La gesti\u00f3n de los bosques, clave contra el cambio clim\u00e1tico\" width=\"250\" \/><br \/>\n<\/a><\/td>\n<td style=\"padding-left: 20px; text-align: justify;\"><strong style=\"font-size: 14pt;\">La gesti\u00f3n de los bosques, clave en la lucha contra el cambio clim\u00e1tico<\/strong><\/p>\n<p style=\"font-size: 10pt;\">El documento aborda la Ley de Cambio Clim\u00e1tico y Transici\u00f3n Energ\u00e9tica, destacando la importancia de la gesti\u00f3n forestal sostenible.<\/p>\n<p><a style=\"font-size: 10pt;\" href=\"https:\/\/theconversation.com\/la-gestion-de-los-bosques-clave-en-la-lucha-contra-el-cambio-climatico-161459\">Enlace al documento<\/a><\/td>\n<\/tr>\n<tr>\n<td><a href=\"https:\/\/www.dropbox.com\/scl\/fi\/aujli6b6ecux86subugdg\/Alegaciones-Foro-PNIEC_Logos-orden-alfab.pdf?rlkey=heeqtai97k4kqvojnlzvars0w&amp;st=jz6xvyk0&amp;dl=0\"><br \/>\n<img decoding=\"async\" src=\"https:\/\/www.fbycc.org\/wp-content\/uploads\/2024\/06\/DOC_PNIEC.png\" alt=\"Portada Alegaciones PNIEC\" width=\"250\" \/><br \/>\n<\/a><\/td>\n<td style=\"padding-left: 20px; text-align: justify;\"><strong style=\"font-size: 14pt;\">La contribuci\u00f3n de los bosques y del sector forestal al PNIEC en la lucha contra el cambio clim\u00e1tico<\/strong><\/p>\n<p style=\"font-size: 10pt;\">Este documento propone al PNIEC 2023-2030 medidas para fortalecer la gesti\u00f3n forestal y combatir el cambio clim\u00e1tico.<\/p>\n<p><a style=\"font-size: 10pt;\" href=\"https:\/\/www.dropbox.com\/scl\/fi\/aujli6b6ecux86subugdg\/Alegaciones-Foro-PNIEC_Logos-orden-alfab.pdf?rlkey=heeqtai97k4kqvojnlzvars0w&amp;st=jz6xvyk0&amp;dl=0\">Enlace al documento<\/a><\/td>\n<\/tr>\n<tr>\n<td><a href=\"https:\/\/www.dropbox.com\/scl\/fi\/f8fypkb119gubgss5v0tx\/3.-Articulo_Situacion-actual-del-mercado-de-carbono-forestal.pdf?rlkey=ylbkwpd04j4hmelm32ptpe9vl&amp;st=cv8a1zbi&amp;dl=0\"><br \/>\n<img decoding=\"async\" src=\"https:\/\/www.fbycc.org\/wp-content\/uploads\/2024\/06\/DOC_Situacion-actual-de-los-mercados-de-C.png\" alt=\"Portada Situaci\u00f3n actual del mercado de carbono forestal\" width=\"250\" \/><br \/>\n<\/a><\/td>\n<td style=\"padding-left: 20px; text-align: justify;\"><strong style=\"font-size: 14pt;\">Situaci\u00f3n actual del mercado de carbono forestal<\/strong><\/p>\n<p style=\"font-size: 10pt;\">Este art\u00edculo, redactado para la revista Forestalis, aborda la situaci\u00f3n del mercado de carbono forestal, destacando su conexi\u00f3n con pol\u00edticas clim\u00e1ticas globales y su potencial de crecimiento.<\/p>\n<p><a style=\"font-size: 10pt;\" href=\"https:\/\/www.dropbox.com\/scl\/fi\/f8fypkb119gubgss5v0tx\/3.-Articulo_Situacion-actual-del-mercado-de-carbono-forestal.pdf?rlkey=ylbkwpd04j4hmelm32ptpe9vl&amp;st=cv8a1zbi&amp;dl=0\">Enlace al documento<\/a><\/td>\n<\/tr>\n<\/tbody>\n<\/table>\n<p>&nbsp;<\/p>\n<p><span style=\"color: #000000;\"><strong><div class=\"tx-heading\" style=\"margin-bottom:24px; text-align: left;\"><h2 class=\"tx-heading-tag\" style=\"font-size:24px;\">Otros documentos de inter\u00e9s<\/h2><\/div><\/strong><\/span><\/p>\n<ul>\n<li style=\"list-style-type: none;\">\n<ul>\n<li><a href=\"https:\/\/climatefocus.com\/wp-content\/uploads\/2024\/01\/VCM-2023-Review-Report.pdf\"><span style=\"font-size: 12pt;\">Voluntary Carbon Market 2023 Review<\/span><\/a><\/li>\n<li><a href=\"https:\/\/efi.int\/sites\/default\/files\/files\/publication-bank\/2019\/efi_fstp_2_2015.pdf\" rel=\"noopener\" data-auth=\"NotApplicable\" data-linkindex=\"7\">A new role for forests and the forest sector in the EU post-2020 climate targets<\/a><\/li>\n<li><a href=\"https:\/\/efi.int\/sites\/default\/files\/files\/publication-bank\/2019\/efi_fstp_7_2018.pdf\" rel=\"noopener\" data-auth=\"NotApplicable\" data-linkindex=\"8\">Substitution effects of wood-based products in climate change mitigation<\/a><\/li>\n<li><a href=\"https:\/\/www.mapa.gob.es\/es\/desarrollo-rural\/publicaciones\/publicaciones-de-desarrollo-rural\/librobiomasadigital_tcm30-538563.pdf\" rel=\"noopener\" data-auth=\"NotApplicable\" data-linkindex=\"9\">Producci\u00f3n de biomasa y fijaci\u00f3n de carbono por los matorrales espa\u00f1oles y por el horizonte org\u00e1nico superficial de los suelos forestales. <\/a><\/li>\n<li><a href=\"https:\/\/www.miteco.gob.es\/es\/cambio-climatico\/temas\/impactos-vulnerabilidad-y-adaptacion\/plan-nacional-adaptacion-cambio-climatico\/biodiversidad.aspx\" rel=\"noopener\" data-auth=\"NotApplicable\" data-linkindex=\"10\">Los bosques y la biodiversidad frente al cambio clim\u00e1tico: Impactos, Vulnerabilidad y Adaptaci\u00f3n en Espa\u00f1a.<\/a><\/li>\n<li><a href=\"https:\/\/www.miteco.gob.es\/es\/cambio-climatico\/temas\/impactos-vulnerabilidad-y-adaptacion\/SECTOR%20FORESTAL_DOCUMENTO%20COMPLETO_tcm30-178472.pdf\" rel=\"noopener\" data-auth=\"NotApplicable\" data-linkindex=\"11\">Impactos, vulnerabilidad y adaptaci\u00f3n en el sector forestal en Espa\u00f1a.<\/a><\/li>\n<li><a href=\"https:\/\/www.revistamontes.net\/Buscador.aspx?id=14765\" rel=\"noopener\" data-auth=\"NotApplicable\" data-linkindex=\"12\"><span id=\"x_lblTitulo\">La importancia de las tierras forestales en el nuevo Reglamento LULUCF de la Uni\u00f3n Europea.<\/span><\/a><\/li>\n<li><a href=\"https:\/\/blog.ingenierosdemontes.org\/2020\/12\/la-comision-europea-aprueba-los-niveles-de-referencia-forestal-y-el-gobierno-aprueba-la-estrategia-de-descarbonizacion-a-largo-plazo\/\" target=\"_blank\" rel=\"noopener\">La Comisi\u00f3n Europea aprueba los niveles de referencia forestal y el Gobierno aprueba la estrategia de descarbonizaci\u00f3n a largo plazo<\/a><\/li>\n<\/ul>\n<\/li>\n<\/ul>\n","protected":false},"excerpt":{"rendered":"<p>Ponemos a tu disposici\u00f3n la siguiente documentaci\u00f3n de inter\u00e9s sobre bosques y cambio clim\u00e1tico: &nbsp; La inversi\u00f3n de impacto como palanca para la bioeconom\u00eda forestal en Espa\u00f1a Este art\u00edculo analiza la inversi\u00f3n<a class=\"moretag\" href=\"https:\/\/www.fbycc.org\/index.php\/publicaciones-de-interes\/\">Leer m\u00e1s&#8230;<\/a><\/p>\n","protected":false},"author":2,"featured_media":0,"parent":0,"menu_order":0,"comment_status":"closed","ping_status":"closed","template":"","meta":{"_monsterinsights_skip_tracking":false,"_monsterinsights_sitenote_active":false,"_monsterinsights_sitenote_note":"","_monsterinsights_sitenote_category":0,"footnotes":""},"class_list":["post-2039","page","type-page","status-publish","hentry"],"_links":{"self":[{"href":"https:\/\/www.fbycc.org\/index.php\/wp-json\/wp\/v2\/pages\/2039","targetHints":{"allow":["GET"]}}],"collection":[{"href":"https:\/\/www.fbycc.org\/index.php\/wp-json\/wp\/v2\/pages"}],"about":[{"href":"https:\/\/www.fbycc.org\/index.php\/wp-json\/wp\/v2\/types\/page"}],"author":[{"embeddable":true,"href":"https:\/\/www.fbycc.org\/index.php\/wp-json\/wp\/v2\/users\/2"}],"replies":[{"embeddable":true,"href":"https:\/\/www.fbycc.org\/index.php\/wp-json\/wp\/v2\/comments?post=2039"}],"version-history":[{"count":24,"href":"https:\/\/www.fbycc.org\/index.php\/wp-json\/wp\/v2\/pages\/2039\/revisions"}],"predecessor-version":[{"id":4270,"href":"https:\/\/www.fbycc.org\/index.php\/wp-json\/wp\/v2\/pages\/2039\/revisions\/4270"}],"wp:attachment":[{"href":"https:\/\/www.fbycc.org\/index.php\/wp-json\/wp\/v2\/media?parent=2039"}],"curies":[{"name":"wp","href":"https:\/\/api.w.org\/{rel}","templated":true}]}}