{"id":2,"date":"2016-05-31T11:26:39","date_gmt":"2016-05-31T11:26:39","guid":{"rendered":"http:\/\/www.fbycc.org\/?page_id=2"},"modified":"2026-03-26T13:56:12","modified_gmt":"2026-03-26T13:56:12","slug":"pagina-ejemplo","status":"publish","type":"page","link":"https:\/\/www.fbycc.org\/","title":{"rendered":"Inicio"},"content":{"rendered":"<p style=\"text-align: justify;\"><span style=\"font-size: 14pt;\">El <strong><em>Foro de Bosques y Cambio Clim\u00e1tico <\/em><\/strong>es una asociaci\u00f3n sin \u00e1nimo de lucro integrada por organizaciones del sector forestal y otras entidades y empresas espa\u00f1olas afines. Desde 2004 venimos defendiendo de forma un\u00e1nime la funci\u00f3n que desempe\u00f1an los bosques frente al cambio clim\u00e1tico.<\/span><\/p>\n<div class=\"tx-divider clearfix\" style=\"margin-top: 24px;margin-bottom: 24px\"><\/div>\n<table style=\"width: 100%; border-collapse: collapse; background-color: #669900;\">\n<tbody>\n<tr>\n<td style=\"width: 100%; text-align: center;\"><span style=\"font-size: 14pt; color: #ffffff;\"><strong>El bosque sali\u00f3 a la ciudad&#8230; Organizamos el D\u00eda Internacional de los Bosques en Madrid<\/strong><\/span><\/td>\n<\/tr>\n<\/tbody>\n<\/table>\n<table style=\"border-collapse: collapse; width: 100%;\">\n<tbody>\n<tr>\n<td style=\"width: 50%;\"><img loading=\"lazy\" decoding=\"async\" class=\"size-full wp-image-6313 aligncenter\" style=\"font-size: 16px;\" src=\"https:\/\/www.fbycc.org\/wp-content\/uploads\/2026\/03\/download.gif\" alt=\"\" width=\"384\" height=\"216\" \/><\/td>\n<td style=\"width: 50%;\">La celebraci\u00f3n del DIB26 reuni\u00f3 al sector forestal, entidades colaboradoras y ciudadan\u00eda en torno a una jornada t\u00e9cnica y una gran jornada abierta en Madrid. Descubre la noticia completa y revive el evento.<\/p>\n<a class=\"tx-button\" href=\"https:\/\/www.fbycc.org\/index.php\/2026\/03\/26\/6291\/\" target=\"_self\" style=\"color: #000000; background-color: #c7eb7a\">Descubre el DIB26<\/a><\/td>\n<\/tr>\n<\/tbody>\n<\/table>\n<p style=\"text-align: center;\">\n<table style=\"width: 100%; border-collapse: collapse; background-color: #669900;\">\n<tbody>\n<tr>\n<td style=\"width: 100%; text-align: center;\"><span style=\"font-size: 14pt; color: #ffffff;\"><strong>Impulsamos el debate sobre carbono y biodiversidad en el 9\u00ba Congreso Forestal Espa\u00f1ol<\/strong><\/span><\/td>\n<\/tr>\n<\/tbody>\n<\/table>\n<p style=\"text-align: center;\"><img loading=\"lazy\" decoding=\"async\" class=\"aligncenter wp-image-5704 size-full\" src=\"https:\/\/www.fbycc.org\/wp-content\/uploads\/2025\/07\/IMG_20250619_133430-scaled-e1752535426409.jpg\" alt=\"\" width=\"2560\" height=\"1425\" srcset=\"https:\/\/www.fbycc.org\/wp-content\/uploads\/2025\/07\/IMG_20250619_133430-scaled-e1752535426409.jpg 2560w, https:\/\/www.fbycc.org\/wp-content\/uploads\/2025\/07\/IMG_20250619_133430-scaled-e1752535426409-300x167.jpg 300w, https:\/\/www.fbycc.org\/wp-content\/uploads\/2025\/07\/IMG_20250619_133430-scaled-e1752535426409-1024x570.jpg 1024w, https:\/\/www.fbycc.org\/wp-content\/uploads\/2025\/07\/IMG_20250619_133430-scaled-e1752535426409-768x428.jpg 768w, https:\/\/www.fbycc.org\/wp-content\/uploads\/2025\/07\/IMG_20250619_133430-scaled-e1752535426409-1536x855.jpg 1536w, https:\/\/www.fbycc.org\/wp-content\/uploads\/2025\/07\/IMG_20250619_133430-scaled-e1752535426409-2048x1140.jpg 2048w\" sizes=\"auto, (max-width: 2560px) 100vw, 2560px\" \/><\/p>\n<p style=\"text-align: center;\"><a class=\"tx-button\" href=\"https:\/\/www.fbycc.org\/index.php\/2025\/07\/14\/sesion-9cfe\/\" target=\"_self\" style=\"color: #000000; background-color: #c7eb7a\">RESUMEN DE LA SESI\u00d3N<\/a>\n<p>&nbsp;<\/p>\n<table style=\"width: 100%; border-collapse: collapse; background-color: #669900;\">\n<tbody>\n<tr>\n<td style=\"width: 100%; text-align: center;\"><span style=\"font-size: 14pt; color: #ffffff;\"><strong><em>NUESTROS COMENTARIOS AL LIBRO VERDE SOBRE FINANZAS SOSTENIBLES EN ESPA\u00d1A<\/em><\/strong><\/span><\/td>\n<\/tr>\n<\/tbody>\n<\/table>\n<p style=\"text-align: center;\"><span style=\"font-size: 14pt;\"><strong>Comentarios del Foro de Bosques y Cambio Clim\u00e1tico al Libro Verde sobre Finanzas <\/strong><strong>Sostenibles en Espa\u00f1a, documento estrat\u00e9gico para impulsar y guiar la adaptaci\u00f3n del sector privado al marco de finanzas sostenibles, en la audiencia p\u00fablica abierta por el Ministerio de Econom\u00eda, Comercio y Empresa<\/strong><\/span><\/p>\n<p style=\"text-align: center;\"><a class=\"tx-button\" href=\"https:\/\/www.fbycc.org\/wp-content\/uploads\/2024\/10\/Comentarios_FByCC_Libro_Verde_Finanzas_Sostenibles_241016.pdf\" target=\"_self\" style=\"color: #000000; background-color: #c7eb7a\">Descargar documento<\/a>\n<p>&nbsp;<\/p>\n<table style=\"width: 100%; border-collapse: collapse; background-color: #669900;\">\n<tbody>\n<tr>\n<td style=\"width: 100%; text-align: center;\"><span style=\"font-size: 14pt; color: #ffffff;\"><strong><em>NUESTRAS APORTACIONES AL BORRADOR DEL PLAN NACIONAL INTEGRADO DE ENERG\u00cdA Y CLIMA 2023-2030<\/em><\/strong><\/span><\/td>\n<\/tr>\n<\/tbody>\n<\/table>\n<table style=\"border-collapse: collapse; width: 100%;\">\n<tbody>\n<tr>\n<td style=\"width: 50%;\">\n<p style=\"text-align: center;\"><span style=\"font-size: 14pt;\"><strong>El Foro de Bosques y Cambio Clim\u00e1tico reclama el reconocimiento\u00a0<\/strong><strong>del papel que juegan los bosques y el sector forestal en\u00a0<\/strong><strong>el Plan Nacional Integrado de Energ\u00eda y Clima (PNIEC)<\/strong><\/span><\/p>\n<p>&nbsp;<\/p>\n<p style=\"text-align: center;\"><a class=\"tx-button\" href=\"https:\/\/www.fbycc.org\/index.php\/2023\/09\/13\/aportaciones-del-foro-de-bosques-y-cambio-climatico-al-pniec-2023-2030\/\" target=\"_self\" style=\"color: #000000; background-color: #c7eb7a\">NOTA DE PRENSA<\/a>\n<p>&nbsp;<\/p>\n<p style=\"text-align: center;\"><span style=\"font-size: 12pt;\"><em>\u201cEl PNIEC es la oportunidad que necesitamos para poner en marcha una espiral positiva de puesta en valor de los montes y consolidaci\u00f3n del patrimonio forestal\u201d<\/em><\/span><\/p>\n<\/td>\n<td style=\"width: 50%; text-align: center;\">\n<div style=\"position: relative; width: 100%; height: 0; padding-top: 141.4286%; padding-bottom: 0; box-shadow: 0 2px 8px 0 rgba(63,69,81,0.16); margin-top: 1.6em; margin-bottom: 0.9em; overflow: hidden; border-radius: 8px; will-change: transform;\"><strong>El Foro de Bosques y Cambio Clim\u00e1tico reclama el reconocimiento\u00a0<\/strong><strong>del papel que juegan los bosques y el sector forestal en\u00a0<\/strong><strong>el Plan Nacional Integrado de Energ\u00eda y Clima (PNIEC)<\/strong><iframe style=\"position: absolute; width: 100%; height: 100%; top: 0; left: 0; border: none; padding: 0; margin: 0;\" src=\"https:\/\/www.canva.com\/design\/DAFuKlqQBl0\/view?embed\" allowfullscreen=\"allowfullscreen\"><br \/>\n<\/iframe><\/div>\n<\/td>\n<\/tr>\n<\/tbody>\n<\/table>\n<div class=\"tx-divider clearfix\" style=\"margin-top: 24px;margin-bottom: 24px\"><\/div>\n<div class=\"tx-row \">\n<div class=\"tx-column tx-column-size-1-2\">\n<p style=\"text-align: center\"><a href=\"http:\/\/bosquesycc.uva.es\/\" target=\"_blank\" rel=\"noopener\"><br \/>\n<img loading=\"lazy\" decoding=\"async\" class=\"aligncenter size-full wp-image-2947\" src=\"https:\/\/www.fbycc.org\/wp-content\/uploads\/2022\/10\/expoByCC.jpg\" alt=\"\" width=\"870\" height=\"427\" srcset=\"https:\/\/www.fbycc.org\/wp-content\/uploads\/2022\/10\/expoByCC.jpg 870w, https:\/\/www.fbycc.org\/wp-content\/uploads\/2022\/10\/expoByCC-300x147.jpg 300w, https:\/\/www.fbycc.org\/wp-content\/uploads\/2022\/10\/expoByCC-768x377.jpg 768w\" sizes=\"auto, (max-width: 870px) 100vw, 870px\" \/><\/a><span style=\"font-family: arial, helvetica, sans-serif;font-size: 10pt\"><strong>Un proyecto del Instituto Universitario de Investigaci\u00f3n en Gesti\u00f3n Forestal Sostenible (iuFOR) con la colaboraci\u00f3n de FECYT<\/strong><\/span><br \/>\n<a class=\"tx-button\" href=\"http:\/\/bosquesycc.uva.es\/\" target=\"_blank\" style=\"color: #669900; background-color: #ffffff\">Exposici\u00f3n virtual<\/a>\n<\/div>\n<div class=\"tx-column tx-column-size-1-2\"><div class=\"tx-blog tx-post-row tx-carousel\" data-columns=\"1\"><div class=\"tx-blog-item tx-post-col-1\"><div class=\"tx-border-box\"><div class=\"tx-blog-imgpad\"><\/div><div class=\"tx-post-content\"><h3 class=\"tx-post-title\"><a href=\"https:\/\/www.fbycc.org\/index.php\/2026\/03\/26\/6291\/\">Miles de personas celebran en Madrid el D\u00eda Internacional de los Bosques<\/a><\/h3><div style=\"height: 16px;\"><\/div><div class=\"tx-blog-content\">Miles de personas celebran en Madrid el D\u00eda Internacional de los Bosques con debates, actividades y participaci\u00f3n ciudadana Las jornadas \u201cBosques y Econom\u00edas\u201d convierten el centro de la ciudad en un espacio&lt;a class=&quot;moretag&quot; href=&quot;https:\/\/www.fbycc.org\/index.php\/2026\/03\/26\/6291\/&quot;&gt;Leer m\u00e1s...&lt;\/a&gt;<\/div><div class=\"tx-meta\"><span class=\"tx-author\">By : <a href=\"https:\/\/www.fbycc.org\/index.php\/author\/info\/\">info<\/a><\/span><span class=\"tx-date\"> | Mar 26, 2026<\/span><\/div><\/div><\/div><\/div><div class=\"tx-blog-item tx-post-col-1\"><div class=\"tx-border-box\"><div class=\"tx-blog-imgpad\"><\/div><div class=\"tx-post-content\"><h3 class=\"tx-post-title\"><a href=\"https:\/\/www.fbycc.org\/index.php\/2026\/03\/17\/el-festival-del-bosque-llega-a-madrid\/\">El festival del bosque llega a Madrid<\/a><\/h3><div style=\"height: 16px;\"><\/div><div class=\"tx-blog-content\">El festival del bosque llega a Madrid Madrid, 17 de marzo de 2026.\u00a0 Con motivo del D\u00eda Internacional de los Bosques, la plataforma Juntos por los Bosques y el Foro de Bosques&lt;a class=&quot;moretag&quot; href=&quot;https:\/\/www.fbycc.org\/index.php\/2026\/03\/17\/el-festival-del-bosque-llega-a-madrid\/&quot;&gt;Leer m\u00e1s...&lt;\/a&gt;<\/div><div class=\"tx-meta\"><span class=\"tx-author\">By : <a href=\"https:\/\/www.fbycc.org\/index.php\/author\/info\/\">info<\/a><\/span><span class=\"tx-date\"> | Mar 17, 2026<\/span><\/div><\/div><\/div><\/div><div class=\"tx-blog-item tx-post-col-1\"><div class=\"tx-border-box\"><div class=\"tx-blog-imgpad\"><\/div><div class=\"tx-post-content\"><h3 class=\"tx-post-title\"><a href=\"https:\/\/www.fbycc.org\/index.php\/2025\/12\/22\/cop30-diez-anos-del-acuerdo-de-paris-y-el-reto-de-acelerar-la-accion-climatica\/\">COP30: diez a\u00f1os del Acuerdo de Par\u00eds y el reto de acelerar la acci\u00f3n clim\u00e1tica<\/a><\/h3><div style=\"height: 16px;\"><\/div><div class=\"tx-blog-content\">COP30: diez a\u00f1os del Acuerdo de Par\u00eds y el reto de acelerar la acci\u00f3n clim\u00e1tica La COP30, celebrada en Bel\u00e9m (Brasil) del 10 al 22 de noviembre de 2025, bajo el marco&lt;a class=&quot;moretag&quot; href=&quot;https:\/\/www.fbycc.org\/index.php\/2025\/12\/22\/cop30-diez-anos-del-acuerdo-de-paris-y-el-reto-de-acelerar-la-accion-climatica\/&quot;&gt;Leer m\u00e1s...&lt;\/a&gt;<\/div><div class=\"tx-meta\"><span class=\"tx-author\">By : <a href=\"https:\/\/www.fbycc.org\/index.php\/author\/info\/\">info<\/a><\/span><span class=\"tx-date\"> | Dic 22, 2025<\/span><\/div><\/div><\/div><\/div><div class=\"tx-blog-item tx-post-col-1\"><div class=\"tx-border-box\"><div class=\"tx-blog-imgpad\"><\/div><div class=\"tx-post-content\"><h3 class=\"tx-post-title\"><a href=\"https:\/\/www.fbycc.org\/index.php\/2025\/12\/22\/motor-verde-impulsa-un-modelo-de-reforestacion-con-impacto-social\/\">Motor Verde impulsa un modelo de reforestaci\u00f3n con impacto social<\/a><\/h3><div style=\"height: 16px;\"><\/div><div class=\"tx-blog-content\">El proyecto Motor Verde impulsa en Grandas de Salime un modelo de reforestaci\u00f3n con impacto social para el sector forestal En el coraz\u00f3n de Grandas de Salime (Asturias), un incendio forestal en&lt;a class=&quot;moretag&quot; href=&quot;https:\/\/www.fbycc.org\/index.php\/2025\/12\/22\/motor-verde-impulsa-un-modelo-de-reforestacion-con-impacto-social\/&quot;&gt;Leer m\u00e1s...&lt;\/a&gt;<\/div><div class=\"tx-meta\"><span class=\"tx-author\">By : <a href=\"https:\/\/www.fbycc.org\/index.php\/author\/info\/\">info<\/a><\/span><span class=\"tx-date\"> | Dic 22, 2025<\/span><\/div><\/div><\/div><\/div><\/div>\n<\/div>\n<\/div>\n<div class=\"tx-divider clearfix\" style=\"margin-top: 24px;margin-bottom: 24px\"><\/div>\n<div class=\"tx-row \">\n<div class=\"tx-column tx-column-size-1-3\"><div class=\"tx-service default\" style=\"\"><div class=\"tx-service-icon\"><span><i class=\"fa fa-send\"><\/i><\/span><\/div><div class=\"tx-service-title\"><\/div><div class=\"tx-service-text\"><\/div><\/div>\n<p style=\"text-align: center\"><a class=\"tx-button\" href=\"https:\/\/www.fbycc.org\/index.php\/propuestas-foro-de-bosques-y-cambio-climatico\/\" target=\"_self\" style=\"color: #669900; background-color: #ffffff\">Dec\u00e1logo de propuestas<\/a>\n<div class=\"tx-service default\" style=\"\"><div class=\"tx-service-icon\"><span><i class=\"fa fa-comments\"><\/i><\/span><\/div><div class=\"tx-service-title\"><\/div><div class=\"tx-service-text\"><\/div><\/div>\n<p style=\"text-align: center\"><a class=\"tx-button\" href=\"https:\/\/www.fbycc.org\/index.php\/jornadas\/\" target=\"_self\" style=\"color: #669900; background-color: #ffffff\">Jornadas divulgativas<\/a>\n<\/div>\n<div class=\"tx-column tx-column-size-1-3\"><div class=\"tx-service default\" style=\"\"><div class=\"tx-service-icon\"><span><i class=\"fa fa-pagelines\"><\/i><\/span><\/div><div class=\"tx-service-title\"><\/div><div class=\"tx-service-text\"><\/div><\/div>\n<p style=\"text-align: center\"><a class=\"tx-button\" href=\"https:\/\/www.fbycc.org\/index.php\/gestion_forestal_y_absorcion_co2\/\" target=\"_self\" style=\"color: #669900; background-color: #ffffff\">Gesti\u00f3n forestal y CO2<\/a>\n<div class=\"tx-service default\" style=\"\"><div class=\"tx-service-icon\"><span><i class=\"fa fa-bullhorn\"><\/i><\/span><\/div><div class=\"tx-service-title\"><\/div><div class=\"tx-service-text\"><\/div><\/div>\n<p style=\"text-align: center\"><a class=\"tx-button\" href=\"https:\/\/www.fbycc.org\/index.php\/novedades\/\" target=\"_self\" style=\"color: #669900; background-color: #ffffff\">\u00daltimas noticias<\/a>\n<\/div>\n<div class=\"tx-column tx-column-size-1-3\">\n\n<!-- iframe plugin v.6.0 wordpress.org\/plugins\/iframe\/ -->\n<iframe loading=\"lazy\" src=\"https:\/\/interactive.guim.co.uk\/embed\/aus\/2017\/carbon-embed\" width=\"100%\" height=\"510px\" frameborder=\"0\" scrolling=\"no\" class=\"iframe-class\"><\/iframe>\n\n<\/div>\n<\/div>\n<div class=\"tx-testiin\"><div class=\"tx-testimonials\"><div class=\"tx-testi-item\" style=\"\"><span class=\"tx-testi-text\">Nada m\u00e1s importante que una verdad a la que le ha llegado su hora<\/span><span class=\"tx-testi-name\">Victor Hugo<\/span><span class=\"tx-testi-desig\">, <\/span><span class=\"tx-testi-org\">ahora depende de todos y cada uno\u2026<\/span><\/div><div class=\"tx-testi-item\" style=\"\"><span class=\"tx-testi-text\">Climate is changing faster than our efforts to address it. We\u2019re not acting fast enough.<\/span><span class=\"tx-testi-name\">Barack Obama<\/span><span class=\"tx-testi-desig\">President, <\/span><span class=\"tx-testi-org\">USA<\/span><\/div><div class=\"tx-testi-item\" style=\"\"><span class=\"tx-testi-text\">Los Bosques son los pulmones de nuestro planeta<\/span><span class=\"tx-testi-name\">Ban Ki-moon<\/span><span class=\"tx-testi-desig\">Secretario General, <\/span><span class=\"tx-testi-org\">Naciones Unidas<\/span><\/div><div class=\"tx-testi-item\" style=\"\"><span class=\"tx-testi-text\">It&#039;s very simple. We must save our forests. There is no Plan B to tackle climate change without them.<\/span><span class=\"tx-testi-name\">The Prince of Wales<\/span><span class=\"tx-testi-desig\">, <\/span><span class=\"tx-testi-org\">United Kingdom<\/span><\/div><div class=\"tx-testi-item\" style=\"\"><span class=\"tx-testi-text\">Si supiera que el mundo se acaba ma\u00f1ana, yo, hoy todav\u00eda, plantar\u00eda un \u00e1rbol<\/span><span class=\"tx-testi-name\">Martin Luther King<\/span><span class=\"tx-testi-desig\">, <\/span><span class=\"tx-testi-org\"><\/span><\/div><\/div><\/div>\n","protected":false},"excerpt":{"rendered":"<p>El Foro de Bosques y Cambio Clim\u00e1tico es una asociaci\u00f3n sin \u00e1nimo de lucro integrada por organizaciones del sector forestal y otras entidades y empresas espa\u00f1olas afines. Desde 2004 venimos defendiendo de<a class=\"moretag\" href=\"https:\/\/www.fbycc.org\/?testimonials=martin-luther-king\">Leer m\u00e1s&#8230;<\/a><\/p>\n","protected":false},"author":1,"featured_media":0,"parent":0,"menu_order":0,"comment_status":"closed","ping_status":"closed","template":"","meta":{"_monsterinsights_skip_tracking":false,"_monsterinsights_sitenote_active":false,"_monsterinsights_sitenote_note":"","_monsterinsights_sitenote_category":0,"footnotes":""},"class_list":["post-2","page","type-page","status-publish","hentry"],"_links":{"self":[{"href":"https:\/\/www.fbycc.org\/index.php\/wp-json\/wp\/v2\/pages\/2","targetHints":{"allow":["GET"]}}],"collection":[{"href":"https:\/\/www.fbycc.org\/index.php\/wp-json\/wp\/v2\/pages"}],"about":[{"href":"https:\/\/www.fbycc.org\/index.php\/wp-json\/wp\/v2\/types\/page"}],"author":[{"embeddable":true,"href":"https:\/\/www.fbycc.org\/index.php\/wp-json\/wp\/v2\/users\/1"}],"replies":[{"embeddable":true,"href":"https:\/\/www.fbycc.org\/index.php\/wp-json\/wp\/v2\/comments?post=2"}],"version-history":[{"count":147,"href":"https:\/\/www.fbycc.org\/index.php\/wp-json\/wp\/v2\/pages\/2\/revisions"}],"predecessor-version":[{"id":6314,"href":"https:\/\/www.fbycc.org\/index.php\/wp-json\/wp\/v2\/pages\/2\/revisions\/6314"}],"wp:attachment":[{"href":"https:\/\/www.fbycc.org\/index.php\/wp-json\/wp\/v2\/media?parent=2"}],"curies":[{"name":"wp","href":"https:\/\/api.w.org\/{rel}","templated":true}]}}