{"id":1748,"date":"2020-01-01T15:44:56","date_gmt":"2020-01-01T15:44:56","guid":{"rendered":"http:\/\/www.fbycc.org\/?page_id=1748"},"modified":"2022-04-05T14:50:17","modified_gmt":"2022-04-05T14:50:17","slug":"jornada-bosques-mecanismos-de-mercado-y-oportunidades","status":"publish","type":"page","link":"https:\/\/www.fbycc.org\/index.php\/jornadas\/jornada-bosques-mecanismos-de-mercado-y-oportunidades\/","title":{"rendered":"Jornada: \u00abBosques, mecanismos de mercado y oportunidades\u00bb"},"content":{"rendered":"<div class=\"tx-row \">\n<div class=\"tx-column tx-column-size-3-4\">\n<p>&nbsp;<\/p>\n<p style=\"text-align: justify\"><a href=\"http:\/\/www.fbycc.org\/wp-content\/uploads\/2020\/01\/frm.jpg\"><img loading=\"lazy\" decoding=\"async\" class=\"size-medium wp-image-1859 alignright\" src=\"http:\/\/www.fbycc.org\/wp-content\/uploads\/2020\/01\/frm-300x226.jpg\" alt=\"\" width=\"300\" height=\"226\" srcset=\"https:\/\/www.fbycc.org\/wp-content\/uploads\/2020\/01\/frm-300x226.jpg 300w, https:\/\/www.fbycc.org\/wp-content\/uploads\/2020\/01\/frm.jpg 712w\" sizes=\"auto, (max-width: 300px) 100vw, 300px\" \/><\/a>El Foro de Bosques y Cambio Clim\u00e1tico organiz\u00f3 el pasado 16 de enero, en el sal\u00f3n de actos del Instituto de la Ingenier\u00eda de Espa\u00f1a, la jornada <em><strong>\u00abBosques, Mecanismos de Mercado y Oportunidades\u00bb<\/strong><\/em>, que cont\u00f3 con cerca de 100 asistentes. Una jornada en la que se analizaron los mecanismos de mercado de carbono\u00a0forestal que existen a nivel mundial.<\/p>\n<p style=\"text-align: justify\">\u201cLa raz\u00f3n de esta jornada es para hablar sobre los mercados internacionales que existen en torno al carbono forestal, y como se articulan a trav\u00e9s del mecanismo REDD+ en los pa\u00edses en desarrollo\u201d, expuso en la presentaci\u00f3n del encuentro <strong><em>Francisco Rodr\u00edguez, presidente del Foro de los Bosques y Cambio Clim\u00e1tico<\/em><\/strong>. <em>\u201cEsperamos con esta jornada poder trasladar a los asistentes una visi\u00f3n global de la situaci\u00f3n de los bosques y el carbono que almacenan, as\u00ed como de las oportunidades que se pueden generar tanto a profesionales como a empresas. Poniendo los bosques en una situaci\u00f3n de mayor relevancia<\/em>\u201d, a\u00f1adi\u00f3.<\/p>\n<p style=\"text-align: justify\"><a href=\"http:\/\/www.fbycc.org\/wp-content\/uploads\/2020\/01\/abem2.jpg\"><img loading=\"lazy\" decoding=\"async\" class=\"size-medium wp-image-1864 alignleft\" src=\"http:\/\/www.fbycc.org\/wp-content\/uploads\/2020\/01\/abem2-300x225.jpg\" alt=\"\" width=\"300\" height=\"225\" srcset=\"https:\/\/www.fbycc.org\/wp-content\/uploads\/2020\/01\/abem2-300x225.jpg 300w, https:\/\/www.fbycc.org\/wp-content\/uploads\/2020\/01\/abem2-1024x768.jpg 1024w, https:\/\/www.fbycc.org\/wp-content\/uploads\/2020\/01\/abem2-768x576.jpg 768w, https:\/\/www.fbycc.org\/wp-content\/uploads\/2020\/01\/abem2-800x600.jpg 800w, https:\/\/www.fbycc.org\/wp-content\/uploads\/2020\/01\/abem2-1536x1152.jpg 1536w, https:\/\/www.fbycc.org\/wp-content\/uploads\/2020\/01\/abem2-2048x1536.jpg 2048w\" sizes=\"auto, (max-width: 300px) 100vw, 300px\" \/><\/a>La jornada comenz\u00f3 con la intervenci\u00f3n de <em><strong>Andr\u00e9s Espejo<\/strong><\/em>, especialista Senior en Finanzas de Carbono del Banco Mundial, quien dio una introducci\u00f3n a los mercados internacionales de carbono forestal, el apoyo que el Banco Mundial provee a los pa\u00edses en v\u00edas de desarrollo para participar en los mercados de carbono forestal por medio de programas de reducci\u00f3n de emisiones, y las oportunidades existentes para participar en este proceso. <em>\u201cEl Banco Mundial apoya el desarrollo de los mercados de carbono forestal y la implementaci\u00f3n de las Contribuciones Nacionalmente Determinadas por medio del pilotaje de Programas de Reducci\u00f3n de Emisiones jurisdiccionales. Actulamente manejamos 1.7 millardos de d\u00f3lares en dos fondos que cubren REDD+ y el sector AFOLU, pero para incrementar el nivel de aspiraci\u00f3n nuestro apoyo aumentar\u00e1 en ambici\u00f3n, escala y alcance<\/em>\u201d, se\u00f1al\u00f3.<\/p>\n<p style=\"text-align: justify\"><strong><em>Jos\u00e9 Luis Tom\u00e9<\/em><\/strong> y <strong><em>Mar\u00eda Jes\u00fas Toledo<\/em><\/strong>, de Agresta, explicaron las tecnolog\u00edas para el monitoreo de bosques y carbono forestal, indicando que en los \u00faltimos a\u00f1os \u201cha habido una revoluci\u00f3n enorme al respecto\u201d.<\/p>\n<p style=\"text-align: justify\"><em><strong>Javier Cano<\/strong><\/em>, experto en sistemas MRV, habl\u00f3 del caso de Chile en la reducci\u00f3n de las emisiones debidas a la deforestaci\u00f3n y la degradaci\u00f3n de los bosques (REDD+), as\u00ed como de su mercado dom\u00e9stico y oportunidades asociadas. Mientras que Jos\u00e9 Luis Fuentes, gerente del Cambio Clim\u00e1tico-Sostenibilidad de AENOR, realiz\u00f3 una ponencia sobre la validaci\u00f3n y verificaci\u00f3n de proyectos de carbono fores<span style=\"text-align: justify\">tal.<\/span><\/p>\n<p style=\"text-align: justify\"><em><strong><a href=\"http:\/\/www.fbycc.org\/wp-content\/uploads\/2020\/01\/pav.jpg\"><img loading=\"lazy\" decoding=\"async\" class=\"size-medium wp-image-1866 alignright\" src=\"http:\/\/www.fbycc.org\/wp-content\/uploads\/2020\/01\/pav-300x225.jpg\" alt=\"\" width=\"300\" height=\"225\" srcset=\"https:\/\/www.fbycc.org\/wp-content\/uploads\/2020\/01\/pav-300x225.jpg 300w, https:\/\/www.fbycc.org\/wp-content\/uploads\/2020\/01\/pav-1024x768.jpg 1024w, https:\/\/www.fbycc.org\/wp-content\/uploads\/2020\/01\/pav-768x576.jpg 768w, https:\/\/www.fbycc.org\/wp-content\/uploads\/2020\/01\/pav-800x600.jpg 800w, https:\/\/www.fbycc.org\/wp-content\/uploads\/2020\/01\/pav.jpg 1205w\" sizes=\"auto, (max-width: 300px) 100vw, 300px\" \/><\/a>Pedro Alcanda<\/strong><\/em>, experto en Planificaci\u00f3n Forestal Estrat\u00e9gica de Tragsatec, perteneciente al Grupo Tragsa, en su ponencia <em>\u201cLas oportunidades de los bosques de Espa\u00f1a<\/em>\u201d, quiso poner en valor el trabajo de los selvicultores. <em>\u201cEn los bosques espa\u00f1oles ya muy expandidos se aumentar\u00eda m\u00e1s la captura de carbono mediante una adecuada selvicultura inteligente que incentivando solamente las repoblaciones forestales\u201d<\/em>, apunt\u00f3.<\/p>\n<p style=\"text-align: justify\">En este sentido, mostr\u00f3 c\u00f3mo en los cuatro a\u00f1os posteriores a la intervenci\u00f3n selv\u00edcola, un \u00e1rbol puede crecer m\u00e1s del doble que en sus primeros diez a\u00f1os, al eliminar la competencia arb\u00f3rea a su alrededor. \u201c<em>La dosificaci\u00f3n de la competencia arb\u00f3rea procura el adecuado estado de salud y vigor del arbolado, favoreciendo su crecimiento y la captura de carbono, as\u00ed como la conservaci\u00f3n y resilencia de la masa forestal\u201d<\/em>, explic\u00f3.<\/p>\n<p style=\"text-align: justify\">Alcanda tambi\u00e9n a\u00f1adi\u00f3 en su ponencia, que fue la encargada de cerrar la jornada, que <em>\u201cla superficie arbolada se ha duplicado en la segunda mitad del siglo XX, venimos a cortar poco m\u00e1s de un tercio del crecimiento de las masas forestales espa\u00f1olas. Un contexto donde la selvicultura se hace indispensable\u201d<\/em>.<\/p>\n<p><img loading=\"lazy\" decoding=\"async\" class=\"wp-image-1847 size-large aligncenter\" src=\"http:\/\/www.fbycc.org\/wp-content\/uploads\/2020\/01\/bmmo-1024x589.jpg\" alt=\"\" width=\"604\" height=\"347\" srcset=\"https:\/\/www.fbycc.org\/wp-content\/uploads\/2020\/01\/bmmo-1024x589.jpg 1024w, https:\/\/www.fbycc.org\/wp-content\/uploads\/2020\/01\/bmmo-300x172.jpg 300w, https:\/\/www.fbycc.org\/wp-content\/uploads\/2020\/01\/bmmo-768x441.jpg 768w, https:\/\/www.fbycc.org\/wp-content\/uploads\/2020\/01\/bmmo-1536x883.jpg 1536w, https:\/\/www.fbycc.org\/wp-content\/uploads\/2020\/01\/bmmo-2048x1177.jpg 2048w\" sizes=\"auto, (max-width: 604px) 100vw, 604px\" \/><\/p>\n<p style=\"text-align: justify\">Durante el posterior debate se puso de manifiesto la falta de reconocimiento de los actores que con su gesti\u00f3n forestal contribuyen al mantenimiento y aumento de los stocks de carbono y la necesidad de contar con recursos financieros y medios suficientes para poner en marcha un mercado de capturas de carbono que incentive la mejora de nuestros bosques y su acci\u00f3n sumidero. La gesti\u00f3n forestal, y en especial la selvicultura, puede y debe jugar un papel activo en la mitigaci\u00f3n del cambio clim\u00e1tico.<\/p>\n<p style=\"text-align: justify\"><strong>Puedes ver la jornada completa en el siguiente v\u00eddeo<\/strong><\/p>\n<p style=\"text-align: center\"><div class=\"tx-youtube-outerwarp\" style=\"width: 100%\"><div class=\"tx-youtube-warp\" style=\"\"><iframe src=\"https:\/\/www.youtube.com\/embed\/uT5091GRgF0?controls=1&amp;showinfo=0&amp;rel=0&amp;autoplay=0\" frameborder=\"0\" allow=\"autoplay\" allowfullscreen><\/iframe><\/div><\/div>\n<p>&nbsp;<\/p>\n<p style=\"text-align: center\"><strong>PONENTES<\/strong><\/p>\n<p style=\"text-align: justify\"><span style=\"font-size: 10pt\"><strong>Andr\u00e9s Espejo<\/strong> trabaja como especialista en finanzas de carbono para el Grupo de Cambio Clim\u00e1tico del Banco Mundial. Dentro del Banco apoya el desarrollo de metodolog\u00edas y est\u00e1ndares de cuantificaci\u00f3n de flujos de GEI para los programas REDD+ y AFOLU del Forest Carbon Partnership Facility (FCPF) y el Bio Carbon Fund (BioCF), y es el punto focal del Banco en monitoreo forestal, cuantificaci\u00f3n de carbono forestal y en el comit\u00e9 de direcci\u00f3n de la Global Forest Observation Initiative (GFOI). Andr\u00e9s tambi\u00e9n colabora con la CMNUCC en la evaluaci\u00f3n de informes presentados por pa\u00edses REDD+.<\/span><\/p>\n<p style=\"text-align: justify\"><span style=\"font-size: 10pt\"><strong>Jose Luis Tom\u00e9<\/strong>, tras graduarse como Ingeniero de Montes por la Universidad Polit\u00e9cnica de Madrid en el a\u00f1o 2000, participa como socio promotor en la creaci\u00f3n de AGRESTA S.Coop (Espa\u00f1a). Gerente de la Cooperativa desde el A\u00f1o 2010 actualmente compatibiliza su labor en la direcci\u00f3n de la cooperativa con la coordinaci\u00f3n del \u00c1rea de Evaluaci\u00f3n de los Recursos Forestales, responsable de la Teledetecci\u00f3n con LiDAR y Fotogrametr\u00eda en Agresta.<\/span><\/p>\n<p style=\"text-align: justify\"><span style=\"font-size: 10pt\"><strong>Mar\u00eda Jes\u00fas Toledo<\/strong> es ingeniera de Montes por la Universidad de C\u00f3rdoba, socia de Agresta desde hace m\u00e1s de 15 a\u00f1os. Lidera el \u00c1rea de Carbono y Cambio clim\u00e1tico desde finales del a\u00f1o 2018. Tiene experiencia consolidada en los proyectos de compensaci\u00f3n de carbono, iniciativas y programas del sector AFOLU, en proyectos de Inventarios de emisiones\/absorciones de gases de efecto invernadero del sector; y en los est\u00e1ndares m\u00e1s utilizados como el VCS.<\/span><\/p>\n<p style=\"text-align: justify\"><span style=\"font-size: 10pt\"><strong>Javier Cano<\/strong> es Ge\u00f3grafo y M\u00e1ster en Tecnolog\u00edas de la Informaci\u00f3n Geogr\u00e1fica. Durante los \u00faltimos 10 a\u00f1os ha desarrollado su experiencia laboral en Chile donde desempe\u00f1\u00f3 funciones en la Academia, la Corporaci\u00f3n Nacional Forestal y la Representaci\u00f3n Nacional de FAO. Actualmente, Javier entrega soporte a pa\u00edses en desarrollo como consultor internacional independiente focalizando sus actividades en el \u00e1rea de contabilidad de carbono forestal de REDD+.<\/span><\/p>\n<p style=\"text-align: justify\"><span style=\"font-size: 10pt\"><strong>Jos\u00e9 Luis Fuentes<\/strong> es Ingeniero de Montes y es el responsable del \u00e1rea de Cambio Clim\u00e1tico de AENOR y Coordinador T\u00e9cnico de Gesti\u00f3n Forestal Sostenible. Cuenta con m\u00e1s de 20 a\u00f1os de experiencia en auditor\u00eda y consultor\u00eda en el \u00e1mbito forestal y lleva m\u00e1s de 12 a\u00f1os trabajando en Cambio Clim\u00e1tico. Est\u00e1 calificado como validador\/verificador en proyectos de mitigaci\u00f3n de carbono forestal en esquemas regulados como el MDL y en esquemas voluntarios como VCS, CCB, Gold Standard, etc. Jos\u00e9 Luis ha participado en la validaci\u00f3n y verificaci\u00f3n de proyectos REDD+ y de Aforestaci\u00f3n\/Reforestaci\u00f3n en LATAM y \u00c1frica. Adem\u00e1s es auditor l\u00edder de GFS PEFC.<\/span><\/p>\n<p style=\"text-align: justify\"><span style=\"font-size: 10pt\"><strong>Pedro Alcanda <\/strong>es Ingeniero de Montes por la Universidad Polit\u00e9cnica de Madrid con m\u00e1s de 35 a\u00f1os de experiencia y experto en legislaci\u00f3n y planificaci\u00f3n estrat\u00e9gica de pol\u00edtica forestal. Ha participado en la elaboraci\u00f3n de la Estrategia Forestal Espa\u00f1ola (1999) y el Plan Forestal Espa\u00f1ol actualmente en revisi\u00f3n. Particip\u00f3 en el comit\u00e9 t\u00e9cnico de redacci\u00f3n de la Ley b\u00e1sica de Montes (2003) as\u00ed como en otras leyes forestales auton\u00f3micas. Pedro ha prestado asistencia t\u00e9cnica para la elaboraci\u00f3n de Planes Forestales de 13 Comunidades Aut\u00f3nomas y sus revisiones. Tambi\u00e9n tiene experiencia en participaci\u00f3n social en los procesos de planificaci\u00f3n forestal, as\u00ed como en estudios de percepci\u00f3n social de la realidad forestal y en la ordenaci\u00f3n y gesti\u00f3n forestal sostenible para la conservaci\u00f3n activa de espacios forestales protegidos.<\/span><\/p>\n<p><a href=\"http:\/\/www.fbycc.org\/wp-content\/uploads\/2020\/01\/programa.jpg\"><img loading=\"lazy\" decoding=\"async\" class=\"alignnone wp-image-1810 size-large alignleft\" src=\"http:\/\/www.fbycc.org\/wp-content\/uploads\/2020\/01\/programa-725x1024.jpg\" alt=\"\" width=\"604\" height=\"853\" \/><\/a><\/p>\n<\/div>\n<div class=\"tx-column tx-column-size-1-4\">\n<p>&nbsp;<\/p>\n<p style=\"text-align: center\"><a href=\"http:\/\/www.fbycc.org\/wp-content\/uploads\/2020\/01\/Cartel_jornada_16012020_v3.jpg\"><img loading=\"lazy\" decoding=\"async\" class=\"alignnone wp-image-1822 size-large\" src=\"http:\/\/www.fbycc.org\/wp-content\/uploads\/2020\/01\/Cartel_jornada_16012020_v3-724x1024.jpg\" alt=\"\" width=\"604\" height=\"854\" srcset=\"https:\/\/www.fbycc.org\/wp-content\/uploads\/2020\/01\/Cartel_jornada_16012020_v3-724x1024.jpg 724w, https:\/\/www.fbycc.org\/wp-content\/uploads\/2020\/01\/Cartel_jornada_16012020_v3-212x300.jpg 212w, https:\/\/www.fbycc.org\/wp-content\/uploads\/2020\/01\/Cartel_jornada_16012020_v3-768x1086.jpg 768w, https:\/\/www.fbycc.org\/wp-content\/uploads\/2020\/01\/Cartel_jornada_16012020_v3-1086x1536.jpg 1086w, https:\/\/www.fbycc.org\/wp-content\/uploads\/2020\/01\/Cartel_jornada_16012020_v3.jpg 1122w\" sizes=\"auto, (max-width: 604px) 100vw, 604px\" \/><\/a><\/p>\n<p><strong>Puedes descargar las presentaciones de la Jornada:<\/strong><\/p>\n<p><strong><a id=\"rptDocumentos_hlTitulo_5\" href=\"https:\/\/www.dropbox.com\/s\/r5ekan3j1nq0dtf\/1.%20El%20Banco%20Mundial%20y%20los%20Mercados%20de%20Carbon%20Forestal.pdf?dl=0\" target=\"_blank\" rel=\"noopener noreferrer\">El Banco Mundial y los mercados de carbono forestal<\/a><\/strong><br \/>\n<em>Andr\u00e9s Espejo. Especialista Senior en Finanzas de Carbono. (BANCO MUNDIAL)<\/em><\/p>\n<p><strong><a id=\"rptDocumentos_hlTitulo_5\" href=\"https:\/\/www.dropbox.com\/s\/3766caugikbp0l7\/2.%20Tecnolog%C3%ADas%20para%20el%20monitoreo%20de%20Bosques%20y%20Carbono%20Forestal.pdf?dl=0\" target=\"_blank\" rel=\"noopener noreferrer\">Tecnolog\u00edas para el monitoreo de bosques y carbono forestal<\/a><\/strong><br \/>\n<em>Jos\u00e9 Luis Tom\u00e9 y Mar\u00eda Jes\u00fas Toledo. Experos en carbono forestal y cambio clim\u00e1tico (AGRESTA)<\/em><\/p>\n<p><strong><a id=\"rptDocumentos_hlTitulo_5\" href=\"https:\/\/www.dropbox.com\/s\/sr7l0nlumjw2u36\/3.%20El%20caso%20de%20Chile.pdf?dl=0\" target=\"_blank\" rel=\"noopener noreferrer\">El caso de Chile: REDD+, mercado dom\u00e9stico y oportunidades<\/a><\/strong><br \/>\n<em>Javier Cano. Experto internacional en sistemas MRV<\/em><\/p>\n<p><strong><a id=\"rptDocumentos_hlTitulo_5\" href=\"https:\/\/www.dropbox.com\/s\/zfnptzheb1n31fd\/4.%20Validacion%20y%20verificacion%20de%20proyectos.pdf?dl=0\" target=\"_blank\" rel=\"noopener noreferrer\">Validaci\u00f3n y verificaci\u00f3n de proyectos de carbono forestal<\/a><\/strong><br \/>\n<em>Jos\u00e9 Luis Fuentes. Gerente Cambio Clim\u00e1tico-Sostenibilidad (AENOR)<\/em><\/p>\n<p><strong><a id=\"rptDocumentos_hlTitulo_5\" href=\"https:\/\/www.dropbox.com\/s\/htir6bczui2on4k\/5.%20Oportunidades%20de%20los%20Bosques%20en%20Espa%C3%B1a.pdf?dl=0\" target=\"_blank\" rel=\"noopener noreferrer\">Las oportunidades de los bosques en Espa\u00f1a<\/a><\/strong><br \/>\n<em>Pedro Alcanda. Experto en planificaci\u00f3n Forestal Estrat\u00e9gicas (Grupo TRAGSA)<\/em><\/p>\n<\/div>\n<\/div>\n","protected":false},"excerpt":{"rendered":"","protected":false},"author":2,"featured_media":0,"parent":530,"menu_order":0,"comment_status":"closed","ping_status":"closed","template":"","meta":{"_monsterinsights_skip_tracking":false,"_monsterinsights_sitenote_active":false,"_monsterinsights_sitenote_note":"","_monsterinsights_sitenote_category":0,"footnotes":""},"class_list":["post-1748","page","type-page","status-publish","hentry"],"_links":{"self":[{"href":"https:\/\/www.fbycc.org\/index.php\/wp-json\/wp\/v2\/pages\/1748","targetHints":{"allow":["GET"]}}],"collection":[{"href":"https:\/\/www.fbycc.org\/index.php\/wp-json\/wp\/v2\/pages"}],"about":[{"href":"https:\/\/www.fbycc.org\/index.php\/wp-json\/wp\/v2\/types\/page"}],"author":[{"embeddable":true,"href":"https:\/\/www.fbycc.org\/index.php\/wp-json\/wp\/v2\/users\/2"}],"replies":[{"embeddable":true,"href":"https:\/\/www.fbycc.org\/index.php\/wp-json\/wp\/v2\/comments?post=1748"}],"version-history":[{"count":58,"href":"https:\/\/www.fbycc.org\/index.php\/wp-json\/wp\/v2\/pages\/1748\/revisions"}],"predecessor-version":[{"id":1786,"href":"https:\/\/www.fbycc.org\/index.php\/wp-json\/wp\/v2\/pages\/1748\/revisions\/1786"}],"up":[{"embeddable":true,"href":"https:\/\/www.fbycc.org\/index.php\/wp-json\/wp\/v2\/pages\/530"}],"wp:attachment":[{"href":"https:\/\/www.fbycc.org\/index.php\/wp-json\/wp\/v2\/media?parent=1748"}],"curies":[{"name":"wp","href":"https:\/\/api.w.org\/{rel}","templated":true}]}}