{"id":1218,"date":"2017-08-11T11:08:39","date_gmt":"2017-08-11T11:08:39","guid":{"rendered":"http:\/\/www.fbycc.org\/?page_id=1218"},"modified":"2025-10-31T00:35:18","modified_gmt":"2025-10-31T00:35:18","slug":"mapas","status":"publish","type":"page","link":"https:\/\/www.fbycc.org\/index.php\/mapas\/","title":{"rendered":"Mapas"},"content":{"rendered":"<p style=\"text-align: justify;\">Hemos reunido para ti una serie de mapas interactivos desarrollados por diferentes entidades internacionales. Con ellos podr\u00e1s acceder y analizar los datos m\u00e1s recientes relacionados con los bosques y el cambio clim\u00e1tico.<\/p>\n<p>&nbsp;<\/p>\n<table class=\" aligncenter\" style=\"width: 83.4437%; border-collapse: collapse; border-style: none;\">\n<tbody>\n<tr>\n<td style=\"width: 100%;\"><strong style=\"color: #0f0f0f; font-size: 16px;\"><span style=\"font-size: 16pt;\">Observatorio de Montes P\u00fablicos de la REMP<br \/>\n<\/span><\/strong><span style=\"font-size: 13.3333px;\"><span style=\"font-size: 12pt;\"> Portal de geo-informaci\u00f3n orientado a los montes p\u00fablicos de Espa\u00f1a. Sistema que permite consultar informaci\u00f3n actualizada y georreferenciada sobre los montes p\u00fablicos, sus caracter\u00edsticas, uso, estado, etc<\/span><\/span><a href=\"https:\/\/observatorio.remp.es\/observatory?zoom=5.961147715951356&amp;center=-2.9852961429688776&amp;center=41.59543683403302&amp;layers=propiedadmontes_penbalpublicos_sept24\"><img loading=\"lazy\" decoding=\"async\" class=\"alignnone size-full wp-image-6168\" src=\"https:\/\/www.fbycc.org\/wp-content\/uploads\/2025\/10\/Diseno-sin-titulo-5.png\" alt=\"\" width=\"1000\" height=\"100\" srcset=\"https:\/\/www.fbycc.org\/wp-content\/uploads\/2025\/10\/Diseno-sin-titulo-5.png 1000w, https:\/\/www.fbycc.org\/wp-content\/uploads\/2025\/10\/Diseno-sin-titulo-5-300x30.png 300w, https:\/\/www.fbycc.org\/wp-content\/uploads\/2025\/10\/Diseno-sin-titulo-5-768x77.png 768w\" sizes=\"auto, (max-width: 1000px) 100vw, 1000px\" \/><\/a><\/p>\n<div class=\"tx-spacer clearfix\" style=\"height: 20px\"><\/div><\/td>\n<\/tr>\n<tr>\n<td style=\"width: 100%;\"><strong style=\"color: #0f0f0f; font-size: 16px;\"><span style=\"font-size: 16pt;\">Explorador forestal (Proyecto CROSS-FOREST)<\/span><br \/>\n<\/strong><span style=\"font-size: 13.3333px;\"><span style=\"font-size: 12pt;\">Visor de datos de inventarios forestales y mapas forestales para crear e integrar modelos de apoyo a la gesti\u00f3n y la protecci\u00f3n de los bosques. Permite ver n\u00famero de \u00e1rboles, \u00e1rea basim\u00e9trica, volumen y otros datos. Tiene filtro por parcelas y por especies, y abarca la Pen\u00ednsula y las islas.<\/span><br \/>\n<a href=\"https:\/\/forestexplorer.gsic.uva.es\/explorer\/\"><img loading=\"lazy\" decoding=\"async\" class=\"alignnone size-full wp-image-4608\" src=\"https:\/\/www.fbycc.org\/wp-content\/uploads\/2024\/06\/Cross-Forest.png\" alt=\"\" width=\"1000\" height=\"100\" srcset=\"https:\/\/www.fbycc.org\/wp-content\/uploads\/2024\/06\/Cross-Forest.png 1000w, https:\/\/www.fbycc.org\/wp-content\/uploads\/2024\/06\/Cross-Forest-300x30.png 300w, https:\/\/www.fbycc.org\/wp-content\/uploads\/2024\/06\/Cross-Forest-768x77.png 768w\" sizes=\"auto, (max-width: 1000px) 100vw, 1000px\" \/><\/a><\/span><\/p>\n<p style=\"text-align: left;\"><div class=\"tx-spacer clearfix\" style=\"height: 20px\"><\/div>\n<\/td>\n<\/tr>\n<tr>\n<td style=\"width: 100%;\"><span style=\"color: #000000;\"><span style=\"color: #0f0f0f;\"><span style=\"font-size: 13.3333px;\"><strong><span style=\"font-size: 16pt;\">IPCC WGI Interactive Atlas<\/span><br \/>\n<\/strong><span style=\"font-size: 12pt;\">El Atlas Interactivo del IPCC WG I es una herramienta nueva y avanzada que brinda la posibilidad de analizar de manera flexible datos sobre el cambio clim\u00e1tico.<\/span><br \/>\n<a href=\"https:\/\/interactive-atlas.ipcc.ch\/?s=08\"><img loading=\"lazy\" decoding=\"async\" class=\"alignnone size-full wp-image-4612\" src=\"https:\/\/www.fbycc.org\/wp-content\/uploads\/2024\/06\/IPCC.png\" alt=\"\" width=\"1000\" height=\"100\" srcset=\"https:\/\/www.fbycc.org\/wp-content\/uploads\/2024\/06\/IPCC.png 1000w, https:\/\/www.fbycc.org\/wp-content\/uploads\/2024\/06\/IPCC-300x30.png 300w, https:\/\/www.fbycc.org\/wp-content\/uploads\/2024\/06\/IPCC-768x77.png 768w\" sizes=\"auto, (max-width: 1000px) 100vw, 1000px\" \/><\/a><\/span><\/span><\/span><div class=\"tx-spacer clearfix\" style=\"height: 20px\"><\/div><\/td>\n<\/tr>\n<tr>\n<td style=\"width: 100%;\"><span style=\"color: #000000;\"><span style=\"color: #0f0f0f;\"><span style=\"font-size: 13.3333px;\"><strong><span style=\"font-size: 16pt;\">Visor de Escenarios de Cambio Clim\u00e1tico<br \/>\n<\/span><\/strong><\/span><\/span><\/span><span style=\"font-size: 12pt;\">El Visor de Escenarios de Cambio Clim\u00e1tico permite conocer, visualizar y descargar proyecciones clim\u00e1ticas actualizadas para Espa\u00f1a, basadas en datos del IPCC y fuentes como AEMET y Euro-CORDEX.<\/span><span style=\"color: #000000;\"><span style=\"color: #0f0f0f;\"><span style=\"font-size: 13.3333px;\"><a href=\"https:\/\/escenarios.adaptecca.es\/?utm_campaign=actualizacion-del-visor-escenarios-cc&amp;utm_medium=email&amp;utm_source=acumbamail#&amp;model=EURO-CORDEX-EQM.average&amp;variable=tasmax&amp;scenario=rcp85&amp;temporalFilter=year&amp;layers=AREAS&amp;period=MEDIUM_FUTURE&amp;anomaly=RAW_VALUE\"><strong><span style=\"font-size: 16pt;\"><img loading=\"lazy\" decoding=\"async\" class=\"alignnone size-full wp-image-4812\" src=\"https:\/\/www.fbycc.org\/wp-content\/uploads\/2024\/07\/WEB_Mapas_Plantilla.png\" alt=\"\" width=\"1000\" height=\"100\" srcset=\"https:\/\/www.fbycc.org\/wp-content\/uploads\/2024\/07\/WEB_Mapas_Plantilla.png 1000w, https:\/\/www.fbycc.org\/wp-content\/uploads\/2024\/07\/WEB_Mapas_Plantilla-300x30.png 300w, https:\/\/www.fbycc.org\/wp-content\/uploads\/2024\/07\/WEB_Mapas_Plantilla-768x77.png 768w\" sizes=\"auto, (max-width: 1000px) 100vw, 1000px\" \/><\/span><\/strong><\/a><span style=\"font-size: 16pt;\"><span style=\"font-size: 11pt;\"><div class=\"tx-spacer clearfix\" style=\"height: 20px\"><\/div><\/span><\/span><\/span><\/span><\/span><\/td>\n<\/tr>\n<tr>\n<td style=\"width: 100%;\">\n<p style=\"text-align: left;\"><span style=\"color: #0f0f0f;\"><strong><span style=\"font-size: 16pt;\">Nationally Determined Contributions (NDCs)<\/span><br \/>\n<\/strong><span style=\"font-size: 10pt;\"><span style=\"font-size: 12pt;\">Permite analizar y comparar los NDCs de los pa\u00edses firmantes del Acuerdo de Par\u00eds.<\/span><br \/>\n<a href=\"https:\/\/www.climatewatchdata.org\/ndcs-explore?document=second_ndc&amp;showEUCountries=true\"><img loading=\"lazy\" decoding=\"async\" class=\"alignnone size-full wp-image-4615\" src=\"https:\/\/www.fbycc.org\/wp-content\/uploads\/2024\/06\/NDCs.png\" alt=\"\" width=\"1000\" height=\"100\" srcset=\"https:\/\/www.fbycc.org\/wp-content\/uploads\/2024\/06\/NDCs.png 1000w, https:\/\/www.fbycc.org\/wp-content\/uploads\/2024\/06\/NDCs-300x30.png 300w, https:\/\/www.fbycc.org\/wp-content\/uploads\/2024\/06\/NDCs-768x77.png 768w\" sizes=\"auto, (max-width: 1000px) 100vw, 1000px\" \/><\/a><\/span><\/span><\/p>\n<div class=\"tx-spacer clearfix\" style=\"height: 20px\"><\/div><\/td>\n<\/tr>\n<tr>\n<td style=\"width: 100%;\">\n<p style=\"text-align: justify;\"><span style=\"color: #0f0f0f;\"><strong><span style=\"font-size: 16pt;\">Evoluci\u00f3n de los usos del suelo en Europa<\/span><br \/>\n<\/strong><span style=\"font-size: 10pt;\"><span style=\"font-size: 12pt;\">Reconstruci\u00f3n de la evoluci\u00f3n del uso de la tierra en Europa desde 1900 a 2010.<\/span><br \/>\n<a href=\"http:\/\/www.geo-informatie.nl\/fuchs003\/\"><img loading=\"lazy\" decoding=\"async\" class=\"alignnone size-full wp-image-4620\" src=\"https:\/\/www.fbycc.org\/wp-content\/uploads\/2024\/06\/WEB_Mapas_Plantilla.png\" alt=\"\" width=\"1000\" height=\"100\" srcset=\"https:\/\/www.fbycc.org\/wp-content\/uploads\/2024\/06\/WEB_Mapas_Plantilla.png 1000w, https:\/\/www.fbycc.org\/wp-content\/uploads\/2024\/06\/WEB_Mapas_Plantilla-300x30.png 300w, https:\/\/www.fbycc.org\/wp-content\/uploads\/2024\/06\/WEB_Mapas_Plantilla-768x77.png 768w\" sizes=\"auto, (max-width: 1000px) 100vw, 1000px\" \/><\/a><\/span><\/span><\/p>\n<div class=\"tx-spacer clearfix\" style=\"height: 20px\"><\/div><\/td>\n<\/tr>\n<tr>\n<td style=\"width: 100%;\">\n<p style=\"text-align: justify;\"><span style=\"color: #0f0f0f;\"><strong><span style=\"font-size: 16pt;\">VENTUSKI<\/span><br \/>\n<\/strong><span style=\"font-size: 8pt;\"><span style=\"font-size: 10pt;\"><span style=\"font-size: 12pt;\">Te permite consultar hasta diez variables meteorol\u00f3gicas en tiempo real.<\/span><br \/>\n<a href=\"https:\/\/www.ventusky.com\/\"><img loading=\"lazy\" decoding=\"async\" class=\"alignnone size-full wp-image-4617\" src=\"https:\/\/www.fbycc.org\/wp-content\/uploads\/2024\/06\/VENTUSKI.png\" alt=\"\" width=\"1000\" height=\"100\" srcset=\"https:\/\/www.fbycc.org\/wp-content\/uploads\/2024\/06\/VENTUSKI.png 1000w, https:\/\/www.fbycc.org\/wp-content\/uploads\/2024\/06\/VENTUSKI-300x30.png 300w, https:\/\/www.fbycc.org\/wp-content\/uploads\/2024\/06\/VENTUSKI-768x77.png 768w\" sizes=\"auto, (max-width: 1000px) 100vw, 1000px\" \/><\/a><\/span><\/span><\/span><\/p>\n<div class=\"tx-spacer clearfix\" style=\"height: 20px\"><\/div><\/td>\n<\/tr>\n<tr>\n<td style=\"width: 100%;\">\n<p style=\"text-align: left;\"><span style=\"color: #0f0f0f;\"><strong><span style=\"font-size: 16pt;\">NOAA View Data Exploration Tool<\/span><br \/>\n<\/strong><span style=\"font-size: 8pt;\"><span style=\"font-size: 10pt;\"><span style=\"font-size: 12pt;\">Accede a docenas de datasets sobre la atm\u00f3sfera, oc\u00e9anos, usos del suelo, criosfera y el clima.<\/span><br \/>\n<a href=\"https:\/\/www.nnvl.noaa.gov\/view\/globaldata.html\"><img loading=\"lazy\" decoding=\"async\" class=\"alignnone size-full wp-image-4619\" src=\"https:\/\/www.fbycc.org\/wp-content\/uploads\/2024\/06\/NOAA.png\" alt=\"\" width=\"1000\" height=\"100\" srcset=\"https:\/\/www.fbycc.org\/wp-content\/uploads\/2024\/06\/NOAA.png 1000w, https:\/\/www.fbycc.org\/wp-content\/uploads\/2024\/06\/NOAA-300x30.png 300w, https:\/\/www.fbycc.org\/wp-content\/uploads\/2024\/06\/NOAA-768x77.png 768w\" sizes=\"auto, (max-width: 1000px) 100vw, 1000px\" \/><\/a><\/span><\/span><\/span><\/p>\n<div class=\"tx-spacer clearfix\" style=\"height: 20px\"><\/div><\/td>\n<\/tr>\n<tr>\n<td style=\"width: 100%;\">\n<p style=\"text-align: justify;\"><span style=\"color: #0f0f0f;\"><strong><span style=\"font-size: 16pt;\">Global Forest Watch<\/span><br \/>\n<\/strong><span style=\"font-size: 8pt;\"><span style=\"font-size: 10pt;\"><span style=\"font-size: 12pt;\">Analiza la p\u00e9rdida y ganancia de superficie forestal en el mundo.<\/span><br \/>\n<a href=\"https:\/\/www.globalforestwatch.org\/map\/?map=eyJjZW50ZXIiOnsibGF0Ijo0MC4wNjkxMDY0MzE5MDkwOCwibG5nIjotMy4xNzIxNDIyMzg0Nzc3MTN9LCJ6b29tIjo1Ljc5NzcyMDE3MjE2MjkxNH0%3D&amp;menu=eyJkYXRhc2V0Q2F0ZWdvcnkiOiJmb3Jlc3RDaGFuZ2UiLCJtZW51U2VjdGlvbiI6ImRhdGFzZXRzIn0%3D\"><img loading=\"lazy\" decoding=\"async\" class=\"alignnone size-full wp-image-4610\" src=\"https:\/\/www.fbycc.org\/wp-content\/uploads\/2024\/06\/Global.png\" alt=\"\" width=\"1000\" height=\"100\" srcset=\"https:\/\/www.fbycc.org\/wp-content\/uploads\/2024\/06\/Global.png 1000w, https:\/\/www.fbycc.org\/wp-content\/uploads\/2024\/06\/Global-300x30.png 300w, https:\/\/www.fbycc.org\/wp-content\/uploads\/2024\/06\/Global-768x77.png 768w\" sizes=\"auto, (max-width: 1000px) 100vw, 1000px\" \/><\/a><\/span><\/span><\/span><\/p>\n<div class=\"tx-spacer clearfix\" style=\"height: 20px\"><\/div><\/td>\n<\/tr>\n<tr>\n<td style=\"width: 100%;\"><span style=\"color: #0f0f0f;\"><strong><span style=\"font-size: 16pt;\">European Forest Fire Information System (EFFIS)<\/span><br \/>\n<\/strong><span style=\"font-size: 8pt;\"><span style=\"font-size: 10pt;\"><span style=\"font-size: 12pt;\">Informaci\u00f3n diaria de mapa de riesgos, previsiones, incendios y per\u00edmetros de zonas quemadas.<\/span><br \/>\n<a href=\"https:\/\/effis.jrc.ec.europa.eu\/apps\/effis_current_situation\/index.html\"><img loading=\"lazy\" decoding=\"async\" class=\"alignnone size-full wp-image-4609\" src=\"https:\/\/www.fbycc.org\/wp-content\/uploads\/2024\/06\/EFFIS.png\" alt=\"\" width=\"1000\" height=\"100\" srcset=\"https:\/\/www.fbycc.org\/wp-content\/uploads\/2024\/06\/EFFIS.png 1000w, https:\/\/www.fbycc.org\/wp-content\/uploads\/2024\/06\/EFFIS-300x30.png 300w, https:\/\/www.fbycc.org\/wp-content\/uploads\/2024\/06\/EFFIS-768x77.png 768w\" sizes=\"auto, (max-width: 1000px) 100vw, 1000px\" \/><\/a><\/span><\/span><\/span><div class=\"tx-spacer clearfix\" style=\"height: 20px\"><\/div><\/td>\n<\/tr>\n<tr>\n<td style=\"width: 100%;\"><span style=\"color: #000000;\"><span style=\"color: #0f0f0f;\"><strong><span style=\"font-size: 16pt;\">Land Cover Viewer<\/span><br \/>\n<\/strong><span style=\"font-size: 8pt;\"><span style=\"font-size: 10pt;\"><span style=\"font-size: 12pt;\">Permite visualizar la cobertura de terreno forestal entre los a\u00f1os 2015 y 2019.<\/span><br \/>\n<a href=\"https:\/\/lcviewer.vito.be\/\"><img loading=\"lazy\" decoding=\"async\" class=\"alignnone size-full wp-image-4613\" src=\"https:\/\/www.fbycc.org\/wp-content\/uploads\/2024\/06\/Land-Cover.png\" alt=\"\" width=\"1000\" height=\"100\" srcset=\"https:\/\/www.fbycc.org\/wp-content\/uploads\/2024\/06\/Land-Cover.png 1000w, https:\/\/www.fbycc.org\/wp-content\/uploads\/2024\/06\/Land-Cover-300x30.png 300w, https:\/\/www.fbycc.org\/wp-content\/uploads\/2024\/06\/Land-Cover-768x77.png 768w\" sizes=\"auto, (max-width: 1000px) 100vw, 1000px\" \/><\/a><\/span><\/span><\/span><\/span><div class=\"tx-spacer clearfix\" style=\"height: 20px\"><\/div><\/td>\n<\/tr>\n<tr>\n<td style=\"width: 100%;\"><span style=\"color: #0f0f0f;\"><strong><span style=\"font-size: 16pt;\">Contenido de C acumulado en el horizonte org\u00e1nico y en el suelo en la Pen\u00ednsula Ib\u00e9rica y Baleares de ICIFOR<\/span><br \/>\n<\/strong><span style=\"font-size: 12pt;\">Visor de cartograf\u00eda web elaborado en el ICIFOR se pueden consultar y comparar las cantidades de carbono acumuladas \u200ben el horizonte org\u00e1nico <\/span><\/span><span style=\"color: #0f0f0f;\"><span style=\"font-size: 8pt;\"><span style=\"font-size: 10pt;\"><span style=\"font-size: 12pt;\">y en el suelo en sus 30 primeros cent\u00edmetros.<\/span><br \/>\n<a href=\"https:\/\/www.inia.es\/serviciosyrecursos\/recursosinformaticos\/visordecarbono\/Paginas\/Home.aspx\"><img loading=\"lazy\" decoding=\"async\" class=\"alignnone size-full wp-image-4611\" src=\"https:\/\/www.fbycc.org\/wp-content\/uploads\/2024\/06\/ICIFOR.png\" alt=\"\" width=\"1000\" height=\"100\" srcset=\"https:\/\/www.fbycc.org\/wp-content\/uploads\/2024\/06\/ICIFOR.png 1000w, https:\/\/www.fbycc.org\/wp-content\/uploads\/2024\/06\/ICIFOR-300x30.png 300w, https:\/\/www.fbycc.org\/wp-content\/uploads\/2024\/06\/ICIFOR-768x77.png 768w\" sizes=\"auto, (max-width: 1000px) 100vw, 1000px\" \/><\/a><\/span><\/span><\/span><div class=\"tx-spacer clearfix\" style=\"height: 20px\"><\/div><\/td>\n<\/tr>\n<tr>\n<td style=\"width: 100%;\"><span style=\"color: #000000;\"><span style=\"color: #0f0f0f;\"><strong><span style=\"font-size: 16pt;\">Visor comparativo de la distribuci\u00f3n de especies forestales en Espa\u00f1a y sus regiones de procedencia de CIFOR<\/span><br \/>\n<\/strong><span style=\"font-size: 13.3333px;\"><span style=\"font-size: 12pt;\">30 especies forestales agrupadas en sub-visores: Visor de principales especies de con\u00edferas, visor de especies del g\u00e9nero Quercus, visor de otras especies de frondosas, y visor de las Islas Canarias. Elaborados por el CIFOR.<\/span><br \/>\n<a href=\"https:\/\/gis.inia.es\/SppForRP\/\"><img loading=\"lazy\" decoding=\"async\" class=\"alignnone size-full wp-image-4618\" src=\"https:\/\/www.fbycc.org\/wp-content\/uploads\/2024\/06\/Visor.png\" alt=\"\" width=\"1000\" height=\"100\" srcset=\"https:\/\/www.fbycc.org\/wp-content\/uploads\/2024\/06\/Visor.png 1000w, https:\/\/www.fbycc.org\/wp-content\/uploads\/2024\/06\/Visor-300x30.png 300w, https:\/\/www.fbycc.org\/wp-content\/uploads\/2024\/06\/Visor-768x77.png 768w\" sizes=\"auto, (max-width: 1000px) 100vw, 1000px\" \/><\/a><\/span><\/span><\/span><div class=\"tx-spacer clearfix\" style=\"height: 20px\"><\/div><\/td>\n<\/tr>\n<tr>\n<td style=\"width: 100%;\"><span style=\"color: #000000;\"><span style=\"color: #0f0f0f;\"><strong><span style=\"font-size: 16pt;\">Observatorio Rural de la Uni\u00f3n Europea<\/span><br \/>\n<\/strong><span style=\"font-size: 13.3333px;\"><span style=\"font-size: 12pt;\">Pretende mejorar la recogida y difusi\u00f3n de datos relacionados con las zonas rurales de la UE. Ofrece estad\u00edsticas, indicadores y an\u00e1lisis, abarcando las dimensiones econ\u00f3mica, social y medioambiental. Permite consultar poblaci\u00f3n total, tasa de empleo o usos de la tierra.<\/span><br \/>\n<a href=\"https:\/\/observatory.rural-vision.europa.eu\/place?lng=en&amp;ctx=RUROBS&amp;is=Default&amp;ts=RUROBS&amp;fvs=false&amp;cl=rural\"><img loading=\"lazy\" decoding=\"async\" class=\"alignnone size-full wp-image-4616\" src=\"https:\/\/www.fbycc.org\/wp-content\/uploads\/2024\/06\/Observatorio.png\" alt=\"\" width=\"1000\" height=\"100\" srcset=\"https:\/\/www.fbycc.org\/wp-content\/uploads\/2024\/06\/Observatorio.png 1000w, https:\/\/www.fbycc.org\/wp-content\/uploads\/2024\/06\/Observatorio-300x30.png 300w, https:\/\/www.fbycc.org\/wp-content\/uploads\/2024\/06\/Observatorio-768x77.png 768w\" sizes=\"auto, (max-width: 1000px) 100vw, 1000px\" \/><\/a><\/span><\/span><\/span><div class=\"tx-spacer clearfix\" style=\"height: 20px\"><\/div><\/td>\n<\/tr>\n<tr>\n<td style=\"width: 100%;\"><a href=\"https:\/\/interactive-atlas.ipcc.ch\/?s=08\"><span style=\"color: #0f0f0f;\"><strong><span style=\"font-size: 16pt;\">BIOPLAT-EU webGIS Tool<\/span><br \/>\n<\/strong><\/span><\/a><span style=\"font-size: 10pt;\"><span style=\"font-size: 12pt;\">La herramienta BIOPLAT-EU WebGIS es una plataforma en l\u00ednea que apoya la toma de decisiones en proyectos de inversi\u00f3n en bioenerg\u00eda que utilizan biomasa de tierras marginales en Europa y pa\u00edses cercanos.<\/span><br \/>\n<a href=\"https:\/\/webgis.bioplat.eu\/#\/map\"><img loading=\"lazy\" decoding=\"async\" class=\"alignnone size-full wp-image-4607\" src=\"https:\/\/www.fbycc.org\/wp-content\/uploads\/2024\/06\/BIOPLAT-EU-webGIS-Tool.png\" alt=\"\" width=\"1000\" height=\"100\" srcset=\"https:\/\/www.fbycc.org\/wp-content\/uploads\/2024\/06\/BIOPLAT-EU-webGIS-Tool.png 1000w, https:\/\/www.fbycc.org\/wp-content\/uploads\/2024\/06\/BIOPLAT-EU-webGIS-Tool-300x30.png 300w, https:\/\/www.fbycc.org\/wp-content\/uploads\/2024\/06\/BIOPLAT-EU-webGIS-Tool-768x77.png 768w\" sizes=\"auto, (max-width: 1000px) 100vw, 1000px\" \/><\/a><\/span><div class=\"tx-spacer clearfix\" style=\"height: 20px\"><\/div><\/td>\n<\/tr>\n<tr>\n<td style=\"width: 100%;\"><span style=\"color: #000000;\"><span style=\"color: #0f0f0f;\"><strong><span style=\"font-size: 16pt;\">Asociaciones y organizaciones Mujer Rural<\/span><br \/>\n<\/strong><span style=\"font-size: 13.3333px;\"><span style=\"font-size: 12pt;\">Mapa nacional de asociaciones y organizaciones de mujeres y\/o de desarrollo rural, con contacto y ubicaci\u00f3n.<\/span><br \/>\n<a href=\"https:\/\/desafiomujerrural.es\/recursos-y-normativa\/mapa-de-recursos-asociaciones-y-organizaciones\/\"><img loading=\"lazy\" decoding=\"async\" class=\"alignnone size-full wp-image-4614\" src=\"https:\/\/www.fbycc.org\/wp-content\/uploads\/2024\/06\/mujeres.png\" alt=\"\" width=\"1000\" height=\"100\" srcset=\"https:\/\/www.fbycc.org\/wp-content\/uploads\/2024\/06\/mujeres.png 1000w, https:\/\/www.fbycc.org\/wp-content\/uploads\/2024\/06\/mujeres-300x30.png 300w, https:\/\/www.fbycc.org\/wp-content\/uploads\/2024\/06\/mujeres-768x77.png 768w\" sizes=\"auto, (max-width: 1000px) 100vw, 1000px\" \/><\/a><\/span><\/span><\/span><div class=\"tx-spacer clearfix\" style=\"height: 20px\"><\/div><\/td>\n<\/tr>\n<\/tbody>\n<\/table>\n<p>&nbsp;<\/p>\n","protected":false},"excerpt":{"rendered":"<p>Hemos reunido para ti una serie de mapas interactivos desarrollados por diferentes entidades internacionales. Con ellos podr\u00e1s acceder y analizar los datos m\u00e1s recientes relacionados con los bosques y el cambio clim\u00e1tico.<a class=\"moretag\" href=\"https:\/\/www.fbycc.org\/index.php\/mapas\/\">Leer m\u00e1s&#8230;<\/a><\/p>\n","protected":false},"author":2,"featured_media":0,"parent":0,"menu_order":0,"comment_status":"closed","ping_status":"closed","template":"","meta":{"_monsterinsights_skip_tracking":false,"_monsterinsights_sitenote_active":false,"_monsterinsights_sitenote_note":"","_monsterinsights_sitenote_category":0,"footnotes":""},"class_list":["post-1218","page","type-page","status-publish","hentry"],"_links":{"self":[{"href":"https:\/\/www.fbycc.org\/index.php\/wp-json\/wp\/v2\/pages\/1218","targetHints":{"allow":["GET"]}}],"collection":[{"href":"https:\/\/www.fbycc.org\/index.php\/wp-json\/wp\/v2\/pages"}],"about":[{"href":"https:\/\/www.fbycc.org\/index.php\/wp-json\/wp\/v2\/types\/page"}],"author":[{"embeddable":true,"href":"https:\/\/www.fbycc.org\/index.php\/wp-json\/wp\/v2\/users\/2"}],"replies":[{"embeddable":true,"href":"https:\/\/www.fbycc.org\/index.php\/wp-json\/wp\/v2\/comments?post=1218"}],"version-history":[{"count":73,"href":"https:\/\/www.fbycc.org\/index.php\/wp-json\/wp\/v2\/pages\/1218\/revisions"}],"predecessor-version":[{"id":6169,"href":"https:\/\/www.fbycc.org\/index.php\/wp-json\/wp\/v2\/pages\/1218\/revisions\/6169"}],"wp:attachment":[{"href":"https:\/\/www.fbycc.org\/index.php\/wp-json\/wp\/v2\/media?parent=1218"}],"curies":[{"name":"wp","href":"https:\/\/api.w.org\/{rel}","templated":true}]}}