{"id":6318,"date":"2026-04-15T09:43:26","date_gmt":"2026-04-15T09:43:26","guid":{"rendered":"https:\/\/www.fbycc.org\/?post_type=event_listing&#038;p=6318"},"modified":"2026-04-15T09:43:26","modified_gmt":"2026-04-15T09:43:26","slug":"taller-implementacion-compromiso-de-los-3-000-millones-de-arboles-de-la-ue","status":"publish","type":"event_listing","link":"https:\/\/www.fbycc.org\/index.php\/events\/taller-implementacion-compromiso-de-los-3-000-millones-de-arboles-de-la-ue\/","title":{"rendered":"Taller: Implementaci\u00f3n compromiso de los 3.000 millones de \u00e1rboles de la UE"},"content":{"rendered":"<p><span style=\"font-size: 18pt;\"><strong>Taller: Implementaci\u00f3n del compromiso de los 3.000 millones de \u00e1rboles de la UE en Espa\u00f1a<\/strong><\/span><\/p>\n<p><img loading=\"lazy\" decoding=\"async\" class=\"alignnone size-full wp-image-6319\" src=\"https:\/\/www.fbycc.org\/wp-content\/uploads\/2026\/04\/4443ba57-bf88-4134-8347-7fbaecfe7cef.png\" alt=\"\" width=\"1920\" height=\"640\" srcset=\"https:\/\/www.fbycc.org\/wp-content\/uploads\/2026\/04\/4443ba57-bf88-4134-8347-7fbaecfe7cef.png 1920w, https:\/\/www.fbycc.org\/wp-content\/uploads\/2026\/04\/4443ba57-bf88-4134-8347-7fbaecfe7cef-300x100.png 300w, https:\/\/www.fbycc.org\/wp-content\/uploads\/2026\/04\/4443ba57-bf88-4134-8347-7fbaecfe7cef-1024x341.png 1024w, https:\/\/www.fbycc.org\/wp-content\/uploads\/2026\/04\/4443ba57-bf88-4134-8347-7fbaecfe7cef-768x256.png 768w, https:\/\/www.fbycc.org\/wp-content\/uploads\/2026\/04\/4443ba57-bf88-4134-8347-7fbaecfe7cef-1536x512.png 1536w\" sizes=\"auto, (max-width: 1920px) 100vw, 1920px\" \/><\/p>\n<ul>\n<li><strong data-start=\"204\" data-end=\"217\">Fecha:<\/strong> 23 de abril de 2026, 09:30 \u2013 17:30 (CEST)<\/li>\n<li><strong data-start=\"279\" data-end=\"292\">Lugar:<\/strong> Sal\u00f3n de Actos del MITECO (Plaza de San Juan de la Cruz, 10. 28071. Madrid)<\/li>\n<\/ul>\n<p data-start=\"283\" data-end=\"617\">La Direcci\u00f3n General de Medio Ambiente de la Comisi\u00f3n Europea y el Ministerio para la Transici\u00f3n Ecol\u00f3gica y el Reto Demogr\u00e1fico, con el apoyo de Milieu Consulting SRL, organizan un taller sobre la implementaci\u00f3n en Espa\u00f1a del compromiso europeo de plantar <strong data-start=\"560\" data-end=\"616\">3.000 millones de \u00e1rboles adicionales de aqu\u00ed a 2030<\/strong>.<\/p>\n<p data-start=\"726\" data-end=\"910\">Este compromiso, enmarcado en la Estrategia Forestal de la UE, se basa en el principio de plantar <em data-start=\"824\" data-end=\"889\">\u201cel \u00e1rbol adecuado, en el lugar adecuado y con el fin adecuado\u201d<\/em>, con el objetivo de:<\/p>\n<ul data-start=\"911\" data-end=\"1116\">\n<li data-section-id=\"1iw7chn\" data-start=\"911\" data-end=\"971\">Mejorar la biodiversidad y la resiliencia de los bosques<\/li>\n<li data-section-id=\"1ysgzui\" data-start=\"972\" data-end=\"1034\">Aumentar la cobertura arb\u00f3rea, tambi\u00e9n en entornos urbanos<\/li>\n<li data-section-id=\"kq96rn\" data-start=\"1035\" data-end=\"1116\">Garantizar la adaptaci\u00f3n de las especies a las condiciones ecol\u00f3gicas locales<\/li>\n<\/ul>\n<p data-start=\"619\" data-end=\"879\">El encuentro servir\u00e1 para presentar avances, compartir iniciativas y debatir los principales retos y oportunidades, como la disponibilidad de suelo, la resiliencia forestal, la prevenci\u00f3n de incendios, la financiaci\u00f3n y la implicaci\u00f3n de los distintos actores.<\/p>\n<hr data-start=\"881\" data-end=\"884\" \/>\n<h3 data-section-id=\"1hpoy25\" data-start=\"886\" data-end=\"904\">Inscripci\u00f3n<\/h3>\n<p>Para asistir al taller, es necesario registrarse antes del <strong data-start=\"2326\" data-end=\"2349\">20 de abril de 202<\/strong><\/p>\n<p data-start=\"906\" data-end=\"1027\"><a class=\"tx-button\" href=\"https:\/\/ec.europa.eu\/eusurvey\/runner\/workshopSpain3BT\" target=\"_blank\" style=\"color: #ffffff; background-color: #8aaa62\">Inscr\u00edbete<\/a>\n<hr data-start=\"1029\" data-end=\"1032\" \/>\n<h3 data-section-id=\"1hpoy25\" data-start=\"886\" data-end=\"904\">M\u00e1s informaci\u00f3n<\/h3>\n<a class=\"tx-button\" href=\"https:\/\/www.fbycc.org\/wp-content\/uploads\/2026\/04\/Taller-en-Madrid-23-April-2026_Concepto-y-Agenda.-ESP.pdf\" target=\"_blank\" style=\"color: #ffffff; background-color: #8aaa62\">Programa<\/a>\n","protected":false},"excerpt":{"rendered":"<p>Taller: Implementaci\u00f3n del compromiso de los 3.000 millones de \u00e1rboles de la UE en Espa\u00f1a Fecha: 23 de abril de 2026, 09:30 \u2013 17:30 (CEST) Lugar: Sal\u00f3n de Actos del MITECO (Plaza<a class=\"moretag\" href=\"https:\/\/www.fbycc.org\/index.php\/events\/taller-implementacion-compromiso-de-los-3-000-millones-de-arboles-de-la-ue\/\">Leer m\u00e1s&#8230;<\/a><\/p>\n","protected":false},"author":5,"featured_media":0,"parent":0,"menu_order":0,"comment_status":"closed","ping_status":"closed","template":"","event_listing_category":[],"class_list":["post-6318","event_listing","type-event_listing","status-publish","hentry"],"_links":{"self":[{"href":"https:\/\/www.fbycc.org\/index.php\/wp-json\/wp\/v2\/event_listing\/6318","targetHints":{"allow":["GET"]}}],"collection":[{"href":"https:\/\/www.fbycc.org\/index.php\/wp-json\/wp\/v2\/event_listing"}],"about":[{"href":"https:\/\/www.fbycc.org\/index.php\/wp-json\/wp\/v2\/types\/event_listing"}],"author":[{"embeddable":true,"href":"https:\/\/www.fbycc.org\/index.php\/wp-json\/wp\/v2\/users\/5"}],"replies":[{"embeddable":true,"href":"https:\/\/www.fbycc.org\/index.php\/wp-json\/wp\/v2\/comments?post=6318"}],"wp:attachment":[{"href":"https:\/\/www.fbycc.org\/index.php\/wp-json\/wp\/v2\/media?parent=6318"}],"wp:term":[{"taxonomy":"event_listing_category","embeddable":true,"href":"https:\/\/www.fbycc.org\/index.php\/wp-json\/wp\/v2\/event_listing_category?post=6318"}],"curies":[{"name":"wp","href":"https:\/\/api.w.org\/{rel}","templated":true}]}}