{"id":6282,"date":"2026-02-20T09:13:06","date_gmt":"2026-02-20T09:13:06","guid":{"rendered":"https:\/\/www.fbycc.org\/?post_type=event_listing&#038;p=6282"},"modified":"2026-02-20T09:13:06","modified_gmt":"2026-02-20T09:13:06","slug":"grown-by-nature-celebracion-del-dib-con-la-unece-23-de-marzo","status":"publish","type":"event_listing","link":"https:\/\/www.fbycc.org\/index.php\/events\/grown-by-nature-celebracion-del-dib-con-la-unece-23-de-marzo\/","title":{"rendered":"Grown by Nature: celebraci\u00f3n del DIB con la UNECE \u2013 23 de marzo"},"content":{"rendered":"<p data-start=\"131\" data-end=\"302\">Los bosques de la regi\u00f3n de la Comisi\u00f3n Econ\u00f3mica de las Naciones Unidas para Europa (UNECE por sus siglas en ingl\u00e9s) representan el <strong data-start=\"183\" data-end=\"225\">42 % de la superficie forestal mundial<\/strong>, y su papel en la emergente bioeconom\u00eda circular est\u00e1 creciendo r\u00e1pidamente.<\/p>\n<p data-start=\"304\" data-end=\"422\">Con motivo del <strong data-start=\"319\" data-end=\"355\">D\u00eda Internacional de los Bosques<\/strong>, el pr\u00f3ximo <strong data-start=\"368\" data-end=\"391\">23 de marzo de 2026<\/strong> se celebrar\u00e1 el evento online:<\/p>\n<p data-start=\"424\" data-end=\"494\"><strong data-start=\"424\" data-end=\"494\">\u201cGrown by Nature: A 360\u00b0 online journey from trees to skyscrapers\u201d<\/strong><\/p>\n<p data-start=\"496\" data-end=\"806\">A trav\u00e9s de la visi\u00f3n de expertos y ejemplos reales, la jornada mostrar\u00e1 c\u00f3mo la gesti\u00f3n forestal sostenible impulsa la innovaci\u00f3n en \u00e1mbitos como la construcci\u00f3n sostenible, los textiles avanzados y los biomateriales de nueva generaci\u00f3n, al tiempo que refuerza la resiliencia a largo plazo de los ecosistemas.<\/p>\n<ul>\n<li data-start=\"496\" data-end=\"806\"><strong data-start=\"875\" data-end=\"892\">Modalidad:<\/strong> Online a trav\u00e9s de Microsoft Teams<\/li>\n<li data-start=\"496\" data-end=\"806\"><strong data-start=\"920\" data-end=\"934\">M\u00e1s informaci\u00f3n:<\/strong> consulta toda la <a href=\"https:\/\/unece.org\/info\/Forests\/events\/410905\">informaci\u00f3n<\/a> aqu\u00ed y el <a href=\"https:\/\/unece.org\/sites\/default\/files\/2026-02\/For%20website%20IDF26%20Programme%2018.02_1.pdf\">programa<\/a> del d\u00eda.<\/li>\n<li data-start=\"496\" data-end=\"806\"><strong data-start=\"958\" data-end=\"974\">INSCRIPCI\u00d3N:<\/strong> <a href=\"https:\/\/un.mdrtor.com\/track\/link\/key\/116529-461-6047-7-13087-23435\/signature\/0953427aae85fb5a2d1d971bb73c9b9c\/userid\/304d7216258c4b0ed74f81b9a85895e1\">enlace de registro<\/a><\/li>\n<\/ul>\n<p><img loading=\"lazy\" decoding=\"async\" class=\"alignnone size-full wp-image-6283\" src=\"https:\/\/www.fbycc.org\/wp-content\/uploads\/2026\/02\/1770895655581_Picture1.png\" alt=\"\" width=\"624\" height=\"349\" srcset=\"https:\/\/www.fbycc.org\/wp-content\/uploads\/2026\/02\/1770895655581_Picture1.png 624w, https:\/\/www.fbycc.org\/wp-content\/uploads\/2026\/02\/1770895655581_Picture1-300x168.png 300w\" sizes=\"auto, (max-width: 624px) 100vw, 624px\" \/><\/p>\n","protected":false},"excerpt":{"rendered":"<p>Los bosques de la regi\u00f3n de la Comisi\u00f3n Econ\u00f3mica de las Naciones Unidas para Europa (UNECE por sus siglas en ingl\u00e9s) representan el 42 % de la superficie forestal mundial, y su<a class=\"moretag\" href=\"https:\/\/www.fbycc.org\/index.php\/events\/grown-by-nature-celebracion-del-dib-con-la-unece-23-de-marzo\/\">Leer m\u00e1s&#8230;<\/a><\/p>\n","protected":false},"author":5,"featured_media":0,"parent":0,"menu_order":0,"comment_status":"closed","ping_status":"closed","template":"","event_listing_category":[],"class_list":["post-6282","event_listing","type-event_listing","status-publish","hentry"],"_links":{"self":[{"href":"https:\/\/www.fbycc.org\/index.php\/wp-json\/wp\/v2\/event_listing\/6282","targetHints":{"allow":["GET"]}}],"collection":[{"href":"https:\/\/www.fbycc.org\/index.php\/wp-json\/wp\/v2\/event_listing"}],"about":[{"href":"https:\/\/www.fbycc.org\/index.php\/wp-json\/wp\/v2\/types\/event_listing"}],"author":[{"embeddable":true,"href":"https:\/\/www.fbycc.org\/index.php\/wp-json\/wp\/v2\/users\/5"}],"replies":[{"embeddable":true,"href":"https:\/\/www.fbycc.org\/index.php\/wp-json\/wp\/v2\/comments?post=6282"}],"wp:attachment":[{"href":"https:\/\/www.fbycc.org\/index.php\/wp-json\/wp\/v2\/media?parent=6282"}],"wp:term":[{"taxonomy":"event_listing_category","embeddable":true,"href":"https:\/\/www.fbycc.org\/index.php\/wp-json\/wp\/v2\/event_listing_category?post=6282"}],"curies":[{"name":"wp","href":"https:\/\/api.w.org\/{rel}","templated":true}]}}