{"id":5631,"date":"2025-04-22T14:23:33","date_gmt":"2025-04-22T14:23:33","guid":{"rendered":"https:\/\/www.fbycc.org\/?post_type=event_listing&#038;p=5631"},"modified":"2025-04-22T14:23:33","modified_gmt":"2025-04-22T14:23:33","slug":"bioenergia-con-captura-de-carbono-tecnologia-estrategica-hacia-el-net-zero","status":"publish","type":"event_listing","link":"https:\/\/www.fbycc.org\/index.php\/events\/bioenergia-con-captura-de-carbono-tecnologia-estrategica-hacia-el-net-zero\/","title":{"rendered":"Bioenerg\u00eda con captura de carbono, tecnolog\u00eda estrat\u00e9gica hacia el net zero"},"content":{"rendered":"<p><img loading=\"lazy\" decoding=\"async\" class=\"\" src=\"https:\/\/www.avebiom.org\/sites\/default\/files\/2025-04\/webinar%20carbono%20repsol%20avebiom%20ABR25%20mini.jpg\" alt=\"seminario BECCS repsol avebiom enso magnon\" width=\"553\" height=\"398\" \/><\/p>\n<p>La\u00a0<b>bioenerg\u00eda con captura y almacenamiento de carbono (BECCS)<\/b>\u00a0es una tecnolog\u00eda que permite la lucha contra el\u00a0<b>cambio clim\u00e1tico<\/b>. Se estima que si se extendiese su uso, esta tecnolog\u00eda podr\u00eda reducir las\u00a0<b>emisiones de carbono<\/b>\u00a0en Europa en\u00a0<b>200 millones de toneladas por a\u00f1o<\/b>, el\u00a0<b>5% de las emisiones europeas en 2018<\/b>, lo que equivale a\u00a0<b>7.500 millones de toneladas de CO2 hasta 2050<\/b>.<\/p>\n<p>Sin embargo, implementar esta tecnolog\u00eda supone grandes desaf\u00edos, como la disponibilidad y diversidad de\u00a0<b>residuos biom\u00e1sicos<\/b>, la adaptaci\u00f3n de los procesos ya existentes, por ejemplo, en el sector\u00a0<b>petroqu\u00edmico<\/b>, de\u00a0<b>electricidad<\/b>\u00a0o\u00a0<b>papelero<\/b>, o la certificaci\u00f3n de la\u00a0<b>reducci\u00f3n de emisiones<\/b>.<\/p>\n<p>La\u00a0<b>C\u00e1tedra Fundaci\u00f3n Repsol sobre Transici\u00f3n Energ\u00e9tica<\/b>\u00a0en la\u00a0<b>Universidad Rovira i Virgili<\/b>\u00a0y la\u00a0<b>Asociaci\u00f3n Espa\u00f1ola de la Biomasa (AVEBIOM)<\/b> organizan el <b>webinar<\/b> \u00abBioenerg\u00eda con captura de carbono, tecnolog\u00eda estrat\u00e9gica hacia el net zero\u00bb para abordar estas cuestiones el 29 de abril a las 10:00 am.<\/p>\n<a class=\"tx-button\" href=\"https:\/\/openroom.fundacionrepsol.com\/es\/eventos\/221223\/\" target=\"_blank\" style=\"color: #ffffff; background-color: #8aaa62\">M\u00c1S INFORMACI\u00d3N<\/a> <a class=\"tx-button\" href=\"https:\/\/forms.office.com\/Pages\/ResponsePage.aspx?id=TyElClLuPEi5a9x58yJ6b6HqjwS6kwpIu3JlNPCqDi1UQUw0QldLMDZZSFpIQkNYNlBOSk8ySExKQi4u\" target=\"_blank\" style=\"color: #ffffff; background-color: #8aaa62\">INSCRIPCI\u00d3N<\/a>\n","protected":false},"excerpt":{"rendered":"<p>La\u00a0bioenerg\u00eda con captura y almacenamiento de carbono (BECCS)\u00a0es una tecnolog\u00eda que permite la lucha contra el\u00a0cambio clim\u00e1tico. Se estima que si se extendiese su uso, esta tecnolog\u00eda podr\u00eda reducir las\u00a0emisiones de carbono\u00a0en<a class=\"moretag\" href=\"https:\/\/www.fbycc.org\/index.php\/events\/bioenergia-con-captura-de-carbono-tecnologia-estrategica-hacia-el-net-zero\/\">Leer m\u00e1s&#8230;<\/a><\/p>\n","protected":false},"author":5,"featured_media":0,"parent":0,"menu_order":0,"comment_status":"closed","ping_status":"closed","template":"","event_listing_category":[],"class_list":["post-5631","event_listing","type-event_listing","status-publish","hentry"],"_links":{"self":[{"href":"https:\/\/www.fbycc.org\/index.php\/wp-json\/wp\/v2\/event_listing\/5631","targetHints":{"allow":["GET"]}}],"collection":[{"href":"https:\/\/www.fbycc.org\/index.php\/wp-json\/wp\/v2\/event_listing"}],"about":[{"href":"https:\/\/www.fbycc.org\/index.php\/wp-json\/wp\/v2\/types\/event_listing"}],"author":[{"embeddable":true,"href":"https:\/\/www.fbycc.org\/index.php\/wp-json\/wp\/v2\/users\/5"}],"replies":[{"embeddable":true,"href":"https:\/\/www.fbycc.org\/index.php\/wp-json\/wp\/v2\/comments?post=5631"}],"wp:attachment":[{"href":"https:\/\/www.fbycc.org\/index.php\/wp-json\/wp\/v2\/media?parent=5631"}],"wp:term":[{"taxonomy":"event_listing_category","embeddable":true,"href":"https:\/\/www.fbycc.org\/index.php\/wp-json\/wp\/v2\/event_listing_category?post=5631"}],"curies":[{"name":"wp","href":"https:\/\/api.w.org\/{rel}","templated":true}]}}