{"id":5513,"date":"2025-02-17T15:23:26","date_gmt":"2025-02-17T15:23:26","guid":{"rendered":"https:\/\/www.fbycc.org\/?post_type=event_listing&#038;p=5513"},"modified":"2025-04-22T15:28:19","modified_gmt":"2025-04-22T15:28:19","slug":"european-climate-change-adaptation-conference","status":"publish","type":"event_listing","link":"https:\/\/www.fbycc.org\/index.php\/events\/european-climate-change-adaptation-conference\/","title":{"rendered":"7th EUROPEAN CLIMATE CHANGE ADAPTATION CONFERENCE"},"content":{"rendered":"<p><img decoding=\"async\" class=\"aligncenter\" src=\"https:\/\/www.ecca2025.eu\/_design\/ecca_logo.png?x\" alt=\"ECCA 2025 - 7th EUROPEAN CLIMATE CHANGE ADAPTATION CONFERENCE\" \/><\/p>\n<p style=\"text-align: justify;\">La 7\u00aa Conferencia Bienal Europea sobre Adaptaci\u00f3n al Cambio Clim\u00e1tico (ECCA2025) se celebrar\u00e1 del <strong>16 al 18 de junio de 2025 en R\u00edmini, Italia.<\/strong><\/p>\n<p style=\"text-align: justify;\">En esta conferencia se presentar\u00e1n investigaciones de vanguardia y soluciones innovadoras, con el objetivo de promover el intercambio de conocimientos y pr\u00e1cticas recomendadas, as\u00ed como el fomento de la colaboraci\u00f3n hacia una sociedad resiliente al cambio clim\u00e1tico. El evento congregar\u00e1 a investigadores, responsables de la toma de decisiones, profesionales y otras partes interesadas, con el prop\u00f3sito de facilitar el intercambio de resultados de investigaci\u00f3n, desarrollos y soluciones pol\u00edticas innovadoras, as\u00ed como experiencias de aplicaci\u00f3n pr\u00e1ctica.<\/p>\n<a class=\"tx-button\" href=\"https:\/\/www.ecca2025.eu\/registration\" target=\"_blank\" style=\"color: #ffffff; background-color: #8aaa62\">INSCRIPCI\u00d3N<\/a> <a class=\"tx-button\" href=\"https:\/\/www.ecca2025.eu\/programme\" target=\"_blank\" style=\"color: #ffffff; background-color: #8aaa62\">PROGRAMA<\/a>\n<p>&nbsp;<\/p>\n<p>Puedes encontrar<strong> m\u00e1s informaci\u00f3n<\/strong> en <a href=\"https:\/\/www.ecca2025.eu\/\">www.ecca2025.eu<\/a><\/p>\n","protected":false},"excerpt":{"rendered":"<p>La 7\u00aa Conferencia Bienal Europea sobre Adaptaci\u00f3n al Cambio Clim\u00e1tico (ECCA2025) se celebrar\u00e1 del 16 al 18 de junio de 2025 en R\u00edmini, Italia. En esta conferencia se presentar\u00e1n investigaciones de vanguardia<a class=\"moretag\" href=\"https:\/\/www.fbycc.org\/index.php\/events\/european-climate-change-adaptation-conference\/\">Leer m\u00e1s&#8230;<\/a><\/p>\n","protected":false},"author":5,"featured_media":0,"parent":0,"menu_order":0,"comment_status":"closed","ping_status":"closed","template":"","event_listing_category":[73],"class_list":["post-5513","event_listing","type-event_listing","status-publish","hentry"],"_links":{"self":[{"href":"https:\/\/www.fbycc.org\/index.php\/wp-json\/wp\/v2\/event_listing\/5513","targetHints":{"allow":["GET"]}}],"collection":[{"href":"https:\/\/www.fbycc.org\/index.php\/wp-json\/wp\/v2\/event_listing"}],"about":[{"href":"https:\/\/www.fbycc.org\/index.php\/wp-json\/wp\/v2\/types\/event_listing"}],"author":[{"embeddable":true,"href":"https:\/\/www.fbycc.org\/index.php\/wp-json\/wp\/v2\/users\/5"}],"replies":[{"embeddable":true,"href":"https:\/\/www.fbycc.org\/index.php\/wp-json\/wp\/v2\/comments?post=5513"}],"wp:attachment":[{"href":"https:\/\/www.fbycc.org\/index.php\/wp-json\/wp\/v2\/media?parent=5513"}],"wp:term":[{"taxonomy":"event_listing_category","embeddable":true,"href":"https:\/\/www.fbycc.org\/index.php\/wp-json\/wp\/v2\/event_listing_category?post=5513"}],"curies":[{"name":"wp","href":"https:\/\/api.w.org\/{rel}","templated":true}]}}