{"id":5442,"date":"2025-01-20T15:55:47","date_gmt":"2025-01-20T15:55:47","guid":{"rendered":"https:\/\/www.fbycc.org\/?post_type=event_listing&#038;p=5442"},"modified":"2025-01-20T16:03:48","modified_gmt":"2025-01-20T16:03:48","slug":"expobiomasa-2025","status":"publish","type":"event_listing","link":"https:\/\/www.fbycc.org\/index.php\/events\/expobiomasa-2025\/","title":{"rendered":"EXPOBIOMASA 2025"},"content":{"rendered":"<p style=\"text-align: justify;\"><a href=\"https:\/\/www.expobiomasa.com\/\"><img loading=\"lazy\" decoding=\"async\" class=\"alignnone size-full wp-image-5444\" src=\"https:\/\/www.fbycc.org\/wp-content\/uploads\/2025\/01\/Captura-de-pantalla-2025-01-20-165251.png\" alt=\"\" width=\"990\" height=\"436\" srcset=\"https:\/\/www.fbycc.org\/wp-content\/uploads\/2025\/01\/Captura-de-pantalla-2025-01-20-165251.png 990w, https:\/\/www.fbycc.org\/wp-content\/uploads\/2025\/01\/Captura-de-pantalla-2025-01-20-165251-300x132.png 300w, https:\/\/www.fbycc.org\/wp-content\/uploads\/2025\/01\/Captura-de-pantalla-2025-01-20-165251-768x338.png 768w\" sizes=\"auto, (max-width: 990px) 100vw, 990px\" \/><\/a><\/p>\n<p style=\"text-align: justify;\"><span data-olk-copy-source=\"MessageBody\"><strong>La Feria Internacional de las tecnolog\u00edas de la Biomasa, Expobiomasa 2025,<\/strong> se celebra en <strong>Valladolid<\/strong> los d\u00edas <strong>6, 7 y 8 de mayo<\/strong>, consolid\u00e1ndose como el punto de encuentro clave para el sector de la bioenerg\u00eda en la pen\u00ednsula ib\u00e9rica. En su decimoquinta edici\u00f3n, estar\u00e1n presentes sectores cl\u00e1sicos como la calefacci\u00f3n dom\u00e9stica, las soluciones industriales o los biocombustibles s\u00f3lidos y tambi\u00e9n sectores pujantes como los biocarburantes y las tecnolog\u00edas de captura y almacenamiento de carbono.<\/span><\/p>\n<p style=\"text-align: justify;\">El evento reunir\u00e1 a profesionales, empresas y expertos de todo el mundo para mostrar las \u00faltimas innovaciones, oportunidades de negocio y avances tecnol\u00f3gicos de una industria esencial en la transici\u00f3n hacia un modelo energ\u00e9tico sostenible en Espa\u00f1a y Europa.<\/p>\n<a class=\"tx-button\" href=\"https:\/\/www.expobiomasa.com\/\" target=\"_blank\" style=\"color: #ffffff; background-color: #8aaa62\">M\u00c1S INFORMACI\u00d3N<\/a>\n<p>&nbsp;<\/p>\n<p>Si quieres participar como expositor en Expobiomasa 2025 accede <a href=\"https:\/\/expobiomasa.com\/exponer\">aqu\u00ed\u00a0<\/a><\/p>\n","protected":false},"excerpt":{"rendered":"<p>La Feria Internacional de las tecnolog\u00edas de la Biomasa, Expobiomasa 2025, se celebra en Valladolid los d\u00edas 6, 7 y 8 de mayo, consolid\u00e1ndose como el punto de encuentro clave para el<a class=\"moretag\" href=\"https:\/\/www.fbycc.org\/index.php\/events\/expobiomasa-2025\/\">Leer m\u00e1s&#8230;<\/a><\/p>\n","protected":false},"author":5,"featured_media":0,"parent":0,"menu_order":0,"comment_status":"closed","ping_status":"closed","template":"","event_listing_category":[74],"class_list":["post-5442","event_listing","type-event_listing","status-publish","hentry"],"_links":{"self":[{"href":"https:\/\/www.fbycc.org\/index.php\/wp-json\/wp\/v2\/event_listing\/5442","targetHints":{"allow":["GET"]}}],"collection":[{"href":"https:\/\/www.fbycc.org\/index.php\/wp-json\/wp\/v2\/event_listing"}],"about":[{"href":"https:\/\/www.fbycc.org\/index.php\/wp-json\/wp\/v2\/types\/event_listing"}],"author":[{"embeddable":true,"href":"https:\/\/www.fbycc.org\/index.php\/wp-json\/wp\/v2\/users\/5"}],"replies":[{"embeddable":true,"href":"https:\/\/www.fbycc.org\/index.php\/wp-json\/wp\/v2\/comments?post=5442"}],"wp:attachment":[{"href":"https:\/\/www.fbycc.org\/index.php\/wp-json\/wp\/v2\/media?parent=5442"}],"wp:term":[{"taxonomy":"event_listing_category","embeddable":true,"href":"https:\/\/www.fbycc.org\/index.php\/wp-json\/wp\/v2\/event_listing_category?post=5442"}],"curies":[{"name":"wp","href":"https:\/\/api.w.org\/{rel}","templated":true}]}}