{"id":5430,"date":"2024-12-23T14:48:49","date_gmt":"2024-12-23T14:48:49","guid":{"rendered":"https:\/\/www.fbycc.org\/?post_type=event_listing&#038;p=5430"},"modified":"2024-12-23T14:48:49","modified_gmt":"2024-12-23T14:48:49","slug":"forest-innovation-workshop","status":"publish","type":"event_listing","link":"https:\/\/www.fbycc.org\/index.php\/events\/forest-innovation-workshop\/","title":{"rendered":"Forest Innovation Workshop"},"content":{"rendered":"<p><img loading=\"lazy\" decoding=\"async\" class=\"alignnone size-full wp-image-5432\" src=\"https:\/\/www.fbycc.org\/wp-content\/uploads\/2024\/12\/FIW-banner_ALL-LOGOS-1024x576-1.png\" alt=\"\" width=\"1024\" height=\"576\" srcset=\"https:\/\/www.fbycc.org\/wp-content\/uploads\/2024\/12\/FIW-banner_ALL-LOGOS-1024x576-1.png 1024w, https:\/\/www.fbycc.org\/wp-content\/uploads\/2024\/12\/FIW-banner_ALL-LOGOS-1024x576-1-300x169.png 300w, https:\/\/www.fbycc.org\/wp-content\/uploads\/2024\/12\/FIW-banner_ALL-LOGOS-1024x576-1-768x432.png 768w\" sizes=\"auto, (max-width: 1024px) 100vw, 1024px\" \/><\/p>\n<p style=\"text-align: justify;\">Los d\u00edas <strong>11 y 12 de febrero<\/strong> de 2025, en <strong>Bruselas<\/strong>, tendr\u00e1 lugar la <strong>sexta edici\u00f3n del taller de innovaci\u00f3n forestal y conferencia intermedia del proyecto OptFor-EU<\/strong>: Inform-Prioritise-Collaborate: Building a Sustainable Forest Future through Regional Cooperation and Innovation.<\/p>\n<p style=\"text-align: justify;\">Coorganizado por el Instituto Forestal Europeo (EFI), la Red Europea de Regiones Forestales (ERIAFF) y los proyectos de la UE FOREST4EU y OptFor-EU, este evento de 2 d\u00edas es una oportunidad \u00fanica para establecer contactos con responsables pol\u00edticos, propietarios forestales, profesionales, investigadores, asociaciones y ONG. Se explorar\u00e1n las \u00faltimas innovaciones, se debatir\u00e1 sobre las prioridades regionales y se impulsar\u00e1 la colaboraci\u00f3n entre las principales partes interesadas del sector forestal.<\/p>\n<p style=\"text-align: justify;\">Puntos destacados del taller:<\/p>\n<ul style=\"text-align: justify;\">\n<li>Estado del arte en el marco europeo para la innovaci\u00f3n en el sector forestal<\/li>\n<li>Pruebas pr\u00e1cticas y cient\u00edficas sobre \u00abBosques del futuro\u00bb y la agenda de innovaci\u00f3n<\/li>\n<li>Sesiones paralelas sobre soluciones innovadoras en la pr\u00e1ctica con los Grupos Operativos EIP AGRI en silvicultura y agroforester\u00eda<\/li>\n<li>Mesas redondas con autoridades regionales sobre prioridades de innovaci\u00f3n y marcos de apoyo<\/li>\n<\/ul>\n<p style=\"text-align: justify;\">El evento es gratuito y se realizar\u00e1 en ingl\u00e9s. \u00a1Inscr\u00edbete antes del <strong>31 de enero<\/strong> de 2025!<\/p>\n<p style=\"text-align: center;\"><a class=\"tx-button\" href=\"https:\/\/forestinnovation.eu\/\" target=\"_blank\" style=\"color: #ffffff; background-color: #669900\">M\u00e1s informaci\u00f3n e inscripci\u00f3n<\/a>\n","protected":false},"excerpt":{"rendered":"<p>Los d\u00edas 11 y 12 de febrero de 2025, en Bruselas, tendr\u00e1 lugar la sexta edici\u00f3n del taller de innovaci\u00f3n forestal y conferencia intermedia del proyecto OptFor-EU: Inform-Prioritise-Collaborate: Building a Sustainable Forest<a class=\"moretag\" href=\"https:\/\/www.fbycc.org\/index.php\/events\/forest-innovation-workshop\/\">Leer m\u00e1s&#8230;<\/a><\/p>\n","protected":false},"author":5,"featured_media":0,"parent":0,"menu_order":0,"comment_status":"closed","ping_status":"closed","template":"","event_listing_category":[256],"class_list":["post-5430","event_listing","type-event_listing","status-publish","hentry"],"_links":{"self":[{"href":"https:\/\/www.fbycc.org\/index.php\/wp-json\/wp\/v2\/event_listing\/5430","targetHints":{"allow":["GET"]}}],"collection":[{"href":"https:\/\/www.fbycc.org\/index.php\/wp-json\/wp\/v2\/event_listing"}],"about":[{"href":"https:\/\/www.fbycc.org\/index.php\/wp-json\/wp\/v2\/types\/event_listing"}],"author":[{"embeddable":true,"href":"https:\/\/www.fbycc.org\/index.php\/wp-json\/wp\/v2\/users\/5"}],"replies":[{"embeddable":true,"href":"https:\/\/www.fbycc.org\/index.php\/wp-json\/wp\/v2\/comments?post=5430"}],"wp:attachment":[{"href":"https:\/\/www.fbycc.org\/index.php\/wp-json\/wp\/v2\/media?parent=5430"}],"wp:term":[{"taxonomy":"event_listing_category","embeddable":true,"href":"https:\/\/www.fbycc.org\/index.php\/wp-json\/wp\/v2\/event_listing_category?post=5430"}],"curies":[{"name":"wp","href":"https:\/\/api.w.org\/{rel}","templated":true}]}}