{"id":5289,"date":"2024-11-20T13:32:14","date_gmt":"2024-11-20T13:32:14","guid":{"rendered":"https:\/\/www.fbycc.org\/?post_type=event_listing&#038;p=5289"},"modified":"2024-11-20T13:33:39","modified_gmt":"2024-11-20T13:33:39","slug":"conclusiones-de-la-cop29-sesion-informativa-fec","status":"publish","type":"event_listing","link":"https:\/\/www.fbycc.org\/index.php\/events\/conclusiones-de-la-cop29-sesion-informativa-fec\/","title":{"rendered":"Conclusiones de la COP29 &#8211; Sesi\u00f3n\u00a0informativa FEC"},"content":{"rendered":"<p>La Fundaci\u00f3n Empresa &amp; Clima organiza en d\u00eda 27 de noviembre en Madrid una sesi\u00f3n para informar sobre las conclusiones de la COP29 que se est\u00e1 celebrando en Bak\u00fa, para conocer c\u00f3mo afectar\u00e1n los acuerdos de esta conferencia al sector empresarial.<\/p>\n<p>Puedes inscribirte aqu\u00ed:<\/p>\n<p style=\"text-align: center;\"><a class=\"tx-button\" href=\"https:\/\/docs.google.com\/forms\/d\/e\/1FAIpQLSedVS4kJsydK-GM1xXBCVVYXZR9Q5bIVbowM0YfIaKNMegO9Q\/viewform\" target=\"_blank\" style=\"color: #ffffff; background-color: #056b78\">INSCRIPCI\u00d3N<\/a>\n<p>Conoce el programa de la jornada:<\/p>\n<p><img loading=\"lazy\" decoding=\"async\" class=\"alignnone size-full wp-image-5291\" src=\"https:\/\/www.fbycc.org\/wp-content\/uploads\/2024\/11\/a4c22ff0-7b7b-8fbb-dcef-78bdf3cf16db.png\" alt=\"\" width=\"1414\" height=\"1807\" srcset=\"https:\/\/www.fbycc.org\/wp-content\/uploads\/2024\/11\/a4c22ff0-7b7b-8fbb-dcef-78bdf3cf16db.png 1414w, https:\/\/www.fbycc.org\/wp-content\/uploads\/2024\/11\/a4c22ff0-7b7b-8fbb-dcef-78bdf3cf16db-235x300.png 235w, https:\/\/www.fbycc.org\/wp-content\/uploads\/2024\/11\/a4c22ff0-7b7b-8fbb-dcef-78bdf3cf16db-801x1024.png 801w, https:\/\/www.fbycc.org\/wp-content\/uploads\/2024\/11\/a4c22ff0-7b7b-8fbb-dcef-78bdf3cf16db-768x981.png 768w, https:\/\/www.fbycc.org\/wp-content\/uploads\/2024\/11\/a4c22ff0-7b7b-8fbb-dcef-78bdf3cf16db-1202x1536.png 1202w\" sizes=\"auto, (max-width: 1414px) 100vw, 1414px\" \/><\/p>\n","protected":false},"excerpt":{"rendered":"<p>La Fundaci\u00f3n Empresa &amp; Clima organiza en d\u00eda 27 de noviembre en Madrid una sesi\u00f3n para informar sobre las conclusiones de la COP29 que se est\u00e1 celebrando en Bak\u00fa, para conocer c\u00f3mo<a class=\"moretag\" href=\"https:\/\/www.fbycc.org\/index.php\/events\/conclusiones-de-la-cop29-sesion-informativa-fec\/\">Leer m\u00e1s&#8230;<\/a><\/p>\n","protected":false},"author":5,"featured_media":0,"parent":0,"menu_order":0,"comment_status":"closed","ping_status":"closed","template":"","event_listing_category":[],"class_list":["post-5289","event_listing","type-event_listing","status-publish","hentry"],"_links":{"self":[{"href":"https:\/\/www.fbycc.org\/index.php\/wp-json\/wp\/v2\/event_listing\/5289","targetHints":{"allow":["GET"]}}],"collection":[{"href":"https:\/\/www.fbycc.org\/index.php\/wp-json\/wp\/v2\/event_listing"}],"about":[{"href":"https:\/\/www.fbycc.org\/index.php\/wp-json\/wp\/v2\/types\/event_listing"}],"author":[{"embeddable":true,"href":"https:\/\/www.fbycc.org\/index.php\/wp-json\/wp\/v2\/users\/5"}],"replies":[{"embeddable":true,"href":"https:\/\/www.fbycc.org\/index.php\/wp-json\/wp\/v2\/comments?post=5289"}],"wp:attachment":[{"href":"https:\/\/www.fbycc.org\/index.php\/wp-json\/wp\/v2\/media?parent=5289"}],"wp:term":[{"taxonomy":"event_listing_category","embeddable":true,"href":"https:\/\/www.fbycc.org\/index.php\/wp-json\/wp\/v2\/event_listing_category?post=5289"}],"curies":[{"name":"wp","href":"https:\/\/api.w.org\/{rel}","templated":true}]}}