{"id":5098,"date":"2024-10-15T15:53:57","date_gmt":"2024-10-15T15:53:57","guid":{"rendered":"https:\/\/www.fbycc.org\/?post_type=event_listing&#038;p=5098"},"modified":"2024-10-16T10:57:38","modified_gmt":"2024-10-16T10:57:38","slug":"jornada-tecnica-life-adapt-aleppo","status":"publish","type":"event_listing","link":"https:\/\/www.fbycc.org\/index.php\/events\/jornada-tecnica-life-adapt-aleppo\/","title":{"rendered":"Jornada T\u00e9cnica LIFE ADAPT-ALEPPO"},"content":{"rendered":"<p><strong>JORNADA T\u00c9CNICA PARA TRANSFERENCIA DE INFORMACI\u00d3N SOBRE GESTI\u00d3N FORESTAL ADAPTATIVA EN PINARES DE PINO CARRASCO<\/strong><\/p>\n<p style=\"text-align: justify;\">Los d\u00edas 30 y 31 de octubre tendr\u00e1 lugar en Zaragoza una jornada t\u00e9cnica organizada por el proyecto <a href=\"https:\/\/adaptaleppo.eu\/\">LIFE ADAPT-ALEPPO<\/a> (LIFE20 CCA\/ES\/001809) \u201cAdaptive management of Mediterranean <em>Pinus halepensis<\/em> forests in the face of climate change\u201d. Durante las jornadas se hablar\u00e1 de <strong>gesti\u00f3n forestal<\/strong>, <strong>adaptaci\u00f3n<\/strong>, <strong>pinares<\/strong> y <strong>cambio clim\u00e1tico. <\/strong>Se presentar\u00e1n <span data-olk-copy-source=\"MessageBody\">los trabajos realizados para adaptaci\u00f3n de masas al cambio clim\u00e1tico en el seno del proyecto y los primeros resultados logrados con los mismos.<\/span>\u00a0El d\u00eda 31 de octubre se realizar\u00e1 una salida de campo para ver varias actuaciones de gesti\u00f3n forestal ejecutadas por el Gobierno de Arag\u00f3n en la provincia de Zaragoza, y que est\u00e1n siendo monitoreadas por el proyecto LIFE adapt-aleppo.<\/p>\n<p>La jornada se celebrar\u00e1 en la sala Jer\u00f3nimo Zurita del Edificio Pignatelli, Paseo Mar\u00eda Agust\u00edn, 36, en Zaragoza.<\/p>\n<p>La inscripci\u00f3n es gratuita y los costes de alojamiento y manutenci\u00f3n correr\u00e1n a cargo de los asistentes<\/p>\n<p style=\"text-align: center;\"><a class=\"tx-button\" href=\"https:\/\/forms.office.com\/pages\/responsepage.aspx?id=DQSIkWdsW0yxEjajBLZtrQAAAAAAAAAAAAO__ZL1SepUMk1aMERERkxWNElWTFNHWUk3TjAxTEc2SS4u&#038;route=shorturl\" target=\"_blank\" style=\"color: #ffffff; background-color: #8aaa62\">INSCRIPCIONES<\/a>\n<p>&nbsp;<\/p>\n<p>Consulta el programa de la jornada:<\/p>\n<p><img loading=\"lazy\" decoding=\"async\" class=\"alignnone size-full wp-image-5101 aligncenter\" src=\"https:\/\/www.fbycc.org\/wp-content\/uploads\/2024\/10\/Programa_jornadasLIFEadaptaleppo_3031oct2024_page-0001-1-scaled.jpg\" alt=\"\" width=\"2236\" height=\"2560\" srcset=\"https:\/\/www.fbycc.org\/wp-content\/uploads\/2024\/10\/Programa_jornadasLIFEadaptaleppo_3031oct2024_page-0001-1-scaled.jpg 2236w, https:\/\/www.fbycc.org\/wp-content\/uploads\/2024\/10\/Programa_jornadasLIFEadaptaleppo_3031oct2024_page-0001-1-262x300.jpg 262w, https:\/\/www.fbycc.org\/wp-content\/uploads\/2024\/10\/Programa_jornadasLIFEadaptaleppo_3031oct2024_page-0001-1-894x1024.jpg 894w, https:\/\/www.fbycc.org\/wp-content\/uploads\/2024\/10\/Programa_jornadasLIFEadaptaleppo_3031oct2024_page-0001-1-768x879.jpg 768w, https:\/\/www.fbycc.org\/wp-content\/uploads\/2024\/10\/Programa_jornadasLIFEadaptaleppo_3031oct2024_page-0001-1-1342x1536.jpg 1342w, https:\/\/www.fbycc.org\/wp-content\/uploads\/2024\/10\/Programa_jornadasLIFEadaptaleppo_3031oct2024_page-0001-1-1789x2048.jpg 1789w\" sizes=\"auto, (max-width: 2236px) 100vw, 2236px\" \/><\/p>\n","protected":false},"excerpt":{"rendered":"<p>JORNADA T\u00c9CNICA PARA TRANSFERENCIA DE INFORMACI\u00d3N SOBRE GESTI\u00d3N FORESTAL ADAPTATIVA EN PINARES DE PINO CARRASCO Los d\u00edas 30 y 31 de octubre tendr\u00e1 lugar en Zaragoza una jornada t\u00e9cnica organizada por el<a class=\"moretag\" href=\"https:\/\/www.fbycc.org\/index.php\/events\/jornada-tecnica-life-adapt-aleppo\/\">Leer m\u00e1s&#8230;<\/a><\/p>\n","protected":false},"author":5,"featured_media":0,"parent":0,"menu_order":0,"comment_status":"closed","ping_status":"closed","template":"","event_listing_category":[52],"class_list":["post-5098","event_listing","type-event_listing","status-publish","hentry"],"_links":{"self":[{"href":"https:\/\/www.fbycc.org\/index.php\/wp-json\/wp\/v2\/event_listing\/5098","targetHints":{"allow":["GET"]}}],"collection":[{"href":"https:\/\/www.fbycc.org\/index.php\/wp-json\/wp\/v2\/event_listing"}],"about":[{"href":"https:\/\/www.fbycc.org\/index.php\/wp-json\/wp\/v2\/types\/event_listing"}],"author":[{"embeddable":true,"href":"https:\/\/www.fbycc.org\/index.php\/wp-json\/wp\/v2\/users\/5"}],"replies":[{"embeddable":true,"href":"https:\/\/www.fbycc.org\/index.php\/wp-json\/wp\/v2\/comments?post=5098"}],"wp:attachment":[{"href":"https:\/\/www.fbycc.org\/index.php\/wp-json\/wp\/v2\/media?parent=5098"}],"wp:term":[{"taxonomy":"event_listing_category","embeddable":true,"href":"https:\/\/www.fbycc.org\/index.php\/wp-json\/wp\/v2\/event_listing_category?post=5098"}],"curies":[{"name":"wp","href":"https:\/\/api.w.org\/{rel}","templated":true}]}}