{"id":5041,"date":"2024-09-30T12:37:34","date_gmt":"2024-09-30T12:37:34","guid":{"rendered":"https:\/\/www.fbycc.org\/?post_type=event_listing&#038;p=5041"},"modified":"2024-10-01T10:40:12","modified_gmt":"2024-10-01T10:40:12","slug":"webinar-2-8a-mediterranean-forest-week","status":"publish","type":"event_listing","link":"https:\/\/www.fbycc.org\/index.php\/events\/webinar-2-8a-mediterranean-forest-week\/","title":{"rendered":"Webinar  2 &#8211; 8\u00aa Mediterranean Forest Week"},"content":{"rendered":"<p><span style=\"font-size: 18pt;\"><strong>Webinar 2 &#8211; 8\u00aa Mediterranean Forest Week: Evaluar los servicios ecosist\u00e9micos: una v\u00eda para reforzar la conservaci\u00f3n de los bosques<\/strong><\/span><\/p>\n<p><img loading=\"lazy\" decoding=\"async\" class=\"alignnone size-full wp-image-5042\" src=\"https:\/\/www.fbycc.org\/wp-content\/uploads\/2024\/09\/eventos-web-2.png\" alt=\"\" width=\"940\" height=\"470\" srcset=\"https:\/\/www.fbycc.org\/wp-content\/uploads\/2024\/09\/eventos-web-2.png 940w, https:\/\/www.fbycc.org\/wp-content\/uploads\/2024\/09\/eventos-web-2-300x150.png 300w, https:\/\/www.fbycc.org\/wp-content\/uploads\/2024\/09\/eventos-web-2-768x384.png 768w\" sizes=\"auto, (max-width: 940px) 100vw, 940px\" \/><\/p>\n<p style=\"text-align: justify;\">El <strong>10 de octubre<\/strong>, de <strong>10:00 a 11:30<\/strong> se tendr\u00e1 lugar el segundo de los webinars planteados dentro de la <strong>8\u00aa semana de los bosques mediterr\u00e1neos (8MFW).<\/strong><\/p>\n<p style=\"text-align: justify;\">Tras una breve introducci\u00f3n a la norma de la UICN sobre soluciones basadas en la naturaleza, se presentar\u00e1n tres proyectos europeos que exploran el potencial de los servicios ecosist\u00e9micos para mejorar la protecci\u00f3n de la biodiversidad de los bosques mediterr\u00e1neos. Con Teresa Baiges Zapater (Generalitat de Catalu\u00f1a), Lucio Brotto (ETIFOR) y Gabriel Guti\u00e9rrez (Junta de Andaluc\u00eda), exploraremos ejemplos exitosos e innovadores sobre el potencial de valorar los servicios de los ecosistemas. Obtendremos informaci\u00f3n sobre c\u00f3mo establecer asociaciones p\u00fablicas y privadas e identificar incentivos adicionales para proteger los bosques y proporcionar apoyo complementario a los gestores forestales.<\/p>\n<p>La jornada podr\u00e1 seguirse a trav\u00e9s de<\/p>\n<p style=\"text-align: center;\"><a class=\"tx-button\" href=\"https:\/\/www.youtube.com\/live\/VZ-Qd2gPigc\" target=\"_blank\" style=\"color: #ffffff; background-color: #FF0000\">Youtube<\/a>\n<p style=\"text-align: justify;\">M\u00e1s informaci\u00f3n en:<\/p>\n<p style=\"text-align: center;\"><a class=\"tx-button\" href=\"https:\/\/mediterraneanforestweek.org\/countdown-to-the-8th-mediterranean-forest-week-explore-key-themes-in-our-webinar-series\/\" target=\"_blank\" style=\"color: #ffffff; background-color: #8aaa62\">8MFW web<\/a>\n","protected":false},"excerpt":{"rendered":"<p>Webinar 2 &#8211; 8\u00aa Mediterranean Forest Week: Evaluar los servicios ecosist\u00e9micos: una v\u00eda para reforzar la conservaci\u00f3n de los bosques El 10 de octubre, de 10:00 a 11:30 se tendr\u00e1 lugar el<a class=\"moretag\" href=\"https:\/\/www.fbycc.org\/index.php\/events\/webinar-2-8a-mediterranean-forest-week\/\">Leer m\u00e1s&#8230;<\/a><\/p>\n","protected":false},"author":5,"featured_media":0,"parent":0,"menu_order":0,"comment_status":"closed","ping_status":"closed","template":"","event_listing_category":[246],"class_list":["post-5041","event_listing","type-event_listing","status-publish","hentry"],"_links":{"self":[{"href":"https:\/\/www.fbycc.org\/index.php\/wp-json\/wp\/v2\/event_listing\/5041","targetHints":{"allow":["GET"]}}],"collection":[{"href":"https:\/\/www.fbycc.org\/index.php\/wp-json\/wp\/v2\/event_listing"}],"about":[{"href":"https:\/\/www.fbycc.org\/index.php\/wp-json\/wp\/v2\/types\/event_listing"}],"author":[{"embeddable":true,"href":"https:\/\/www.fbycc.org\/index.php\/wp-json\/wp\/v2\/users\/5"}],"replies":[{"embeddable":true,"href":"https:\/\/www.fbycc.org\/index.php\/wp-json\/wp\/v2\/comments?post=5041"}],"wp:attachment":[{"href":"https:\/\/www.fbycc.org\/index.php\/wp-json\/wp\/v2\/media?parent=5041"}],"wp:term":[{"taxonomy":"event_listing_category","embeddable":true,"href":"https:\/\/www.fbycc.org\/index.php\/wp-json\/wp\/v2\/event_listing_category?post=5041"}],"curies":[{"name":"wp","href":"https:\/\/api.w.org\/{rel}","templated":true}]}}