{"id":4836,"date":"2024-09-10T11:34:21","date_gmt":"2024-09-10T11:34:21","guid":{"rendered":"https:\/\/www.fbycc.org\/?post_type=event_listing&#038;p=4836"},"modified":"2024-10-01T10:30:12","modified_gmt":"2024-10-01T10:30:12","slug":"ornada-la-agricultura-como-sumidero-de-carbono-situacion-actual-y-perspectivas-de-futuro","status":"publish","type":"event_listing","link":"https:\/\/www.fbycc.org\/index.php\/events\/ornada-la-agricultura-como-sumidero-de-carbono-situacion-actual-y-perspectivas-de-futuro\/","title":{"rendered":"Jornada &#8211; La Agricultura como sumidero de carbono"},"content":{"rendered":"<p style=\"text-align: center;\"><img loading=\"lazy\" decoding=\"async\" class=\"alignnone size-full wp-image-4838\" src=\"https:\/\/www.fbycc.org\/wp-content\/uploads\/2024\/09\/BOLETIN-Eventos-4-1.png\" alt=\"\" width=\"900\" height=\"400\" srcset=\"https:\/\/www.fbycc.org\/wp-content\/uploads\/2024\/09\/BOLETIN-Eventos-4-1.png 900w, https:\/\/www.fbycc.org\/wp-content\/uploads\/2024\/09\/BOLETIN-Eventos-4-1-300x133.png 300w, https:\/\/www.fbycc.org\/wp-content\/uploads\/2024\/09\/BOLETIN-Eventos-4-1-768x341.png 768w\" sizes=\"auto, (max-width: 900px) 100vw, 900px\" \/><\/p>\n<p style=\"text-align: justify;\">La agricultura en Espa\u00f1a en un actor clave en la mitigaci\u00f3n del cambio clim\u00e1tico, y puede serlo a\u00fan m\u00e1s, en la medida en que se impulsen pr\u00e1cticas de manejo de los suelos y estrategias de gesti\u00f3n de los cultivos, que favorezcan la absorci\u00f3n y el secuestro de carbono.<\/p>\n<p style=\"text-align: justify;\">En este contexto, el <strong>Instituto de la Ingenier\u00eda de Espa\u00f1a<\/strong>, <strong>ANIA<\/strong> (Asociaci\u00f3n Nacional de Ingenieros Agr\u00f3nomos) y<strong> Foro Agrario,<\/strong> han organizado la jornada <a href=\"https:\/\/www.iies.es\/events\/la-agricultura-como-sumidero-de-carbono-situacion-actual-y-perspectivas-de-futuro?cid=aca35b55-e21f-4e20-b238-cb634595163e&amp;utm_campaign=330f23ba-d0a1-4f53-979c-adf86e5abdd7&amp;utm_medium=mail&amp;utm_source=so\"><strong>\u00abLa agricultura como sumidero de carbono: situaci\u00f3n actual y perspectivas de futuro\u00bb<\/strong><\/a> que se celebrar\u00e1 el pr\u00f3ximo 8 de octubre en Madrid, de 9:00 a 13:00. Se puede asistir presencialmente o seguir telem\u00e1ticamente por Youtube.<\/p>\n<p style=\"text-align: center;\"><span style=\"font-family: impact, sans-serif; font-size: 14pt;\"><a href=\"https:\/\/www.iies.es\/events\/la-agricultura-como-sumidero-de-carbono-situacion-actual-y-perspectivas-de-futuro\/form?utm_campaign=330f23ba-d0a1-4f53-979c-adf86e5abdd7&amp;utm_source=so&amp;utm_medium=mail&amp;cid=aca35b55-e21f-4e20-b238-cb634595163e\">REGISTRO\u00a0<\/a><\/span><\/p>\n<p style=\"text-align: center;\"><span style=\"font-family: impact, sans-serif; font-size: 14pt;\"><a href=\"https:\/\/www.youtube.com\/live\/qKb6pVoYyoY\">SEGUIR LA JORNADA ONLINE\u00a0<\/a><\/span><\/p>\n","protected":false},"excerpt":{"rendered":"<p>La agricultura en Espa\u00f1a en un actor clave en la mitigaci\u00f3n del cambio clim\u00e1tico, y puede serlo a\u00fan m\u00e1s, en la medida en que se impulsen pr\u00e1cticas de manejo de los suelos<a class=\"moretag\" href=\"https:\/\/www.fbycc.org\/index.php\/events\/ornada-la-agricultura-como-sumidero-de-carbono-situacion-actual-y-perspectivas-de-futuro\/\">Leer m\u00e1s&#8230;<\/a><\/p>\n","protected":false},"author":5,"featured_media":0,"parent":0,"menu_order":0,"comment_status":"closed","ping_status":"closed","template":"","event_listing_category":[52],"class_list":["post-4836","event_listing","type-event_listing","status-publish","hentry"],"_links":{"self":[{"href":"https:\/\/www.fbycc.org\/index.php\/wp-json\/wp\/v2\/event_listing\/4836","targetHints":{"allow":["GET"]}}],"collection":[{"href":"https:\/\/www.fbycc.org\/index.php\/wp-json\/wp\/v2\/event_listing"}],"about":[{"href":"https:\/\/www.fbycc.org\/index.php\/wp-json\/wp\/v2\/types\/event_listing"}],"author":[{"embeddable":true,"href":"https:\/\/www.fbycc.org\/index.php\/wp-json\/wp\/v2\/users\/5"}],"replies":[{"embeddable":true,"href":"https:\/\/www.fbycc.org\/index.php\/wp-json\/wp\/v2\/comments?post=4836"}],"wp:attachment":[{"href":"https:\/\/www.fbycc.org\/index.php\/wp-json\/wp\/v2\/media?parent=4836"}],"wp:term":[{"taxonomy":"event_listing_category","embeddable":true,"href":"https:\/\/www.fbycc.org\/index.php\/wp-json\/wp\/v2\/event_listing_category?post=4836"}],"curies":[{"name":"wp","href":"https:\/\/api.w.org\/{rel}","templated":true}]}}