{"id":4822,"date":"2024-08-21T10:46:58","date_gmt":"2024-08-21T10:46:58","guid":{"rendered":"https:\/\/www.fbycc.org\/?post_type=event_listing&#038;p=4822"},"modified":"2024-08-21T10:46:58","modified_gmt":"2024-08-21T10:46:58","slug":"ask-a-scientist-webinar","status":"publish","type":"event_listing","link":"https:\/\/www.fbycc.org\/index.php\/events\/ask-a-scientist-webinar\/","title":{"rendered":"Ask a Scientist &#8211; Sustainable Finance and Forest Biodiversity (Webinar)"},"content":{"rendered":"<p style=\"text-align: justify;\"><img loading=\"lazy\" decoding=\"async\" class=\"alignnone size-full wp-image-4825\" src=\"https:\/\/www.fbycc.org\/wp-content\/uploads\/2024\/08\/BOLETIN-Eventos-3-1.png\" alt=\"\" width=\"755\" height=\"400\" srcset=\"https:\/\/www.fbycc.org\/wp-content\/uploads\/2024\/08\/BOLETIN-Eventos-3-1.png 755w, https:\/\/www.fbycc.org\/wp-content\/uploads\/2024\/08\/BOLETIN-Eventos-3-1-300x159.png 300w\" sizes=\"auto, (max-width: 755px) 100vw, 755px\" \/><\/p>\n<p style=\"text-align: justify;\">El d\u00eda <strong>11 d<\/strong><strong>e septiembre de 2024<\/strong> e<span style=\"color: #000000;\">l European Forest Institute (EFI) of<\/span>rece la\u00a0oportunidad de escuchar cient\u00edficos y participar en debates sobre financiaci\u00f3n sostenible y biodiversidad forestal mediante la organizaci\u00f3n del <strong>webinar online\u00a0 \u00abAsk a Scientist-Sustainable Finance and Forest Biodiversity\u00bb<\/strong>.<\/p>\n<p style=\"text-align: justify;\">Ahora que la financiaci\u00f3n de actividades sostenibles es una prioridad, la Uni\u00f3n Europea ha establecido requisitos y criterios que estas actividades deben cumplir. Sin embargo, los criterios espec\u00edficos sobre biodiversidad en las actividades relacionadas con los bosques no est\u00e1n completamente definidos. Estos asuntos ser\u00e1n contemplados en el webinar donde se podr\u00e1 conocer la opini\u00f3n de los cient\u00edficos que han contribuido a la publicaci\u00f3n de EFI \u00ab<span style=\"text-decoration: underline;\"><a href=\"https:\/\/efi.int\/publications-bank\/sustainable-finance-and-forest-biodiversity-criteria\">Sustainable Finance and Forest Biodiversity Criteria<\/a><\/span>\u00bb<\/p>\n<p>Ap\u00fantate al Webinar Online aqu\u00ed:<\/p>\n<p style=\"text-align: center;\"><span style=\"text-decoration: underline;\"><a href=\"https:\/\/www.eventbrite.fi\/e\/ask-a-scientist-sustainable-finance-and-forest-biodiversity-tickets-991028361507?aff=erelexpmlt\">REGISTRO WEBINAR<\/a><\/span><\/p>\n<p>M\u00e1s informaci\u00f3n sobre el programa aqu\u00ed:<\/p>\n<p style=\"text-align: center;\"><span style=\"text-decoration: underline;\"><a href=\"https:\/\/efi.int\/policysupport\/thinkforest\/ask%2520a%2520scientist_sustainable%2520finance_forest%2520biodiversity\/programme_11092024\">PROGRAMA 11.09.2024<\/a><\/span><\/p>\n<p>&nbsp;<\/p>\n","protected":false},"excerpt":{"rendered":"<p>El d\u00eda 11 de septiembre de 2024 el European Forest Institute (EFI) ofrece la\u00a0oportunidad de escuchar cient\u00edficos y participar en debates sobre financiaci\u00f3n sostenible y biodiversidad forestal mediante la organizaci\u00f3n del webinar<a class=\"moretag\" href=\"https:\/\/www.fbycc.org\/index.php\/events\/ask-a-scientist-webinar\/\">Leer m\u00e1s&#8230;<\/a><\/p>\n","protected":false},"author":5,"featured_media":0,"parent":0,"menu_order":0,"comment_status":"closed","ping_status":"closed","template":"","event_listing_category":[246],"class_list":["post-4822","event_listing","type-event_listing","status-publish","hentry"],"_links":{"self":[{"href":"https:\/\/www.fbycc.org\/index.php\/wp-json\/wp\/v2\/event_listing\/4822","targetHints":{"allow":["GET"]}}],"collection":[{"href":"https:\/\/www.fbycc.org\/index.php\/wp-json\/wp\/v2\/event_listing"}],"about":[{"href":"https:\/\/www.fbycc.org\/index.php\/wp-json\/wp\/v2\/types\/event_listing"}],"author":[{"embeddable":true,"href":"https:\/\/www.fbycc.org\/index.php\/wp-json\/wp\/v2\/users\/5"}],"replies":[{"embeddable":true,"href":"https:\/\/www.fbycc.org\/index.php\/wp-json\/wp\/v2\/comments?post=4822"}],"wp:attachment":[{"href":"https:\/\/www.fbycc.org\/index.php\/wp-json\/wp\/v2\/media?parent=4822"}],"wp:term":[{"taxonomy":"event_listing_category","embeddable":true,"href":"https:\/\/www.fbycc.org\/index.php\/wp-json\/wp\/v2\/event_listing_category?post=4822"}],"curies":[{"name":"wp","href":"https:\/\/api.w.org\/{rel}","templated":true}]}}