{"id":4570,"date":"2024-06-05T15:57:25","date_gmt":"2024-06-05T15:57:25","guid":{"rendered":"https:\/\/www.fbycc.org\/?post_type=event_listing&#038;p=4570"},"modified":"2024-06-05T15:57:25","modified_gmt":"2024-06-05T15:57:25","slug":"jornada-estandares-para-la-certificacion-de-proyectos-de-restauracion-de-ecosistemas-forestales-en-espana","status":"publish","type":"event_listing","link":"https:\/\/www.fbycc.org\/index.php\/events\/jornada-estandares-para-la-certificacion-de-proyectos-de-restauracion-de-ecosistemas-forestales-en-espana\/","title":{"rendered":"Jornada | Est\u00e1ndares para la Certificaci\u00f3n de Proyectos de Restauraci\u00f3n de Ecosistemas Forestales en Espa\u00f1a"},"content":{"rendered":"<p><img loading=\"lazy\" decoding=\"async\" class=\"\" src=\"https:\/\/www.cognitoforms.com\/file\/UCG-WziEvceHy-qNWGnHTfNmMjfq-g2L0rFbNPZEhNxYFqYbglcLtp6wBsTdVGDG?id=F-uPwOLYfBfYyep1fTf$7l!k&amp;name=Mailing-%20Jornada%20WWF%2019%20junio%20(600%20x%20400%20px).png&amp;ct=image%2Fpng&amp;size=401707\" width=\"566\" height=\"377\" \/><\/p>\n<p style=\"text-align: justify;\">El pr\u00f3ximo <strong>mi\u00e9rcoles 19 de junio<\/strong>, tendr\u00e1 lugar el <strong>evento \u00abEst\u00e1ndares para la Certificaci\u00f3n de Proyectos de Restauraci\u00f3n de Ecosistemas Forestales en Espa\u00f1a\u00bb<\/strong>. Organizado por <em>WWF<\/em> en colaboraci\u00f3n con el <em>Ministerio para la Transici\u00f3n Ecol\u00f3gica y el Reto Demogr\u00e1fico<\/em>, este evento abordar\u00e1 la presentaci\u00f3n del documento \u00abEst\u00e1ndares WWF-SER para la certificaci\u00f3n de proyectos de restauraci\u00f3n de ecosistemas forestales en Espa\u00f1a\u00bb y discutir\u00e1 su aplicabilidad y complementariedad con otras certificaciones forestales.<\/p>\n<p>M\u00e1s informaci\u00f3n en:<\/p>\n<a class=\"tx-button\" href=\"https:\/\/www.wwf.es\/nuestro_trabajo\/bosques\/estandares_certificacion_de_proyectos_restauraciom_forestal\/\" target=\"_blank\" style=\"color: #ffffff; background-color: #8aaa62\">PROGRAMA<\/a>\n<p>&nbsp;<\/p>\n<a class=\"tx-button\" href=\"https:\/\/www.cognitoforms.com\/WWFInternational1\/AsistenciaPresencialEst%C3%A1ndaresWWFSER19DeJunio\" target=\"_blank\" style=\"color: #ffffff; background-color: #8aaa62\">INSCRIPCI\u00d3N PRESENCIAL<\/a>\n<p>&nbsp;<\/p>\n<a class=\"tx-button\" href=\"https:\/\/wwf.zoom.us\/webinar\/register\/WN_HsFkpV0cTwaR17tClGIgeA#\/registration\" target=\"_blank\" style=\"color: #ffffff; background-color: #8aaa62\">INSCRIPCI\u00d3N ONLINE<\/a>\n","protected":false},"excerpt":{"rendered":"<p>El pr\u00f3ximo mi\u00e9rcoles 19 de junio, tendr\u00e1 lugar el evento \u00abEst\u00e1ndares para la Certificaci\u00f3n de Proyectos de Restauraci\u00f3n de Ecosistemas Forestales en Espa\u00f1a\u00bb. Organizado por WWF en colaboraci\u00f3n con el Ministerio para<a class=\"moretag\" href=\"https:\/\/www.fbycc.org\/index.php\/events\/jornada-estandares-para-la-certificacion-de-proyectos-de-restauracion-de-ecosistemas-forestales-en-espana\/\">Leer m\u00e1s&#8230;<\/a><\/p>\n","protected":false},"author":5,"featured_media":0,"parent":0,"menu_order":0,"comment_status":"closed","ping_status":"closed","template":"","event_listing_category":[52],"class_list":["post-4570","event_listing","type-event_listing","status-publish","hentry"],"_links":{"self":[{"href":"https:\/\/www.fbycc.org\/index.php\/wp-json\/wp\/v2\/event_listing\/4570","targetHints":{"allow":["GET"]}}],"collection":[{"href":"https:\/\/www.fbycc.org\/index.php\/wp-json\/wp\/v2\/event_listing"}],"about":[{"href":"https:\/\/www.fbycc.org\/index.php\/wp-json\/wp\/v2\/types\/event_listing"}],"author":[{"embeddable":true,"href":"https:\/\/www.fbycc.org\/index.php\/wp-json\/wp\/v2\/users\/5"}],"replies":[{"embeddable":true,"href":"https:\/\/www.fbycc.org\/index.php\/wp-json\/wp\/v2\/comments?post=4570"}],"wp:attachment":[{"href":"https:\/\/www.fbycc.org\/index.php\/wp-json\/wp\/v2\/media?parent=4570"}],"wp:term":[{"taxonomy":"event_listing_category","embeddable":true,"href":"https:\/\/www.fbycc.org\/index.php\/wp-json\/wp\/v2\/event_listing_category?post=4570"}],"curies":[{"name":"wp","href":"https:\/\/api.w.org\/{rel}","templated":true}]}}