{"id":4259,"date":"2024-04-04T12:39:49","date_gmt":"2024-04-04T12:39:49","guid":{"rendered":"https:\/\/www.fbycc.org\/?post_type=event_listing&#038;p=4259"},"modified":"2024-04-04T12:39:49","modified_gmt":"2024-04-04T12:39:49","slug":"congreso-convencion-anual-de-la-sociedad-de-ciencia-y-tecnologia-de-la-madera-swst","status":"publish","type":"event_listing","link":"https:\/\/www.fbycc.org\/index.php\/events\/congreso-convencion-anual-de-la-sociedad-de-ciencia-y-tecnologia-de-la-madera-swst\/","title":{"rendered":"CONGRESO | Convenci\u00f3n Anual de la Sociedad de Ciencia y Tecnolog\u00eda de la Madera (SWST)"},"content":{"rendered":"<p><img loading=\"lazy\" decoding=\"async\" class=\"\" src=\"http:\/\/www.swst.org\/wp\/wp-content\/uploads\/2023\/11\/SWSTflyer_2024_Slovenia_logo.jpg\" width=\"550\" height=\"275\" \/><\/p>\n<p>&nbsp;<\/p>\n<p style=\"text-align: justify;\">El pr\u00f3ximo <strong>30 de junio al 5 de julio<\/strong> de 2024, tendr\u00e1 lugar la <strong>Convenci\u00f3n Anual de la Sociedad de Ciencia y Tecnolog\u00eda de la Madera (SWST)<\/strong> en Portoro\u017e, Eslovenia.<\/p>\n<p style=\"text-align: justify;\">Organizado por la SWST, este evento reunir\u00e1 a expertos para discutir investigaciones de vanguardia y avances en ciencia y tecnolog\u00eda de la madera. Los asistentes pueden esperar un vibrante intercambio de ideas y conocimientos en esta pintoresca ciudad costera eslovena.<\/p>\n<p>M\u00e1s informaci\u00f3n en:<br \/>\n<strong><a href=\"https:\/\/www.swst.org\/wp\/meeting\/2024-annual-convention-portoroz-slovenia\/\" target=\"_new\" rel=\"noopener\">https:\/\/www.swst.org\/wp\/meeting\/2024-annual-convention-portoroz-slovenia\/<\/a><\/strong><\/p>\n<p>&nbsp;<\/p>\n","protected":false},"excerpt":{"rendered":"<p>&nbsp; El pr\u00f3ximo 30 de junio al 5 de julio de 2024, tendr\u00e1 lugar la Convenci\u00f3n Anual de la Sociedad de Ciencia y Tecnolog\u00eda de la Madera (SWST) en Portoro\u017e, Eslovenia. Organizado<a class=\"moretag\" href=\"https:\/\/www.fbycc.org\/index.php\/events\/congreso-convencion-anual-de-la-sociedad-de-ciencia-y-tecnologia-de-la-madera-swst\/\">Leer m\u00e1s&#8230;<\/a><\/p>\n","protected":false},"author":5,"featured_media":0,"parent":0,"menu_order":0,"comment_status":"closed","ping_status":"closed","template":"","event_listing_category":[76],"class_list":["post-4259","event_listing","type-event_listing","status-publish","hentry"],"_links":{"self":[{"href":"https:\/\/www.fbycc.org\/index.php\/wp-json\/wp\/v2\/event_listing\/4259","targetHints":{"allow":["GET"]}}],"collection":[{"href":"https:\/\/www.fbycc.org\/index.php\/wp-json\/wp\/v2\/event_listing"}],"about":[{"href":"https:\/\/www.fbycc.org\/index.php\/wp-json\/wp\/v2\/types\/event_listing"}],"author":[{"embeddable":true,"href":"https:\/\/www.fbycc.org\/index.php\/wp-json\/wp\/v2\/users\/5"}],"replies":[{"embeddable":true,"href":"https:\/\/www.fbycc.org\/index.php\/wp-json\/wp\/v2\/comments?post=4259"}],"wp:attachment":[{"href":"https:\/\/www.fbycc.org\/index.php\/wp-json\/wp\/v2\/media?parent=4259"}],"wp:term":[{"taxonomy":"event_listing_category","embeddable":true,"href":"https:\/\/www.fbycc.org\/index.php\/wp-json\/wp\/v2\/event_listing_category?post=4259"}],"curies":[{"name":"wp","href":"https:\/\/api.w.org\/{rel}","templated":true}]}}