{"id":4256,"date":"2024-04-04T12:28:24","date_gmt":"2024-04-04T12:28:24","guid":{"rendered":"https:\/\/www.fbycc.org\/?post_type=event_listing&#038;p=4256"},"modified":"2024-04-04T12:28:24","modified_gmt":"2024-04-04T12:28:24","slug":"congreso-26th-european-forum-on-urban-forestry-2024","status":"publish","type":"event_listing","link":"https:\/\/www.fbycc.org\/index.php\/events\/congreso-26th-european-forum-on-urban-forestry-2024\/","title":{"rendered":"CONGRESO | 26th European Forum on Urban Forestry 2024"},"content":{"rendered":"<p><img loading=\"lazy\" decoding=\"async\" class=\"\" src=\"https:\/\/www.sumfak.unizg.hr\/site\/assets\/files\/6019\/26th_european_forum_on_urban_forestry_2024.jpg\" alt=\"European Forum on Urban Forestry (EFUF) 2024 in Zagreb | Faculty of Forestry  and Wood Technology\" width=\"553\" height=\"311\" \/><\/p>\n<p style=\"text-align: justify;\">El pr\u00f3ximo <strong>22 al 24 de mayo<\/strong> de 2024, tendr\u00e1 lugar el <strong>26\u00ba Foro Europeo de Silvicultura Urbana (EFUF 2024)<\/strong> en Zagreb, Croacia.<\/p>\n<p style=\"text-align: justify;\">Organizado por EFUF, este evento abordar\u00e1 el tema general \u00abBosques urbanos para todos\u00bb. El EFUF2024 est\u00e1 abierto a todos los interesados en la gesti\u00f3n forestal urbana, la pol\u00edtica, la planificaci\u00f3n y la toma de decisiones. Este a\u00f1o nos enfocaremos en gerentes, investigadores, profesionales, consultores y representantes de grupos de inter\u00e9s.<\/p>\n<p>M\u00e1s informaci\u00f3n en:<br \/>\n<strong><a href=\"https:\/\/efuf.org\/\" target=\"_new\" rel=\"noopener\">https:\/\/efuf.org\/<\/a><\/strong><\/p>\n","protected":false},"excerpt":{"rendered":"<p>El pr\u00f3ximo 22 al 24 de mayo de 2024, tendr\u00e1 lugar el 26\u00ba Foro Europeo de Silvicultura Urbana (EFUF 2024) en Zagreb, Croacia. Organizado por EFUF, este evento abordar\u00e1 el tema general<a class=\"moretag\" href=\"https:\/\/www.fbycc.org\/index.php\/events\/congreso-26th-european-forum-on-urban-forestry-2024\/\">Leer m\u00e1s&#8230;<\/a><\/p>\n","protected":false},"author":5,"featured_media":0,"parent":0,"menu_order":0,"comment_status":"closed","ping_status":"closed","template":"","event_listing_category":[76],"class_list":["post-4256","event_listing","type-event_listing","status-publish","hentry"],"_links":{"self":[{"href":"https:\/\/www.fbycc.org\/index.php\/wp-json\/wp\/v2\/event_listing\/4256","targetHints":{"allow":["GET"]}}],"collection":[{"href":"https:\/\/www.fbycc.org\/index.php\/wp-json\/wp\/v2\/event_listing"}],"about":[{"href":"https:\/\/www.fbycc.org\/index.php\/wp-json\/wp\/v2\/types\/event_listing"}],"author":[{"embeddable":true,"href":"https:\/\/www.fbycc.org\/index.php\/wp-json\/wp\/v2\/users\/5"}],"replies":[{"embeddable":true,"href":"https:\/\/www.fbycc.org\/index.php\/wp-json\/wp\/v2\/comments?post=4256"}],"wp:attachment":[{"href":"https:\/\/www.fbycc.org\/index.php\/wp-json\/wp\/v2\/media?parent=4256"}],"wp:term":[{"taxonomy":"event_listing_category","embeddable":true,"href":"https:\/\/www.fbycc.org\/index.php\/wp-json\/wp\/v2\/event_listing_category?post=4256"}],"curies":[{"name":"wp","href":"https:\/\/api.w.org\/{rel}","templated":true}]}}