{"id":4114,"date":"2024-02-05T15:29:06","date_gmt":"2024-02-05T15:29:06","guid":{"rendered":"https:\/\/www.fbycc.org\/?post_type=event_listing&#038;p=4114"},"modified":"2024-02-05T15:29:06","modified_gmt":"2024-02-05T15:29:06","slug":"mesa-redonda-el-reglamento-europeo-de-lucha-contra-la-deforestacion-eudr-y-la-madera-los-siguientes-pasos","status":"publish","type":"event_listing","link":"https:\/\/www.fbycc.org\/index.php\/events\/mesa-redonda-el-reglamento-europeo-de-lucha-contra-la-deforestacion-eudr-y-la-madera-los-siguientes-pasos\/","title":{"rendered":"Mesa redonda | El Reglamento Europeo de lucha contra la deforestaci\u00f3n (EUDR) y la madera. Los siguientes pasos."},"content":{"rendered":"<p><img loading=\"lazy\" decoding=\"async\" class=\"\" src=\"https:\/\/www.aeim.org\/wp-content\/uploads\/2024\/01\/Jornada-EUDR-2024.-Con-logos-sponsors.jpg\" width=\"559\" height=\"559\" \/><\/p>\n<p style=\"text-align: justify;\">El pr\u00f3ximo jueves <strong>22 de febrero<\/strong>, la Asociaci\u00f3n Espa\u00f1ola del Comercio e Industria de la Madera (AEIM) llevar\u00e1 a cabo una <strong>mesa redonda<\/strong> en Madrid sobre el <strong>Reglamento Europeo (UE) 2023\/1115 contra la deforestaci\u00f3n (EUDR)<\/strong>. En este evento, se abordar\u00e1n las implicaciones que tiene la aplicaci\u00f3n de este reglamento en el sector forestal espa\u00f1ol, as\u00ed como las iniciativas que la industria est\u00e1 implementando para cumplir con sus disposiciones.<\/p>\n<p>M\u00e1s informaci\u00f3n e inscripciones en:<br \/>\n<strong><span style=\"font-size: 14pt;\"><a href=\"https:\/\/www.aeim.org\/index.php\/2024\/01\/12\/el-eudr-centrara-de-nuevo-la-jornada-de-aeim-previa-a-la-asamblea-general-2024-se-celebrara-en-madrid-el-22-de-febrero\/\">https:\/\/www.aeim.org\/index.php\/2024\/01\/12\/el-eudr-centrara-de-nuevo-la-jornada-de-aeim-previa-a-la-asamblea-general-2024-se-celebrara-en-madrid-el-22-de-febrero\/<\/a><\/span><\/strong><\/p>\n","protected":false},"excerpt":{"rendered":"<p>El pr\u00f3ximo jueves 22 de febrero, la Asociaci\u00f3n Espa\u00f1ola del Comercio e Industria de la Madera (AEIM) llevar\u00e1 a cabo una mesa redonda en Madrid sobre el Reglamento Europeo (UE) 2023\/1115 contra<a class=\"moretag\" href=\"https:\/\/www.fbycc.org\/index.php\/events\/mesa-redonda-el-reglamento-europeo-de-lucha-contra-la-deforestacion-eudr-y-la-madera-los-siguientes-pasos\/\">Leer m\u00e1s&#8230;<\/a><\/p>\n","protected":false},"author":5,"featured_media":0,"parent":0,"menu_order":0,"comment_status":"closed","ping_status":"closed","template":"","event_listing_category":[52],"class_list":["post-4114","event_listing","type-event_listing","status-publish","hentry"],"_links":{"self":[{"href":"https:\/\/www.fbycc.org\/index.php\/wp-json\/wp\/v2\/event_listing\/4114","targetHints":{"allow":["GET"]}}],"collection":[{"href":"https:\/\/www.fbycc.org\/index.php\/wp-json\/wp\/v2\/event_listing"}],"about":[{"href":"https:\/\/www.fbycc.org\/index.php\/wp-json\/wp\/v2\/types\/event_listing"}],"author":[{"embeddable":true,"href":"https:\/\/www.fbycc.org\/index.php\/wp-json\/wp\/v2\/users\/5"}],"replies":[{"embeddable":true,"href":"https:\/\/www.fbycc.org\/index.php\/wp-json\/wp\/v2\/comments?post=4114"}],"wp:attachment":[{"href":"https:\/\/www.fbycc.org\/index.php\/wp-json\/wp\/v2\/media?parent=4114"}],"wp:term":[{"taxonomy":"event_listing_category","embeddable":true,"href":"https:\/\/www.fbycc.org\/index.php\/wp-json\/wp\/v2\/event_listing_category?post=4114"}],"curies":[{"name":"wp","href":"https:\/\/api.w.org\/{rel}","templated":true}]}}