{"id":3824,"date":"2023-11-08T19:30:28","date_gmt":"2023-11-08T19:30:28","guid":{"rendered":"https:\/\/www.fbycc.org\/?post_type=event_listing&#038;p=3824"},"modified":"2023-11-08T19:30:28","modified_gmt":"2023-11-08T19:30:28","slug":"jornada-regulacion-y-fiscalidad-verde-del-transporte-terrestre","status":"publish","type":"event_listing","link":"https:\/\/www.fbycc.org\/index.php\/events\/jornada-regulacion-y-fiscalidad-verde-del-transporte-terrestre\/","title":{"rendered":"Jornada  |  REGULACI\u00d3N Y FISCALIDAD VERDE DEL TRANSPORTE TERRESTRE"},"content":{"rendered":"<p style=\"text-align: justify;\"><img loading=\"lazy\" decoding=\"async\" class=\"alignnone size-full wp-image-3825\" src=\"https:\/\/www.fbycc.org\/wp-content\/uploads\/2023\/11\/Captura-de-pantalla-2023-11-08-202708.png\" alt=\"\" width=\"1275\" height=\"715\" srcset=\"https:\/\/www.fbycc.org\/wp-content\/uploads\/2023\/11\/Captura-de-pantalla-2023-11-08-202708.png 1275w, https:\/\/www.fbycc.org\/wp-content\/uploads\/2023\/11\/Captura-de-pantalla-2023-11-08-202708-300x168.png 300w, https:\/\/www.fbycc.org\/wp-content\/uploads\/2023\/11\/Captura-de-pantalla-2023-11-08-202708-1024x574.png 1024w, https:\/\/www.fbycc.org\/wp-content\/uploads\/2023\/11\/Captura-de-pantalla-2023-11-08-202708-768x431.png 768w\" sizes=\"auto, (max-width: 1275px) 100vw, 1275px\" \/><\/p>\n<p>El pr\u00f3ximo <strong>14 de noviembre<\/strong> de 2023, en Madrid, la Fundaci\u00f3n Corell llevar\u00e1 a cabo una jornada sobre la <strong>regulaci\u00f3n y fiscalidad verde en el transporte terrestre<\/strong>, un evento que tambi\u00e9n estar\u00e1 disponible en l\u00ednea.<\/p>\n<p>Diversos expertos abordar\u00e1n temas como la fiscalidad del transporte y alternativas verdes, incluyendo la compensaci\u00f3n de emisiones, reforestaci\u00f3n, certificaci\u00f3n y financiaci\u00f3n. Este evento se produce en un contexto en el que el entorno econ\u00f3mico internacional, especialmente en Europa, est\u00e1 impactando en los planes de transici\u00f3n energ\u00e9tica y, por lo tanto, en la regulaci\u00f3n econ\u00f3mica y fiscal de la Uni\u00f3n Europea.<\/p>\n<p>M\u00e1s informaci\u00f3n e inscripciones en:<br \/>\n<span style=\"font-size: 12pt;\"><strong><a href=\"https:\/\/fundacioncorell.es\/jornada-regulacion-fiscalidad-verde-transporte-terrestre\/\">https:\/\/fundacioncorell.es\/jornada-regulacion-fiscalidad-verde-transporte-terrestre\/<\/a><\/strong><\/span><\/p>\n","protected":false},"excerpt":{"rendered":"<p>El pr\u00f3ximo 14 de noviembre de 2023, en Madrid, la Fundaci\u00f3n Corell llevar\u00e1 a cabo una jornada sobre la regulaci\u00f3n y fiscalidad verde en el transporte terrestre, un evento que tambi\u00e9n estar\u00e1<a class=\"moretag\" href=\"https:\/\/www.fbycc.org\/index.php\/events\/jornada-regulacion-y-fiscalidad-verde-del-transporte-terrestre\/\">Leer m\u00e1s&#8230;<\/a><\/p>\n","protected":false},"author":5,"featured_media":0,"parent":0,"menu_order":0,"comment_status":"closed","ping_status":"closed","template":"","event_listing_category":[52],"class_list":["post-3824","event_listing","type-event_listing","status-publish","hentry"],"_links":{"self":[{"href":"https:\/\/www.fbycc.org\/index.php\/wp-json\/wp\/v2\/event_listing\/3824","targetHints":{"allow":["GET"]}}],"collection":[{"href":"https:\/\/www.fbycc.org\/index.php\/wp-json\/wp\/v2\/event_listing"}],"about":[{"href":"https:\/\/www.fbycc.org\/index.php\/wp-json\/wp\/v2\/types\/event_listing"}],"author":[{"embeddable":true,"href":"https:\/\/www.fbycc.org\/index.php\/wp-json\/wp\/v2\/users\/5"}],"replies":[{"embeddable":true,"href":"https:\/\/www.fbycc.org\/index.php\/wp-json\/wp\/v2\/comments?post=3824"}],"wp:attachment":[{"href":"https:\/\/www.fbycc.org\/index.php\/wp-json\/wp\/v2\/media?parent=3824"}],"wp:term":[{"taxonomy":"event_listing_category","embeddable":true,"href":"https:\/\/www.fbycc.org\/index.php\/wp-json\/wp\/v2\/event_listing_category?post=3824"}],"curies":[{"name":"wp","href":"https:\/\/api.w.org\/{rel}","templated":true}]}}