{"id":3764,"date":"2023-10-29T21:54:54","date_gmt":"2023-10-29T21:54:54","guid":{"rendered":"https:\/\/www.fbycc.org\/?post_type=event_listing&#038;p=3764"},"modified":"2023-10-29T21:54:54","modified_gmt":"2023-10-29T21:54:54","slug":"cop28-conferencia-de-las-naciones-unidas-sobre-el-cambio-climatico-2023","status":"publish","type":"event_listing","link":"https:\/\/www.fbycc.org\/index.php\/events\/cop28-conferencia-de-las-naciones-unidas-sobre-el-cambio-climatico-2023\/","title":{"rendered":"COP28 | Conferencia de las Naciones Unidas sobre el Cambio Clim\u00e1tico 2023"},"content":{"rendered":"<p><img loading=\"lazy\" decoding=\"async\" class=\"\" src=\"https:\/\/extra.com.co\/wp-content\/uploads\/2023\/10\/cop28.jpg\" alt=\"Colombia rumbo a la Cumbre del Clima COP28 - EXTRA | El Diario de Todos\" width=\"554\" height=\"277\" \/><\/p>\n<p style=\"text-align: justify;\" data-pm-slice=\"1 1 []\">El pr\u00f3ximo <strong>30 de noviembre<\/strong>, dar\u00e1 inicio la <strong>COP28<\/strong>, la Conferencia de las Naciones Unidas sobre el Cambio Clim\u00e1tico, en los Emiratos \u00c1rabes Unidos. Este evento, programado hasta el <strong>12 de diciembre<\/strong> de 2023, congregar\u00e1 a l\u00edderes globales con el fin de abordar asuntos cr\u00edticos relacionados con el cambio clim\u00e1tico.<\/p>\n<p data-pm-slice=\"1 1 []\">M\u00e1s informaci\u00f3n:<br \/>\n<strong><a href=\"https:\/\/www.cop28.com\/en\/thematic-program\">https:\/\/www.cop28.com\/en\/thematic-program<\/a><\/strong><\/p>\n<p data-pm-slice=\"1 1 []\">\n","protected":false},"excerpt":{"rendered":"<p>El pr\u00f3ximo 30 de noviembre, dar\u00e1 inicio la COP28, la Conferencia de las Naciones Unidas sobre el Cambio Clim\u00e1tico, en los Emiratos \u00c1rabes Unidos. Este evento, programado hasta el 12 de diciembre<a class=\"moretag\" href=\"https:\/\/www.fbycc.org\/index.php\/events\/cop28-conferencia-de-las-naciones-unidas-sobre-el-cambio-climatico-2023\/\">Leer m\u00e1s&#8230;<\/a><\/p>\n","protected":false},"author":5,"featured_media":0,"parent":0,"menu_order":0,"comment_status":"closed","ping_status":"closed","template":"","event_listing_category":[],"class_list":["post-3764","event_listing","type-event_listing","status-publish","hentry"],"_links":{"self":[{"href":"https:\/\/www.fbycc.org\/index.php\/wp-json\/wp\/v2\/event_listing\/3764","targetHints":{"allow":["GET"]}}],"collection":[{"href":"https:\/\/www.fbycc.org\/index.php\/wp-json\/wp\/v2\/event_listing"}],"about":[{"href":"https:\/\/www.fbycc.org\/index.php\/wp-json\/wp\/v2\/types\/event_listing"}],"author":[{"embeddable":true,"href":"https:\/\/www.fbycc.org\/index.php\/wp-json\/wp\/v2\/users\/5"}],"replies":[{"embeddable":true,"href":"https:\/\/www.fbycc.org\/index.php\/wp-json\/wp\/v2\/comments?post=3764"}],"wp:attachment":[{"href":"https:\/\/www.fbycc.org\/index.php\/wp-json\/wp\/v2\/media?parent=3764"}],"wp:term":[{"taxonomy":"event_listing_category","embeddable":true,"href":"https:\/\/www.fbycc.org\/index.php\/wp-json\/wp\/v2\/event_listing_category?post=3764"}],"curies":[{"name":"wp","href":"https:\/\/api.w.org\/{rel}","templated":true}]}}