{"id":3656,"date":"2023-10-16T16:44:57","date_gmt":"2023-10-16T16:44:57","guid":{"rendered":"https:\/\/www.fbycc.org\/?post_type=event_listing&#038;p=3656"},"modified":"2023-10-16T16:44:57","modified_gmt":"2023-10-16T16:44:57","slug":"webinar-conversaciones-sobre-biodiversidad","status":"publish","type":"event_listing","link":"https:\/\/www.fbycc.org\/index.php\/events\/webinar-conversaciones-sobre-biodiversidad\/","title":{"rendered":"Webinar Conversaciones sobre Biodiversidad"},"content":{"rendered":"<p style=\"text-align: justify;\">El pr\u00f3ximo <strong>20 de octubre<\/strong> tendr\u00e1 lugar el <strong>Webinar \u00abConversaciones sobre Biodiversidad\u00bb. <\/strong><\/p>\n<p style=\"text-align: justify;\">Este evento se encuadra dentro de la serie de webinars <strong><em>\u00abConversaciones entre Expertos\u00bb<\/em><\/strong>, organizados por la Fundaci\u00f3n Naturgy y el Cap\u00edtulo Espa\u00f1ol de Club de Roma, estos eventos exploran temas actuales sobre energ\u00eda, medio ambiente y sostenibilidad.<\/p>\n<p style=\"text-align: justify;\">En esta ocasi\u00f3n, el foco estar\u00e1 en la Biodiversidad y su importancia en la sostenibilidad, m\u00e1s all\u00e1 de la lucha contra el cambio clim\u00e1tico. Dos especialistas compartir\u00e1n su visi\u00f3n sobre c\u00f3mo revertir el deterioro de la biodiversidad y las posibilidades de establecer modelos econ\u00f3micos sostenibles que la protejan.<\/p>\n<p>M\u00e1s informaci\u00f3n en:<br \/>\n<a href=\"https:\/\/www.fundacionnaturgy.org\/actividad\/webinar-conversaciones-sobre-biodiversidad\/\"><strong>https:\/\/www.fundacionnaturgy.org\/actividad\/webinar-conversaciones-sobre-biodiversidad\/<\/strong><\/a><\/p>\n","protected":false},"excerpt":{"rendered":"<p>El pr\u00f3ximo 20 de octubre tendr\u00e1 lugar el Webinar \u00abConversaciones sobre Biodiversidad\u00bb. Este evento se encuadra dentro de la serie de webinars \u00abConversaciones entre Expertos\u00bb, organizados por la Fundaci\u00f3n Naturgy y el<a class=\"moretag\" href=\"https:\/\/www.fbycc.org\/index.php\/events\/webinar-conversaciones-sobre-biodiversidad\/\">Leer m\u00e1s&#8230;<\/a><\/p>\n","protected":false},"author":5,"featured_media":0,"parent":0,"menu_order":0,"comment_status":"closed","ping_status":"closed","template":"","event_listing_category":[],"class_list":["post-3656","event_listing","type-event_listing","status-publish","hentry"],"_links":{"self":[{"href":"https:\/\/www.fbycc.org\/index.php\/wp-json\/wp\/v2\/event_listing\/3656","targetHints":{"allow":["GET"]}}],"collection":[{"href":"https:\/\/www.fbycc.org\/index.php\/wp-json\/wp\/v2\/event_listing"}],"about":[{"href":"https:\/\/www.fbycc.org\/index.php\/wp-json\/wp\/v2\/types\/event_listing"}],"author":[{"embeddable":true,"href":"https:\/\/www.fbycc.org\/index.php\/wp-json\/wp\/v2\/users\/5"}],"replies":[{"embeddable":true,"href":"https:\/\/www.fbycc.org\/index.php\/wp-json\/wp\/v2\/comments?post=3656"}],"wp:attachment":[{"href":"https:\/\/www.fbycc.org\/index.php\/wp-json\/wp\/v2\/media?parent=3656"}],"wp:term":[{"taxonomy":"event_listing_category","embeddable":true,"href":"https:\/\/www.fbycc.org\/index.php\/wp-json\/wp\/v2\/event_listing_category?post=3656"}],"curies":[{"name":"wp","href":"https:\/\/api.w.org\/{rel}","templated":true}]}}