{"id":3568,"date":"2023-09-16T15:52:55","date_gmt":"2023-09-16T15:52:55","guid":{"rendered":"https:\/\/www.fbycc.org\/?post_type=event_listing&#038;p=3568"},"modified":"2023-09-16T15:52:55","modified_gmt":"2023-09-16T15:52:55","slug":"i-jornada-de-educacion-forestal-en-castilla-y-leon","status":"publish","type":"event_listing","link":"https:\/\/www.fbycc.org\/index.php\/events\/i-jornada-de-educacion-forestal-en-castilla-y-leon\/","title":{"rendered":"I Jornada de Educaci\u00f3n Forestal en Castilla y Le\u00f3n"},"content":{"rendered":"<p><img loading=\"lazy\" decoding=\"async\" class=\"alignnone size-full wp-image-3569\" src=\"https:\/\/www.fbycc.org\/wp-content\/uploads\/2023\/09\/Captura-de-pantalla-2023-09-16-175115.png\" alt=\"\" width=\"939\" height=\"657\" srcset=\"https:\/\/www.fbycc.org\/wp-content\/uploads\/2023\/09\/Captura-de-pantalla-2023-09-16-175115.png 939w, https:\/\/www.fbycc.org\/wp-content\/uploads\/2023\/09\/Captura-de-pantalla-2023-09-16-175115-300x210.png 300w, https:\/\/www.fbycc.org\/wp-content\/uploads\/2023\/09\/Captura-de-pantalla-2023-09-16-175115-768x537.png 768w\" sizes=\"auto, (max-width: 939px) 100vw, 939px\" \/><\/p>\n<p>El pr\u00f3ximo <strong>mi\u00e9rcoles 27 de septiembre<\/strong> se celebra\u00a0la <strong>I Jornada de Educaci\u00f3n Forestal <\/strong>de Castilla y Le\u00f3n.<br \/>\nEl evento, organizado por La Junta de Castilla y Le\u00f3n, tendr\u00e1 lugar\u00a0en el Centro de Recursos Ambientales del <strong>PRAE<\/strong>, ubicado en la Ca\u00f1ada Real, 306, <strong>Valladolid<\/strong>.<\/p>\n<p>El objetivo principal de esta jornada es brindar una plataforma para conocer la gesti\u00f3n y promoci\u00f3n de la educaci\u00f3n forestal tanto por parte de la administraci\u00f3n p\u00fablica como de promotores privados. Adem\u00e1s, se destacar\u00e1n las experiencias actuales en esta \u00e1rea. La participaci\u00f3n en la jornada es gratuita y puede ser presencial u online.<\/p>\n<p>M\u00e1s informaci\u00f3n en:<br \/>\n<span style=\"font-size: 14pt;\"><strong><a href=\"https:\/\/www.pfcyl.es\/evento\/jornada-educacion-forestal\">https:\/\/www.pfcyl.es\/evento\/jornada-educacion-forestal<\/a><\/strong><\/span><\/p>\n","protected":false},"excerpt":{"rendered":"<p>El pr\u00f3ximo mi\u00e9rcoles 27 de septiembre se celebra\u00a0la I Jornada de Educaci\u00f3n Forestal de Castilla y Le\u00f3n. El evento, organizado por La Junta de Castilla y Le\u00f3n, tendr\u00e1 lugar\u00a0en el Centro de<a class=\"moretag\" href=\"https:\/\/www.fbycc.org\/index.php\/events\/i-jornada-de-educacion-forestal-en-castilla-y-leon\/\">Leer m\u00e1s&#8230;<\/a><\/p>\n","protected":false},"author":5,"featured_media":0,"parent":0,"menu_order":0,"comment_status":"closed","ping_status":"closed","template":"","event_listing_category":[],"class_list":["post-3568","event_listing","type-event_listing","status-publish","hentry"],"_links":{"self":[{"href":"https:\/\/www.fbycc.org\/index.php\/wp-json\/wp\/v2\/event_listing\/3568","targetHints":{"allow":["GET"]}}],"collection":[{"href":"https:\/\/www.fbycc.org\/index.php\/wp-json\/wp\/v2\/event_listing"}],"about":[{"href":"https:\/\/www.fbycc.org\/index.php\/wp-json\/wp\/v2\/types\/event_listing"}],"author":[{"embeddable":true,"href":"https:\/\/www.fbycc.org\/index.php\/wp-json\/wp\/v2\/users\/5"}],"replies":[{"embeddable":true,"href":"https:\/\/www.fbycc.org\/index.php\/wp-json\/wp\/v2\/comments?post=3568"}],"wp:attachment":[{"href":"https:\/\/www.fbycc.org\/index.php\/wp-json\/wp\/v2\/media?parent=3568"}],"wp:term":[{"taxonomy":"event_listing_category","embeddable":true,"href":"https:\/\/www.fbycc.org\/index.php\/wp-json\/wp\/v2\/event_listing_category?post=3568"}],"curies":[{"name":"wp","href":"https:\/\/api.w.org\/{rel}","templated":true}]}}