{"id":3532,"date":"2023-09-11T12:55:56","date_gmt":"2023-09-11T12:55:56","guid":{"rendered":"https:\/\/www.fbycc.org\/?post_type=event_listing&#038;p=3532"},"modified":"2023-09-11T12:55:56","modified_gmt":"2023-09-11T12:55:56","slug":"the-european-climate-stocktake-eu-and-global-progress-towards-the-goals-of-the-paris-agreement","status":"publish","type":"event_listing","link":"https:\/\/www.fbycc.org\/index.php\/events\/the-european-climate-stocktake-eu-and-global-progress-towards-the-goals-of-the-paris-agreement\/","title":{"rendered":"The European Climate Stocktake &#8211; EU and global progress towards the goals of the Paris Agreement"},"content":{"rendered":"<p><img loading=\"lazy\" decoding=\"async\" class=\"alignnone size-full wp-image-3533\" src=\"https:\/\/www.fbycc.org\/wp-content\/uploads\/2023\/09\/European-Climate-Stocktake_draft.jpg\" alt=\"\" width=\"1200\" height=\"630\" srcset=\"https:\/\/www.fbycc.org\/wp-content\/uploads\/2023\/09\/European-Climate-Stocktake_draft.jpg 1200w, https:\/\/www.fbycc.org\/wp-content\/uploads\/2023\/09\/European-Climate-Stocktake_draft-300x158.jpg 300w, https:\/\/www.fbycc.org\/wp-content\/uploads\/2023\/09\/European-Climate-Stocktake_draft-1024x538.jpg 1024w, https:\/\/www.fbycc.org\/wp-content\/uploads\/2023\/09\/European-Climate-Stocktake_draft-768x403.jpg 768w\" sizes=\"auto, (max-width: 1200px) 100vw, 1200px\" \/><\/p>\n<p>El pr\u00f3ximo <strong>27 de octubre<\/strong> se llevar\u00e1 a cabo una \u00ab<strong><em>Evaluaci\u00f3n del Progreso Clim\u00e1tico Europeo &#8211; Avances de la UE y Globales hacia los Objetivos del Acuerdo de Par\u00eds<\/em><\/strong>\u00ab.<\/p>\n<p>En este evento, se reflexionar\u00e1 sobre los avances realizados desde la adopci\u00f3n del Acuerdo de Par\u00eds en 2015, con el objetivo de limitar el calentamiento global. La iniciativa, que contar\u00e1 con la participaci\u00f3n de destacados l\u00edderes pol\u00edticos y representantes de diversos sectores, busca contribuir a la discusi\u00f3n previa a la Evaluaci\u00f3n Global de la UNFCCC que concluir\u00e1 en la COP28 en noviembre.<\/p>\n<p>Para obtener m\u00e1s informaci\u00f3n y registrarse, visite:<br \/>\n<span style=\"color: #ff9900;\"><strong><a style=\"color: #ff9900;\" href=\"https:\/\/climate.ec.europa.eu\/news-your-voice\/events\/european-climate-stocktake-eu-and-global-progress-towards-goals-paris-agreement-2023-10-27_en?s=08\">https:\/\/climate.ec.europa.eu\/news-your-voice\/events\/european-climate-stocktake-eu-and-global-progress-towards-goals-paris-agreement-2023-10-27_en?s=08<\/a><\/strong><\/span><\/p>\n","protected":false},"excerpt":{"rendered":"<p>El pr\u00f3ximo 27 de octubre se llevar\u00e1 a cabo una \u00abEvaluaci\u00f3n del Progreso Clim\u00e1tico Europeo &#8211; Avances de la UE y Globales hacia los Objetivos del Acuerdo de Par\u00eds\u00ab. En este evento,<a class=\"moretag\" href=\"https:\/\/www.fbycc.org\/index.php\/events\/the-european-climate-stocktake-eu-and-global-progress-towards-the-goals-of-the-paris-agreement\/\">Leer m\u00e1s&#8230;<\/a><\/p>\n","protected":false},"author":5,"featured_media":0,"parent":0,"menu_order":0,"comment_status":"closed","ping_status":"closed","template":"","event_listing_category":[],"class_list":["post-3532","event_listing","type-event_listing","status-publish","hentry"],"_links":{"self":[{"href":"https:\/\/www.fbycc.org\/index.php\/wp-json\/wp\/v2\/event_listing\/3532","targetHints":{"allow":["GET"]}}],"collection":[{"href":"https:\/\/www.fbycc.org\/index.php\/wp-json\/wp\/v2\/event_listing"}],"about":[{"href":"https:\/\/www.fbycc.org\/index.php\/wp-json\/wp\/v2\/types\/event_listing"}],"author":[{"embeddable":true,"href":"https:\/\/www.fbycc.org\/index.php\/wp-json\/wp\/v2\/users\/5"}],"replies":[{"embeddable":true,"href":"https:\/\/www.fbycc.org\/index.php\/wp-json\/wp\/v2\/comments?post=3532"}],"wp:attachment":[{"href":"https:\/\/www.fbycc.org\/index.php\/wp-json\/wp\/v2\/media?parent=3532"}],"wp:term":[{"taxonomy":"event_listing_category","embeddable":true,"href":"https:\/\/www.fbycc.org\/index.php\/wp-json\/wp\/v2\/event_listing_category?post=3532"}],"curies":[{"name":"wp","href":"https:\/\/api.w.org\/{rel}","templated":true}]}}