{"id":3364,"date":"2023-03-06T21:51:41","date_gmt":"2023-03-06T21:51:41","guid":{"rendered":"https:\/\/www.fbycc.org\/?post_type=event_listing&#038;p=3364"},"modified":"2023-03-06T21:51:41","modified_gmt":"2023-03-06T21:51:41","slug":"soluciones-climaticas-forestales","status":"publish","type":"event_listing","link":"https:\/\/www.fbycc.org\/index.php\/events\/soluciones-climaticas-forestales\/","title":{"rendered":"SOLUCIONES CLIM\u00c1TICAS FORESTALES"},"content":{"rendered":"<p style=\"text-align: justify;\"><strong>SOLUCIONES CLIM\u00c1TICAS FORESTALES.<\/strong><\/p>\n<p style=\"text-align: justify;\"><strong>Los bosques <\/strong><strong>espa\u00f1oles:\u00a0<\/strong><strong>Sumideros de carbono para la neutralidad clim\u00e1tica empresarial<\/strong><\/p>\n<p style=\"text-align: justify;\">El objetivo de esta jornada es dar a conocer la importancia de los bosques y las\u00a0oportunidades que ofrece la gesti\u00f3n forestal en Espa\u00f1a en la lucha contra el cambio clim\u00e1tico, y la compensaci\u00f3n de emisiones de gases de efecto invernadero (GEI). As\u00ed como su contribuci\u00f3n a todos los aspectos asociados a la Sostenibilidad\/RSC empresarial, que trascienden entornos \u00e9ticos, sociales y econ\u00f3micos.<\/p>\n<p style=\"text-align: justify;\"><img loading=\"lazy\" decoding=\"async\" class=\"alignright wp-image-3348\" src=\"https:\/\/www.fbycc.org\/wp-content\/uploads\/2023\/02\/plantula-297x300.jpg\" sizes=\"auto, (max-width: 220px) 100vw, 220px\" srcset=\"https:\/\/www.fbycc.org\/wp-content\/uploads\/2023\/02\/plantula-297x300.jpg 297w, https:\/\/www.fbycc.org\/wp-content\/uploads\/2023\/02\/plantula-50x50.jpg 50w, https:\/\/www.fbycc.org\/wp-content\/uploads\/2023\/02\/plantula.jpg 430w\" alt=\"\" width=\"133\" height=\"135\" \/><\/p>\n<p style=\"text-align: justify;\">Se plantea una jornada en la que los asistentes puedan obtener a trav\u00e9s de tres mesas de ponentes y diferentes casos sobre el terreno, una idea clara y sencilla de las soluciones pr\u00e1cticas que ofrece el mundo forestal al \u00e1mbito empresarial en su transici\u00f3n hacia la sostenibilidad en su triple balance: ambiental, social y econ\u00f3mica.<\/p>\n<p><strong>Perfil de los asistentes:<\/strong>\u00a0Alta direcci\u00f3n empresarial y responsables de\u00a0 Sostenibilidad\/RSC, de sectores que se encuentran sensibilizados con la\u00a0compensaci\u00f3n voluntaria de huella de carbono, o en un futuro pr\u00f3ximo, bajo los mercados regulados de carbono, en base a las pol\u00edticas de mitigaci\u00f3n y compensaci\u00f3n de GEI definidas por la UE y que est\u00e1n adoptando los pa\u00edses miembros.<\/p>\n<p style=\"text-align: justify;\"><strong>Lugar de celebraci\u00f3n:<\/strong>\u00a0<a href=\"https:\/\/goo.gl\/maps\/WLL4FPosSmQVCv4d9\" target=\"_blank\" rel=\"noopener\">CaixaBank. Sede All in One Madrid Pl. de Col\u00f3n, 1 (28001 Madrid)<\/a><\/p>\n<p style=\"text-align: justify;\"><strong>Fecha:\u00a0<\/strong>jueves 16 de marzo de 2023<\/p>\n<p style=\"text-align: justify;\"><strong>Horario:<\/strong>\u00a09:30h-13:00h<\/p>\n<p style=\"text-align: justify;\">Aforo limitado.<\/p>\n<blockquote class=\"wp-embedded-content\" data-secret=\"8PI8LDlvh0\"><p><a href=\"https:\/\/www.fbycc.org\/index.php\/jornadas\/evento-soluciones-climaticas-forestales\/\">Evento 16 de marzo.    &#8216;SOLUCIONES CLIM\u00c1TICAS FORESTALES&#8217;<\/a><\/p><\/blockquote>\n<p><iframe loading=\"lazy\" class=\"wp-embedded-content\" sandbox=\"allow-scripts\" security=\"restricted\" style=\"position: absolute; clip: rect(1px, 1px, 1px, 1px);\" title=\"\u00abEvento 16 de marzo.    &#8216;SOLUCIONES CLIM\u00c1TICAS FORESTALES&#8217;\u00bb \u2014 Foro de Bosques y Cambio Clim\u00e1tico\" src=\"https:\/\/www.fbycc.org\/index.php\/jornadas\/evento-soluciones-climaticas-forestales\/embed\/#?secret=pnu7irGhoj#?secret=8PI8LDlvh0\" data-secret=\"8PI8LDlvh0\" width=\"600\" height=\"338\" frameborder=\"0\" marginwidth=\"0\" marginheight=\"0\" scrolling=\"no\"><\/iframe><\/p>\n","protected":false},"excerpt":{"rendered":"<p>SOLUCIONES CLIM\u00c1TICAS FORESTALES. Los bosques espa\u00f1oles:\u00a0Sumideros de carbono para la neutralidad clim\u00e1tica empresarial El objetivo de esta jornada es dar a conocer la importancia de los bosques y las\u00a0oportunidades que ofrece la<a class=\"moretag\" href=\"https:\/\/www.fbycc.org\/index.php\/events\/soluciones-climaticas-forestales\/\">Leer m\u00e1s&#8230;<\/a><\/p>\n","protected":false},"author":5,"featured_media":3365,"parent":0,"menu_order":0,"comment_status":"closed","ping_status":"closed","template":"","event_listing_category":[53],"class_list":["post-3364","event_listing","type-event_listing","status-publish","has-post-thumbnail","hentry"],"_links":{"self":[{"href":"https:\/\/www.fbycc.org\/index.php\/wp-json\/wp\/v2\/event_listing\/3364","targetHints":{"allow":["GET"]}}],"collection":[{"href":"https:\/\/www.fbycc.org\/index.php\/wp-json\/wp\/v2\/event_listing"}],"about":[{"href":"https:\/\/www.fbycc.org\/index.php\/wp-json\/wp\/v2\/types\/event_listing"}],"author":[{"embeddable":true,"href":"https:\/\/www.fbycc.org\/index.php\/wp-json\/wp\/v2\/users\/5"}],"replies":[{"embeddable":true,"href":"https:\/\/www.fbycc.org\/index.php\/wp-json\/wp\/v2\/comments?post=3364"}],"wp:featuredmedia":[{"embeddable":true,"href":"https:\/\/www.fbycc.org\/index.php\/wp-json\/wp\/v2\/media\/3365"}],"wp:attachment":[{"href":"https:\/\/www.fbycc.org\/index.php\/wp-json\/wp\/v2\/media?parent=3364"}],"wp:term":[{"taxonomy":"event_listing_category","embeddable":true,"href":"https:\/\/www.fbycc.org\/index.php\/wp-json\/wp\/v2\/event_listing_category?post=3364"}],"curies":[{"name":"wp","href":"https:\/\/api.w.org\/{rel}","templated":true}]}}