{"id":3105,"date":"2022-11-26T17:45:57","date_gmt":"2022-11-26T17:45:57","guid":{"rendered":"https:\/\/www.fbycc.org\/?post_type=event_listing&#038;p=3105"},"modified":"2022-11-26T17:45:57","modified_gmt":"2022-11-26T17:45:57","slug":"mercados-de-carbono-y-servicios-ecosistemicos","status":"publish","type":"event_listing","link":"https:\/\/www.fbycc.org\/index.php\/events\/mercados-de-carbono-y-servicios-ecosistemicos\/","title":{"rendered":"Mercados de carbono y servicios ecosist\u00e9micos"},"content":{"rendered":"<p style=\"text-align: justify;\">En este Foro de Di\u00e1logo, conoceremos la situaci\u00f3n actual del papel que desempe\u00f1a el sector forestal y la poblaci\u00f3n local en los mercados actuales de sostenibilidad, con el fin de lograr una visi\u00f3n clara de colaboraci\u00f3n con todos los grupos de inter\u00e9s, tanto p\u00fablicos como privados. Una sesi\u00f3n abierta en la que se abordar\u00e1n actuaciones y soluciones presentes o futuras de aplicaci\u00f3n para que se materialice el impacto positivo para el territorio, sus pobladores y los propietarios y gestores ligados a los mercados de carbono.<\/p>\n<p style=\"text-align: justify;\">Los bosques, sus recursos naturales y los servicios ecosist\u00e9micos son soluci\u00f3n para la recuperaci\u00f3n y transformaci\u00f3n a econom\u00edas resilientes, inclusivas y sostenibles. La descarbonizaci\u00f3n, la recuperaci\u00f3n de la biodiversidad y el impulso de medidas para potenciar la justicia social hacia los territorios rurales enmarcan la agenda de sostenibilidad de las organizaciones.<\/p>\n<p style=\"text-align: justify;\">Son numerosas las iniciativas de reforestaci\u00f3n que se est\u00e1n desarrollando para lograr la neutralidad clim\u00e1tica en 2050 a trav\u00e9s de la absorci\u00f3n de CO<sub>2<\/sub>, dando respuesta a los mercados de carbono. Sin embargo, es necesario asegurar su sostenibilidad y propiciar un impacto positivo en la poblaci\u00f3n local, gracias a la gobernanza de toda la cadena de valor forestal.<\/p>\n<p style=\"text-align: justify;\">Es momento de actuar ante un escenario con numerosos retos y oportunidades para la\u00a0<strong>gesti\u00f3n forestal sostenible<\/strong>. Y para ello, entre todos debemos poner en valor la gesti\u00f3n de nuestros bosques como herramienta multifuncional para la mitigaci\u00f3n y adaptaci\u00f3n al cambio clim\u00e1tico, el mantenimiento de los servicios de ecosist\u00e9micos, la conservaci\u00f3n y recuperaci\u00f3n de la biodiversidad, la reducci\u00f3n de los desastres naturales, la protecci\u00f3n de los suelos y el agua, y como impulsora de econom\u00eda social y desarrollo sostenible. La inversi\u00f3n sostenible de proyectos y acciones sobre nuestros bosques debe contribuir a asegurar tanto los beneficios ambientales como los sociales de su entorno en respuesta al reto demogr\u00e1fico, con la creaci\u00f3n de un tejido econ\u00f3mico y de empleo verde para las personas que viven en los montes.<\/p>\n<p><strong>Interviene\u00a0 nuestro secretario del Foro de Bosques y Cambio Clim\u00e1tico, \u00c1lvaro Picardo.<\/strong><\/p>\n<p style=\"text-align: center;\">&gt;&gt;<a href=\"https:\/\/foros.pefc.es\/\">Link a la inscripci\u00f3n<\/a>&lt;&lt;<\/p>\n","protected":false},"excerpt":{"rendered":"<p>En este Foro de Di\u00e1logo, conoceremos la situaci\u00f3n actual del papel que desempe\u00f1a el sector forestal y la poblaci\u00f3n local en los mercados actuales de sostenibilidad, con el fin de lograr una<a class=\"moretag\" href=\"https:\/\/www.fbycc.org\/index.php\/events\/mercados-de-carbono-y-servicios-ecosistemicos\/\">Leer m\u00e1s&#8230;<\/a><\/p>\n","protected":false},"author":5,"featured_media":3106,"parent":0,"menu_order":0,"comment_status":"closed","ping_status":"closed","template":"","event_listing_category":[52],"class_list":["post-3105","event_listing","type-event_listing","status-publish","has-post-thumbnail","hentry"],"_links":{"self":[{"href":"https:\/\/www.fbycc.org\/index.php\/wp-json\/wp\/v2\/event_listing\/3105","targetHints":{"allow":["GET"]}}],"collection":[{"href":"https:\/\/www.fbycc.org\/index.php\/wp-json\/wp\/v2\/event_listing"}],"about":[{"href":"https:\/\/www.fbycc.org\/index.php\/wp-json\/wp\/v2\/types\/event_listing"}],"author":[{"embeddable":true,"href":"https:\/\/www.fbycc.org\/index.php\/wp-json\/wp\/v2\/users\/5"}],"replies":[{"embeddable":true,"href":"https:\/\/www.fbycc.org\/index.php\/wp-json\/wp\/v2\/comments?post=3105"}],"wp:featuredmedia":[{"embeddable":true,"href":"https:\/\/www.fbycc.org\/index.php\/wp-json\/wp\/v2\/media\/3106"}],"wp:attachment":[{"href":"https:\/\/www.fbycc.org\/index.php\/wp-json\/wp\/v2\/media?parent=3105"}],"wp:term":[{"taxonomy":"event_listing_category","embeddable":true,"href":"https:\/\/www.fbycc.org\/index.php\/wp-json\/wp\/v2\/event_listing_category?post=3105"}],"curies":[{"name":"wp","href":"https:\/\/api.w.org\/{rel}","templated":true}]}}