{"id":2913,"date":"2022-10-10T17:39:40","date_gmt":"2022-10-10T17:39:40","guid":{"rendered":"https:\/\/www.fbycc.org\/?post_type=event_listing&#038;p=2913"},"modified":"2022-10-24T21:42:33","modified_gmt":"2022-10-24T21:42:33","slug":"i-congreso-de-la-propiedad-forestal","status":"publish","type":"event_listing","link":"https:\/\/www.fbycc.org\/index.php\/events\/i-congreso-de-la-propiedad-forestal\/","title":{"rendered":"I Congreso de la Propiedad Forestal"},"content":{"rendered":"<p style=\"text-align: justify;\">FAFCYLE, COSE y la Junta de Castilla y Le\u00f3n organizan el I Congreso Nacional de la Propiedad Forestal, un encuentro con t\u00e9cnicos forestales, asociaciones de propietarios, funcionarios de la Administraci\u00f3n Central y Regional, profesores universitarios, abogados, empresas del sector, y estudiantes en el que durante tres d\u00edas reflexionemos sobre la situaci\u00f3n actual de la propiedad forestal en nuestro pa\u00eds, haciendo un diagn\u00f3stico de la situaci\u00f3n, y proponiendo posibles soluciones a los problemas actuales y futuros. Ser\u00e1 la primera vez en que profesionales de todos los sectores p\u00fablicos y privados relacionados con la propiedad forestal se re\u00fanan en torno a unas mesas de reflexi\u00f3n y debate en nuestro pa\u00eds. Consideramos urgente poner sobre la mesa la realidad del sector forestal privado, acuciado por problemas de calado como el abandono rural y el cambio clim\u00e1tico. Creemos que entre todos seremos capaces de luchar por un territorio que aunque es de una parte de la sociedad, su cuidado y su gesti\u00f3n es un beneficio para todos.<\/p>\n<hr \/>\n<p style=\"text-align: justify;\">Castilla y Le\u00f3n es la regi\u00f3n de Espa\u00f1a con mayor superficie de uso forestal, seg\u00fan datos del IFN3. Tenemos 3 veces m\u00e1s superficie forestal que la media espa\u00f1ola, 6 veces m\u00e1s que la media europea, 2 veces y media m\u00e1s que la media mundial. La magnitud de estos datos es suficiente raz\u00f3n para poner el foco en las posibilidades que ofrece el sector forestal para nuestra sociedad. La superficie forestal de Castilla y Le\u00f3n es aproximadamente de unos cinco millones de has, concretamente 4.838.441 has, lo que se corresponde con el 51% de su superficie total. De ellas 2.652.066 ha pertenecen a propietarios p\u00fablicos (54,82%) y 2.186.375 ha a propietarios privados (45,18 %), en l\u00ednea con la media europea. Estos datos dan como resultado una gran relevancia del sector forestal privado, y consecuentemente, una preocupaci\u00f3n por el futuro de nuestros bosques.<\/p>\n<p style=\"text-align: justify;\">De manera general la selvicultura se diferencia de otros sectores agrarios por el hecho de proporcionar una serie de beneficios indirectos importantes para el bien com\u00fan como son el mantenimiento de la biodiversidad, la reducci\u00f3n de los incendios forestales, la conservaci\u00f3n de los espacios naturales, la captura de CO2, el mantenimiento del paisaje, del suelo, la calidad de las aguas y los ciclos hidrol\u00f3gicos y erosivos. La conservaci\u00f3n de nuestros bosques pasa necesariamente por aumentar sustentabilidad en t\u00e9rminos econ\u00f3micos y, sobre todo, porque esa rentabilidad revierta en los habitantes de las zonas y sea el legado para generaciones futuras. El propietario forestal privado de la regi\u00f3n gestiona una gran parte de Red Natura 2.000, y desempe\u00f1a una funci\u00f3n clave en la conservaci\u00f3n de la misma, como as\u00ed se reconoce en el Informe de la Comisi\u00f3n Europea sobre la Red Natura 2.000 \u201clas personas son parte integrante de la naturaleza y su involucraci\u00f3n es esencial para lograr los objetivos de conservaci\u00f3n\u201d.<\/p>\n<p style=\"text-align: center;\"><a href=\"https:\/\/www.propiedadforestal.es\/?s=35\">&gt;&gt;I Congreso de la Propiedad Forestal&lt;&lt;<\/a><\/p>\n","protected":false},"excerpt":{"rendered":"<p>FAFCYLE, COSE y la Junta de Castilla y Le\u00f3n organizan el I Congreso Nacional de la Propiedad Forestal, un encuentro con t\u00e9cnicos forestales, asociaciones de propietarios, funcionarios de la Administraci\u00f3n Central y<a class=\"moretag\" href=\"https:\/\/www.fbycc.org\/index.php\/events\/i-congreso-de-la-propiedad-forestal\/\">Leer m\u00e1s&#8230;<\/a><\/p>\n","protected":false},"author":5,"featured_media":0,"parent":0,"menu_order":0,"comment_status":"closed","ping_status":"closed","template":"","event_listing_category":[76],"class_list":["post-2913","event_listing","type-event_listing","status-publish","hentry"],"_links":{"self":[{"href":"https:\/\/www.fbycc.org\/index.php\/wp-json\/wp\/v2\/event_listing\/2913","targetHints":{"allow":["GET"]}}],"collection":[{"href":"https:\/\/www.fbycc.org\/index.php\/wp-json\/wp\/v2\/event_listing"}],"about":[{"href":"https:\/\/www.fbycc.org\/index.php\/wp-json\/wp\/v2\/types\/event_listing"}],"author":[{"embeddable":true,"href":"https:\/\/www.fbycc.org\/index.php\/wp-json\/wp\/v2\/users\/5"}],"replies":[{"embeddable":true,"href":"https:\/\/www.fbycc.org\/index.php\/wp-json\/wp\/v2\/comments?post=2913"}],"wp:attachment":[{"href":"https:\/\/www.fbycc.org\/index.php\/wp-json\/wp\/v2\/media?parent=2913"}],"wp:term":[{"taxonomy":"event_listing_category","embeddable":true,"href":"https:\/\/www.fbycc.org\/index.php\/wp-json\/wp\/v2\/event_listing_category?post=2913"}],"curies":[{"name":"wp","href":"https:\/\/api.w.org\/{rel}","templated":true}]}}