{"id":2445,"date":"2021-10-21T13:36:04","date_gmt":"2021-10-21T13:36:04","guid":{"rendered":"https:\/\/www.fbycc.org\/?post_type=event_listing&#038;p=2445"},"modified":"2021-10-21T13:36:04","modified_gmt":"2021-10-21T13:36:04","slug":"primer-foro-de-bioeconomia-de-castilla-y-leon","status":"publish","type":"event_listing","link":"https:\/\/www.fbycc.org\/index.php\/events\/primer-foro-de-bioeconomia-de-castilla-y-leon\/","title":{"rendered":"Primer Foro de Bioeconom\u00eda de Castilla y Le\u00f3n"},"content":{"rendered":"<p style=\"text-align: justify;\">Soria ser\u00e1 la sede del <strong>Primer Foro de Bioeconom\u00eda de Castilla y Le\u00f3n<\/strong> durante el \u00a027 y 28 de octubre de 2021. Este Foro cuenta con el objetivo principal de organizar un encuentro regional con enfoque nacional e internacional, que permita visibilizar el potencial de la bioeconom\u00eda en la regi\u00f3n; poniendo en valor proyectos de innovaci\u00f3n, buenas pr\u00e1cticas y pol\u00edticas desarrolladas en este marco. El foro es una iniciativa organizada por el Instituto para la\u00a0\u00a0Competitividad Empresarial de la Junta de Castilla y Le\u00f3n.<\/p>\n<p style=\"text-align: center;\"><a href=\"https:\/\/forobioeconomia2021.com\/es\" target=\"_blank\" rel=\"noopener\"><strong>&gt;&gt; Informaci\u00f3n, programa e inscripci\u00f3n &lt;&lt;<\/strong><\/a><\/p>\n","protected":false},"excerpt":{"rendered":"<p>Soria ser\u00e1 la sede del Primer Foro de Bioeconom\u00eda de Castilla y Le\u00f3n durante el \u00a027 y 28 de octubre de 2021. Este Foro cuenta con el objetivo principal de organizar un<a class=\"moretag\" href=\"https:\/\/www.fbycc.org\/index.php\/events\/primer-foro-de-bioeconomia-de-castilla-y-leon\/\">Leer m\u00e1s&#8230;<\/a><\/p>\n","protected":false},"author":2,"featured_media":0,"parent":0,"menu_order":0,"comment_status":"closed","ping_status":"closed","template":"","event_listing_category":[76],"class_list":["post-2445","event_listing","type-event_listing","status-publish","hentry"],"_links":{"self":[{"href":"https:\/\/www.fbycc.org\/index.php\/wp-json\/wp\/v2\/event_listing\/2445","targetHints":{"allow":["GET"]}}],"collection":[{"href":"https:\/\/www.fbycc.org\/index.php\/wp-json\/wp\/v2\/event_listing"}],"about":[{"href":"https:\/\/www.fbycc.org\/index.php\/wp-json\/wp\/v2\/types\/event_listing"}],"author":[{"embeddable":true,"href":"https:\/\/www.fbycc.org\/index.php\/wp-json\/wp\/v2\/users\/2"}],"replies":[{"embeddable":true,"href":"https:\/\/www.fbycc.org\/index.php\/wp-json\/wp\/v2\/comments?post=2445"}],"wp:attachment":[{"href":"https:\/\/www.fbycc.org\/index.php\/wp-json\/wp\/v2\/media?parent=2445"}],"wp:term":[{"taxonomy":"event_listing_category","embeddable":true,"href":"https:\/\/www.fbycc.org\/index.php\/wp-json\/wp\/v2\/event_listing_category?post=2445"}],"curies":[{"name":"wp","href":"https:\/\/api.w.org\/{rel}","templated":true}]}}