{"id":2444,"date":"2021-10-21T13:23:28","date_gmt":"2021-10-21T13:23:28","guid":{"rendered":"https:\/\/www.fbycc.org\/?post_type=event_listing&#038;p=2444"},"modified":"2021-10-21T13:36:42","modified_gmt":"2021-10-21T13:36:42","slug":"taller-bosques-mediterraneos-y-adaptacion-al-cambio-climatico","status":"publish","type":"event_listing","link":"https:\/\/www.fbycc.org\/index.php\/events\/taller-bosques-mediterraneos-y-adaptacion-al-cambio-climatico\/","title":{"rendered":"TALLER: BOSQUES MEDITERR\u00c1NEOS Y ADAPTACI\u00d3N AL CAMBIO CLIM\u00c1TICO"},"content":{"rendered":"<p style=\"text-align: justify;\">El pr\u00f3ximo 11 de noviembre se celebrar\u00e1, en el marco del proyecto\u00a0<a href=\"https:\/\/soriaforestadapt.es\/es\/noticia\/taller-online-bosques-mediterraneos-adaptacion-al-cambio-climatico\" target=\"_blank\" rel=\"noopener\">LIFE Soria ForestAdapt<\/a>, el taller online\u00a0<strong><em>Bosques mediterr\u00e1neos y adaptaci\u00f3n al cambio clim\u00e1tico<\/em><\/strong>, que se desarrollar\u00e1 a trav\u00e9s de la plataforma Zoom, de<strong>\u00a09 a 12 horas<\/strong>, y que requiere de inscripci\u00f3n previa para poder asistir. Para ello, tiene que completar el\u00a0<strong><a href=\"https:\/\/forms.office.com\/Pages\/ResponsePage.aspx?id=jgVBWo4pRE-b9LYbotfbSKPldMFhqOFAiVZLcBnr31RUQkVHQUZMSVBQM09KMUQzWU9ON0FNTEMzVC4u\" target=\"_blank\" rel=\"noopener\">formulario de inscripci\u00f3n.<\/a><\/strong><\/p>\n<h3 class=\"rtecenter\" style=\"text-align: justify;\"><strong>Objetivo<\/strong><\/h3>\n<p class=\"rtejustify\" style=\"text-align: justify;\">El objetivo del taller es celebrar una jornada de intercambio de experiencias entre t\u00e9cnicos forestales de las administraciones espa\u00f1olas, implicados en gesti\u00f3n forestal directa, y expertos en adaptaci\u00f3n de bosques y terrenos forestales al cambio clim\u00e1tico, participantes en proyectos LIFE sobre este tema.<\/p>\n<p class=\"rtejustify\" style=\"text-align: justify;\">Se pretende que la jornada sea lo m\u00e1s din\u00e1mica e interactiva posible, para que los t\u00e9cnicos forestales orienten a los expertos en lo que son sus inquietudes y necesidades en este \u00e1mbito. El taller presentar\u00e1 los objetivos, actividades y resultados de 6 proyectos sobre la adaptaci\u00f3n de los bosques al cambio clim\u00e1tico en el entorno territorial de la Europa mediterr\u00e1nea.<\/p>\n<h3 class=\"rtecenter\"><strong>Ponentes y proyectos invitados<\/strong><\/h3>\n<p class=\"rtejustify\"><a href=\"http:\/\/www.jcyl.es\/web\/jcyl\/Portada\/es\/Plantilla100Directorio\/1248366924958\/0\/1142233556595\/DirectorioPadre\" target=\"_blank\" rel=\"noopener\"><strong>Servicio Territorial de Medio Ambiente de Soria. Junta de Castilla y Le\u00f3n<\/strong><\/a><\/p>\n<ul>\n<li class=\"rtejustify\">Jos\u00e9 Antonio Lucas, Jefe del Servicio Territorial de Medio Ambiente de Soria.<\/li>\n<\/ul>\n<p class=\"rtejustify\"><a href=\"https:\/\/www.aforclimate.eu\/\" target=\"_blank\" rel=\"noopener\"><strong>LIFE AForClimate<\/strong><\/a><\/p>\n<ul>\n<li class=\"rtejustify\">Ugo Chiavetta, Consejo para la Investigaci\u00f3n y Econom\u00eda Agr\u00edcola (CREA, Italia).<\/li>\n<\/ul>\n<p class=\"rtejustify\"><strong><a href=\"https:\/\/lifeclimark.eu\/\" target=\"_blank\" rel=\"noopener\">LIFE Climark<\/a><\/strong><\/p>\n<ul>\n<li class=\"rtejustify\">Teresa Cervera, Centro de la Propiedad Forestal (Generalitat de Catalunya).<\/li>\n<\/ul>\n<p class=\"rtejustify\"><a href=\"https:\/\/liveadapt.eu\/\" target=\"_blank\" rel=\"noopener\"><strong>LIFE LiveAdapt<\/strong><\/a><\/p>\n<ul>\n<li class=\"rtejustify\">Patricia Mora, Innogestiona Ambiental.<\/li>\n<\/ul>\n<p class=\"rtejustify\"><strong><a href=\"https:\/\/www.resilientforest.eu\/\" target=\"_blank\" rel=\"noopener\">LIFE Resilient-Forest<\/a><\/strong><\/p>\n<ul>\n<li class=\"rtejustify\">Javier P\u00e9rez Romero, Universidad Polit\u00e9cnica de Valencia (UPV).<\/li>\n<\/ul>\n<p class=\"rtejustify\"><strong><a href=\"https:\/\/www.soriaforestadapt.es\/\" target=\"_blank\" rel=\"noopener\">LIFE Soria ForestAdapt<\/a><\/strong><\/p>\n<ul>\n<li class=\"rtejustify\">Nacho Campanero, CESEFOR.<\/li>\n<li class=\"rtejustify\">Roc\u00edo Gallego, CESEFOR. Jos\u00e9 Miguel Olano, UVA.<\/li>\n<li class=\"rtejustify\">Daniel Hern\u00e1ndez, FGN.<\/li>\n<\/ul>\n<p class=\"rtejustify\"><a href=\"https:\/\/www.unavarra.es\/portada\" target=\"_blank\" rel=\"noopener\"><strong>Universidad P\u00fablica de Navarra<\/strong><\/a><\/p>\n<ul>\n<li class=\"rtejustify\">Juan A. Blanco, ETSIA, UPNA<\/li>\n<\/ul>\n<p>&nbsp;<\/p>\n<h3 style=\"text-align: center;\"><strong><a href=\"https:\/\/www.pfcyl.es\/evento\/taller-online-bosques-mediterraneos-adaptacion-al-cambio-climatico-proyecto-life-soria\" target=\"_blank\" rel=\"noopener\">&gt;&gt; Programa completo del taller &lt;&lt;<\/a><\/strong><\/h3>\n","protected":false},"excerpt":{"rendered":"<p>El pr\u00f3ximo 11 de noviembre se celebrar\u00e1, en el marco del proyecto\u00a0LIFE Soria ForestAdapt, el taller online\u00a0Bosques mediterr\u00e1neos y adaptaci\u00f3n al cambio clim\u00e1tico, que se desarrollar\u00e1 a trav\u00e9s de la plataforma Zoom,<a class=\"moretag\" href=\"https:\/\/www.fbycc.org\/index.php\/events\/taller-bosques-mediterraneos-y-adaptacion-al-cambio-climatico\/\">Leer m\u00e1s&#8230;<\/a><\/p>\n","protected":false},"author":2,"featured_media":0,"parent":0,"menu_order":0,"comment_status":"closed","ping_status":"closed","template":"","event_listing_category":[52],"class_list":["post-2444","event_listing","type-event_listing","status-publish","hentry"],"_links":{"self":[{"href":"https:\/\/www.fbycc.org\/index.php\/wp-json\/wp\/v2\/event_listing\/2444","targetHints":{"allow":["GET"]}}],"collection":[{"href":"https:\/\/www.fbycc.org\/index.php\/wp-json\/wp\/v2\/event_listing"}],"about":[{"href":"https:\/\/www.fbycc.org\/index.php\/wp-json\/wp\/v2\/types\/event_listing"}],"author":[{"embeddable":true,"href":"https:\/\/www.fbycc.org\/index.php\/wp-json\/wp\/v2\/users\/2"}],"replies":[{"embeddable":true,"href":"https:\/\/www.fbycc.org\/index.php\/wp-json\/wp\/v2\/comments?post=2444"}],"wp:attachment":[{"href":"https:\/\/www.fbycc.org\/index.php\/wp-json\/wp\/v2\/media?parent=2444"}],"wp:term":[{"taxonomy":"event_listing_category","embeddable":true,"href":"https:\/\/www.fbycc.org\/index.php\/wp-json\/wp\/v2\/event_listing_category?post=2444"}],"curies":[{"name":"wp","href":"https:\/\/api.w.org\/{rel}","templated":true}]}}