{"id":2123,"date":"2021-03-20T17:47:58","date_gmt":"2021-03-20T17:47:58","guid":{"rendered":"http:\/\/www.fbycc.org\/?post_type=event_listing&#038;p=2123"},"modified":"2021-03-20T17:47:58","modified_gmt":"2021-03-20T17:47:58","slug":"dia-internacional-de-los-bosques","status":"publish","type":"event_listing","link":"https:\/\/www.fbycc.org\/index.php\/events\/dia-internacional-de-los-bosques\/","title":{"rendered":"DIA INTERNACIONAL DE LOS BOSQUES"},"content":{"rendered":"<p>La Regi\u00f3n de Murcia acoger\u00e1 la celebraci\u00f3n del\u00a0<strong>D\u00eda Internacional de los Bosques 2021 <\/strong>en Espa\u00f1a\u00a0el pr\u00f3ximo d\u00eda\u00a0<strong>21 de marzo\u00a0<\/strong>con un calendario de actividades encaminado a concienciar y sensibilizar a la sociedad sobre el importante papel que nuestros bosques y montes juegan en la conservaci\u00f3n de la biodiversidad y la lucha frente al cambio clim\u00e1tico.<\/p>\n<p>El lunes 22 de marzo (se traslada del domingo 21) se presentar\u00e1 la celebraci\u00f3n con un encuentro digital organizado por la plataforma Juntos por los Bosques, el gobierno de la Regi\u00f3n de Murcia y el Ministerio para la Transici\u00f3n Ecol\u00f3gica y Reto Demogr\u00e1fico.<\/p>\n<div class=\"tx-cta\" style=\"\"><div class=\"tx-cta-text\">\u00a1 Inscr\u00edbete al encuentro digital !&lt;\/p&gt;\n<\/div><a href=\"https:\/\/diainternacionalbosques.es\/\" class=\"cta-button\">diainternacionaldelosbosques.es<\/a><div class=\"clear\"><\/div><\/div>\n<p>&nbsp;<\/p>\n<p><strong>PROGRAMA<\/strong><\/p>\n<ol>\n<li>Bienvenida. Alberto Aguirre de C\u00e1rcer. Director de LA VERDAD.<\/li>\n<li>Intervenci\u00f3n de las autoridades del comit\u00e9 organizador:<\/li>\n<\/ol>\n<ul>\n<li>Gobierno de la Regi\u00f3n de Murcia: Antonio Luengo Zapata, Consejero de Agua, Agricultura, Ganader\u00eda, Pesca y MedioAmbiente, de la Comunidad Aut\u00f3noma de la Regi\u00f3n de Murcia.<\/li>\n<li>Juntos por los Bosques: In\u00e9s Gonz\u00e1lez Doncel. Catedr\u00e1tica ETSI Montes Forestal y del Medio Natural (UPM)<\/li>\n<li>Ministerio para la Transici\u00f3n Ecol\u00f3gica y el Reto Demogr\u00e1fico.\u00a0 Mar\u00eda Torres-Quevedo Garc\u00eda de Quesada. Subdirectora adjunta de Pol\u00edtica Forestal y Lucha contra la Desertificaci\u00f3n.<\/li>\n<\/ul>\n<p>3. Conferencia magistral sobre la restauraci\u00f3n forestal, . Ponente principal: Rafael Serrada Hierro, Miembro de la Junta de Gobierno del COIM. Catedr\u00e1tico jubilado de selvicultura y repoblaciones forestales en la Universidad Polit\u00e9cnica de Madrid y ex-Vicepresidente de la Sociedad Espa\u00f1ola de Ciencias Forestales.<\/p>\n<p>4.\u00a0 \u00a0 \u00a0Presentaci\u00f3n del programa de actos e iniciativas del DIB 2021 en Murcia, junto con la presentaci\u00f3n del cuento \u201cEl Misterio de Sierra Espu\u00f1a\u201d y de un concurso de fotograf\u00eda cuyo tema es la \u201cRestauraci\u00f3n forestal\u201d. Roque P\u00e9rez Palaz\u00f3n. T\u00e9cnico Responsable del Servicio de Gesti\u00f3n y Protecci\u00f3n Forestal.<br \/>\nSubdirecci\u00f3n General de Pol\u00edtica Forestal, Caza y Pesca Fluvial Direcci\u00f3n General de Medio Natural.<\/p>\n<p>5. Mesa Redonda y preguntas ponentes.<\/p>\n<p>6. Clausura\u00a0 Fulgencio Perona, Director General del Medio Natural de la CARM.<\/p>\n<p>Modera: Miguel \u00c1ngel Ruiz Parra, periodista de LA VERDAD.<\/p>\n","protected":false},"excerpt":{"rendered":"<p>La Regi\u00f3n de Murcia acoger\u00e1 la celebraci\u00f3n del\u00a0D\u00eda Internacional de los Bosques 2021 en Espa\u00f1a\u00a0el pr\u00f3ximo d\u00eda\u00a021 de marzo\u00a0con un calendario de actividades encaminado a concienciar y sensibilizar a la sociedad sobre<a class=\"moretag\" href=\"https:\/\/www.fbycc.org\/index.php\/events\/dia-internacional-de-los-bosques\/\">Leer m\u00e1s&#8230;<\/a><\/p>\n","protected":false},"author":2,"featured_media":0,"parent":0,"menu_order":0,"comment_status":"closed","ping_status":"closed","template":"","event_listing_category":[75],"class_list":["post-2123","event_listing","type-event_listing","status-publish","hentry"],"_links":{"self":[{"href":"https:\/\/www.fbycc.org\/index.php\/wp-json\/wp\/v2\/event_listing\/2123","targetHints":{"allow":["GET"]}}],"collection":[{"href":"https:\/\/www.fbycc.org\/index.php\/wp-json\/wp\/v2\/event_listing"}],"about":[{"href":"https:\/\/www.fbycc.org\/index.php\/wp-json\/wp\/v2\/types\/event_listing"}],"author":[{"embeddable":true,"href":"https:\/\/www.fbycc.org\/index.php\/wp-json\/wp\/v2\/users\/2"}],"replies":[{"embeddable":true,"href":"https:\/\/www.fbycc.org\/index.php\/wp-json\/wp\/v2\/comments?post=2123"}],"wp:attachment":[{"href":"https:\/\/www.fbycc.org\/index.php\/wp-json\/wp\/v2\/media?parent=2123"}],"wp:term":[{"taxonomy":"event_listing_category","embeddable":true,"href":"https:\/\/www.fbycc.org\/index.php\/wp-json\/wp\/v2\/event_listing_category?post=2123"}],"curies":[{"name":"wp","href":"https:\/\/api.w.org\/{rel}","templated":true}]}}