{"id":1921,"date":"2020-09-15T07:42:51","date_gmt":"2020-09-15T07:42:51","guid":{"rendered":"http:\/\/www.fbycc.org\/?post_type=event_listing&#038;p=1921"},"modified":"2020-09-15T07:42:51","modified_gmt":"2020-09-15T07:42:51","slug":"foro-digital-puede-la-plantacion-de-arboles-salvar-nuestro-planeta","status":"publish","type":"event_listing","link":"https:\/\/www.fbycc.org\/index.php\/events\/foro-digital-puede-la-plantacion-de-arboles-salvar-nuestro-planeta\/","title":{"rendered":"Foro digital: \u00bfPuede la plantaci\u00f3n de \u00e1rboles salvar nuestro planeta?"},"content":{"rendered":"<p style=\"text-align: justify;\"><strong>\u00bfPuede la plantaci\u00f3n de \u00e1rboles salvar nuestro planeta?<\/strong><\/p>\n<p style=\"text-align: justify;\">La plantaci\u00f3n de \u00e1rboles se ha convertido en la \u00faltima tendencia para abordar la crisis clim\u00e1tica, motivando a legiones de todo el mundo a aprovechar el incre\u00edble potencial de absorci\u00f3n de carbono de los \u00e1rboles. Los l\u00edderes empresariales y pol\u00edticos, desde el director ejecutivo de Salesforce, Marc Benioff, hasta el primer ministro canadiense, Justin Trudeau, se han comprometido a plantar miles de millones, incluso billones, de \u00e1rboles en todo el planeta como soluci\u00f3n para las emisiones de carbono descontroladas y los paisajes degradados. Planta \u00e1rboles, salva el planeta.<\/p>\n<p style=\"text-align: justify;\">El 29 de septiembre, <em><strong>CIFOR-ICRAF<\/strong><\/em>, en colaboraci\u00f3n con el <strong><em>Foro Global de Paisajes<\/em><\/strong>, organizar\u00e1 un foro digital de medio d\u00eda que reunir\u00e1 a cient\u00edficos, expertos forestales, l\u00edderes comunitarios, inversionistas y legisladores para compartir ideas y evidencia cient\u00edfica sobre importantes iniciativas de plantaci\u00f3n de \u00e1rboles y c\u00f3mo reconstruir mejor despu\u00e9s de la pandemia de Covid-19.<\/p>\n<p>\u00a0&gt;&gt; <a href=\"https:\/\/events.globallandscapesforum.org\/digital-forum-tree-planting\/\" target=\"_blank\" rel=\"noopener noreferrer\">Informaci\u00f3n, programa y formulario de registro<\/a><\/p>\n","protected":false},"excerpt":{"rendered":"<p>\u00bfPuede la plantaci\u00f3n de \u00e1rboles salvar nuestro planeta? La plantaci\u00f3n de \u00e1rboles se ha convertido en la \u00faltima tendencia para abordar la crisis clim\u00e1tica, motivando a legiones de todo el mundo a<a class=\"moretag\" href=\"https:\/\/www.fbycc.org\/index.php\/events\/foro-digital-puede-la-plantacion-de-arboles-salvar-nuestro-planeta\/\">Leer m\u00e1s&#8230;<\/a><\/p>\n","protected":false},"author":2,"featured_media":0,"parent":0,"menu_order":0,"comment_status":"closed","ping_status":"closed","template":"","event_listing_category":[73],"class_list":["post-1921","event_listing","type-event_listing","status-publish","hentry"],"_links":{"self":[{"href":"https:\/\/www.fbycc.org\/index.php\/wp-json\/wp\/v2\/event_listing\/1921","targetHints":{"allow":["GET"]}}],"collection":[{"href":"https:\/\/www.fbycc.org\/index.php\/wp-json\/wp\/v2\/event_listing"}],"about":[{"href":"https:\/\/www.fbycc.org\/index.php\/wp-json\/wp\/v2\/types\/event_listing"}],"author":[{"embeddable":true,"href":"https:\/\/www.fbycc.org\/index.php\/wp-json\/wp\/v2\/users\/2"}],"replies":[{"embeddable":true,"href":"https:\/\/www.fbycc.org\/index.php\/wp-json\/wp\/v2\/comments?post=1921"}],"wp:attachment":[{"href":"https:\/\/www.fbycc.org\/index.php\/wp-json\/wp\/v2\/media?parent=1921"}],"wp:term":[{"taxonomy":"event_listing_category","embeddable":true,"href":"https:\/\/www.fbycc.org\/index.php\/wp-json\/wp\/v2\/event_listing_category?post=1921"}],"curies":[{"name":"wp","href":"https:\/\/api.w.org\/{rel}","templated":true}]}}