{"id":1659,"date":"2019-11-12T21:24:21","date_gmt":"2019-11-12T21:24:21","guid":{"rendered":"http:\/\/www.fbycc.org\/?post_type=event_listing&#038;p=1659"},"modified":"2019-12-05T16:46:02","modified_gmt":"2019-12-05T16:46:02","slug":"cop25","status":"publish","type":"event_listing","link":"https:\/\/www.fbycc.org\/index.php\/events\/cop25\/","title":{"rendered":"COP25"},"content":{"rendered":"<p style=\"text-align: justify;\">La Conferencia de las Partes (COP) es el \u00f3rgano de decisi\u00f3n supremo de la Convenci\u00f3n Marco de Naciones Unidas sobre cambio clim\u00e1tico (UNFCCC por sus siglas en ingl\u00e9s).<\/p>\n<p style=\"text-align: justify;\">La vig\u00e9sima quinta reuni\u00f3n organizada y presidida por Chile, se llevar\u00e1 a cabo entre el 2 y el 13 de diciembre en Madrid, donde las 197 Partes que conforman el tratado -196 naciones m\u00e1s la Uni\u00f3n Europea-, buscar\u00e1n avanzar hacia la implementaci\u00f3n de los acuerdos que se han determinado en la Convenci\u00f3n que establece obligaciones espec\u00edficas de todas las Partes para combatir el cambio clim\u00e1tico.<\/p>\n<p>&gt;&gt; <a href=\"https:\/\/www.cop25.cl\/#\/\" target=\"_blank\" rel=\"noopener noreferrer\">Sitio oficial COP25<\/a><\/p>\n<p>&gt;&gt; <a href=\"https:\/\/www.miteco.gob.es\/es\/cambio-climatico\/temas\/cop25\/\" target=\"_blank\" rel=\"noopener noreferrer\">Informaci\u00f3n del Ministerio para la Transici\u00f3n Ecol\u00f3gica<\/a><\/p>\n<p>&gt;&gt; <a href=\"http:\/\/www.fbycc.org\/index.php\/2019\/11\/28\/bosques-y-cambio-climatico-durante-la-cop25\/\" target=\"_blank\" rel=\"noopener noreferrer\">Agenda del sector forestal espa\u00f1ol en apoyo a la COP25<\/a><\/p>\n","protected":false},"excerpt":{"rendered":"<p>La Conferencia de las Partes (COP) es el \u00f3rgano de decisi\u00f3n supremo de la Convenci\u00f3n Marco de Naciones Unidas sobre cambio clim\u00e1tico (UNFCCC por sus siglas en ingl\u00e9s). La vig\u00e9sima quinta reuni\u00f3n<a class=\"moretag\" href=\"https:\/\/www.fbycc.org\/index.php\/events\/cop25\/\">Leer m\u00e1s&#8230;<\/a><\/p>\n","protected":false},"author":2,"featured_media":1660,"parent":0,"menu_order":0,"comment_status":"closed","ping_status":"closed","template":"","event_listing_category":[73,71],"class_list":["post-1659","event_listing","type-event_listing","status-publish","has-post-thumbnail","hentry"],"_links":{"self":[{"href":"https:\/\/www.fbycc.org\/index.php\/wp-json\/wp\/v2\/event_listing\/1659","targetHints":{"allow":["GET"]}}],"collection":[{"href":"https:\/\/www.fbycc.org\/index.php\/wp-json\/wp\/v2\/event_listing"}],"about":[{"href":"https:\/\/www.fbycc.org\/index.php\/wp-json\/wp\/v2\/types\/event_listing"}],"author":[{"embeddable":true,"href":"https:\/\/www.fbycc.org\/index.php\/wp-json\/wp\/v2\/users\/2"}],"replies":[{"embeddable":true,"href":"https:\/\/www.fbycc.org\/index.php\/wp-json\/wp\/v2\/comments?post=1659"}],"wp:featuredmedia":[{"embeddable":true,"href":"https:\/\/www.fbycc.org\/index.php\/wp-json\/wp\/v2\/media\/1660"}],"wp:attachment":[{"href":"https:\/\/www.fbycc.org\/index.php\/wp-json\/wp\/v2\/media?parent=1659"}],"wp:term":[{"taxonomy":"event_listing_category","embeddable":true,"href":"https:\/\/www.fbycc.org\/index.php\/wp-json\/wp\/v2\/event_listing_category?post=1659"}],"curies":[{"name":"wp","href":"https:\/\/api.w.org\/{rel}","templated":true}]}}